{"id":7571,"date":"2018-03-06T18:19:16","date_gmt":"2018-03-06T17:19:16","guid":{"rendered":"http:\/\/landscape-festival.cz\/?page_id=7571"},"modified":"2018-06-14T10:33:02","modified_gmt":"2018-06-14T09:33:02","slug":"open-call","status":"publish","type":"page","link":"https:\/\/www.landscape-festival.cz\/old\/archiv\/open-call\/","title":{"rendered":"Open call 2018"},"content":{"rendered":"<div class=\"wpb-content-wrapper\"><p>[vc_row][vc_column][rev_slider_vc alias=&#8220;open-call&#8220;][\/vc_column][\/vc_row][vc_row][vc_column]<div class=\"et-row   et-apply-gradient\">[vc_empty_space height=&#8220;20&#8243;]<div class=\"\"><div class=\"title_center\"><p class=\"\">VYBRAN\u00c9 PROJEKTY<\/p><\/div><div class=\"center_line\"><\/div><\/div>[vc_empty_space height=&#8220;20&#8243;][vc_column_text]Lokalita 1:\u00a0<strong>VZH\u016eRU K\u00a0NEBES\u016eM<\/strong> Deana Kolen\u010d\u00edkov\u00e1<\/p>\n<p>Lokalita 2: <strong>NEZASTIHNUTELN\u00dd<\/strong> Alice Frydrychov\u00e1, Petra Kunovsk\u00e1, Marek Vrabec, Tereza \u017di\u017ekov\u00e1<\/p>\n<p>Lokalita 3: Nebyl pod\u00e1n \u017e\u00e1dn\u00fd n\u00e1vrh.<\/p>\n<p>Lokalita 4: Nebyl pod\u00e1n \u017e\u00e1dn\u00fd n\u00e1vrh.<\/p>\n<p>Lokalita 5: Ani jeden n\u00e1vrh nenaplnil o\u010dek\u00e1v\u00e1n\u00ed poroty.<\/p>\n<p>Lokalita 6: Pro tuto lokalitu nebyl vybr\u00e1n \u017e\u00e1dn\u00fd projekt, ale projekt Na Hran\u011b byl ve 2. kole hlasov\u00e1n\u00ed doporu\u010den k\u00a0p\u0159esunut\u00ed na jinou lokalitu.<\/p>\n<p>Lokalita 7: <strong>PUMPTRACK \u017dI\u017dKOV<\/strong> Ji\u0159\u00ed Ullwer, Sabina Loudov\u00e1<\/p>\n<p>Lokalita 8: <strong>KARL\u00cdNSK\u00dd TUNEL + TACHOVSK\u00c9 N\u00c1M\u011aST\u00cd<\/strong> Anastasia Grigoryeva, Al\u017eb\u011bta \u010ciperov\u00e1 + Mark\u00e9ta Musilov\u00e1<\/p>\n<p>Lokalita 9: <strong>HEJNO<\/strong> Lenka D\u0159evjan\u00e1<\/p>\n<p>Lokalita 10: <strong>PR\u016eNIK D\u017dUNGL\u00cd<\/strong> Trevisan atelier +<\/p>\n<p>Lokalita 11: <strong>\u0160PALKY <\/strong>\u0160\u00e1rka Rou\u010dov\u00e1<\/p>\n<p>Lokalita 12: <strong>L\u016eNO<\/strong> Eli\u0161ka B\u011blochov\u00e1, Viera Morav\u010d\u00edkov\u00e1, Jitka Bene\u0161ov\u00e1, J\u00e1n Gajdo\u0161<\/p>\n<p>Lokalita 13: <strong>SHARED SPACE \u2013 SD\u00cdLEN\u00dd PROSTOR<\/strong> Trevisan atelier +<\/p>\n<p>&nbsp;<\/p>\n<p>Projekty DEAD END, MULTIPLIK\u00c1TOR, VZDUCHOHLEDNA, NETOP\u00dd\u0158I, BOU\u0158KA NA V\u00cdTKOV\u011a, DO NEBE p\u0159inesly podn\u011btn\u00e9 my\u0161lenky a jejich potenci\u00e1ln\u00ed realizace v\u00a0jin\u00fdch lokalit\u00e1ch bude konzultov\u00e1na s\u00a0po\u0159adateli festivalu.[\/vc_column_text][vc_empty_space height=&#8220;20&#8243;]<div class=\"clear\"><\/div><\/div>[\/vc_column][\/vc_row][vc_row css=&#8220;.vc_custom_1528967938144{background-image: url(http:\/\/landscape-festival.cz\/wp-content\/uploads\/2018\/02\/travicka13254-01.png?id=8730) !important;}&#8220;][vc_column][vc_empty_space height=&#8220;130&#8243;]<div class=\"\"><div class=\"title_center\"><p class=\"\">LANDSCAPE FESTIVAL 2018: OPEN CALL<\/p><\/div><div class=\"center_line\"><\/div><\/div>[vc_empty_space height=&#8220;40&#8243;]<div class=\"et-row   \">[vc_column_text]<\/p>\n<p style=\"text-align: left;\"><strong>Landscape festival zam\u011b\u0159en\u00fd na krajinu, m\u011bsto a ve\u0159ejn\u00fd prostor vyhla\u0161uje otev\u0159enou v\u00fdzvu pro projekty, kter\u00e9 do\u010dasn\u011b o\u017eiv\u00ed konkr\u00e9tn\u00ed lokality v r\u00e1mci p\u0159ipravovan\u00e9ho 6. ro\u010dn\u00edku. Festival p\u0159edstav\u00ed Prahu v nov\u00fdch environment\u00e1ln\u00edch souvislostech, hlavn\u00edmi t\u00e9maty v\u00fdzvy je znovuvyu\u017eit\u00ed a redefinov\u00e1n\u00ed v\u00fdznamu konkr\u00e9tn\u00edch m\u00edst na Praze 3 a Praze 8.<\/strong><\/p>\n<p>[\/vc_column_text][vc_empty_space height=&#8220;40&#8243;][vc_column_text]<\/p>\n<p style=\"text-align: left;\"><strong>Otev\u0159en\u00e1 v\u00fdzva je ur\u010den\u00e1:<\/strong> v\u0161em tv\u016frc\u016fm, kte\u0159\u00ed se pohybuj\u00ed na poli t\u00e9mat: o\u017eiven\u00ed ve\u0159ejn\u00e9ho prostoru, urbanismus, architektura, krajin\u00e1\u0159sk\u00e1 architektura, um\u011bn\u00ed a design ve ve\u0159ejn\u00e9m prostoru a krajin\u011b, environment\u00e1ln\u00ed um\u011bn\u00ed atd. P\u0159ihl\u00e1\u0161ka m\u016f\u017ee b\u00fdt rovn\u011b\u017e kolektivn\u00edm d\u00edlem n\u011bkolika tv\u016frc\u016f.<\/p>\n<p>[\/vc_column_text][vc_empty_space height=&#8220;40&#8243;][vc_column_text]<\/p>\n<p style=\"text-align: left;\"><strong>Zaj\u00edmaj\u00ed n\u00e1s:<\/strong> kr\u00e1tkodob\u00e9 intervence, tematick\u00e9 a performativn\u00ed ztv\u00e1rn\u011bn\u00ed dan\u00e9ho \u00fazem\u00ed, drobn\u00e9 dopln\u011bn\u00ed urbanistick\u00e9 struktury, site specific instalace, do\u010dasn\u00e1 architektura i trvalej\u0161\u00ed krajin\u00e1\u0159sk\u00e9 z\u00e1sahy, humanizace dan\u00fdch lokalit, vyu\u017eit\u00ed n\u00e1stup\u016f na historick\u00fd V\u00edtkov coby symbolickou lokalitu Prahy, kter\u00e9 v leto\u0161n\u00edm ro\u010dn\u00edku v\u011bnujeme velkou pozornost.<\/p>\n<p>[\/vc_column_text][vc_empty_space height=&#8220;80&#8243;]<div class=\"\"><div class=\"title_center\"><p class=\"\">Podm\u00ednky otev\u0159en\u00e9 v\u00fdzvy<\/p><\/div><div class=\"center_line\"><\/div><\/div><div class=\"clear\"><\/div><\/div>[\/vc_column][\/vc_row][vc_row css=&#8220;.vc_custom_1528968416457{background-image: url(http:\/\/landscape-festival.cz\/wp-content\/uploads\/2018\/02\/165432-01.png?id=8732) !important;}&#8220;][vc_column]<div class=\"et-row   \"><div class=\"clear\"><\/div><div class=\"firstrow  \" style=\"height: 400px;\"><div class=\" first_image\" style=\"background-image: url(https:\/\/www.landscape-festival.cz\/old\/wp-content\/uploads\/2017\/06\/D\u016fmaSocha-4.jpg);\"><\/div><div class=\"centred et-text-section-left\">\n                <div class=\"first_line \">\n                <\/div>\n                <div class=\"first_title\">\n                  <p>\n                    Lokality\n                  <\/p>\n                <\/div>\n                <div class=\"first_description\">\n                  <p>\n                    <\/p>\n<p style=\"text-align: left;\">1. n\u00e1stup na V\u00edtkov od Florence<br \/>\n2. konec ulice Koll\u00e1rova \/ iluze n\u00e1stupu na V\u00edtkov<br \/>\n3. proluka naproti Foru Karl\u00edn \/ iluze n\u00e1stupu na V\u00edtkov<br \/>\n4. n\u00e1stup na V\u00edtkov z ulice Na \u0160pit\u00e1lsku<br \/>\n5. zelen\u00fd kl\u00edn za divadlem Ponec<br \/>\n6. schodi\u0161t\u011b ve dvorku za viaduktem<br \/>\n7. plochy kolem n\u00e1stupu na cyklostezku<br \/>\n8. Tachovsk\u00e9 n\u00e1m\u011bst\u00ed<br \/>\n9. p\u0159\u00edrodn\u00ed amfite\u00e1tr p\u0159i sestupu z V\u00edtkova<br \/>\n10. most p\u0159i sestupu z V\u00edtkova na \u017di\u017ekov<br \/>\n11. ulice Luk\u00e1\u0161ova \/ mobili\u00e1\u0159<br \/>\n12. n\u00e1stup do tunelu<br \/>\n13. Bazilejsk\u00e9 n\u00e1m\u011bst\u00ed<\/p>\n<hr \/>\n<p style=\"text-align: left;\"><strong>ke sta\u017een\u00ed:<\/strong><br \/>\n<a href=\"http:\/\/landscape-festival.cz\/wp-content\/uploads\/2018\/02\/LFP_2018_open_call_mapa.pdf\"><strong>MAPA LOKALIT<\/strong><\/a><br \/>\n<a href=\"http:\/\/landscape-festival.cz\/wp-content\/uploads\/2018\/02\/LFP_2018_open_call_pisc.pdf\"><strong>OBRAZOV\u00c1 P\u0158\u00cdLOHA<\/strong><\/a><\/p>\n<p>\n                  <\/p>\n                <\/div>\n                <\/div><\/div>[vc_empty_space height=&#8220;40&#8243;]<div class=\"clear\"><\/div><\/div>[\/vc_column][\/vc_row][vc_row css=&#8220;.vc_custom_1528968492427{background-image: url(http:\/\/landscape-festival.cz\/wp-content\/uploads\/2018\/02\/travicka1364251-01.png?id=8733) !important;}&#8220;][vc_column]<div class=\"et-row   \"><div class=\"clear\"><\/div><div class=\"firstrow  \" style=\"height: 400px;\"><div class=\"centred et-text-section-left\">\n                <div class=\"first_line \">\n                <\/div>\n                <div class=\"first_title\">\n                  <p>\n                    Zaslan\u00e9 p\u0159ihl\u00e1\u0161ky mus\u00ed obsahovat\n                  <\/p>\n                <\/div>\n                <div class=\"first_description\">\n                  <p>\n                    <\/p>\n<p style=\"text-align: left;\">anotaci projektu (max. 1 A4)<\/p>\n<p style=\"text-align: left;\">re\u00e1ln\u00fd p\u0159edpokl\u00e1dan\u00fd rozpo\u010det intervence \u2013 do 50 000 K\u010d v\u010detn\u011b n\u00e1vrhu a realizace<\/p>\n<p style=\"text-align: left;\">vizualizaci \u010di skicu projektu<\/p>\n<p style=\"text-align: left;\">seznam pou\u017eit\u00fdch materi\u00e1l\u016f a u\u017eit\u00fdch technologi\u00ed<\/p>\n<p>\n                  <\/p>\n                <\/div>\n                <\/div><div class=\" first_image\" style=\"background-image: url(https:\/\/www.landscape-festival.cz\/old\/wp-content\/uploads\/2017\/06\/8-\u00a9-Matej-Vesely.jpg);\"><\/div><\/div><div class=\"clear\"><\/div><\/div>[\/vc_column][\/vc_row][vc_row css=&#8220;.vc_custom_1528968261279{background-image: url(http:\/\/landscape-festival.cz\/wp-content\/uploads\/2018\/03\/travicka1256984-01.png?id=8777) !important;}&#8220;][vc_column]<div class=\"et-row   \">[vc_empty_space height=&#8220;40&#8243;]<div class=\"clear\"><\/div><div class=\"firstrow  \" style=\"height: 400px;\"><div class=\" first_image\" style=\"background-image: url(https:\/\/www.landscape-festival.cz\/old\/wp-content\/uploads\/2018\/03\/IMG_9795-1.jpg);\"><\/div><div class=\"centred et-text-section-left\">\n                <div class=\"first_line \">\n                <\/div>\n                <div class=\"first_title\">\n                  <p>\n                    TERM\u00cdNY\n                  <\/p>\n                <\/div>\n                <div class=\"first_description\">\n                  <p>\n                    <\/p>\n<p style=\"text-align: left;\">Uz\u00e1v\u011brka p\u0159ihl\u00e1\u0161ek:<br \/>\n<strong>15. dubna 2018 do 00:00<\/strong><\/p>\n<p style=\"text-align: left;\">Vyhl\u00e1\u0161en\u00ed v\u00edt\u011bzn\u00fdch projekt\u016f:<br \/>\n<strong>20. dubna 2018\u00a0<\/strong><\/p>\n<p style=\"text-align: left;\">Realizace intervenc\u00ed:<br \/>\n<strong>do 15. \u010dervna 2018\u00a0<\/strong><\/p>\n<p style=\"text-align: left;\">Deinstalace intervenc\u00ed:<br \/>\n<strong>30. z\u00e1\u0159\u00ed 2018<\/strong><\/p>\n<p>\n                  <\/p>\n                <\/div>\n                <\/div><\/div>[vc_empty_space height=&#8220;40&#8243;]<div class=\"clear\"><\/div><div class=\"firstrow  \" style=\"height: 400px;\"><div class=\"centred et-text-section-left\">\n                <div class=\"first_line \">\n                <\/div>\n                <div class=\"first_title\">\n                  <p>\n                    POROTA\n                  <\/p>\n                <\/div>\n                <div class=\"first_description\">\n                  <p>\n                    <strong>Projekty budou hodnoceny odbornou porotou v\u00a0n\u00e1sleduj\u00edc\u00edm slo\u017een\u00ed:<\/strong><\/p>\n<p><strong>Ing. Martina Forejtov\u00e1<\/strong>\/ SZKT<br \/>\n<strong>Ing. Jakub Hepp<\/strong>\/ Landscape festival<br \/>\n<strong>doc. akad. soch. Ale\u0161 Hn\u00edzdil<\/strong>\/ \u010cZU<br \/>\n<strong>Zden\u011bk Fikar<\/strong>\/ Praha 3<br \/>\n<strong>Mgr. Dan Merta<\/strong>\/ Galerie Jaroslava Fragnera<br \/>\n<strong>Ing. Vladim\u00edr Sitta<\/strong>\/ FA \u010cVUT<br \/>\n<strong>Ing. arch. Ivan Vav\u0159\u00edk<\/strong><\/p>\n<p>&nbsp;<\/p>\n<p>Hodnocen\u00ed n\u00e1vrh\u016f bude provedeno porotou na z\u00e1klad\u011b jej\u00edch znalost\u00ed a\u00a0zku\u0161enost\u00ed, je tedy v\u00a0tomto smyslu subjektivn\u00edm n\u00e1zorem poroty. Svou \u00fa\u010dast\u00ed v\u00a0open callu vyjad\u0159uj\u00ed \u00fa\u010dastn\u00edci souhlas s\u00a0t\u00edmto zp\u016fsobem hodnocen\u00ed.\n                  <\/p>\n                <\/div>\n                <\/div><div class=\" first_image\" style=\"background-image: url(https:\/\/www.landscape-festival.cz\/old\/wp-content\/uploads\/2018\/03\/IMG_0307.jpg);\"><\/div><\/div><div class=\"clear\"><\/div><\/div>[\/vc_column][\/vc_row][vc_row][vc_column]<div class=\"et-row   \">[vc_empty_space height=&#8220;80&#8243;][vc_column_text]<strong>P\u0159edm\u011bt otev\u0159en\u00e9 v\u00fdzvy:<\/strong>\u00a0p\u0159edm\u011btem otev\u0159en\u00e9 v\u00fdzvy jsou n\u00e1vrhy kr\u00e1tkodob\u00fdch intervenc\u00ed, tematick\u00e9 a performativn\u00ed ztv\u00e1rn\u011bn\u00ed dan\u00e9ho \u00fazem\u00ed, drobn\u00e9ho dopln\u011bn\u00ed urbanistick\u00e9 struktury, site specific instalace a do\u010dasn\u00e1 architektura pro t\u0159in\u00e1ct vytipovan\u00fdch lokalit.<\/p>\n<p>&nbsp;<\/p>\n<p style=\"text-align: left;\"><strong>Zp\u016fsob vyhl\u00e1\u0161en\u00ed v\u00fdsledk\u016f:<\/strong>\u00a0v\u00fdsledky budou zve\u0159ejn\u011bny dne 20. dubna na webu Landscape festivalu.<\/p>\n<p>&nbsp;<\/p>\n<p><strong>Realizace:<\/strong>\u00a0realizaci vybran\u00fdch n\u00e1vrh\u016f zajist\u00ed navrhovatel v\u00a0kooperaci s\u00a0po\u0159adateli festivalu.<\/p>\n<p>&nbsp;<\/p>\n<p><strong>Autorsk\u00e1 pr\u00e1va: <\/strong>auto\u0159i sout\u011b\u017en\u00edch n\u00e1vrh\u016f si podr\u017e\u00ed sv\u00e1 autorsk\u00e1 pr\u00e1va, mohou sv\u00e9 sout\u011b\u017en\u00ed n\u00e1vrhy publikovat a mohou jich op\u011bt vyu\u017e\u00edt v jin\u00e9m p\u0159\u00edpad\u011b. Odevzd\u00e1n\u00edm sout\u011b\u017en\u00edch n\u00e1vrh\u016f vyslovuj\u00ed \u00fa\u010dastn\u00edci souhlas s vystaven\u00edm sv\u00fdch n\u00e1vrh\u016f v r\u00e1mci propagace open callu a jeho v\u00fdsledk\u016f. Nevybran\u00e9 n\u00e1vrhy budou po ukon\u010den\u00ed open callu na po\u017e\u00e1d\u00e1n\u00ed vr\u00e1ceny autor\u016fm.[\/vc_column_text]<div class=\"clear\"><\/div><\/div>[\/vc_column][\/vc_row][vc_row css=&#8220;.vc_custom_1528968541230{background-image: url(http:\/\/landscape-festival.cz\/wp-content\/uploads\/2018\/02\/travicka1234-01.png?id=8727) !important;}&#8220;][vc_column]<div class=\"et-row   \">[vc_column_text]<\/p>\n<p>&nbsp;<\/p>\n<p><b>Vyhla\u0161ovatel\u00e9 open callu a po\u0159adatel\u00e9 Landscape festivalu jsou\u00a0<\/b><b>Galerie Jaroslava Fragnera <\/b><b>a spolek Architectura, z.s.\u00a0<\/b>[\/vc_column_text]<div class=\"clear\"><\/div><\/div>[\/vc_column][vc_column width=&#8220;1\/4&#8243;][vc_empty_space][\/vc_column][vc_column width=&#8220;1\/2&#8243;][vc_empty_space height=&#8220;130&#8243;]<div class=\"\"><div class=\"title_center\"><p class=\"\">kontakt<\/p><\/div><div class=\"center_line\"><\/div><\/div><div class=\"et-row   \">[vc_column_text]<strong>Kontaktn\u00ed osoba pro konzultace a zas\u00edl\u00e1n\u00ed n\u00e1vrh\u016f:<\/strong><\/p>\n<p><strong>Jakub Hepp<\/strong><br \/>\njakub@landscape-festival.cz<br \/>\n+ 420 739 454 190[\/vc_column_text]<div class=\"clear\"><\/div><\/div>[vc_empty_space height=&#8220;130&#8243;][\/vc_column][vc_column width=&#8220;1\/4&#8243;][vc_empty_space][\/vc_column][\/vc_row]<\/p>\n<\/div>","protected":false},"excerpt":{"rendered":"<p>[vc_row][vc_column][rev_slider_vc alias=&#8220;open-call&#8220;][\/vc_column][\/vc_row][vc_row][vc_column][\/vc_column][\/vc_row][vc_row css=&#8220;.vc_custom_1528967938144{background-image: url(http:\/\/landscape-festival.cz\/wp-content\/uploads\/2018\/02\/travicka13254-01.png?id=8730) !important;}&#8220;][vc_column][vc_empty_space height=&#8220;130&#8243;][vc_empty_space height=&#8220;40&#8243;][\/vc_column][\/vc_row][vc_row css=&#8220;.vc_custom_1528968416457{background-image: url(http:\/\/landscape-festival.cz\/wp-content\/uploads\/2018\/02\/165432-01.png?id=8732) !important;}&#8220;][vc_column][\/vc_column][\/vc_row][vc_row css=&#8220;.vc_custom_1528968492427{background-image: url(http:\/\/landscape-festival.cz\/wp-content\/uploads\/2018\/02\/travicka1364251-01.png?id=8733) !important;}&#8220;][vc_column][\/vc_column][\/vc_row][vc_row css=&#8220;.vc_custom_1528968261279{background-image: url(http:\/\/landscape-festival.cz\/wp-content\/uploads\/2018\/03\/travicka1256984-01.png?id=8777) !important;}&#8220;][vc_column][\/vc_column][\/vc_row][vc_row][vc_column][\/vc_column][\/vc_row][vc_row css=&#8220;.vc_custom_1528968541230{background-image: url(http:\/\/landscape-festival.cz\/wp-content\/uploads\/2018\/02\/travicka1234-01.png?id=8727) !important;}&#8220;][vc_column][\/vc_column][vc_column width=&#8220;1\/4&#8243;][vc_empty_space][\/vc_column][vc_column width=&#8220;1\/2&#8243;][vc_empty_space height=&#8220;130&#8243;][vc_empty_space height=&#8220;130&#8243;][\/vc_column][vc_column width=&#8220;1\/4&#8243;][vc_empty_space][\/vc_column][\/vc_row]<\/p>\n","protected":false},"author":3,"featured_media":0,"parent":8628,"menu_order":0,"comment_status":"closed","ping_status":"closed","template":"fullwidth.php","meta":{"footnotes":""},"class_list":["post-7571","page","type-page","status-publish","hentry",""],"_links":{"self":[{"href":"https:\/\/www.landscape-festival.cz\/old\/wp-json\/wp\/v2\/pages\/7571","targetHints":{"allow":["GET"]}}],"collection":[{"href":"https:\/\/www.landscape-festival.cz\/old\/wp-json\/wp\/v2\/pages"}],"about":[{"href":"https:\/\/www.landscape-festival.cz\/old\/wp-json\/wp\/v2\/types\/page"}],"author":[{"embeddable":true,"href":"https:\/\/www.landscape-festival.cz\/old\/wp-json\/wp\/v2\/users\/3"}],"replies":[{"embeddable":true,"href":"https:\/\/www.landscape-festival.cz\/old\/wp-json\/wp\/v2\/comments?post=7571"}],"version-history":[{"count":29,"href":"https:\/\/www.landscape-festival.cz\/old\/wp-json\/wp\/v2\/pages\/7571\/revisions"}],"predecessor-version":[{"id":8779,"href":"https:\/\/www.landscape-festival.cz\/old\/wp-json\/wp\/v2\/pages\/7571\/revisions\/8779"}],"up":[{"embeddable":true,"href":"https:\/\/www.landscape-festival.cz\/old\/wp-json\/wp\/v2\/pages\/8628"}],"wp:attachment":[{"href":"https:\/\/www.landscape-festival.cz\/old\/wp-json\/wp\/v2\/media?parent=7571"}],"curies":[{"name":"wp","href":"https:\/\/api.w.org\/{rel}","templated":true}]}}