{"id":7151,"date":"2017-08-22T17:09:44","date_gmt":"2017-08-22T16:09:44","guid":{"rendered":"http:\/\/landscape-festival.cz\/?page_id=7151"},"modified":"2017-09-05T12:00:07","modified_gmt":"2017-09-05T11:00:07","slug":"artscape","status":"publish","type":"page","link":"https:\/\/www.landscape-festival.cz\/old\/en\/conferences\/artscape\/","title":{"rendered":"ARTSCAPE"},"content":{"rendered":"<div class=\"wpb-content-wrapper\"><p>[vc_row][vc_column][vc_empty_space height=&#8220;60&#8243;][vc_btn title=&#8220;MAP LFP 2017 DOWNLOAD HERE&#8220; style=&#8220;gradient&#8220; gradient_color_1=&#8220;juicy-pink&#8220; gradient_color_2=&#8220;green&#8220; shape=&#8220;square&#8220; size=&#8220;lg&#8220; align=&#8220;center&#8220; i_icon_fontawesome=&#8220;fa fa-info-circle&#8220; button_block=&#8220;true&#8220; add_icon=&#8220;true&#8220; link=&#8220;url:http%3A%2F%2Flandscape-festival.cz%2Fwp-content%2Fuploads%2F2017%2F07%2FMAPA-Landscape-Festival-Plzen-2017.pdf||target:%20_blank|&#8220;][vc_empty_space height=&#8220;80&#8243;]<div class=\"\"><div class=\"title_center\"><p class=\"\">ARTSCAPE<\/p><\/div><div class=\"center_line\"><\/div><\/div><div class=\"\"><div class=\"title_center\"><p class=\"\">INTERNATIONAL CONFERENCE<\/p><\/div><div class=\"center_line\"><\/div><\/div>[vc_empty_space height=&#8220;60&#8243;]<div class=\"et-row   \">[vc_column_text]Artistic and architectonic interventions into landscape and public space on Iceland, in Norway and in the Czech Republic.<\/p>\n<p>Designed for professionals and students from the field of: architecture, urbanism, landscape architecture and for wide public interested in key topics of Landscape Festival.[\/vc_column_text]<div class=\"clear\"><\/div><\/div>[vc_empty_space height=&#8220;60&#8243;]<div class=\"speakers  \" >\r\n  \t\t\t<div class=\"\">\r\n                \r\n                \r\n\t\t\t\t<div class=\"photo_carousel\"><div class=\"photo_carousel_container\"><figure class=\"eventime_img  et_speaker_column_4\" data-toggle=\"modal\" data-target=\"#et-speaker-modal_1_1\"><div class=\"eventime_speaker_image\" style=\"background-image: url(https:\/\/www.landscape-festival.cz\/old\/wp-content\/uploads\/2016\/02\/Dan01-\u2013-kopie-400x545.jpg);\">\r\n\t                        <figcaption>\r\n\t\t\t\t\t\t      <div class=\"namecentered\">\r\n\t\t\t\t\t\t        <h2>\r\n\t\t\t\t\t\t        Dan Merta\r\n\t\t\t\t\t\t        <\/h2>\r\n\t\t\t\t\t\t        <p>\r\n\t\t\t\t\t\t        director Jaroslav Fragner Gallery\r\n\t\t\t\t\t\t        <\/p>\r\n\t\t\t\t\t\t      <\/div>\r\n\t                        <\/figcaption><\/figure><div id=\"et-speaker-modal_1_1\" class=\"modal fade eventime_modal\" style=\"display: none;\">\r\n\t                <div class=\"modal-dialog\">\r\n\t                    <div class=\"modal-content\">\r\n\t                        <div class=\"modal-header\">\r\n\t                            <button aria-hidden=\"true\" data-dismiss=\"modal\" class=\"close\" type=\"button\">\u00d7 <\/button>\r\n\t                            <h4 class=\"modal-title\">Dan Merta<\/h4><small>director Jaroslav Fragner Gallery<\/small>\r\n\t                        <\/div>\r\n\t                        <div class=\"modal-body\">\r\n\t                        <img decoding=\"async\" src=\"https:\/\/www.landscape-festival.cz\/old\/wp-content\/uploads\/2016\/02\/Dan01-\u2013-kopie-400x545.jpg\">\r\n\t                        <p>He studied Art History and Aesthetics at the Philosophical Faculty of Comenius University in Bratislava. As Curator, he organised exhibitions in Prague Castle. Between 1999 and 2008, he was Secretary of the Jind\u0159ich Chalupeck\u00fd Society (producing and curating the Award for young Czech artists under 35 years of age). Between 1996 and 2000, he was employed as Head of the Department of Culture of the Prague 3 - \u017di\u017ekov city district, where he co-founded the modern tradition of cultural-social bacchanalia: \u017di\u017ekov Shrovetide and the Vinohrady Grape Harvest. He was one of the initiators and founders of the Iniciativa Za novou Prahu (Initiative for New Prague) and Tady nen\u00ed developerovo (This is not developers' land) (2011). Since 2001, he has managed the Jaroslav Fragner Gallery where he defended his position in a selection procedure in 2010.<\/p>\n\r\n\t                    <\/div>\r\n\t                <\/div>\r\n                <\/div>\r\n            <\/div><figure class=\"eventime_img  et_speaker_column_4\" data-toggle=\"modal\" data-target=\"#et-speaker-modal_1_2\"><div class=\"eventime_speaker_image\" style=\"background-image: url(https:\/\/www.landscape-festival.cz\/old\/wp-content\/uploads\/2017\/08\/olof2web-720x545.jpg);\">\r\n\t                        <figcaption>\r\n\t\t\t\t\t\t      <div class=\"namecentered\">\r\n\t\t\t\t\t\t        <h2>\r\n\t\t\t\t\t\t        \u00d3L\u00d6F KRIST\u00cdN SIGUR\u00d0ARD\u00d3TTIR\r\n\t\t\t\t\t\t        <\/h2>\r\n\t\t\t\t\t\t        <p>\r\n\t\t\t\t\t\t        director of Reykjavik Art Museum \/ ICELAND\r\n\t\t\t\t\t\t        <\/p>\r\n\t\t\t\t\t\t      <\/div>\r\n\t                        <\/figcaption><\/figure><div id=\"et-speaker-modal_1_2\" class=\"modal fade eventime_modal\" style=\"display: none;\">\r\n\t                <div class=\"modal-dialog\">\r\n\t                    <div class=\"modal-content\">\r\n\t                        <div class=\"modal-header\">\r\n\t                            <button aria-hidden=\"true\" data-dismiss=\"modal\" class=\"close\" type=\"button\">\u00d7 <\/button>\r\n\t                            <h4 class=\"modal-title\">\u00d3L\u00d6F KRIST\u00cdN SIGUR\u00d0ARD\u00d3TTIR<\/h4><small>director of Reykjavik Art Museum \/ ICELAND<\/small>\r\n\t                        <\/div>\r\n\t                        <div class=\"modal-body\">\r\n\t                        <img decoding=\"async\" src=\"https:\/\/www.landscape-festival.cz\/old\/wp-content\/uploads\/2017\/08\/olof2web-720x545.jpg\">\r\n\t                        <p><a href=\"http:\/\/artmuseum.is\/\"><strong>www.artmuseum.is<\/strong><\/a><\/p>\n\r\n\t                    <\/div>\r\n\t                <\/div>\r\n                <\/div>\r\n            <\/div><figure class=\"eventime_img  et_speaker_column_4\" data-toggle=\"modal\" data-target=\"#et-speaker-modal_1_3\"><div class=\"eventime_speaker_image\" style=\"background-image: url(https:\/\/www.landscape-festival.cz\/old\/wp-content\/uploads\/2017\/08\/vostrackabio-1.jpg);\">\r\n\t                        <figcaption>\r\n\t\t\t\t\t\t      <div class=\"namecentered\">\r\n\t\t\t\t\t\t        <h2>\r\n\t\t\t\t\t\t        Irena Vostrack\u00e1\r\n\t\t\t\t\t\t        <\/h2>\r\n\t\t\t\t\t\t        <p>\r\n\t\t\t\t\t\t        director of the Concept and Development Department of the City of Pilsen\r\n\t\t\t\t\t\t        <\/p>\r\n\t\t\t\t\t\t      <\/div>\r\n\t                        <\/figcaption><\/figure><div id=\"et-speaker-modal_1_3\" class=\"modal fade eventime_modal\" style=\"display: none;\">\r\n\t                <div class=\"modal-dialog\">\r\n\t                    <div class=\"modal-content\">\r\n\t                        <div class=\"modal-header\">\r\n\t                            <button aria-hidden=\"true\" data-dismiss=\"modal\" class=\"close\" type=\"button\">\u00d7 <\/button>\r\n\t                            <h4 class=\"modal-title\">Irena Vostrack\u00e1<\/h4><small>director of the Concept and Development Department of the City of Pilsen<\/small>\r\n\t                        <\/div>\r\n\t                        <div class=\"modal-body\">\r\n\t                        <img decoding=\"async\" src=\"https:\/\/www.landscape-festival.cz\/old\/wp-content\/uploads\/2017\/08\/vostrackabio-1.jpg\">\r\n\t                        <p><a href=\"https:\/\/ukr.plzen.eu\/en\/\"><strong>www.ukr.plzen.eu<\/strong><\/a><\/p>\n\r\n\t                    <\/div>\r\n\t                <\/div>\r\n                <\/div>\r\n            <\/div><figure class=\"eventime_img  et_speaker_column_4\" data-toggle=\"modal\" data-target=\"#et-speaker-modal_1_4\"><div class=\"eventime_speaker_image\" style=\"background-image: url(https:\/\/www.landscape-festival.cz\/old\/wp-content\/uploads\/2017\/08\/einar-jarmund-1-720x545.jpg);\">\r\n\t                        <figcaption>\r\n\t\t\t\t\t\t      <div class=\"namecentered\">\r\n\t\t\t\t\t\t        <h2>\r\n\t\t\t\t\t\t        Jarmund Vigsnaes Arkitekter\r\n\t\t\t\t\t\t        <\/h2>\r\n\t\t\t\t\t\t        <p>\r\n\t\t\t\t\t\t        architecture studio \/ NORWAY\r\n\t\t\t\t\t\t        <\/p>\r\n\t\t\t\t\t\t      <\/div>\r\n\t                        <\/figcaption><\/figure><div id=\"et-speaker-modal_1_4\" class=\"modal fade eventime_modal\" style=\"display: none;\">\r\n\t                <div class=\"modal-dialog\">\r\n\t                    <div class=\"modal-content\">\r\n\t                        <div class=\"modal-header\">\r\n\t                            <button aria-hidden=\"true\" data-dismiss=\"modal\" class=\"close\" type=\"button\">\u00d7 <\/button>\r\n\t                            <h4 class=\"modal-title\">Jarmund Vigsnaes Arkitekter<\/h4><small>architecture studio \/ NORWAY<\/small>\r\n\t                        <\/div>\r\n\t                        <div class=\"modal-body\">\r\n\t                        <img decoding=\"async\" src=\"https:\/\/www.landscape-festival.cz\/old\/wp-content\/uploads\/2017\/08\/einar-jarmund-1-720x545.jpg\">\r\n\t                        <p>lecturer:\u00a0<strong>EINAR JARMUND<\/strong><\/p>\n<p>Jarmund\/Vigsn\u00e6s AS Arkitekter MNAL was established in 1996 by Einar Jarmund and H\u00e5kon Vigsn\u00e6s. Alessandra Kosberg became a partner in 2004. The firm is located in Oslo, Norway, and the recent number of employees is 19. JVA works in a wide architectural range with commissions mainly in Norway, but also in other European countries. The majority of their finished works are public buildings and housing projects.<br \/>\n<br \/>\nJVA are also involved in urban planning and building interiors; aiming to cover all corners of the architectural field.\u00a0They focus on the independent concept for every single project, avoiding general stylistic approaches. Priority is given to early participation in creative programming and an attentive relation towards the surroundings.<\/p>\n<p><strong><a href=\"http:\/\/www.jva.no\/\">www.jva.no<\/a><\/strong><\/p>\n\r\n\t                    <\/div>\r\n\t                <\/div>\r\n                <\/div>\r\n            <\/div><figure class=\"eventime_img  et_speaker_column_4\" data-toggle=\"modal\" data-target=\"#et-speaker-modal_1_5\"><div class=\"eventime_speaker_image\" style=\"background-image: url(https:\/\/www.landscape-festival.cz\/old\/wp-content\/uploads\/2017\/08\/radkaschmelzweb-720x545.jpg);\">\r\n\t                        <figcaption>\r\n\t\t\t\t\t\t      <div class=\"namecentered\">\r\n\t\t\t\t\t\t        <h2>\r\n\t\t\t\t\t\t        Radoslava Schmelzov\u00e1\r\n\t\t\t\t\t\t        <\/h2>\r\n\t\t\t\t\t\t        <p>\r\n\t\t\t\t\t\t        Art theorist\r\n\t\t\t\t\t\t        <\/p>\r\n\t\t\t\t\t\t      <\/div>\r\n\t                        <\/figcaption><\/figure><div id=\"et-speaker-modal_1_5\" class=\"modal fade eventime_modal\" style=\"display: none;\">\r\n\t                <div class=\"modal-dialog\">\r\n\t                    <div class=\"modal-content\">\r\n\t                        <div class=\"modal-header\">\r\n\t                            <button aria-hidden=\"true\" data-dismiss=\"modal\" class=\"close\" type=\"button\">\u00d7 <\/button>\r\n\t                            <h4 class=\"modal-title\">Radoslava Schmelzov\u00e1<\/h4><small>Art theorist<\/small>\r\n\t                        <\/div>\r\n\t                        <div class=\"modal-body\">\r\n\t                        <img decoding=\"async\" src=\"https:\/\/www.landscape-festival.cz\/old\/wp-content\/uploads\/2017\/08\/radkaschmelzweb-720x545.jpg\">\r\n\t                        <p><b>Radoslav Schmelzov\u00e1<\/b>, Mgr., studied art history and cultural heritage management at the University of Ostrava, and the theory and history of design and new media at the Academy of Arts, Architecture and Design in Prague. She has worked as an assistant curator at the National Gallery in Prague, the National Heritage Institute, and at the Atelier Contemporary Art Journal. She is currently teaching theory of art for the DAMU program Theatre in alternative space. She is interested in the relationships between contemporary art, the landscape and cultural heritage.<\/p>\n\r\n\t                    <\/div>\r\n\t                <\/div>\r\n                <\/div>\r\n            <\/div><figure class=\"eventime_img  et_speaker_column_4\" data-toggle=\"modal\" data-target=\"#et-speaker-modal_1_6\"><div class=\"eventime_speaker_image\" style=\"background-image: url(https:\/\/www.landscape-festival.cz\/old\/wp-content\/uploads\/2017\/08\/subrtova-720x545.jpg);\">\r\n\t                        <figcaption>\r\n\t\t\t\t\t\t      <div class=\"namecentered\">\r\n\t\t\t\t\t\t        <h2>\r\n\t\t\t\t\t\t        Dagmar \u0160ubrtov\u00e1\r\n\t\t\t\t\t\t        <\/h2>\r\n\t\t\t\t\t\t        <p>\r\n\t\t\t\t\t\t        artist\r\n\t\t\t\t\t\t        <\/p>\r\n\t\t\t\t\t\t      <\/div>\r\n\t                        <\/figcaption><\/figure><div id=\"et-speaker-modal_1_6\" class=\"modal fade eventime_modal\" style=\"display: none;\">\r\n\t                <div class=\"modal-dialog\">\r\n\t                    <div class=\"modal-content\">\r\n\t                        <div class=\"modal-header\">\r\n\t                            <button aria-hidden=\"true\" data-dismiss=\"modal\" class=\"close\" type=\"button\">\u00d7 <\/button>\r\n\t                            <h4 class=\"modal-title\">Dagmar \u0160ubrtov\u00e1<\/h4><small>artist<\/small>\r\n\t                        <\/div>\r\n\t                        <div class=\"modal-body\">\r\n\t                        <img decoding=\"async\" src=\"https:\/\/www.landscape-festival.cz\/old\/wp-content\/uploads\/2017\/08\/subrtova-720x545.jpg\">\r\n\t                        <p>Dagmar \u0160ubrtov\u00e1 will introduce part of her work which is oriented towards a sculptural interpretation of the industrial landscape affected by civilisation. In addition, she will briefly present the results of the multiannual project, Frontiers of Solitude, which is focused on the acute situation of the changes in Nature and the landscape brought about by the influence of civilisation. This theme was developed in the form of artistic research of the cultural geography and ecology of regions in the northern part of Norway, selected locations in Iceland and in the Most region of northern Bohemia.<\/p>\n\r\n\t                    <\/div>\r\n\t                <\/div>\r\n                <\/div>\r\n            <\/div><figure class=\"eventime_img  et_speaker_column_4\" data-toggle=\"modal\" data-target=\"#et-speaker-modal_1_7\"><div class=\"eventime_speaker_image\" style=\"background-image: url(https:\/\/www.landscape-festival.cz\/old\/wp-content\/uploads\/2017\/08\/grandav-2-720x545.jpg);\">\r\n\t                        <figcaption>\r\n\t\t\t\t\t\t      <div class=\"namecentered\">\r\n\t\t\t\t\t\t        <h2>\r\n\t\t\t\t\t\t        STUDIO GRANDA\r\n\t\t\t\t\t\t        <\/h2>\r\n\t\t\t\t\t\t        <p>\r\n\t\t\t\t\t\t        architektonick\u00e9 studio \/ ISLAND\r\n\t\t\t\t\t\t        <\/p>\r\n\t\t\t\t\t\t      <\/div>\r\n\t                        <\/figcaption><\/figure><div id=\"et-speaker-modal_1_7\" class=\"modal fade eventime_modal\" style=\"display: none;\">\r\n\t                <div class=\"modal-dialog\">\r\n\t                    <div class=\"modal-content\">\r\n\t                        <div class=\"modal-header\">\r\n\t                            <button aria-hidden=\"true\" data-dismiss=\"modal\" class=\"close\" type=\"button\">\u00d7 <\/button>\r\n\t                            <h4 class=\"modal-title\">STUDIO GRANDA<\/h4><small>architektonick\u00e9 studio \/ ISLAND<\/small>\r\n\t                        <\/div>\r\n\t                        <div class=\"modal-body\">\r\n\t                        <img decoding=\"async\" src=\"https:\/\/www.landscape-festival.cz\/old\/wp-content\/uploads\/2017\/08\/grandav-2-720x545.jpg\">\r\n\t                        <p>lecturers: <strong>MARGR\u00c9T HARDARD\u00d3TTIR &amp; STEVE CHRISTER<\/strong><\/p>\n<p>Studio Granda\u00a0is a practice of\u00a0architects\u00a0based in\u00a0Reykjav\u00edk,\u00a0Iceland. It was founded in 1987 by wife and husband team Margr\u00e9t Hardard\u00f3ttir (1959, Reykjav\u00edk, Iceland) and Steve Christer. They studied at the\u00a0Architectural Association\u00a0in London.\u00a0Studio Granda\u2019s work is characterised by a respect for the traditional materials of\u00a0Iceland\u00a0- stone, sheet metal and timber - and with their sensitive awareness of local context can be linked to the\u00a0Critical Regionalism\u00a0school. The work might also be regarded in the light of the Nordic modernist tradition, typified by architects such as\u00a0Alvar Aalto,\u00a0Erik Gunnar Asplund,\u00a0Sverre Fehn, and\u00a0J\u00f8rn Utzon.<\/p>\n<p><strong><a href=\"https:\/\/www.studiogranda.is\/\">www.studiogranda.is<\/a><\/strong><\/p>\n\r\n\t                    <\/div>\r\n\t                <\/div>\r\n                <\/div>\r\n            <\/div><figure class=\"eventime_img  et_speaker_column_4\" data-toggle=\"modal\" data-target=\"#et-speaker-modal_1_8\"><div class=\"eventime_speaker_image\" style=\"background-image: url(https:\/\/www.landscape-festival.cz\/old\/wp-content\/uploads\/2017\/08\/\u010cB_Petr-Kratochv\u00edl2-500x545.jpg);\">\r\n\t                        <figcaption>\r\n\t\t\t\t\t\t      <div class=\"namecentered\">\r\n\t\t\t\t\t\t        <h2>\r\n\t\t\t\t\t\t        Petr Kratochv\u00edl\r\n\t\t\t\t\t\t        <\/h2>\r\n\t\t\t\t\t\t        <p>\r\n\t\t\t\t\t\t        profesor, Historian and theorist of architecture\r\n\t\t\t\t\t\t        <\/p>\r\n\t\t\t\t\t\t      <\/div>\r\n\t                        <\/figcaption><\/figure><div id=\"et-speaker-modal_1_8\" class=\"modal fade eventime_modal\" style=\"display: none;\">\r\n\t                <div class=\"modal-dialog\">\r\n\t                    <div class=\"modal-content\">\r\n\t                        <div class=\"modal-header\">\r\n\t                            <button aria-hidden=\"true\" data-dismiss=\"modal\" class=\"close\" type=\"button\">\u00d7 <\/button>\r\n\t                            <h4 class=\"modal-title\">Petr Kratochv\u00edl<\/h4><small>profesor, Historian and theorist of architecture<\/small>\r\n\t                        <\/div>\r\n\t                        <div class=\"modal-body\">\r\n\t                        <img decoding=\"async\" src=\"https:\/\/www.landscape-festival.cz\/old\/wp-content\/uploads\/2017\/08\/\u010cB_Petr-Kratochv\u00edl2-500x545.jpg\">\r\n\t                        <p>He studied the Faculty of Philosophy of Charles University in Prague (1974). He completed his degree by the thesis \u2018M\u011bsto jako kulturn\u00ed fenom\u00e9n \u2013 d\u011bjiny a sou\u010dasnost\u2019 (City as a Cultural Phenomenon \u2013 history and present) in 1990. He reached his docent title in history of architecture at the Faculty of Architecture of Czech Technical University in Prague (\u010cVUT) in 2009. He\u2019s got a job at the Institute of Art History of the Czech Academy of Sciences and at the same time he teaches the history of modern architecture at the Faculty of Architecture of the Technical University of Liberec.<\/p>\n<p>His significant activities resulted in a number of published books and texts in magazines of architecture, art, and history. Among his recently issued books are: Sou\u010dasn\u00e1 \u010desk\u00e1 architektura a jej\u00ed t\u00e9mata (Contemporary Czech Architecture and its themes) (Prague 2011) or D\u011bjiny zem\u00ed koruny \u010desk\u00e9 \u2013 Architektura (History of the Czech Crown Lands \u2013 Architecture) editor and co-author (Prague 2008). He was a curator of several exhibitions in the Gallery of Jaroslav fragner in Prague e.g. Zelen\u00e1 architektura.cz (Green Architecture.cz) in 2008. He translates books about architecture. He was a member of the Academic Board of Czech Academy of Sciences (1993 \u2013 2001) and a vice-chairman of the Academic Board (2001 \u2013 2009). In 1998 \u2013 2004 he was a member of Accreditation Commission of the Czech Republic<\/p>\n\r\n\t                    <\/div>\r\n\t                <\/div>\r\n                <\/div>\r\n            <\/div><figure class=\"eventime_img  et_speaker_column_4\" data-toggle=\"modal\" data-target=\"#et-speaker-modal_1_9\"><div class=\"eventime_speaker_image\" style=\"background-image: url(https:\/\/www.landscape-festival.cz\/old\/wp-content\/uploads\/2017\/08\/brychta-1-640x545.jpg);\">\r\n\t                        <figcaption>\r\n\t\t\t\t\t\t      <div class=\"namecentered\">\r\n\t\t\t\t\t\t        <h2>\r\n\t\t\t\t\t\t        Projektil architects\r\n\t\t\t\t\t\t        <\/h2>\r\n\t\t\t\t\t\t        <p>\r\n\t\t\t\t\t\t        architecture studio\r\n\t\t\t\t\t\t        <\/p>\r\n\t\t\t\t\t\t      <\/div>\r\n\t                        <\/figcaption><\/figure><div id=\"et-speaker-modal_1_9\" class=\"modal fade eventime_modal\" style=\"display: none;\">\r\n\t                <div class=\"modal-dialog\">\r\n\t                    <div class=\"modal-content\">\r\n\t                        <div class=\"modal-header\">\r\n\t                            <button aria-hidden=\"true\" data-dismiss=\"modal\" class=\"close\" type=\"button\">\u00d7 <\/button>\r\n\t                            <h4 class=\"modal-title\">Projektil architects<\/h4><small>architecture studio<\/small>\r\n\t                        <\/div>\r\n\t                        <div class=\"modal-body\">\r\n\t                        <img decoding=\"async\" src=\"https:\/\/www.landscape-festival.cz\/old\/wp-content\/uploads\/2017\/08\/brychta-1-640x545.jpg\">\r\n\t                        <p>lecturer: <strong>ROMAN BRYCHTA<\/strong><\/p>\n<p>&nbsp;<\/p>\n<p>Leads the Studio 4 at the AAAD in Prague since autumn 2011<strong>.\u00a0<\/strong>After his graduation with Prof. Emil Prikryl (1995) in the Academy of Arts in Prague, he worked freely.. In 1998, he founded AK architects (together with P. Joba, V. Kr\u00e1l\u00ed\u010dek, P. Le\u0161ek). Since 2002, he has been a partner at Projektil architects (R. Brychta, A. Hal\u00ed\u0159, O. Hofmeister, P. Le\u0161ek).<em>\u00a0Projektil creates economical, helpful and fresh architecture with regards to tradition, innovative typology and sustainable development.\u00a0 It integrates\u00a0 conteporary art, design, architecture and the local context. It invites young and prospective authors to collaborate on their \u00a0projects.<\/em><\/p>\n<p>Projektil has won many competitions and received prizes and awards for several completed buildings. Projektil participates in exhibitions, architectural conferences and lectures on the Czech and international architectural stage.<\/p>\n<p><strong><a href=\"http:\/\/www.projektil.cz\/\">www.projektil.cz<\/a><\/strong><\/p>\n\r\n\t                    <\/div>\r\n\t                <\/div>\r\n                <\/div>\r\n            <\/div><figure class=\"eventime_img  et_speaker_column_4\" data-toggle=\"modal\" data-target=\"#et-speaker-modal_1_10\"><div class=\"eventime_speaker_image\" style=\"background-image: url(https:\/\/www.landscape-festival.cz\/old\/wp-content\/uploads\/2017\/08\/IMG_0844-1-720x545.jpg);\">\r\n\t                        <figcaption>\r\n\t\t\t\t\t\t      <div class=\"namecentered\">\r\n\t\t\t\t\t\t        <h2>\r\n\t\t\t\t\t\t        Kl\u00e1ra Salzmann\r\n\t\t\t\t\t\t        <\/h2>\r\n\t\t\t\t\t\t        <p>\r\n\t\t\t\t\t\t        landscape architect\r\n\t\t\t\t\t\t        <\/p>\r\n\t\t\t\t\t\t      <\/div>\r\n\t                        <\/figcaption><\/figure><div id=\"et-speaker-modal_1_10\" class=\"modal fade eventime_modal\" style=\"display: none;\">\r\n\t                <div class=\"modal-dialog\">\r\n\t                    <div class=\"modal-content\">\r\n\t                        <div class=\"modal-header\">\r\n\t                            <button aria-hidden=\"true\" data-dismiss=\"modal\" class=\"close\" type=\"button\">\u00d7 <\/button>\r\n\t                            <h4 class=\"modal-title\">Kl\u00e1ra Salzmann<\/h4><small>landscape architect<\/small>\r\n\t                        <\/div>\r\n\t                        <div class=\"modal-body\">\r\n\t                        <img decoding=\"async\" src=\"https:\/\/www.landscape-festival.cz\/old\/wp-content\/uploads\/2017\/08\/IMG_0844-1-720x545.jpg\">\r\n\t                        \r\n\t                    <\/div>\r\n\t                <\/div>\r\n                <\/div>\r\n            <\/div><\/div><\/div>\r\n\t\t\t    <div class=\"clear\">\r\n\t\t\t    <\/div>\r\n            <\/div>\r\n\t\t<\/div>[\/vc_column][\/vc_row][vc_row][vc_column][vc_empty_space height=&#8220;80&#8243;]<div class=\"et-row   \">[vc_empty_space height=&#8220;80&#8243;][vc_text_separator title=&#8220;Pilsen&#8220;][vc_empty_space][vc_column_text]<\/p>\n<p style=\"text-align: center;\"><strong>Pilsner Urquell Brewery<\/strong><br \/>\n<strong>Secese Confference Center<\/strong><\/p>\n<p>[\/vc_column_text][vc_empty_space][vc_column_text]<\/p>\n<p style=\"text-align: center;\"><strong>Parts of the conference:<\/strong><br \/>\ntranslation to English<br \/>\ncommented tour around the area of brewery<br \/>\nrefreshment<\/p>\n<p>[\/vc_column_text][vc_empty_space][vc_column_text]<\/p>\n<p style=\"text-align: center;\"><strong>FREE ENTRY<\/strong><\/p>\n<p>[\/vc_column_text][vc_empty_space height=&#8220;80&#8243;][vc_gmaps link=&#8220;#E-8_JTNDaWZyYW1lJTIwc3JjJTNEJTIyaHR0cHMlM0ElMkYlMkZ3d3cuZ29vZ2xlLmNvbSUyRm1hcHMlMkZlbWJlZCUzRnBiJTNEJTIxMW0xOCUyMTFtMTIlMjExbTMlMjExZDI1NzguMDk2NjA5MzM1MjMxJTIxMmQxMy4zODM4OTQzMTU3MDU5ODklMjEzZDQ5Ljc0NjYyNTk3OTM4NDQyNiUyMTJtMyUyMTFmMCUyMTJmMCUyMTNmMCUyMTNtMiUyMTFpMTAyNCUyMTJpNzY4JTIxNGYxMy4xJTIxM20zJTIxMW0yJTIxMXMweDQ3MGFmMWU2M2JiNWFiYjclMjUzQTB4MjUwNTk4NDg3NmIxMTJlMiUyMTJ6VlNCUWNtRjZaSEp2YW1VZ05qUXZOeXdnTXpBeElEQXdJRkJzZW1YRmlDQXpMVmJEdldOb2IyUnV3NjBnVU1XWlpXUnR4SnR6ZE1PdCUyMTVlMCUyMTNtMiUyMTFzY3MlMjEyc2N6JTIxNHYxNTA0MjY2NTY5Mjk3JTIyJTIwd2lkdGglM0QlMjI2MDAlMjIlMjBoZWlnaHQlM0QlMjI0NTAlMjIlMjBmcmFtZWJvcmRlciUzRCUyMjAlMjIlMjBzdHlsZSUzRCUyMmJvcmRlciUzQTAlMjIlMjBhbGxvd2Z1bGxzY3JlZW4lM0UlM0MlMkZpZnJhbWUlM0U=&#8220;][vc_empty_space height=&#8220;80&#8243;][vc_text_separator title=&#8220;REGISTRATION&#8220;][vc_empty_space][vc_column_text]<\/p>\n<p style=\"text-align: center;\"><strong>hana@landscape-festival.cz<\/strong><\/p>\n<p>[\/vc_column_text][vc_empty_space height=&#8220;80&#8243;]<div class=\"clear\"><\/div><\/div>[\/vc_column][\/vc_row][vc_row][vc_column]\r\n        <div class=\"et-schedules-container PROGRAM \">\r\n        <div class=\"mini_gap\"><\/div>\r\n        <div class=\"first_line \" ><\/div>\r\n\t                         <div class=\"first_title\">\r\n                             <p class=\"\" >\r\n                             CONFERENCE PROGRAM\r\n                             <\/p>\r\n                             <\/div>\r\n                             <div class=\"first_description\">\r\n                             <p class=\"\" >\r\n                             \r\n                             <\/p>\r\n                             <\/div>\r\n        <div id=\"sh_carousel1\" style=\"min-height: 850px;\" class=\"carousel sh_carousel slide\" data-interval=\"false\">\r\n\t\t<div class=\"carousel-indicators\">\r\n\t\t<div data-slide-to=\"0\" data-target=\"#sh_carousel1\" class=\" waypointAnimation animationType-fadeInLeft active btn eventime_button graybtn graytxt \">monday<\/div>\r\n\t\t<\/div>\r\n\t\t<div class=\"carousel-inner\">\r\n\t\t<div class=\"item active\"><div class=\"schedule_date \" style=\"visibility:visible;\">11.<\/div><div class=\"schedule_month \" style=\"visibility:visible;\">September<\/div><div class=\"mini_gap\"><\/div><div id=\"accordion_1_1\"><div class=\"panel\" style=\"visibility: visible;\"><a href=\"#et_entry_7213_1_1_1\" data-parent=\"#accordion_1_1\" data-toggle=\"collapse\"><div class=\"accordion_left\"><div class=\"accordions_titles_small\"><p class=\"accordion_date\">10:00<\/p><\/div><\/div><div class=\"accordion_right\"><div class=\"accordions_titles_small\"><div class=\"accordion_description\"><p>IRENA VOSTRACK\u00c1 <\/p><p class=\"name\">director off the Concept and Development Department of the City of Pilsen\/ CZ<\/p><\/div><\/div><\/div><\/a><\/div><div id=\"et_entry_7213_1_1_1\" class=\"panel-collapse collapse accordion_full\"><div class=\"speakers-wrapper\"><img decoding=\"async\" class=\"attachment-thumbnail size-thumbnail\" src=\"https:\/\/www.landscape-festival.cz\/old\/wp-content\/uploads\/2017\/08\/vostrackabio-1-150x150.jpg\" data-toggle=\"tooltip\"  data-placement=\"top\" title=\"Irena Vostrack\u00e1\"><\/div><p><\/p><div class=\"clear\"><\/div><div class=\"et_schedule_relatedimage\"><img decoding=\"async\" class=\"attachment-thumbnail chaykovskiy_eventime_schedule_sp_avatar_default\" src=\"\"><\/div><\/div><div class=\"mini_gap\"><\/div><div class=\"panel\" style=\"visibility: visible;\"><a href=\"#et_entry_7213_1_1_2\" data-parent=\"#accordion_1_2\" data-toggle=\"collapse\"><div class=\"accordion_left\"><div class=\"accordions_titles_small\"><p class=\"accordion_date\">10:15<\/p><\/div><\/div><div class=\"accordion_right\"><div class=\"accordions_titles_small\"><div class=\"accordion_description\"><p>DAN MERTA <\/p><p class=\"name\">director of Jaroslava Fragner Gallery\/ CZ<\/p><\/div><\/div><\/div><\/a><\/div><div id=\"et_entry_7213_1_1_2\" class=\"panel-collapse collapse accordion_full\"><div class=\"speakers-wrapper\"><img decoding=\"async\" class=\"attachment-thumbnail size-thumbnail\" src=\"https:\/\/www.landscape-festival.cz\/old\/wp-content\/uploads\/2016\/02\/Dan01-\u2013-kopie-150x150.jpg\" data-toggle=\"tooltip\"  data-placement=\"top\" title=\"Dan Merta\"><\/div><p><strong>About ARTSCAPE<\/strong><\/p><div class=\"clear\"><\/div><div class=\"et_schedule_relatedimage\"><img decoding=\"async\" class=\"attachment-thumbnail chaykovskiy_eventime_schedule_sp_avatar_default\" src=\"\"><\/div><\/div><div class=\"mini_gap\"><\/div><div class=\"panel\" style=\"visibility: visible;\"><a href=\"#et_entry_7213_1_1_3\" data-parent=\"#accordion_1_3\" data-toggle=\"collapse\"><div class=\"accordion_left\"><div class=\"accordions_titles_small\"><p class=\"accordion_date\">10:30<\/p><\/div><\/div><div class=\"accordion_right\"><div class=\"accordions_titles_small\"><div class=\"accordion_description\"><p>ROMAN BRYCHTA <\/p><p class=\"name\">Projektil architects\/ CZ<\/p><\/div><\/div><\/div><\/a><\/div><div id=\"et_entry_7213_1_1_3\" class=\"panel-collapse collapse accordion_full\"><div class=\"speakers-wrapper\"><img decoding=\"async\" class=\"attachment-thumbnail size-thumbnail\" src=\"https:\/\/www.landscape-festival.cz\/old\/wp-content\/uploads\/2017\/08\/brychta-1-150x150.jpg\" data-toggle=\"tooltip\"  data-placement=\"top\" title=\"Projektil architects\"><\/div><p>\n<\/p><div class=\"clear\"><\/div><div class=\"et_schedule_relatedimage\"><img decoding=\"async\" class=\"attachment-thumbnail chaykovskiy_eventime_schedule_sp_avatar_default\" src=\"\"><\/div><\/div><div class=\"mini_gap\"><\/div><div class=\"panel\" style=\"visibility: visible;\"><a href=\"#et_entry_7213_1_1_4\" data-parent=\"#accordion_1_4\" data-toggle=\"collapse\"><div class=\"accordion_left\"><div class=\"accordions_titles_small\"><p class=\"accordion_date\">11:00<\/p><\/div><\/div><div class=\"accordion_right\"><div class=\"accordions_titles_small\"><div class=\"accordion_description\"><p>PETR KRATOCHV\u00cdL<\/p><p class=\"name\">historian of architecture, Institute for Art Theory and Art History CAoS CZ, pedagogue in Faculty of Art and Architecture in Technical University in Liberec\/ CZ<\/p><\/div><\/div><\/div><\/a><\/div><div id=\"et_entry_7213_1_1_4\" class=\"panel-collapse collapse accordion_full\"><div class=\"speakers-wrapper\"><img decoding=\"async\" class=\"attachment-thumbnail size-thumbnail\" src=\"https:\/\/www.landscape-festival.cz\/old\/wp-content\/uploads\/2017\/08\/\u010cB_Petr-Kratochv\u00edl2-150x150.jpg\" data-toggle=\"tooltip\"  data-placement=\"top\" title=\"Petr Kratochv\u00edl\"><\/div><p><\/p><div class=\"clear\"><\/div><div class=\"et_schedule_relatedimage\"><img decoding=\"async\" class=\"attachment-thumbnail chaykovskiy_eventime_schedule_sp_avatar_default\" src=\"\"><\/div><\/div><div class=\"mini_gap\"><\/div><div class=\"panel\" style=\"visibility: visible;\"><a href=\"#et_entry_7213_1_1_5\" data-parent=\"#accordion_1_5\" data-toggle=\"collapse\"><div class=\"accordion_left\"><div class=\"accordions_titles_small\"><p class=\"accordion_date\">11:30<\/p><\/div><\/div><div class=\"accordion_right\"><div class=\"accordions_titles_small\"><div class=\"accordion_description\"><p>HERMANN GEORG GUNNLAUGSSON<\/p><p class=\"name\">landscape architect\/ IS<\/p><\/div><\/div><\/div><\/a><\/div><div id=\"et_entry_7213_1_1_5\" class=\"panel-collapse collapse accordion_full\"><div class=\"speakers-wrapper\"><img decoding=\"async\" class=\"attachment-thumbnail size-thumbnail\" src=\"https:\/\/www.landscape-festival.cz\/old\/wp-content\/uploads\/2017\/09\/Hermann-Georg-Gunnlaugsson-150x150.jpg\" data-toggle=\"tooltip\"  data-placement=\"top\" title=\"HERMANN GEORG GUNNLAUGSSON\"><\/div><p><\/p><div class=\"clear\"><\/div><div class=\"et_schedule_relatedimage\"><img decoding=\"async\" class=\"attachment-thumbnail chaykovskiy_eventime_schedule_sp_avatar_default\" src=\"\"><\/div><\/div><div class=\"mini_gap\"><\/div><div class=\"panel\" style=\"visibility: visible;\"><a href=\"#et_entry_7213_1_1_6\" data-parent=\"#accordion_1_6\" data-toggle=\"collapse\"><div class=\"accordion_left\"><div class=\"accordions_titles_small\"><p class=\"accordion_date\">12:00<\/p><\/div><\/div><div class=\"accordion_right\"><div class=\"accordions_titles_small\"><div class=\"accordion_description\"><p>MARGR\u00c9T HARDARD\u00d3TTIR &amp; STEVE CHRISTER <\/p><p class=\"name\"> Studio Granda\/ IS<\/p><\/div><\/div><\/div><\/a><\/div><div id=\"et_entry_7213_1_1_6\" class=\"panel-collapse collapse accordion_full\"><div class=\"speakers-wrapper\"><img decoding=\"async\" class=\"attachment-thumbnail size-thumbnail\" src=\"https:\/\/www.landscape-festival.cz\/old\/wp-content\/uploads\/2017\/08\/grandav-2-150x150.jpg\" data-toggle=\"tooltip\"  data-placement=\"top\" title=\"STUDIO GRANDA\"><\/div><p><strong>SO BE IT<\/strong>\n<br \/><br \/>\nEvery human act, be it an asphalted lava field, tapped geothermal well or culverted stream, is an indelible registration of our collective state of being at any given time. It is the lens through which future generations will see and judge that moment. Although their understanding will be coloured by events, preoccupations, and desires it will inevitably effect whatever actions they take and consequently what, if anything, is left to posterity. <br \/>\nWe had better try and get it right.<\/p><div class=\"clear\"><\/div><div class=\"et_schedule_relatedimage\"><img decoding=\"async\" class=\"attachment-thumbnail chaykovskiy_eventime_schedule_sp_avatar_default\" src=\"\"><\/div><\/div><div class=\"mini_gap\"><\/div><div class=\"panel\" style=\"visibility: visible;\"><a href=\"#et_entry_7213_1_1_7\" data-parent=\"#accordion_1_7\" data-toggle=\"collapse\"><div class=\"accordion_left\"><div class=\"accordions_titles\"><p class=\"accordion_date\">14:45\u201314:15<\/p><\/div><\/div><div class=\"accordion_right\"><div class=\"accordions_titles\"><div class=\"accordion_description\"><p>Mediated motion in the lava field  \/\/\/  lunch break<\/p><p class=\"name\">document and lunch break<\/p><\/div><\/div><\/div><\/a><\/div><div id=\"et_entry_7213_1_1_7\" class=\"panel-collapse collapse accordion_full\"><div class=\"speakers-wrapper\"><\/div><p>The document was created with support by a grant from Iceland, Liechtenstein and Norway.<\/p><div class=\"clear\"><\/div><div class=\"et_schedule_relatedimage\"><img decoding=\"async\" class=\"attachment-thumbnail chaykovskiy_eventime_schedule_sp_avatar_default\" src=\"https:\/\/www.landscape-festival.cz\/old\/wp-content\/uploads\/2017\/07\/03-900x500.jpg\"><\/div><\/div><div class=\"mini_gap\"><\/div><div class=\"panel\" style=\"visibility: visible;\"><a href=\"#et_entry_7213_1_1_8\" data-parent=\"#accordion_1_8\" data-toggle=\"collapse\"><div class=\"accordion_left\"><div class=\"accordions_titles_small\"><p class=\"accordion_date\">14:15<\/p><\/div><\/div><div class=\"accordion_right\"><div class=\"accordions_titles_small\"><div class=\"accordion_description\"><p>V\u00c1CLAV LAXA<\/p><p class=\"name\">representative of the State fund for the environment<\/p><\/div><\/div><\/div><\/a><\/div><div id=\"et_entry_7213_1_1_8\" class=\"panel-collapse collapse accordion_full\"><div class=\"speakers-wrapper\"><\/div><p><\/p><div class=\"clear\"><\/div><div class=\"et_schedule_relatedimage\"><img decoding=\"async\" class=\"attachment-thumbnail chaykovskiy_eventime_schedule_sp_avatar_default\" src=\"\"><\/div><\/div><div class=\"mini_gap\"><\/div><div class=\"panel\" style=\"visibility: visible;\"><a href=\"#et_entry_7213_1_1_9\" data-parent=\"#accordion_1_9\" data-toggle=\"collapse\"><div class=\"accordion_left\"><div class=\"accordions_titles_small\"><p class=\"accordion_date\">14:30<\/p><\/div><\/div><div class=\"accordion_right\"><div class=\"accordions_titles_small\"><div class=\"accordion_description\"><p>EINAR JARMUND<\/p><p class=\"name\">Jarmund Vigsnaes Arkitekter\/ NO<\/p><\/div><\/div><\/div><\/a><\/div><div id=\"et_entry_7213_1_1_9\" class=\"panel-collapse collapse accordion_full\"><div class=\"speakers-wrapper\"><img decoding=\"async\" class=\"attachment-thumbnail size-thumbnail\" src=\"https:\/\/www.landscape-festival.cz\/old\/wp-content\/uploads\/2017\/08\/einar-jarmund-1-150x150.jpg\" data-toggle=\"tooltip\"  data-placement=\"top\" title=\"Jarmund Vigsnaes Arkitekter\"><\/div><p><\/p><div class=\"clear\"><\/div><div class=\"et_schedule_relatedimage\"><img decoding=\"async\" class=\"attachment-thumbnail chaykovskiy_eventime_schedule_sp_avatar_default\" src=\"\"><\/div><\/div><div class=\"mini_gap\"><\/div><div class=\"panel\" style=\"visibility: visible;\"><a href=\"#et_entry_7213_1_1_10\" data-parent=\"#accordion_1_10\" data-toggle=\"collapse\"><div class=\"accordion_left\"><div class=\"accordions_titles_small\"><p class=\"accordion_date\">15:15<\/p><\/div><\/div><div class=\"accordion_right\"><div class=\"accordions_titles_small\"><div class=\"accordion_description\"><p>KL\u00c1RA SALZMANN <\/p><p class=\"name\">LANDSCAPE ARCHITECT\/ CZ<\/p><\/div><\/div><\/div><\/a><\/div><div id=\"et_entry_7213_1_1_10\" class=\"panel-collapse collapse accordion_full\"><div class=\"speakers-wrapper\"><img decoding=\"async\" class=\"attachment-thumbnail size-thumbnail\" src=\"https:\/\/www.landscape-festival.cz\/old\/wp-content\/uploads\/2017\/08\/IMG_0844-1-150x150.jpg\" data-toggle=\"tooltip\"  data-placement=\"top\" title=\"Kl\u00e1ra Salzmann\"><\/div><p><\/p><div class=\"clear\"><\/div><div class=\"et_schedule_relatedimage\"><img decoding=\"async\" class=\"attachment-thumbnail chaykovskiy_eventime_schedule_sp_avatar_default\" src=\"\"><\/div><\/div><div class=\"mini_gap\"><\/div><div class=\"panel\" style=\"visibility: visible;\"><a href=\"#et_entry_7213_1_1_11\" data-parent=\"#accordion_1_11\" data-toggle=\"collapse\"><div class=\"accordion_left\"><div class=\"accordions_titles\"><p class=\"accordion_date\">15:45\u201316:00<\/p><\/div><\/div><div class=\"accordion_right\"><div class=\"accordions_titles\"><div class=\"accordion_description\"><p><\/p><p class=\"name\">break<\/p><\/div><\/div><\/div><\/a><\/div><div id=\"et_entry_7213_1_1_11\" class=\"panel-collapse collapse accordion_full\"><div class=\"speakers-wrapper\"><\/div><p><\/p><div class=\"clear\"><\/div><div class=\"et_schedule_relatedimage\"><img decoding=\"async\" class=\"attachment-thumbnail chaykovskiy_eventime_schedule_sp_avatar_default\" src=\"https:\/\/www.landscape-festival.cz\/old\/wp-content\/uploads\/2017\/07\/03-900x500.jpg\"><\/div><\/div><div class=\"mini_gap\"><\/div><div class=\"panel\" style=\"visibility: visible;\"><a href=\"#et_entry_7213_1_1_12\" data-parent=\"#accordion_1_12\" data-toggle=\"collapse\"><div class=\"accordion_left\"><div class=\"accordions_titles_small\"><p class=\"accordion_date\">16:00<\/p><\/div><\/div><div class=\"accordion_right\"><div class=\"accordions_titles_small\"><div class=\"accordion_description\"><p>DAGMAR \u0160UBRTOV\u00c1 &amp; RADOSLAVA SCHMELZOV\u00c1 <\/p><p class=\"name\">artist and art theorist\/ CZ<\/p><\/div><\/div><\/div><\/a><\/div><div id=\"et_entry_7213_1_1_12\" class=\"panel-collapse collapse accordion_full\"><div class=\"speakers-wrapper\"><img decoding=\"async\" class=\"attachment-thumbnail size-thumbnail\" src=\"https:\/\/www.landscape-festival.cz\/old\/wp-content\/uploads\/2017\/08\/radkaschmelzweb-150x150.jpg\" data-toggle=\"tooltip\"  data-placement=\"top\" title=\"Radoslava Schmelzov\u00e1\"><img decoding=\"async\" class=\"attachment-thumbnail size-thumbnail\" src=\"https:\/\/www.landscape-festival.cz\/old\/wp-content\/uploads\/2017\/08\/subrtova-150x150.jpg\" data-toggle=\"tooltip\"  data-placement=\"top\" title=\"Dagmar \u0160ubrtov\u00e1\"><\/div><p><\/p><div class=\"clear\"><\/div><div class=\"et_schedule_relatedimage\"><img decoding=\"async\" class=\"attachment-thumbnail chaykovskiy_eventime_schedule_sp_avatar_default\" src=\"\"><\/div><\/div><div class=\"mini_gap\"><\/div><div class=\"panel\" style=\"visibility: visible;\"><a href=\"#et_entry_7213_1_1_13\" data-parent=\"#accordion_1_13\" data-toggle=\"collapse\"><div class=\"accordion_left\"><div class=\"accordions_titles\"><p class=\"accordion_date\">16:30<\/p><\/div><\/div><div class=\"accordion_right\"><div class=\"accordions_titles\"><div class=\"accordion_description\"><p><\/p><p class=\"name\">debate<\/p><\/div><\/div><\/div><\/a><\/div><div id=\"et_entry_7213_1_1_13\" class=\"panel-collapse collapse accordion_full\"><div class=\"speakers-wrapper\"><\/div><p><\/p><div class=\"clear\"><\/div><div class=\"et_schedule_relatedimage\"><img decoding=\"async\" class=\"attachment-thumbnail chaykovskiy_eventime_schedule_sp_avatar_default\" src=\"https:\/\/www.landscape-festival.cz\/old\/wp-content\/uploads\/2017\/07\/03-900x500.jpg\"><\/div><\/div><div class=\"mini_gap\"><\/div><\/div><\/div>\r\n\t\t<a data-slide=\"prev\" href=\"#sh_carousel1\" class=\"left_arrow waypointAnimation animationType-fadeInLeft\">\r\n            <svg height=\"48\" width=\"26px\">\r\n                <polygon points=\"3.3,24.5 25.5,2.3 24,0.8 0.3,24.5 24,48.2 25.5,46.7\"\/>\r\n            <\/svg>\r\n        <\/a>\r\n        <a data-slide=\"next\" href=\"#sh_carousel1\" class=\"right_arrow waypointAnimation animationType-fadeInRight\">\r\n            <svg height=\"48\" width=\"26px\">\r\n                <polygon points=\"22.5,24.5 0.3,2.3 1.8,0.8 25.5,24.5 1.8,48.2 0.3,46.7\"\/>\r\n            <\/svg>\r\n        <\/a>\r\n\t\t<\/div>\r\n\t<\/div>\r\n\t<\/div>[vc_empty_space]<div class=\"et-row   \">[vc_column_text]Supported by grant from Iceland, Liechtenstein and Norway.[\/vc_column_text]<div class=\"clear\"><\/div><\/div>[\/vc_column][\/vc_row]<\/p>\n<\/div>","protected":false},"excerpt":{"rendered":"<p>[vc_row][vc_column][vc_empty_space height=&#8220;60&#8243;][vc_btn title=&#8220;MAP LFP 2017 DOWNLOAD HERE&#8220; style=&#8220;gradient&#8220; gradient_color_1=&#8220;juicy-pink&#8220; gradient_color_2=&#8220;green&#8220; shape=&#8220;square&#8220; size=&#8220;lg&#8220; align=&#8220;center&#8220; i_icon_fontawesome=&#8220;fa fa-info-circle&#8220; button_block=&#8220;true&#8220; add_icon=&#8220;true&#8220; link=&#8220;url:http%3A%2F%2Flandscape-festival.cz%2Fwp-content%2Fuploads%2F2017%2F07%2FMAPA-Landscape-Festival-Plzen-2017.pdf||target:%20_blank|&#8220;][vc_empty_space height=&#8220;80&#8243;][vc_empty_space height=&#8220;60&#8243;][vc_empty_space height=&#8220;60&#8243;][\/vc_column][\/vc_row][vc_row][vc_column][vc_empty_space height=&#8220;80&#8243;][\/vc_column][\/vc_row][vc_row][vc_column][vc_empty_space][\/vc_column][\/vc_row]<\/p>\n","protected":false},"author":3,"featured_media":0,"parent":7008,"menu_order":0,"comment_status":"closed","ping_status":"closed","template":"fullwidth.php","meta":{"footnotes":""},"class_list":["post-7151","page","type-page","status-publish","hentry",""],"_links":{"self":[{"href":"https:\/\/www.landscape-festival.cz\/old\/wp-json\/wp\/v2\/pages\/7151","targetHints":{"allow":["GET"]}}],"collection":[{"href":"https:\/\/www.landscape-festival.cz\/old\/wp-json\/wp\/v2\/pages"}],"about":[{"href":"https:\/\/www.landscape-festival.cz\/old\/wp-json\/wp\/v2\/types\/page"}],"author":[{"embeddable":true,"href":"https:\/\/www.landscape-festival.cz\/old\/wp-json\/wp\/v2\/users\/3"}],"replies":[{"embeddable":true,"href":"https:\/\/www.landscape-festival.cz\/old\/wp-json\/wp\/v2\/comments?post=7151"}],"version-history":[{"count":9,"href":"https:\/\/www.landscape-festival.cz\/old\/wp-json\/wp\/v2\/pages\/7151\/revisions"}],"predecessor-version":[{"id":7233,"href":"https:\/\/www.landscape-festival.cz\/old\/wp-json\/wp\/v2\/pages\/7151\/revisions\/7233"}],"up":[{"embeddable":true,"href":"https:\/\/www.landscape-festival.cz\/old\/wp-json\/wp\/v2\/pages\/7008"}],"wp:attachment":[{"href":"https:\/\/www.landscape-festival.cz\/old\/wp-json\/wp\/v2\/media?parent=7151"}],"curies":[{"name":"wp","href":"https:\/\/api.w.org\/{rel}","templated":true}]}}