{"id":7004,"date":"2017-08-10T17:12:49","date_gmt":"2017-08-10T16:12:49","guid":{"rendered":"http:\/\/landscape-festival.cz\/?page_id=7004"},"modified":"2017-10-03T13:47:17","modified_gmt":"2017-10-03T12:47:17","slug":"artscape","status":"publish","type":"page","link":"https:\/\/www.landscape-festival.cz\/old\/minule-rocniky\/landscape-festival-plzen-2017\/program\/konference\/artscape\/","title":{"rendered":"ARTSCAPE"},"content":{"rendered":"<div class=\"wpb-content-wrapper\"><p>[vc_row css_animation=&#8220;fadeIn&#8220;][vc_column css_animation=&#8220;fadeIn&#8220;][vc_empty_space height=&#8220;60&#8243;][vc_btn title=&#8220;MAPA LFP 2017 KE STA\u017dEN\u00cd ZDE&#8220; style=&#8220;gradient&#8220; gradient_color_1=&#8220;juicy-pink&#8220; gradient_color_2=&#8220;green&#8220; shape=&#8220;square&#8220; size=&#8220;lg&#8220; align=&#8220;center&#8220; i_icon_fontawesome=&#8220;fa fa-info-circle&#8220; button_block=&#8220;true&#8220; add_icon=&#8220;true&#8220; link=&#8220;url:http%3A%2F%2Flandscape-festival.cz%2Fwp-content%2Fuploads%2F2017%2F05%2FMAPA-Landscape-Festival-Plze%C5%88-2017.pdf||target:%20_blank|&#8220;][vc_empty_space height=&#8220;80&#8243;]<div class=\"\"><div class=\"title_center\"><p class=\"\">ARTSCAPE<\/p><\/div><div class=\"center_line\"><\/div><\/div><div class=\"\"><div class=\"title_center\"><p class=\"\">MEZIN\u00c1RODN\u00cd KONFERENCE <\/p><\/div><div class=\"center_line\"><\/div><\/div>[vc_empty_space height=&#8220;60&#8243;]<div class=\"et-row   \">[vc_column_text]Um\u011bleck\u00e9 a architektonick\u00e9 intervence do krajiny a ve\u0159ejn\u00e9ho prostoru na Islandu, Norsku a v \u010cesk\u00e9 republice.<\/p>\n<p>Ur\u010deno pro profesion\u00e1ly a studenty z oboru: architektura, urbanismus, krajin\u00e1\u0159sk\u00e1 architektura a pro \u0161irokou ve\u0159ejnost se z\u00e1jmem o st\u011b\u017eejn\u00ed t\u00e9mata Landscape festivalu.[\/vc_column_text]<div class=\"clear\"><\/div><\/div>[vc_empty_space height=&#8220;60&#8243;][\/vc_column][\/vc_row][vc_row][vc_column]<div class=\"speakers  \" >\r\n  \t\t\t<div class=\"\">\r\n                \r\n                \r\n\t\t\t\t<div class=\"photo_carousel\"><div class=\"photo_carousel_container\"><figure class=\"eventime_img  et_speaker_column_4\" data-toggle=\"modal\" data-target=\"#et-speaker-modal_1_1\"><div class=\"eventime_speaker_image\" style=\"background-image: url(https:\/\/www.landscape-festival.cz\/old\/wp-content\/uploads\/2017\/08\/kratochv\u00edl-720x545.jpg);\">\r\n\t                        <figcaption>\r\n\t\t\t\t\t\t      <div class=\"namecentered\">\r\n\t\t\t\t\t\t        <h2>\r\n\t\t\t\t\t\t        Petr Kratochv\u00edl\r\n\t\t\t\t\t\t        <\/h2>\r\n\t\t\t\t\t\t        <p>\r\n\t\t\t\t\t\t        profesor, historik a teoretik architektury\r\n\t\t\t\t\t\t        <\/p>\r\n\t\t\t\t\t\t      <\/div>\r\n\t                        <\/figcaption><\/figure><div id=\"et-speaker-modal_1_1\" class=\"modal fade eventime_modal\" style=\"display: none;\">\r\n\t                <div class=\"modal-dialog\">\r\n\t                    <div class=\"modal-content\">\r\n\t                        <div class=\"modal-header\">\r\n\t                            <button aria-hidden=\"true\" data-dismiss=\"modal\" class=\"close\" type=\"button\">\u00d7 <\/button>\r\n\t                            <h4 class=\"modal-title\">Petr Kratochv\u00edl<\/h4><small>profesor, historik a teoretik architektury<\/small>\r\n\t                        <\/div>\r\n\t                        <div class=\"modal-body\">\r\n\t                        <img decoding=\"async\" src=\"https:\/\/www.landscape-festival.cz\/old\/wp-content\/uploads\/2017\/08\/kratochv\u00edl-720x545.jpg\">\r\n\t                        <p>Vystudoval Filozofickou fakultu Univerzity Karlovy v Praze (1974). Titul CSc. obh\u00e1jil v r. 1990 dizerta\u010dn\u00ed prac\u00ed s n\u00e1zvem M\u011bsto jako kulturn\u00ed fenom\u00e9n \u2013 d\u011bjiny a sou\u010dasnost. Titul profesora v oboru d\u011bjiny architektury mu byl ud\u011blen na Fakult\u011b architektury \u010cVUT v Praze v roce 2015. Je zam\u011bstn\u00e1n jako v\u011bdeck\u00fd pracovn\u00edk v \u00dastavu d\u011bjin um\u011bn\u00ed AV \u010cR a z\u00e1rove\u0148 p\u016fsob\u00ed jako pedagog na Fakult\u011b um\u011bn\u00ed a architektury TU Liberec, kde vyu\u010duje d\u011bjiny modern\u00ed architektury. Jeho v\u00fdzkumn\u00e9 aktivity vy\u00fastily v \u0159adu kni\u017en\u00edch publikac\u00ed a stat\u00ed v odborn\u00fdch architektonick\u00fdch a um\u011bleckohistorick\u00fdch \u010dasopisech. K jeho posledn\u00edm knih\u00e1m pat\u0159\u00ed: D\u011bjiny Zem\u00ed koruny \u010desk\u00e9 \u2013 Architektura (Praha 2008) \u2013 editor a spoluautor, Sou\u010dasn\u00e1 \u010desk\u00e1 architektura a jej\u00ed t\u00e9mata (Praha 2011), <strong><a href=\"https:\/\/www.kosmas.cz\/knihy\/212992\/mestsky-verejny-prostor\/\">M\u011bstsk\u00fd ve\u0159ejn\u00fd prostor<\/a><\/strong> (Praha 2015). Je t\u00e9\u017e \u010dinn\u00fd jako p\u0159ekladatel knih o architektu\u0159e. Byl \u010dlenem Akademick\u00e9 rady AV \u010cR (1993\u22122001) a m\u00edstop\u0159edsedou jej\u00ed V\u011bdeck\u00e9 rady (2001\u22122009).<\/p>\n\r\n\t                    <\/div>\r\n\t                <\/div>\r\n                <\/div>\r\n            <\/div><figure class=\"eventime_img  et_speaker_column_4\" data-toggle=\"modal\" data-target=\"#et-speaker-modal_1_2\"><div class=\"eventime_speaker_image\" style=\"background-image: url(https:\/\/www.landscape-festival.cz\/old\/wp-content\/uploads\/2017\/08\/IMG_0844-720x545.jpg);\">\r\n\t                        <figcaption>\r\n\t\t\t\t\t\t      <div class=\"namecentered\">\r\n\t\t\t\t\t\t        <h2>\r\n\t\t\t\t\t\t        Kl\u00e1ra Salzmann\r\n\t\t\t\t\t\t        <\/h2>\r\n\t\t\t\t\t\t        <p>\r\n\t\t\t\t\t\t        krajin\u00e1\u0159sk\u00e1 architektka\r\n\t\t\t\t\t\t        <\/p>\r\n\t\t\t\t\t\t      <\/div>\r\n\t                        <\/figcaption><\/figure><div id=\"et-speaker-modal_1_2\" class=\"modal fade eventime_modal\" style=\"display: none;\">\r\n\t                <div class=\"modal-dialog\">\r\n\t                    <div class=\"modal-content\">\r\n\t                        <div class=\"modal-header\">\r\n\t                            <button aria-hidden=\"true\" data-dismiss=\"modal\" class=\"close\" type=\"button\">\u00d7 <\/button>\r\n\t                            <h4 class=\"modal-title\">Kl\u00e1ra Salzmann<\/h4><small>krajin\u00e1\u0159sk\u00e1 architektka<\/small>\r\n\t                        <\/div>\r\n\t                        <div class=\"modal-body\">\r\n\t                        <img decoding=\"async\" src=\"https:\/\/www.landscape-festival.cz\/old\/wp-content\/uploads\/2017\/08\/IMG_0844-720x545.jpg\">\r\n\t                        <p>Kl\u00e1ra Salzmann vystudovala krajin\u00e1\u0159skou architekturu na Corvinus University v\u00a0Budape\u0161ti, absolvovala v\u00a0roce 1982, PhD titul z\u00edskala v\u00a0roce 2008 na SPU v\u00a0Nit\u0159e. Cel\u00fd \u017eivot \u017eije a pracuje v\u00a0krajin\u011b a s\u00a0krajinou, kter\u00e1 je jej\u00edm \u017eivotn\u00edm posl\u00e1n\u00edm, profes\u00ed, v\u00e1\u0161n\u00ed i kon\u00ed\u010dkem. Jako projektant za\u010dala pracovat v\u00a0URBIONU Bansk\u00e1 Bystrica a na \u00datvaru hlavn\u00edho architekta v\u00a0Bansk\u00e9 Bystrici. N\u011bkolik let se v\u011bnovala v\u00fdstavb\u011b a provozu golfov\u00fdch h\u0159i\u0161\u0165 v\u00a0\u010cech\u00e1ch i na Slovensku. Pozd\u011bji p\u016fsobila jako vedouc\u00ed katedry krajin\u00e1\u0159sk\u00e9 architektury na \u010cesk\u00e9 zem\u011bd\u011blsk\u00e9 univerzit\u011b v\u00a0Praze. V\u00a0sou\u010dasnosti p\u016fsob\u00ed na FA \u010cVUT v\u00a0Praze. Pracuje jako autorizovan\u00fd krajin\u00e1\u0159sk\u00fd architekt, je \u010dlenem pracovn\u00ed skupinu pro krajin\u00e1\u0159skou architekturu \u010cKA. \u00a0Je \u00a0\u010dlenem \u00a0pracovn\u00ed skupiny profesn\u00ed praxe v\u00a0IFLA Europe (Mezin\u00e1rodn\u00ed federace krajin\u00e1\u0159sk\u00e9 architektury).\u00a0\u017dije a pracuje v\u00a0brdsk\u00fdch les\u00edch pod horou T\u0159em\u0161\u00edn, zab\u00fdv\u00e1 se pl\u00e1nov\u00e1n\u00edm krajiny za \u00fa\u010dasti ve\u0159ejnosti. Kl\u00e1ra Salzmann vypracovala modelov\u00fd krajinn\u00fd pl\u00e1n pro m\u011bsto Sp\u00e1len\u00e9 Po\u0159\u00ed\u010d\u00ed, kter\u00e9ho podstatou je spolupr\u00e1ce s\u00a0m\u00edstn\u00ed ve\u0159ejnost\u00ed a srozumitelnost projektu. V\u00a0sou\u010dasnosti se v\u011bnuje tak\u00e9 propagaci zelen\u00e9 infrastruktury v\u00a0\u010cesk\u00e9 republice, je vedouc\u00edm pracovn\u00ed skupiny pro krajinu, vodu a biodiverzitu Rady vl\u00e1dy pro udr\u017eiteln\u00fd rozvoj. Je autorem projektu Obnova krajiny \u010desko-n\u011bmeck\u00e9ho pohrani\u010d\u00ed v\u00a0r\u00e1mci Evropsk\u00e9ho hlavn\u00edho m\u011bsta kultury Plze\u0148 2015, kter\u00fd otev\u00edr\u00e1 t\u00e9ma sudetsk\u00e9 krajiny na p\u0159\u00edklad\u011b modelov\u00e9 zanikl\u00e9 vesnice V\u00fd\u0161kovice u Chodov\u00e9 Plan\u00e9.<\/p>\n\r\n\t                    <\/div>\r\n\t                <\/div>\r\n                <\/div>\r\n            <\/div><figure class=\"eventime_img  et_speaker_column_4\" data-toggle=\"modal\" data-target=\"#et-speaker-modal_1_3\"><div class=\"eventime_speaker_image\" style=\"background-image: url(https:\/\/www.landscape-festival.cz\/old\/wp-content\/uploads\/2017\/08\/vostrackabio.jpg);\">\r\n\t                        <figcaption>\r\n\t\t\t\t\t\t      <div class=\"namecentered\">\r\n\t\t\t\t\t\t        <h2>\r\n\t\t\t\t\t\t        Irena Vostrack\u00e1\r\n\t\t\t\t\t\t        <\/h2>\r\n\t\t\t\t\t\t        <p>\r\n\t\t\t\t\t\t        \u0159editelka \u00datvaru koncepce a rozvoje m\u011bsta Plzn\u011b\r\n\t\t\t\t\t\t        <\/p>\r\n\t\t\t\t\t\t      <\/div>\r\n\t                        <\/figcaption><\/figure><div id=\"et-speaker-modal_1_3\" class=\"modal fade eventime_modal\" style=\"display: none;\">\r\n\t                <div class=\"modal-dialog\">\r\n\t                    <div class=\"modal-content\">\r\n\t                        <div class=\"modal-header\">\r\n\t                            <button aria-hidden=\"true\" data-dismiss=\"modal\" class=\"close\" type=\"button\">\u00d7 <\/button>\r\n\t                            <h4 class=\"modal-title\">Irena Vostrack\u00e1<\/h4><small>\u0159editelka \u00datvaru koncepce a rozvoje m\u011bsta Plzn\u011b<\/small>\r\n\t                        <\/div>\r\n\t                        <div class=\"modal-body\">\r\n\t                        <img decoding=\"async\" src=\"https:\/\/www.landscape-festival.cz\/old\/wp-content\/uploads\/2017\/08\/vostrackabio.jpg\">\r\n\t                        <p><strong><a href=\"https:\/\/ukr.plzen.eu\/o-nas\/kontakty\/kontakty.aspx\">www.ukr.plzen.eu<\/a><\/strong><\/p>\n\r\n\t                    <\/div>\r\n\t                <\/div>\r\n                <\/div>\r\n            <\/div><figure class=\"eventime_img  et_speaker_column_4\" data-toggle=\"modal\" data-target=\"#et-speaker-modal_1_4\"><div class=\"eventime_speaker_image\" style=\"background-image: url(https:\/\/www.landscape-festival.cz\/old\/wp-content\/uploads\/2017\/08\/einar-jarmund-1-720x545.jpg);\">\r\n\t                        <figcaption>\r\n\t\t\t\t\t\t      <div class=\"namecentered\">\r\n\t\t\t\t\t\t        <h2>\r\n\t\t\t\t\t\t        Jarmund Vigsnaes Arkitekter\r\n\t\t\t\t\t\t        <\/h2>\r\n\t\t\t\t\t\t        <p>\r\n\t\t\t\t\t\t        architektonick\u00e9 studio \/ NORSKO\r\n\t\t\t\t\t\t        <\/p>\r\n\t\t\t\t\t\t      <\/div>\r\n\t                        <\/figcaption><\/figure><div id=\"et-speaker-modal_1_4\" class=\"modal fade eventime_modal\" style=\"display: none;\">\r\n\t                <div class=\"modal-dialog\">\r\n\t                    <div class=\"modal-content\">\r\n\t                        <div class=\"modal-header\">\r\n\t                            <button aria-hidden=\"true\" data-dismiss=\"modal\" class=\"close\" type=\"button\">\u00d7 <\/button>\r\n\t                            <h4 class=\"modal-title\">Jarmund Vigsnaes Arkitekter<\/h4><small>architektonick\u00e9 studio \/ NORSKO<\/small>\r\n\t                        <\/div>\r\n\t                        <div class=\"modal-body\">\r\n\t                        <img decoding=\"async\" src=\"https:\/\/www.landscape-festival.cz\/old\/wp-content\/uploads\/2017\/08\/einar-jarmund-1-720x545.jpg\">\r\n\t                        <p>p\u0159edn\u00e1\u0161ejic\u00ed:\u00a0<strong>EINAR JARMUND<\/strong><\/p>\n<p>Jarmund\/Vigsn\u00e6s je architektonick\u00e1 kancel\u00e1\u0159 se s\u00eddlem v\u00a0Oslo, kterou vedou\u00a0Einar Jarmund,\u00a0H\u00e5kon Vigsn\u00e6s\u00a0and Alessandra Kosberg. Jarmund a Vigsn\u00e6s se narodili roku 1962 v\u00a0Olso a vystudovali na \u0161kole architektury v\u00a0Oslo (1987 a 1989). Vigsn\u00e6s str\u00e1vil rok studiem na Architectural Association v\u00a0Lond\u00fdn\u011b a pot\u00e9 prac\u00ed u\u00a0Sverre Fehna. Jarmund z\u00edskal magistersk\u00fd titul na University of Washington v\u00a0Seattle. Oba architekti p\u016fsobili na \u0161kol\u00e1ch v\u00a0Oslo a Bergen. Po ukon\u010den\u00ed v\u00fduky a provozov\u00e1n\u00ed vlastn\u00ed praxe zalo\u017eili v\u00a0roce 1995 v\u00a0Oslo spole\u010dnou kancel\u00e1\u0159.\u00a0Alessandra Kosberg\u00a0se narodila roku 1967 v\u00a0Oslo a vystudovala na \u0161kole architektury v\u00a0Oslo (1995). V\u00a0roce 1997 se p\u0159ipojila ke kancel\u00e1\u0159i JVA a 2004 se stala jedn\u00edm ze t\u0159\u00ed spole\u010dn\u00edk\u016f.<\/p>\n<p><strong><a href=\"http:\/\/www.jva.no\/\">www.jva.no<\/a><\/strong><\/p>\n<p>&nbsp;<\/p>\n<p><a href=\"http:\/\/landscape-festival.cz\/wp-content\/uploads\/2018\/06\/Stoleta_\u00a9-Ondrej-Pokoj-4-1.jpg\"><img loading=\"lazy\" decoding=\"async\" class=\"alignnone size-medium wp-image-8794\" src=\"http:\/\/landscape-festival.cz\/wp-content\/uploads\/2018\/06\/Stoleta_\u00a9-Ondrej-Pokoj-4-1-300x200.jpg\" alt=\"\" width=\"300\" height=\"200\" srcset=\"https:\/\/www.landscape-festival.cz\/old\/wp-content\/uploads\/2018\/06\/Stoleta_\u00a9-Ondrej-Pokoj-4-1-300x200.jpg 300w, https:\/\/www.landscape-festival.cz\/old\/wp-content\/uploads\/2018\/06\/Stoleta_\u00a9-Ondrej-Pokoj-4-1-768x512.jpg 768w, https:\/\/www.landscape-festival.cz\/old\/wp-content\/uploads\/2018\/06\/Stoleta_\u00a9-Ondrej-Pokoj-4-1-1024x683.jpg 1024w, https:\/\/www.landscape-festival.cz\/old\/wp-content\/uploads\/2018\/06\/Stoleta_\u00a9-Ondrej-Pokoj-4-1-1155x768.jpg 1155w, https:\/\/www.landscape-festival.cz\/old\/wp-content\/uploads\/2018\/06\/Stoleta_\u00a9-Ondrej-Pokoj-4-1-150x100.jpg 150w\" sizes=\"auto, (max-width: 300px) 100vw, 300px\" \/><\/a> <a href=\"http:\/\/landscape-festival.cz\/wp-content\/uploads\/2018\/06\/Bil\u00fd-sloup-realizace-\u00a9-Petr-Lada-6.jpg\"><img loading=\"lazy\" decoding=\"async\" class=\"alignnone size-medium wp-image-8809\" src=\"http:\/\/landscape-festival.cz\/wp-content\/uploads\/2018\/06\/Bil\u00fd-sloup-realizace-\u00a9-Petr-Lada-6-300x225.jpg\" alt=\"\" width=\"300\" height=\"225\" \/><\/a> <a href=\"http:\/\/landscape-festival.cz\/wp-content\/uploads\/2018\/06\/Bil\u00fd-sloup-realizace-\u00a9-Petr-Lada-10.jpg\"><img loading=\"lazy\" decoding=\"async\" class=\"alignnone size-medium wp-image-8810\" src=\"http:\/\/landscape-festival.cz\/wp-content\/uploads\/2018\/06\/Bil\u00fd-sloup-realizace-\u00a9-Petr-Lada-10-300x225.jpg\" alt=\"\" width=\"300\" height=\"225\" \/><\/a><\/p>\n\r\n\t                    <\/div>\r\n\t                <\/div>\r\n                <\/div>\r\n            <\/div><figure class=\"eventime_img  et_speaker_column_4\" data-toggle=\"modal\" data-target=\"#et-speaker-modal_1_5\"><div class=\"eventime_speaker_image\" style=\"background-image: url(https:\/\/www.landscape-festival.cz\/old\/wp-content\/uploads\/2017\/08\/grandav-2-720x545.jpg);\">\r\n\t                        <figcaption>\r\n\t\t\t\t\t\t      <div class=\"namecentered\">\r\n\t\t\t\t\t\t        <h2>\r\n\t\t\t\t\t\t        Studio Granda\r\n\t\t\t\t\t\t        <\/h2>\r\n\t\t\t\t\t\t        <p>\r\n\t\t\t\t\t\t        architektonick\u00e9 studio \/ ISLAND\r\n\t\t\t\t\t\t        <\/p>\r\n\t\t\t\t\t\t      <\/div>\r\n\t                        <\/figcaption><\/figure><div id=\"et-speaker-modal_1_5\" class=\"modal fade eventime_modal\" style=\"display: none;\">\r\n\t                <div class=\"modal-dialog\">\r\n\t                    <div class=\"modal-content\">\r\n\t                        <div class=\"modal-header\">\r\n\t                            <button aria-hidden=\"true\" data-dismiss=\"modal\" class=\"close\" type=\"button\">\u00d7 <\/button>\r\n\t                            <h4 class=\"modal-title\">Studio Granda<\/h4><small>architektonick\u00e9 studio \/ ISLAND<\/small>\r\n\t                        <\/div>\r\n\t                        <div class=\"modal-body\">\r\n\t                        <img decoding=\"async\" src=\"https:\/\/www.landscape-festival.cz\/old\/wp-content\/uploads\/2017\/08\/grandav-2-720x545.jpg\">\r\n\t                        <p>p\u0159edn\u00e1\u0161ejic\u00ed: <strong>MARGR\u00c9T HARDARD\u00d3TTIR &amp; STEVE CHRISTER<\/strong><\/p>\n<p>Studio Granada je architektonick\u00fd ateli\u00e9r se s\u00eddlem v\u00a0Reykjav\u00edku. Kancel\u00e1\u0159 zalo\u017eil v\u00a0roce 1987 man\u017eelsk\u00fd p\u00e1r Margre\u0301t Hardardo\u0301ttir a Steve Christer, kte\u0159\u00ed oba vystudovali Architectural Association v\u00a0Lond\u00fdn\u011b. Pro tvorbu Studio Granda je charakteristick\u00fd respekt k\u00a0tradi\u010dn\u00edm islandsk\u00fdm materi\u00e1l\u016fm jako jsou k\u00e1men, plech a d\u0159evo. Jejich citliv\u00fd p\u0159\u00edstup k\u00a0m\u00edstn\u00edmu kontextu lze spojovat se \u0161kolou kritick\u00e9ho regionalismu. Na d\u00edlo lze tak\u00e9 pohl\u00ed\u017eet ze strany skandin\u00e1vsk\u00e9 modernistick\u00e9 tradice, p\u0159edstavovan\u00e9 nap\u0159\u00edklad takov\u00fdmi architekty jako\u00a0Alvar Aalto,\u00a0Erik Gunnar Asplund,\u00a0Sverre Fehna\u00a0J\u00f8rn Utzon.<\/p>\n<p><strong><a href=\"https:\/\/www.studiogranda.is\/\">www.studiogranda.is<\/a><\/strong><\/p>\n\r\n\t                    <\/div>\r\n\t                <\/div>\r\n                <\/div>\r\n            <\/div><figure class=\"eventime_img  et_speaker_column_4\" data-toggle=\"modal\" data-target=\"#et-speaker-modal_1_6\"><div class=\"eventime_speaker_image\" style=\"background-image: url(https:\/\/www.landscape-festival.cz\/old\/wp-content\/uploads\/2017\/09\/Hermann-Georg-Gunnlaugsson-720x545.jpg);\">\r\n\t                        <figcaption>\r\n\t\t\t\t\t\t      <div class=\"namecentered\">\r\n\t\t\t\t\t\t        <h2>\r\n\t\t\t\t\t\t        HERMANN GEORG GUNNLAUGSSON\r\n\t\t\t\t\t\t        <\/h2>\r\n\t\t\t\t\t\t        <p>\r\n\t\t\t\t\t\t        krajin\u00e1\u0159sk\u00fd architekt\/ IS\r\n\t\t\t\t\t\t        <\/p>\r\n\t\t\t\t\t\t      <\/div>\r\n\t                        <\/figcaption><\/figure><div id=\"et-speaker-modal_1_6\" class=\"modal fade eventime_modal\" style=\"display: none;\">\r\n\t                <div class=\"modal-dialog\">\r\n\t                    <div class=\"modal-content\">\r\n\t                        <div class=\"modal-header\">\r\n\t                            <button aria-hidden=\"true\" data-dismiss=\"modal\" class=\"close\" type=\"button\">\u00d7 <\/button>\r\n\t                            <h4 class=\"modal-title\">HERMANN GEORG GUNNLAUGSSON<\/h4><small>krajin\u00e1\u0159sk\u00fd architekt\/ IS<\/small>\r\n\t                        <\/div>\r\n\t                        <div class=\"modal-body\">\r\n\t                        <img decoding=\"async\" src=\"https:\/\/www.landscape-festival.cz\/old\/wp-content\/uploads\/2017\/09\/Hermann-Georg-Gunnlaugsson-720x545.jpg\">\r\n\t                        \r\n\t                    <\/div>\r\n\t                <\/div>\r\n                <\/div>\r\n            <\/div><figure class=\"eventime_img  et_speaker_column_4\" data-toggle=\"modal\" data-target=\"#et-speaker-modal_1_7\"><div class=\"eventime_speaker_image\" style=\"background-image: url(https:\/\/www.landscape-festival.cz\/old\/wp-content\/uploads\/2017\/08\/subrtova-720x545.jpg);\">\r\n\t                        <figcaption>\r\n\t\t\t\t\t\t      <div class=\"namecentered\">\r\n\t\t\t\t\t\t        <h2>\r\n\t\t\t\t\t\t        Dagmar \u0160ubrtov\u00e1\r\n\t\t\t\t\t\t        <\/h2>\r\n\t\t\t\t\t\t        <p>\r\n\t\t\t\t\t\t        v\u00fdtvarn\u00e1 um\u011blkyn\u011b\r\n\t\t\t\t\t\t        <\/p>\r\n\t\t\t\t\t\t      <\/div>\r\n\t                        <\/figcaption><\/figure><div id=\"et-speaker-modal_1_7\" class=\"modal fade eventime_modal\" style=\"display: none;\">\r\n\t                <div class=\"modal-dialog\">\r\n\t                    <div class=\"modal-content\">\r\n\t                        <div class=\"modal-header\">\r\n\t                            <button aria-hidden=\"true\" data-dismiss=\"modal\" class=\"close\" type=\"button\">\u00d7 <\/button>\r\n\t                            <h4 class=\"modal-title\">Dagmar \u0160ubrtov\u00e1<\/h4><small>v\u00fdtvarn\u00e1 um\u011blkyn\u011b<\/small>\r\n\t                        <\/div>\r\n\t                        <div class=\"modal-body\">\r\n\t                        <img decoding=\"async\" src=\"https:\/\/www.landscape-festival.cz\/old\/wp-content\/uploads\/2017\/08\/subrtova-720x545.jpg\">\r\n\t                        <p><strong><a href=\"http:\/\/www.dagmarsubrtova.cz\/\">www.dagmarsubrtova.cz<\/a><\/strong><\/p>\n\r\n\t                    <\/div>\r\n\t                <\/div>\r\n                <\/div>\r\n            <\/div><figure class=\"eventime_img  et_speaker_column_4\" data-toggle=\"modal\" data-target=\"#et-speaker-modal_1_8\"><div class=\"eventime_speaker_image\" style=\"background-image: url(https:\/\/www.landscape-festival.cz\/old\/wp-content\/uploads\/2017\/08\/radkaschmelzweb-720x545.jpg);\">\r\n\t                        <figcaption>\r\n\t\t\t\t\t\t      <div class=\"namecentered\">\r\n\t\t\t\t\t\t        <h2>\r\n\t\t\t\t\t\t        Radoslava Schmelzov\u00e1\r\n\t\t\t\t\t\t        <\/h2>\r\n\t\t\t\t\t\t        <p>\r\n\t\t\t\t\t\t        teoreti\u010dka um\u011bn\u00ed\r\n\t\t\t\t\t\t        <\/p>\r\n\t\t\t\t\t\t      <\/div>\r\n\t                        <\/figcaption><\/figure><div id=\"et-speaker-modal_1_8\" class=\"modal fade eventime_modal\" style=\"display: none;\">\r\n\t                <div class=\"modal-dialog\">\r\n\t                    <div class=\"modal-content\">\r\n\t                        <div class=\"modal-header\">\r\n\t                            <button aria-hidden=\"true\" data-dismiss=\"modal\" class=\"close\" type=\"button\">\u00d7 <\/button>\r\n\t                            <h4 class=\"modal-title\">Radoslava Schmelzov\u00e1<\/h4><small>teoreti\u010dka um\u011bn\u00ed<\/small>\r\n\t                        <\/div>\r\n\t                        <div class=\"modal-body\">\r\n\t                        <img decoding=\"async\" src=\"https:\/\/www.landscape-festival.cz\/old\/wp-content\/uploads\/2017\/08\/radkaschmelzweb-720x545.jpg\">\r\n\t                        <p>Mgr. Radoslava Schmelzov\u00e1 vystudovala\u00a0d\u011bjiny um\u011bn\u00ed a p\u00e9\u010di o kulturn\u00ed d\u011bdictv\u00ed na Ostravsk\u00e9 univerzit\u011b v\u00a0Ostrav\u011b a teorii a historii designu a nov\u00fdch m\u00e9di\u00ed na Vysok\u00e9 \u0161kole um\u011bleckopr\u016fmyslov\u00e9 v\u00a0Praze, pracovala jako asistentka kur\u00e1tora v\u00a0N\u00e1rodn\u00ed galerii v\u00a0Praze, v N\u00e1rodn\u00edm pam\u00e1tkov\u00e9m \u00fastavu, ve \u010dtrn\u00e1ctiden\u00edku pro sou\u010dasn\u00e9 um\u011bn\u00ed Ateli\u00e9r. V sou\u010dasnosti p\u0159edn\u00e1\u0161\u00ed teorii v\u00fdtvarn\u00e9ho um\u011bn\u00ed na KALD DAMU v programu Divadlo v netradi\u010dn\u00edch prostorech. Zab\u00fdv\u00e1 se sou\u010dasn\u00fdm um\u011bn\u00ed s\u00a0p\u0159esahem ke krajin\u011b a kulturn\u00edmu d\u011bdictv\u00ed.<\/p>\n\r\n\t                    <\/div>\r\n\t                <\/div>\r\n                <\/div>\r\n            <\/div><figure class=\"eventime_img  et_speaker_column_4\" data-toggle=\"modal\" data-target=\"#et-speaker-modal_1_9\"><div class=\"eventime_speaker_image\" style=\"background-image: url(https:\/\/www.landscape-festival.cz\/old\/wp-content\/uploads\/2017\/08\/brychta-640x545.jpg);\">\r\n\t                        <figcaption>\r\n\t\t\t\t\t\t      <div class=\"namecentered\">\r\n\t\t\t\t\t\t        <h2>\r\n\t\t\t\t\t\t        Projektil architekti\r\n\t\t\t\t\t\t        <\/h2>\r\n\t\t\t\t\t\t        <p>\r\n\t\t\t\t\t\t        architektonick\u00e9 studio\r\n\t\t\t\t\t\t        <\/p>\r\n\t\t\t\t\t\t      <\/div>\r\n\t                        <\/figcaption><\/figure><div id=\"et-speaker-modal_1_9\" class=\"modal fade eventime_modal\" style=\"display: none;\">\r\n\t                <div class=\"modal-dialog\">\r\n\t                    <div class=\"modal-content\">\r\n\t                        <div class=\"modal-header\">\r\n\t                            <button aria-hidden=\"true\" data-dismiss=\"modal\" class=\"close\" type=\"button\">\u00d7 <\/button>\r\n\t                            <h4 class=\"modal-title\">Projektil architekti<\/h4><small>architektonick\u00e9 studio<\/small>\r\n\t                        <\/div>\r\n\t                        <div class=\"modal-body\">\r\n\t                        <img decoding=\"async\" src=\"https:\/\/www.landscape-festival.cz\/old\/wp-content\/uploads\/2017\/08\/brychta-640x545.jpg\">\r\n\t                        <p>p\u0159edn\u00e1\u0161ejic\u00ed: <strong>ROMAN BRYCHTA<\/strong><\/p>\n<p>Roman Brychta v roce 1995 diplomoval na \u0161kole architektury prof. Emila P\u0159ikryla na pra\u017esk\u00e9 Akademii v\u00fdtvarn\u00fdch um\u011bn\u00ed, po \u0161kole pracuje a hled\u00e1 se na voln\u00e9 noze, v letech 1998\u20132002 spolupracuje s V\u00e1clavem Kr\u00e1l\u00ed\u010dkem, zakl\u00e1d\u00e1 sdru\u017een\u00ed architekt\u016f AK Architekti (spolu s P. Joba, V. Kr\u00e1l\u00ed\u010dek, P. Le\u0161ek), od 2002 zakl\u00e1daj\u00edc\u00ed \u010dlen a partner Projektil architekti (R. Brychta, A. Hal\u00ed\u0159, O. Hofmeister, P. Le\u0161ek) \u201e<em>Projektil tvo\u0159\u00ed \u00faspornou, vst\u0159\u00edcnou a sv\u011b\u017e\u00ed architekturu znalou tradice, inovativn\u00ed typologie a technologie. Raz\u00ed spojen\u00ed sou\u010dasn\u00e9ho um\u011bn\u00ed, designu, architektury a krajiny. Ke spolupr\u00e1ci zve zku\u0161en\u00e9 i mlad\u00e9 perspektivn\u00ed tv\u016frce<\/em>\".<\/p>\n<p>Ateli\u00e9r Projektil je dr\u017eitelem v\u00fdznamn\u00fdch architektonick\u00fdch cen za realizace \u010di sout\u011b\u017en\u00ed n\u00e1vrhy. Projektil se \u00fa\u010dastn\u00ed v\u00fdstav \u010di konferenc\u00ed na dom\u00e1c\u00ed i zahrani\u010dn\u00ed architektonick\u00e9 sc\u00e9n\u011b.<\/p>\n<p><a href=\"http:\/\/www.projektil.cz\/cs\/actuality\"><strong>www.projektil.cz<\/strong><\/a><\/p>\n\r\n\t                    <\/div>\r\n\t                <\/div>\r\n                <\/div>\r\n            <\/div><figure class=\"eventime_img  et_speaker_column_4\" data-toggle=\"modal\" data-target=\"#et-speaker-modal_1_10\"><div class=\"eventime_speaker_image\" style=\"background-image: url(https:\/\/www.landscape-festival.cz\/old\/wp-content\/uploads\/2016\/02\/Dan01-\u2013-kopie-400x545.jpg);\">\r\n\t                        <figcaption>\r\n\t\t\t\t\t\t      <div class=\"namecentered\">\r\n\t\t\t\t\t\t        <h2>\r\n\t\t\t\t\t\t        Dan Merta\r\n\t\t\t\t\t\t        <\/h2>\r\n\t\t\t\t\t\t        <p>\r\n\t\t\t\t\t\t        \u0159editel Galerie Jaroslava Fragnera\r\n\t\t\t\t\t\t        <\/p>\r\n\t\t\t\t\t\t      <\/div>\r\n\t                        <\/figcaption><\/figure><div id=\"et-speaker-modal_1_10\" class=\"modal fade eventime_modal\" style=\"display: none;\">\r\n\t                <div class=\"modal-dialog\">\r\n\t                    <div class=\"modal-content\">\r\n\t                        <div class=\"modal-header\">\r\n\t                            <button aria-hidden=\"true\" data-dismiss=\"modal\" class=\"close\" type=\"button\">\u00d7 <\/button>\r\n\t                            <h4 class=\"modal-title\">Dan Merta<\/h4><small>\u0159editel Galerie Jaroslava Fragnera<\/small>\r\n\t                        <\/div>\r\n\t                        <div class=\"modal-body\">\r\n\t                        <img decoding=\"async\" src=\"https:\/\/www.landscape-festival.cz\/old\/wp-content\/uploads\/2016\/02\/Dan01-\u2013-kopie-400x545.jpg\">\r\n\t                        <p>Dan Merta se narodil ve Znojm\u011b v roce 1963. V roce 1993 absolvoval studia na Filosofick\u00e9 univerzit\u011b Komensk\u00e9ho v Bratislav\u011b (d\u011bjiny um\u011bn\u00ed, estetika). V letech 1992\u20131993 spolukur\u00e1toroval turn\u00e9 Machat a Vel\u00ed\u0161ek. Odbornou \u010dinnost za\u010d\u00ednal v pozici kur\u00e1tora v\u00fdstav na Pra\u017esk\u00e9m hrad\u011b. V obdob\u00ed 1996\u20132000 kur\u00e1toroval program galerie Raiffeisen stavebn\u00ed spo\u0159itelny. V letech 1999\u20132008 byl tajemn\u00edkem Spole\u010dnosti Jind\u0159icha Chalupeck\u00e9ho (cena pro mlad\u00e9 \u010desk\u00e9 v\u00fdtvarn\u00edky do 35 let). V letech 1996\u20132000 pracoval jako vedouc\u00ed odboru kultury M\u010c Praha 3, kde spoluzakl\u00e1dal novodobou tradici kulturn\u011b-spole\u010densk\u00fdch bakchan\u00e1li\u00ed: \u017di\u017ekovsk\u00fd masopust a Vinohradsk\u00e9 vinobran\u00ed. Od roku 2001 vede <strong>Galerii Jaroslava Fragnera<\/strong> \u2013 p\u0159edn\u00ed \u010deskou platformu mapuj\u00edc\u00ed sou\u010dasnou \u010deskou a evropskou architekturu. Byl jedn\u00edm z inici\u00e1tor\u016f a zakladatel\u016f Iniciativy za novou Prahu a Tady nen\u00ed developerovo (ob\u011b 2011).<\/p>\n<p><a href=\"http:\/\/www.gjf.cz\/\"><b>www.gjf.cz<\/b><\/a><\/p>\n\r\n\t                    <\/div>\r\n\t                <\/div>\r\n                <\/div>\r\n            <\/div><\/div><\/div>\r\n\t\t\t    <div class=\"clear\">\r\n\t\t\t    <\/div>\r\n            <\/div>\r\n\t\t<\/div>[\/vc_column][\/vc_row][vc_row][vc_column]<div class=\"et-row   \">[vc_empty_space height=&#8220;80&#8243;][vc_text_separator title=&#8220;Plze\u0148&#8220;][vc_empty_space][vc_column_text]<\/p>\n<p style=\"text-align: center;\"><strong>are\u00e1l Plze\u0148sk\u00e9ho Prazdroje<\/strong><br \/>\n<strong>reprezenta\u010dn\u00ed s\u00e1l SECESE<\/strong><\/p>\n<p>[\/vc_column_text][vc_empty_space][vc_column_text]<\/p>\n<p style=\"text-align: center;\"><strong>Sou\u010d\u00e1st\u00ed konference:<\/strong><br \/>\ntlumo\u010den\u00ed do \u010desk\u00e9ho jazyka<br \/>\nkomentovan\u00e1 proch\u00e1zka are\u00e1lem \u00a0Plze\u0148sk\u00e9ho Prazdroje \u2013 po\u0159\u00e1d\u00e1 spolek P\u011bstuj prostor<br \/>\nob\u010derstven\u00ed<\/p>\n<p>[\/vc_column_text][vc_empty_space][vc_column_text]<\/p>\n<p style=\"text-align: center;\"><strong>VSTUP ZDARMA<\/strong><\/p>\n<p>[\/vc_column_text][vc_empty_space height=&#8220;80&#8243;][vc_gmaps link=&#8220;#E-8_JTNDaWZyYW1lJTIwc3JjJTNEJTIyaHR0cHMlM0ElMkYlMkZ3d3cuZ29vZ2xlLmNvbSUyRm1hcHMlMkZlbWJlZCUzRnBiJTNEJTIxMW0xOCUyMTFtMTIlMjExbTMlMjExZDI1NzguMDk2NjA5MzM1MjMxJTIxMmQxMy4zODM4OTQzMTU3MDU5ODklMjEzZDQ5Ljc0NjYyNTk3OTM4NDQyNiUyMTJtMyUyMTFmMCUyMTJmMCUyMTNmMCUyMTNtMiUyMTFpMTAyNCUyMTJpNzY4JTIxNGYxMy4xJTIxM20zJTIxMW0yJTIxMXMweDQ3MGFmMWU2M2JiNWFiYjclMjUzQTB4MjUwNTk4NDg3NmIxMTJlMiUyMTJ6VlNCUWNtRjZaSEp2YW1VZ05qUXZOeXdnTXpBeElEQXdJRkJzZW1YRmlDQXpMVmJEdldOb2IyUnV3NjBnVU1XWlpXUnR4SnR6ZE1PdCUyMTVlMCUyMTNtMiUyMTFzY3MlMjEyc2N6JTIxNHYxNTA0MjY2NTY5Mjk3JTIyJTIwd2lkdGglM0QlMjI2MDAlMjIlMjBoZWlnaHQlM0QlMjI0NTAlMjIlMjBmcmFtZWJvcmRlciUzRCUyMjAlMjIlMjBzdHlsZSUzRCUyMmJvcmRlciUzQTAlMjIlMjBhbGxvd2Z1bGxzY3JlZW4lM0UlM0MlMkZpZnJhbWUlM0U=&#8220;][vc_empty_space height=&#8220;80&#8243;][vc_text_separator title=&#8220;Registrace na konferenci&#8220; color=&#8220;white&#8220;][vc_empty_space][vc_column_text]<\/p>\n<p style=\"text-align: center;\"><strong>hana@landscape-festival.cz<\/strong><\/p>\n<p>[\/vc_column_text][vc_empty_space height=&#8220;80&#8243;]<div class=\"clear\"><\/div><\/div>[\/vc_column][\/vc_row][vc_row][vc_column]\r\n        <div class=\"et-schedules-container  \">\r\n        <div class=\"mini_gap\"><\/div>\r\n        <div class=\"first_line \" ><\/div>\r\n\t                         <div class=\"first_title\">\r\n                             <p class=\"\" >\r\n                             PROGRAM KONFERENCE\r\n                             <\/p>\r\n                             <\/div>\r\n                             <div class=\"first_description\">\r\n                             <p class=\"\" >\r\n                             \r\n                             <\/p>\r\n                             <\/div>\r\n        <div id=\"sh_carousel1\" style=\"min-height: 850px;\" class=\"carousel sh_carousel slide\" data-interval=\"false\">\r\n\t\t<div class=\"carousel-indicators\">\r\n\t\t<div data-slide-to=\"0\" data-target=\"#sh_carousel1\" class=\" waypointAnimation animationType-fadeInLeft active btn eventime_button graybtn graytxt \">pond\u011bl\u00ed<\/div>\r\n\t\t<\/div>\r\n\t\t<div class=\"carousel-inner\">\r\n\t\t<div class=\"item active\"><div class=\"schedule_date \" style=\"visibility:visible;\">11.<\/div><div class=\"schedule_month \" style=\"visibility:visible;\">z\u00e1\u0159\u00ed<\/div><div class=\"mini_gap\"><\/div><div id=\"accordion_1_1\"><div class=\"panel\" style=\"visibility: visible;\"><a href=\"#et_entry_7203_1_1_1\" data-parent=\"#accordion_1_1\" data-toggle=\"collapse\"><div class=\"accordion_left\"><div class=\"accordions_titles_small\"><p class=\"accordion_date\">10:00<\/p><\/div><\/div><div class=\"accordion_right\"><div class=\"accordions_titles_small\"><div class=\"accordion_description\"><p>IRENA VOSTRACK\u00c1 <\/p><p class=\"name\">\u0159editelka \u00datvaru koncepce a rozvoje m\u011bsta Plzn\u011b\/ CZ<\/p><\/div><\/div><\/div><\/a><\/div><div id=\"et_entry_7203_1_1_1\" class=\"panel-collapse collapse accordion_full\"><div class=\"speakers-wrapper\"><img decoding=\"async\" class=\"attachment-thumbnail size-thumbnail\" src=\"https:\/\/www.landscape-festival.cz\/old\/wp-content\/uploads\/2017\/08\/vostrackabio-150x150.jpg\" data-toggle=\"tooltip\"  data-placement=\"top\" title=\"Irena Vostrack\u00e1\"><\/div><p>Slovo \u00favodem<\/p><div class=\"clear\"><\/div><div class=\"et_schedule_relatedimage\"><img decoding=\"async\" class=\"attachment-thumbnail chaykovskiy_eventime_schedule_sp_avatar_default\" src=\"\"><\/div><\/div><div class=\"mini_gap\"><\/div><div class=\"panel\" style=\"visibility: visible;\"><a href=\"#et_entry_7203_1_1_2\" data-parent=\"#accordion_1_2\" data-toggle=\"collapse\"><div class=\"accordion_left\"><div class=\"accordions_titles_small\"><p class=\"accordion_date\">10:15<\/p><\/div><\/div><div class=\"accordion_right\"><div class=\"accordions_titles_small\"><div class=\"accordion_description\"><p>DAN MERTA <\/p><p class=\"name\">\u0159editel Galerie Jaroslava Fragnera\/ CZ<\/p><\/div><\/div><\/div><\/a><\/div><div id=\"et_entry_7203_1_1_2\" class=\"panel-collapse collapse accordion_full\"><div class=\"speakers-wrapper\"><img decoding=\"async\" class=\"attachment-thumbnail size-thumbnail\" src=\"https:\/\/www.landscape-festival.cz\/old\/wp-content\/uploads\/2016\/02\/Dan01-\u2013-kopie-150x150.jpg\" data-toggle=\"tooltip\"  data-placement=\"top\" title=\"Dan Merta\"><\/div><p><strong>O PROJEKTU ARTSCAPE<\/strong>\n<br \/><br \/>\nBilater\u00e1ln\u00ed projekt Artscape Island je pokra\u010dov\u00e1n\u00edm aktivity Galerie Jaroslava Fragnera. Projekt je o hled\u00e1n\u00ed p\u0159\u00edstup\u016f vyu\u017eit\u00ed sou\u010dasn\u00e9ho v\u00fdtvarn\u00e9ho um\u011bn\u00ed v r\u00e1mci zp\u0159\u00edstupn\u011bn\u00ed v\u00fdjime\u010dn\u00fdch lokalit na \u00fazem\u00ed Islandu a sezn\u00e1men\u00ed se s n\u00e1stroji, kter\u00e9 jsou pou\u017e\u00edv\u00e1ny p\u0159i realizaci projekt\u016f.<\/p><div class=\"clear\"><\/div><div class=\"et_schedule_relatedimage\"><img decoding=\"async\" class=\"attachment-thumbnail chaykovskiy_eventime_schedule_sp_avatar_default\" src=\"\"><\/div><\/div><div class=\"mini_gap\"><\/div><div class=\"panel\" style=\"visibility: visible;\"><a href=\"#et_entry_7203_1_1_3\" data-parent=\"#accordion_1_3\" data-toggle=\"collapse\"><div class=\"accordion_left\"><div class=\"accordions_titles_small\"><p class=\"accordion_date\">10:30<\/p><\/div><\/div><div class=\"accordion_right\"><div class=\"accordions_titles_small\"><div class=\"accordion_description\"><p>ROMAN BRYCHTA <\/p><p class=\"name\">Projektil architekti\/ CZ<\/p><\/div><\/div><\/div><\/a><\/div><div id=\"et_entry_7203_1_1_3\" class=\"panel-collapse collapse accordion_full\"><div class=\"speakers-wrapper\"><img decoding=\"async\" class=\"attachment-thumbnail size-thumbnail\" src=\"https:\/\/www.landscape-festival.cz\/old\/wp-content\/uploads\/2017\/08\/brychta-150x150.jpg\" data-toggle=\"tooltip\"  data-placement=\"top\" title=\"Projektil architekti\"><\/div><p><strong>Ve\u0159ejn\u00fd prostor nebo Spole\u010dn\u00e9 m\u00edsto<\/strong>\n<br \/><br \/>\nAutor navrhuje zam\u011bnit dnes devalvovan\u00fd a nadm\u00edru u\u017e\u00edvan\u00fd  pojem Ve\u0159ejn\u00fd prostor za pojem Spole\u010dn\u00e9 m\u00edsto.\nOdprezentuje jak realizace ateli\u00e9ru Projektil architekti tak i studentsk\u00e9 n\u00e1vrhy vznikl\u00e9 v atelieru Achitektura 4 na pra\u017esk\u00e9 UMPRUM. \n<\/p><div class=\"clear\"><\/div><div class=\"et_schedule_relatedimage\"><img decoding=\"async\" class=\"attachment-thumbnail chaykovskiy_eventime_schedule_sp_avatar_default\" src=\"\"><\/div><\/div><div class=\"mini_gap\"><\/div><div class=\"panel\" style=\"visibility: visible;\"><a href=\"#et_entry_7203_1_1_4\" data-parent=\"#accordion_1_4\" data-toggle=\"collapse\"><div class=\"accordion_left\"><div class=\"accordions_titles_small\"><p class=\"accordion_date\">11:00<\/p><\/div><\/div><div class=\"accordion_right\"><div class=\"accordions_titles_small\"><div class=\"accordion_description\"><p>PETR KRATOCHV\u00cdL<\/p><p class=\"name\">historik architektury, \u00dastav d\u011bjin um\u011bn\u00ed AV \u010cR, FUA TUL\/ CZ<\/p><\/div><\/div><\/div><\/a><\/div><div id=\"et_entry_7203_1_1_4\" class=\"panel-collapse collapse accordion_full\"><div class=\"speakers-wrapper\"><img decoding=\"async\" class=\"attachment-thumbnail size-thumbnail\" src=\"https:\/\/www.landscape-festival.cz\/old\/wp-content\/uploads\/2017\/08\/kratochv\u00edl-150x150.jpg\" data-toggle=\"tooltip\"  data-placement=\"top\" title=\"Petr Kratochv\u00edl\"><\/div><p><strong>Smysl m\u011bstsk\u00e9ho ve\u0159ejn\u00e9ho prostoru a jeho artikulace um\u011bleck\u00fdm d\u00edlem<\/strong>\n<br \/><br \/>\nJakou roli hraj\u00ed um\u011bleck\u00e9 d\u00edla ve ve\u0159ejn\u00e9m prostoru p\u0159i artikulaci jejich architektonick\u00e9 kompozice, kulturn\u00edho v\u00fdznamu a soci\u00e1ln\u00edho obsahu? Jak se prom\u011b\u0148ovaly formy a role um\u011bn\u00ed ve ve\u0159ejn\u00e9m prostoru? T\u00e9ma bude sledov\u00e1no na p\u0159\u00edkladech jak dom\u00e1c\u00edch, tak zahrani\u010dn\u00edch m\u011bst.\n<\/p><div class=\"clear\"><\/div><div class=\"et_schedule_relatedimage\"><img decoding=\"async\" class=\"attachment-thumbnail chaykovskiy_eventime_schedule_sp_avatar_default\" src=\"\"><\/div><\/div><div class=\"mini_gap\"><\/div><div class=\"panel\" style=\"visibility: visible;\"><a href=\"#et_entry_7203_1_1_5\" data-parent=\"#accordion_1_5\" data-toggle=\"collapse\"><div class=\"accordion_left\"><div class=\"accordions_titles_small\"><p class=\"accordion_date\">11:30<\/p><\/div><\/div><div class=\"accordion_right\"><div class=\"accordions_titles_small\"><div class=\"accordion_description\"><p>Hermann Georg Gunnlaugsson<\/p><p class=\"name\">krajin\u00e1\u0159sk\u00fd architekt\/ IS<\/p><\/div><\/div><\/div><\/a><\/div><div id=\"et_entry_7203_1_1_5\" class=\"panel-collapse collapse accordion_full\"><div class=\"speakers-wrapper\"><img decoding=\"async\" class=\"attachment-thumbnail size-thumbnail\" src=\"https:\/\/www.landscape-festival.cz\/old\/wp-content\/uploads\/2017\/09\/Hermann-Georg-Gunnlaugsson-150x150.jpg\" data-toggle=\"tooltip\"  data-placement=\"top\" title=\"HERMANN GEORG GUNNLAUGSSON\"><\/div><p><\/p><div class=\"clear\"><\/div><div class=\"et_schedule_relatedimage\"><img decoding=\"async\" class=\"attachment-thumbnail chaykovskiy_eventime_schedule_sp_avatar_default\" src=\"\"><\/div><\/div><div class=\"mini_gap\"><\/div><div class=\"panel\" style=\"visibility: visible;\"><a href=\"#et_entry_7203_1_1_6\" data-parent=\"#accordion_1_6\" data-toggle=\"collapse\"><div class=\"accordion_left\"><div class=\"accordions_titles_small\"><p class=\"accordion_date\">12:00<\/p><\/div><\/div><div class=\"accordion_right\"><div class=\"accordions_titles_small\"><div class=\"accordion_description\"><p>MARGR\u00c9T HARDARD\u00d3TTIR &amp; STEVE CHRISTER<\/p><p class=\"name\">Studio Granda\/ IS<\/p><\/div><\/div><\/div><\/a><\/div><div id=\"et_entry_7203_1_1_6\" class=\"panel-collapse collapse accordion_full\"><div class=\"speakers-wrapper\"><img decoding=\"async\" class=\"attachment-thumbnail size-thumbnail\" src=\"https:\/\/www.landscape-festival.cz\/old\/wp-content\/uploads\/2017\/08\/grandav-2-150x150.jpg\" data-toggle=\"tooltip\"  data-placement=\"top\" title=\"Studio Granda\"><\/div><p><strong>SO BE IT<\/strong>\n<br \/><br \/>\nEvery human act, be it an asphalted lava field, tapped geothermal well or culverted stream, is an indelible registration of our collective state of being at any given time. It is the lens through which future generations will see and judge that moment. Although their understanding will be coloured by events, preoccupations, and desires it will inevitably effect whatever actions they take and consequently what, if anything, is left to posterity. \n<br \/>\nWe had better try and get it right.<\/p><div class=\"clear\"><\/div><div class=\"et_schedule_relatedimage\"><img decoding=\"async\" class=\"attachment-thumbnail chaykovskiy_eventime_schedule_sp_avatar_default\" src=\"\"><\/div><\/div><div class=\"mini_gap\"><\/div><div class=\"panel\" style=\"visibility: visible;\"><a href=\"#et_entry_7203_1_1_7\" data-parent=\"#accordion_1_7\" data-toggle=\"collapse\"><div class=\"accordion_left\"><div class=\"accordions_titles\"><p class=\"accordion_date\">12:45\u201314:15<\/p><\/div><\/div><div class=\"accordion_right\"><div class=\"accordions_titles\"><div class=\"accordion_description\"><p>Mediated motion in the lava field<\/p><p class=\"name\">prom\u00edt\u00e1n\u00ed dokumentu a pauza na ob\u011bd<\/p><\/div><\/div><\/div><\/a><\/div><div id=\"et_entry_7203_1_1_7\" class=\"panel-collapse collapse accordion_full\"><div class=\"speakers-wrapper\"><\/div><p>Dokument <strong>Madiated motion in the lava field<\/strong> vznikl v r\u00e1mci projektu Artscape Island, kter\u00fd je financov\u00e1n z Fondu EHP a grantem z Islandu, Lichten\u0161tejnska a Norska.<\/p><div class=\"clear\"><\/div><div class=\"et_schedule_relatedimage\"><img decoding=\"async\" class=\"attachment-thumbnail chaykovskiy_eventime_schedule_sp_avatar_default\" src=\"https:\/\/www.landscape-festival.cz\/old\/wp-content\/uploads\/2017\/06\/LSF-Zah\u00e1jen\u00ed-69_foto-\u00a9-Matej-Vesely-1-900x500.jpg\"><\/div><\/div><div class=\"mini_gap\"><\/div><div class=\"panel\" style=\"visibility: visible;\"><a href=\"#et_entry_7203_1_1_8\" data-parent=\"#accordion_1_8\" data-toggle=\"collapse\"><div class=\"accordion_left\"><div class=\"accordions_titles_small\"><p class=\"accordion_date\">14:15<\/p><\/div><\/div><div class=\"accordion_right\"><div class=\"accordions_titles_small\"><div class=\"accordion_description\"><p>V\u00c1CLAV LAXA<\/p><p class=\"name\"> z\u00e1stupce St\u00e1tn\u00edho fondu \u017eivotn\u00edho prost\u0159ed\u00ed<\/p><\/div><\/div><\/div><\/a><\/div><div id=\"et_entry_7203_1_1_8\" class=\"panel-collapse collapse accordion_full\"><div class=\"speakers-wrapper\"><\/div><p><strong>Co p\u0159in\u00e1\u0161\u00ed Nov\u00e1 zelen\u00e1 \u00faspor\u00e1m<\/strong><\/p><div class=\"clear\"><\/div><div class=\"et_schedule_relatedimage\"><img decoding=\"async\" class=\"attachment-thumbnail chaykovskiy_eventime_schedule_sp_avatar_default\" src=\"\"><\/div><\/div><div class=\"mini_gap\"><\/div><div class=\"panel\" style=\"visibility: visible;\"><a href=\"#et_entry_7203_1_1_9\" data-parent=\"#accordion_1_9\" data-toggle=\"collapse\"><div class=\"accordion_left\"><div class=\"accordions_titles_small\"><p class=\"accordion_date\">14:30<\/p><\/div><\/div><div class=\"accordion_right\"><div class=\"accordions_titles_small\"><div class=\"accordion_description\"><p>EINAR JARMUND<\/p><p class=\"name\">Jarmund Vigsnaes Arkitekter\/ NO<\/p><\/div><\/div><\/div><\/a><\/div><div id=\"et_entry_7203_1_1_9\" class=\"panel-collapse collapse accordion_full\"><div class=\"speakers-wrapper\"><img decoding=\"async\" class=\"attachment-thumbnail size-thumbnail\" src=\"https:\/\/www.landscape-festival.cz\/old\/wp-content\/uploads\/2017\/08\/einar-jarmund-1-150x150.jpg\" data-toggle=\"tooltip\"  data-placement=\"top\" title=\"Jarmund Vigsnaes Arkitekter\"><\/div><p><\/p><div class=\"clear\"><\/div><div class=\"et_schedule_relatedimage\"><img decoding=\"async\" class=\"attachment-thumbnail chaykovskiy_eventime_schedule_sp_avatar_default\" src=\"\"><\/div><\/div><div class=\"mini_gap\"><\/div><div class=\"panel\" style=\"visibility: visible;\"><a href=\"#et_entry_7203_1_1_10\" data-parent=\"#accordion_1_10\" data-toggle=\"collapse\"><div class=\"accordion_left\"><div class=\"accordions_titles_small\"><p class=\"accordion_date\">15:15<\/p><\/div><\/div><div class=\"accordion_right\"><div class=\"accordions_titles_small\"><div class=\"accordion_description\"><p>KL\u00c1RA SALZMANN <\/p><p class=\"name\"> krajin\u00e1\u0159sk\u00e1 architektka\/ CZ<\/p><\/div><\/div><\/div><\/a><\/div><div id=\"et_entry_7203_1_1_10\" class=\"panel-collapse collapse accordion_full\"><div class=\"speakers-wrapper\"><img decoding=\"async\" class=\"attachment-thumbnail size-thumbnail\" src=\"https:\/\/www.landscape-festival.cz\/old\/wp-content\/uploads\/2017\/08\/IMG_0844-150x150.jpg\" data-toggle=\"tooltip\"  data-placement=\"top\" title=\"Kl\u00e1ra Salzmann\"><\/div><p><strong>L\u00c9\u010cBA KRAJINY<\/strong>\n<br \/>\n<br \/>\nCel\u00e1 tis\u00edc\u00edlet\u00ed si p\u0159izp\u016fsobujeme krajinu kolem sebe. Dosp\u011bli jsme do st\u00e1dia, kde se  \u010dlov\u011bk  pova\u017euje za vl\u00e1dce p\u0159\u00edrody.  Nev\u011bnujeme p\u0159\u00edli\u0161 pozornosti ostatn\u00edm \u017eivo\u010di\u0161n\u00fdm druh\u016fm a rostlin\u00e1m. Nept\u00e1me se:   jsou s n\u00e1mi  \u0161\u0165astn\u00e9?  A p\u0159itom jsme nikdy nem\u011bli mo\u017enost tak rozum\u011bt krajin\u011b a p\u0159\u00edrodn\u00edm proces\u016fm, jako dnes.  Na\u0161e lidsk\u00e9 aktivity ji\u017e d\u00e1vno p\u0159ekro\u010dili r\u00e1mec rovnov\u00e1hy v krajin\u011b.  Pokud chceme, aby krajina pro n\u00e1s d\u00e1le pracovala, mus\u00edme naj\u00edt rovnov\u00e1hu novou. \n<br \/>\n<br \/>\n<strong>Mus\u00edme<\/strong> vytvo\u0159it zdravou krajinu. \n<br \/>\n<strong>Mus\u00edme<\/strong> obnovit c\u00e9vn\u00ed (vodn\u00ed) syst\u00e9m krajiny a nesm\u00edme p\u0159ipustit jeho dal\u0161\u00ed infarkty. \n<br \/>\n<strong>Mus\u00edme<\/strong> obnovit prostupnost a p\u0159\u00edstupnost krajiny pro \u010dlov\u011bka, kter\u00e1 tady skv\u011ble fungovala p\u0159ed druhou sv\u011btovou v\u00e1lkou. \n<br \/>\n<strong>Mus\u00edme<\/strong> myslet na zranitelnost a limity na\u0161\u00ed zem\u011b i na na\u0161e d\u011bti.\n<br \/>\n<br \/>\nV\u00fdtvarn\u00e9 um\u011bn\u00ed m\u00e1 p\u0159i tvorb\u011b krajiny nezastupiteln\u00e9 m\u00edsto. Ka\u017ed\u00fd z\u00e1sah m\u00e1 m\u00edt sv\u016fj funk\u010dn\u00ed smysl, m\u011bl by b\u00fdt extr\u00e9mn\u011b citliv\u00fd, vn\u00edmav\u00fd a v\u00fdtvarn\u011b kvalitn\u00ed. Dle m\u00e9ho n\u00e1zoru je krajina   sama o sob\u011b je   jedn\u00edm velkolep\u00fdm  v\u00fdtvarn\u00fdm d\u00edlem, a proto je nutno  s n\u00ed tak zach\u00e1zet.\n\n\n<\/p><div class=\"clear\"><\/div><div class=\"et_schedule_relatedimage\"><img decoding=\"async\" class=\"attachment-thumbnail chaykovskiy_eventime_schedule_sp_avatar_default\" src=\"\"><\/div><\/div><div class=\"mini_gap\"><\/div><div class=\"panel\" style=\"visibility: visible;\"><a href=\"#et_entry_7203_1_1_11\" data-parent=\"#accordion_1_11\" data-toggle=\"collapse\"><div class=\"accordion_left\"><div class=\"accordions_titles\"><p class=\"accordion_date\">15:45\u201316:00<\/p><\/div><\/div><div class=\"accordion_right\"><div class=\"accordions_titles\"><div class=\"accordion_description\"><p><\/p><p class=\"name\">odpoledn\u00ed pauza<\/p><\/div><\/div><\/div><\/a><\/div><div id=\"et_entry_7203_1_1_11\" class=\"panel-collapse collapse accordion_full\"><div class=\"speakers-wrapper\"><\/div><p><\/p><div class=\"clear\"><\/div><div class=\"et_schedule_relatedimage\"><img decoding=\"async\" class=\"attachment-thumbnail chaykovskiy_eventime_schedule_sp_avatar_default\" src=\"https:\/\/www.landscape-festival.cz\/old\/wp-content\/uploads\/2017\/06\/LSF-Zah\u00e1jen\u00ed-69_foto-\u00a9-Matej-Vesely-1-900x500.jpg\"><\/div><\/div><div class=\"mini_gap\"><\/div><div class=\"panel\" style=\"visibility: visible;\"><a href=\"#et_entry_7203_1_1_12\" data-parent=\"#accordion_1_12\" data-toggle=\"collapse\"><div class=\"accordion_left\"><div class=\"accordions_titles_small\"><p class=\"accordion_date\">16:00<\/p><\/div><\/div><div class=\"accordion_right\"><div class=\"accordions_titles_small\"><div class=\"accordion_description\"><p>DAGMAR \u0160UBRTOV\u00c1 &amp; RADOSLAVA SCHMELZOV\u00c1 <\/p><p class=\"name\">v\u00fdtvarn\u00e1 um\u011blkyn\u011b a teoreti\u010dka um\u011bn\u00ed\/ CZ<\/p><\/div><\/div><\/div><\/a><\/div><div id=\"et_entry_7203_1_1_12\" class=\"panel-collapse collapse accordion_full\"><div class=\"speakers-wrapper\"><img decoding=\"async\" class=\"attachment-thumbnail size-thumbnail\" src=\"https:\/\/www.landscape-festival.cz\/old\/wp-content\/uploads\/2017\/08\/radkaschmelzweb-150x150.jpg\" data-toggle=\"tooltip\"  data-placement=\"top\" title=\"Radoslava Schmelzov\u00e1\"><img decoding=\"async\" class=\"attachment-thumbnail size-thumbnail\" src=\"https:\/\/www.landscape-festival.cz\/old\/wp-content\/uploads\/2017\/08\/subrtova-150x150.jpg\" data-toggle=\"tooltip\"  data-placement=\"top\" title=\"Dagmar \u0160ubrtov\u00e1\"><\/div><p><strong>Postindustri\u00e1ln\u00ed krajina a um\u011bn\u00ed<\/strong>\n<br \/>\n<br \/>\n<strong>Dagmar \u0160ubrtov\u00e1<\/strong> p\u0159edstav\u00ed \u010d\u00e1st sv\u00e9 tvorby, kter\u00e1 sm\u011b\u0159uje k socha\u0159sk\u00e9 interpretaci industri\u00e1ln\u00ed krajiny zasa\u017een\u00e9 civiliza\u010dn\u00edm vyu\u017eit\u00edm. D\u00e1le pak kr\u00e1tce uk\u00e1\u017ee v\u00fdsledky n\u011bkolikalet\u00e9ho projektu Na pomez\u00ed samoty, jen\u017e se zam\u011b\u0159uje na akutn\u00ed situaci prom\u011bn krajiny, p\u0159\u00edrody vlivem civilizace. Toto t\u00e9ma bylo rozpracov\u00e1no formou um\u011bleck\u00e9ho v\u00fdzkumu kulturn\u00ed geografie a ekologie oblast\u00ed severn\u00ed \u010d\u00e1sti Norska, vybran\u00fdch lokalit Islandu a Mostecka v severn\u00edch \u010cech\u00e1ch.\n<br \/>\n<br \/>\n<strong>Radoslava Schmelzov\u00e1<\/strong> se bude v\u011bnovat vztahu Terrain vague a um\u011bn\u00ed. Term\u00edn terrain vague pou\u017eil v 70. letech 20. stolet\u00ed \u0161pan\u011blsk\u00fd architekt Ignasi de Sol\u00e0-Morales pro ozna\u010den\u00ed pr\u00e1zdn\u00fdch m\u011bstsk\u00fdch pozemk\u016f a trval na na to, \u017ee jejich stav z\u0159\u00edceniny a absence produktivity je hodnotou. Podivn\u00e1 zdevastovan\u00e1 a opu\u0161t\u011bn\u00e1 m\u00edsta, ch\u00e1traj\u00edc\u00ed budovy v sou\u010dasn\u00fdch m\u011bstech se manifestuj\u00ed jako prostor svobody, jako anonymn\u00ed skute\u010dnost, kter\u00e1 je alternativou k p\u0159evl\u00e1daj\u00edc\u00ed realit\u011b pozdn\u011b kapitalistick\u00fdch m\u011bst. Kupodivu je mo\u017en\u00e9 v nich prezentovat sou\u010dasn\u00e9 um\u011bn\u00ed.<\/p><div class=\"clear\"><\/div><div class=\"et_schedule_relatedimage\"><img decoding=\"async\" class=\"attachment-thumbnail chaykovskiy_eventime_schedule_sp_avatar_default\" src=\"\"><\/div><\/div><div class=\"mini_gap\"><\/div><div class=\"panel\" style=\"visibility: visible;\"><a href=\"#et_entry_7203_1_1_13\" data-parent=\"#accordion_1_13\" data-toggle=\"collapse\"><div class=\"accordion_left\"><div class=\"accordions_titles\"><p class=\"accordion_date\">16:30<\/p><\/div><\/div><div class=\"accordion_right\"><div class=\"accordions_titles\"><div class=\"accordion_description\"><p><\/p><p class=\"name\">debata<\/p><\/div><\/div><\/div><\/a><\/div><div id=\"et_entry_7203_1_1_13\" class=\"panel-collapse collapse accordion_full\"><div class=\"speakers-wrapper\"><\/div><p><\/p><div class=\"clear\"><\/div><div class=\"et_schedule_relatedimage\"><img decoding=\"async\" class=\"attachment-thumbnail chaykovskiy_eventime_schedule_sp_avatar_default\" src=\"https:\/\/www.landscape-festival.cz\/old\/wp-content\/uploads\/2017\/06\/LSF-Zah\u00e1jen\u00ed-69_foto-\u00a9-Matej-Vesely-1-900x500.jpg\"><\/div><\/div><div class=\"mini_gap\"><\/div><\/div><\/div>\r\n\t\t<a data-slide=\"prev\" href=\"#sh_carousel1\" class=\"left_arrow waypointAnimation animationType-fadeInLeft\">\r\n            <svg height=\"48\" width=\"26px\">\r\n                <polygon points=\"3.3,24.5 25.5,2.3 24,0.8 0.3,24.5 24,48.2 25.5,46.7\"\/>\r\n            <\/svg>\r\n        <\/a>\r\n        <a data-slide=\"next\" href=\"#sh_carousel1\" class=\"right_arrow waypointAnimation animationType-fadeInRight\">\r\n            <svg height=\"48\" width=\"26px\">\r\n                <polygon points=\"22.5,24.5 0.3,2.3 1.8,0.8 25.5,24.5 1.8,48.2 0.3,46.7\"\/>\r\n            <\/svg>\r\n        <\/a>\r\n\t\t<\/div>\r\n\t<\/div>\r\n\t<\/div>[vc_empty_space]<div class=\"et-row   \">[vc_column_text]Konference je sou\u010d\u00e1st\u00ed projektu Artscape Island, kter\u00fd je financov\u00e1n z Fondu EHP a grantem z Islandu, Lichten\u0161tejnska a Norska.[\/vc_column_text]<div class=\"clear\"><\/div><\/div>[vc_empty_space height=&#8220;80&#8243;][\/vc_column][\/vc_row][vc_row full_width=&#8220;stretch_row_content&#8220; equal_height=&#8220;yes&#8220; content_placement=&#8220;middle&#8220;][vc_column][vc_masonry_media_grid element_width=&#8220;3&#8243; gap=&#8220;0&#8243; initial_loading_animation=&#8220;none&#8220; grid_id=&#8220;vc_gid:1507034115835-d38f73ff-8a95-1&#8243; include=&#8220;7275,7274,7273,7272,7271,7270,7269,7268,7267,7266,7265,7264,7263,7262,7261,7260,7259,7258,7257,7256,7255,7254,7253,7252,7251,7250,7249,7248,7247&#8243;][\/vc_column][\/vc_row]<\/p>\n<\/div>","protected":false},"excerpt":{"rendered":"<p>[vc_row css_animation=&#8220;fadeIn&#8220;][vc_column css_animation=&#8220;fadeIn&#8220;][vc_empty_space height=&#8220;60&#8243;][vc_btn title=&#8220;MAPA LFP 2017 KE STA\u017dEN\u00cd ZDE&#8220; style=&#8220;gradient&#8220; gradient_color_1=&#8220;juicy-pink&#8220; gradient_color_2=&#8220;green&#8220; shape=&#8220;square&#8220; size=&#8220;lg&#8220; align=&#8220;center&#8220; i_icon_fontawesome=&#8220;fa fa-info-circle&#8220; button_block=&#8220;true&#8220; add_icon=&#8220;true&#8220; link=&#8220;url:http%3A%2F%2Flandscape-festival.cz%2Fwp-content%2Fuploads%2F2017%2F05%2FMAPA-Landscape-Festival-Plze%C5%88-2017.pdf||target:%20_blank|&#8220;][vc_empty_space height=&#8220;80&#8243;][vc_empty_space height=&#8220;60&#8243;][vc_empty_space height=&#8220;60&#8243;][\/vc_column][\/vc_row][vc_row][vc_column][\/vc_column][\/vc_row][vc_row][vc_column][\/vc_column][\/vc_row][vc_row][vc_column][vc_empty_space][vc_empty_space height=&#8220;80&#8243;][\/vc_column][\/vc_row][vc_row full_width=&#8220;stretch_row_content&#8220; equal_height=&#8220;yes&#8220; content_placement=&#8220;middle&#8220;][vc_column][vc_masonry_media_grid element_width=&#8220;3&#8243; gap=&#8220;0&#8243; initial_loading_animation=&#8220;none&#8220; grid_id=&#8220;vc_gid:1507034115835-d38f73ff-8a95-1&#8243; include=&#8220;7275,7274,7273,7272,7271,7270,7269,7268,7267,7266,7265,7264,7263,7262,7261,7260,7259,7258,7257,7256,7255,7254,7253,7252,7251,7250,7249,7248,7247&#8243;][\/vc_column][\/vc_row]<\/p>\n","protected":false},"author":3,"featured_media":0,"parent":7002,"menu_order":0,"comment_status":"closed","ping_status":"closed","template":"fullwidth.php","meta":{"footnotes":""},"class_list":["post-7004","page","type-page","status-publish","hentry",""],"_links":{"self":[{"href":"https:\/\/www.landscape-festival.cz\/old\/wp-json\/wp\/v2\/pages\/7004","targetHints":{"allow":["GET"]}}],"collection":[{"href":"https:\/\/www.landscape-festival.cz\/old\/wp-json\/wp\/v2\/pages"}],"about":[{"href":"https:\/\/www.landscape-festival.cz\/old\/wp-json\/wp\/v2\/types\/page"}],"author":[{"embeddable":true,"href":"https:\/\/www.landscape-festival.cz\/old\/wp-json\/wp\/v2\/users\/3"}],"replies":[{"embeddable":true,"href":"https:\/\/www.landscape-festival.cz\/old\/wp-json\/wp\/v2\/comments?post=7004"}],"version-history":[{"count":109,"href":"https:\/\/www.landscape-festival.cz\/old\/wp-json\/wp\/v2\/pages\/7004\/revisions"}],"predecessor-version":[{"id":7089,"href":"https:\/\/www.landscape-festival.cz\/old\/wp-json\/wp\/v2\/pages\/7004\/revisions\/7089"}],"up":[{"embeddable":true,"href":"https:\/\/www.landscape-festival.cz\/old\/wp-json\/wp\/v2\/pages\/7002"}],"wp:attachment":[{"href":"https:\/\/www.landscape-festival.cz\/old\/wp-json\/wp\/v2\/media?parent=7004"}],"curies":[{"name":"wp","href":"https:\/\/api.w.org\/{rel}","templated":true}]}}