{"id":6814,"date":"2017-07-11T12:44:30","date_gmt":"2017-07-11T11:44:30","guid":{"rendered":"http:\/\/landscape-festival.cz\/?page_id=6814"},"modified":"2017-07-11T16:54:13","modified_gmt":"2017-07-11T15:54:13","slug":"press","status":"publish","type":"page","link":"https:\/\/www.landscape-festival.cz\/old\/en\/o-nas\/press\/","title":{"rendered":"press"},"content":{"rendered":"<div class=\"wpb-content-wrapper\"><p>[vc_row][vc_column width=&#8220;1\/2&#8243;][vc_empty_space][vc_column_text]Dear journalists,<\/p>\n<p>if you are interested in any information about the Landscape Festival Plze\u0148 2017, please do not hesitate to contact us.[\/vc_column_text][\/vc_column][vc_column width=&#8220;1\/2&#8243;][\/vc_column][\/vc_row][vc_row][vc_column][vc_empty_space]<div class=\"clear\"><\/div><div class=\"firstrow  \" style=\"height: 400px;\"><div class=\"centred et-text-section-left\">\n                <div class=\"first_line \">\n                <\/div>\n                <div class=\"first_title\">\n                  <p>\n                    Contact:\n                  <\/p>\n                <\/div>\n                <div class=\"first_description\">\n                  <p>\n                    <strong>Sara Al-Wahaishi<\/strong><br \/>\nFestival coordinator<br \/>\n<strong>E-mail:\u00a0<a href=\"mailto:sara@landscape-festival.cz\" target=\"_blank\" rel=\"noopener noreferrer\">sara@landscape-festival.cz<\/a><\/strong><br \/>\n<strong> Phone:\u00a0+420 608 120 582<\/strong>\n                  <\/p>\n                <\/div>\n                <\/div><div class=\" first_image\" style=\"background-image: url(https:\/\/www.landscape-festival.cz\/old\/wp-content\/uploads\/2017\/07\/sara-1-768x768.jpg);\"><\/div><\/div>[vc_empty_space height=&#8220;80&#8243;][\/vc_column][\/vc_row][vc_row][vc_column]<div class=\"\"><div class=\"title_center\"><p class=\"\">Press<\/p><\/div><div class=\"center_line\"><\/div><\/div>[vc_column_text]12. 6. 2017<br \/>\n<a href=\"http:\/\/landscape-festival.cz\/wp-content\/uploads\/2017\/07\/TZ_Landscape_plzen_program-cerven.pdf\"><strong>Festival Landscape Plze\u0148 zaparkuje v DEPO2015 Nom\u00e1dy a prom\u011bn\u00ed na cel\u00e9 l\u00e9to centrum Plzn\u011b i Velk\u00fd Bolev\u00e1k<\/strong><\/a>[\/vc_column_text][vc_column_text]12. 5. 2017<br \/>\n<a href=\"http:\/\/landscape-festival.cz\/wp-content\/uploads\/2017\/07\/TZ_landscape-opening.pdf\"><strong>Festival Landscape v\u00a0Plzni otev\u0159e happening \u010derstv\u00fdch dr\u017eitel\u016f nejpresti\u017en\u011bj\u0161\u00ed evropsk\u00e9 architektonick\u00e9 Ceny Miese van der Rohe a koncert skupiny Priessnitz <\/strong><\/a>[\/vc_column_text][vc_column_text]26. 4. 2017<br \/>\n<strong><a href=\"http:\/\/landscape-festival.cz\/wp-content\/uploads\/2017\/07\/TZ_LFP2017_260417.pdf\">Opening Landscape Festivalu Plze\u0148 2017<\/a><\/strong>[\/vc_column_text][vc_empty_space height=&#8220;80&#8243;][\/vc_column][\/vc_row][vc_row][vc_column]<div class=\"\"><div class=\"title_center\"><p class=\"\">Logos to download<\/p><\/div><div class=\"center_line\"><\/div><\/div>[vc_column_text]LFP 2017 \u2013 logo<\/p>\n<p><strong><a href=\"http:\/\/landscape-festival.cz\/wp-content\/uploads\/2017\/07\/logo_017_RGB_01.pdf\">RGB\/ pdf<\/a><\/strong><br \/>\n<strong> <a href=\"http:\/\/landscape-festival.cz\/wp-content\/uploads\/2017\/07\/logo_017_CMYK_01.pdf\">CMYK\/ pdf<\/a><\/strong><\/p>\n<p>&nbsp;<\/p>\n<p>LFP 2017 \u2013 logo pro web<\/p>\n<p><a href=\"http:\/\/landscape-festival.cz\/wp-content\/uploads\/2017\/07\/logo_017_RGB_02.pdf\"><strong>RGB\/ pdf<\/strong><\/a><br \/>\n<a href=\"http:\/\/landscape-festival.cz\/wp-content\/uploads\/2017\/07\/logo_017_CMYK_02.pdf\"><strong> CMYK\/ pdf<\/strong><\/a><br \/>\n<a href=\"http:\/\/landscape-festival.cz\/wp-content\/uploads\/2017\/07\/logo_web-01.png\"><strong> vizu\u00e1l\/ png<\/strong><\/a><br \/>\n<a href=\"http:\/\/landscape-festival.cz\/wp-content\/uploads\/2017\/07\/logo_017_RGB_180x180px2.png\"><strong> ZELEN\u00c1 \u2013 Facebook avatar\/ png<\/strong><\/a><br \/>\n<a href=\"http:\/\/landscape-festival.cz\/wp-content\/uploads\/2017\/07\/logo_017_RGB_180x180px.png\"><strong> B\u00cdL\u00c1 \u2013 Facebook avatar\/ png<\/strong><\/a>[\/vc_column_text][\/vc_column][\/vc_row]<\/p>\n<\/div>","protected":false},"excerpt":{"rendered":"<p>[vc_row][vc_column width=&#8220;1\/2&#8243;][vc_empty_space][vc_column_text]Dear journalists, if you are interested in any information about the Landscape Festival Plze\u0148 2017, please do not hesitate to contact us.[\/vc_column_text][\/vc_column][vc_column width=&#8220;1\/2&#8243;][\/vc_column][\/vc_row][vc_row][vc_column][vc_empty_space][vc_empty_space height=&#8220;80&#8243;][\/vc_column][\/vc_row][vc_row][vc_column][vc_column_text]12. 6. 2017 Festival Landscape Plze\u0148 zaparkuje v DEPO2015 Nom\u00e1dy a prom\u011bn\u00ed na cel\u00e9 l\u00e9to centrum Plzn\u011b i Velk\u00fd Bolev\u00e1k[\/vc_column_text][vc_column_text]12. 5. 2017 Festival Landscape v\u00a0Plzni otev\u0159e happening \u010derstv\u00fdch dr\u017eitel\u016f nejpresti\u017en\u011bj\u0161\u00ed evropsk\u00e9 [&hellip;]<\/p>\n","protected":false},"author":3,"featured_media":0,"parent":6775,"menu_order":0,"comment_status":"closed","ping_status":"closed","template":"","meta":{"footnotes":""},"class_list":["post-6814","page","type-page","status-publish","hentry",""],"_links":{"self":[{"href":"https:\/\/www.landscape-festival.cz\/old\/wp-json\/wp\/v2\/pages\/6814","targetHints":{"allow":["GET"]}}],"collection":[{"href":"https:\/\/www.landscape-festival.cz\/old\/wp-json\/wp\/v2\/pages"}],"about":[{"href":"https:\/\/www.landscape-festival.cz\/old\/wp-json\/wp\/v2\/types\/page"}],"author":[{"embeddable":true,"href":"https:\/\/www.landscape-festival.cz\/old\/wp-json\/wp\/v2\/users\/3"}],"replies":[{"embeddable":true,"href":"https:\/\/www.landscape-festival.cz\/old\/wp-json\/wp\/v2\/comments?post=6814"}],"version-history":[{"count":6,"href":"https:\/\/www.landscape-festival.cz\/old\/wp-json\/wp\/v2\/pages\/6814\/revisions"}],"predecessor-version":[{"id":6832,"href":"https:\/\/www.landscape-festival.cz\/old\/wp-json\/wp\/v2\/pages\/6814\/revisions\/6832"}],"up":[{"embeddable":true,"href":"https:\/\/www.landscape-festival.cz\/old\/wp-json\/wp\/v2\/pages\/6775"}],"wp:attachment":[{"href":"https:\/\/www.landscape-festival.cz\/old\/wp-json\/wp\/v2\/media?parent=6814"}],"curies":[{"name":"wp","href":"https:\/\/api.w.org\/{rel}","templated":true}]}}