{"id":6744,"date":"2017-07-10T11:31:27","date_gmt":"2017-07-10T10:31:27","guid":{"rendered":"http:\/\/landscape-festival.cz\/?page_id=6744"},"modified":"2017-07-10T12:29:06","modified_gmt":"2017-07-10T11:29:06","slug":"exhibitions","status":"publish","type":"page","link":"https:\/\/www.landscape-festival.cz\/old\/en\/program-2\/exhibitions\/","title":{"rendered":"exhibitions"},"content":{"rendered":"<div class=\"wpb-content-wrapper\"><p>[vc_row][vc_column][vc_empty_space height=&#8220;50&#8243;][\/vc_column][\/vc_row][vc_row][vc_column]<div class=\"et-schedules-container  \"><div class=\"schedule_table_inner\"><a href=\"#accordion_1_1\" data-toggle=\"collapse\" class=\"\" aria-expanded=\"true\"><div class=\"schedule_table_header\"><div class=\"schedule_table_header_data\"><p class=\"day\"><\/p><p class=\"month\">MAY-SEPTEMBER<\/p><\/div><div class=\"schedule_table_header_title\"><p>EXHIBITIONS<\/p><\/div><div class=\"clear\"><\/div><\/div><\/a><div class=\"collapse tablesss in\" id=\"accordion_1_1\" aria-expanded=\"true\"><div class=\"schedule_table_flat flatphototable\" style=\"background: url(https:\/\/www.landscape-festival.cz\/old\/wp-content\/uploads\/2017\/05\/eunic-ROM-otevrena-festivalova-arena-Rakousko-c-Hertha-Hurnaus-1024x350.jpg);\"><div class=\"tablesize_flat_xbig\"><div class=\"schedule_table_title_flat\"><p class=\"table_title\">EUNIC LANDSCAPE ARCHITECTURE<\/p><p class=\"table_excerpt\">open air gallery<\/p><\/div><div class=\"schedule_table_flat_speaker\"><\/div><div class=\"schedule_table_time_venue_flat\" ><div class=\"time_left\"><p class=\"flat_time\">19. 5. \u2013 30. 9. \/ outside installation<\/p><p class=\"flat_venue\">Pap\u00edrensk\u00e1 street<\/p><\/div><\/div><div class=\"arrowtable\"><a href=\"#et_entry_6739_1_1_1\" data-toggle=\"collapse\"><\/a><div class=\"clear\"><\/div><\/div><\/div><\/div><div id=\"et_entry_6739_1_1_1\" class=\"panel-collapse collapse schedule_table_details\"><p>The exhibition presents 36 realized projects from 18 European countries, examples of new approaches, perception and use of a human-transformed environment - all for new, mostly recreational and sporting functions, for meetings, culture and education.\n<br \/>\n<br \/>\n<br \/>\n<a href=\"http:\/\/landscape-festival.cz\/wp-content\/uploads\/2017\/06\/EunicLSA-26.jpg\" title=\"v\u00fdstava EUNIC LANDSCAPE ARCHITECTURE foto \u00a9 Mat\u011bj Vesel\u00fd\" rel=\"lightbox[reference]\"><img loading=\"lazy\" decoding=\"async\" src=\"http:\/\/landscape-festival.cz\/wp-content\/uploads\/2017\/06\/EunicLSA-26.jpg\" alt=\"\" width=\"200\" height=\"200\" \/><\/a>\n\n<a href=\"http:\/\/landscape-festival.cz\/wp-content\/uploads\/2017\/06\/EunicLSA-25.jpg\" title=\"v\u00fdstava EUNIC LANDSCAPE ARCHITECTURE foto \u00a9 Mat\u011bj Vesel\u00fd\" rel=\"lightbox[reference]\"><img loading=\"lazy\" decoding=\"async\" src=\"http:\/\/landscape-festival.cz\/wp-content\/uploads\/2017\/06\/EunicLSA-25.jpg\" alt=\"\" width=\"200\" height=\"200\" \/><\/a>\n\n<a href=\"http:\/\/landscape-festival.cz\/wp-content\/uploads\/2017\/06\/EunicLSA-23.jpg\" title=\"v\u00fdstava EUNIC LANDSCAPE ARCHITECTURE foto \u00a9 Mat\u011bj Vesel\u00fd\" rel=\"lightbox[reference]\"><img loading=\"lazy\" decoding=\"async\" src=\"http:\/\/landscape-festival.cz\/wp-content\/uploads\/2017\/06\/EunicLSA-23.jpg\" alt=\"\" width=\"200\" height=\"200\" \/><\/a>\n\n<a href=\"http:\/\/landscape-festival.cz\/wp-content\/uploads\/2017\/06\/EunicLSA-22.jpg\" title=\"v\u00fdstava EUNIC LANDSCAPE ARCHITECTURE foto \u00a9 Mat\u011bj Vesel\u00fd\" rel=\"lightbox[reference]\"><img loading=\"lazy\" decoding=\"async\" src=\"http:\/\/landscape-festival.cz\/wp-content\/uploads\/2017\/06\/EunicLSA-22.jpg\" alt=\"\" width=\"200\" height=\"200\" \/><\/a>\n\n<a href=\"http:\/\/landscape-festival.cz\/wp-content\/uploads\/2017\/06\/EunicLSA-3.jpg\" title=\"v\u00fdstava EUNIC LANDSCAPE ARCHITECTURE foto \u00a9 Mat\u011bj Vesel\u00fd\" rel=\"lightbox[reference]\"><img loading=\"lazy\" decoding=\"async\" src=\"http:\/\/landscape-festival.cz\/wp-content\/uploads\/2017\/06\/EunicLSA-3.jpg\" alt=\"\" width=\"200\" height=\"200\" \/><\/a>\n\n<a href=\"http:\/\/landscape-festival.cz\/wp-content\/uploads\/2017\/06\/EunicLSA-28.jpg\" title=\"v\u00fdstava EUNIC LANDSCAPE ARCHITECTURE foto \u00a9 Mat\u011bj Vesel\u00fd\" rel=\"lightbox[reference]\"><img loading=\"lazy\" decoding=\"async\" src=\"http:\/\/landscape-festival.cz\/wp-content\/uploads\/2017\/06\/EunicLSA-28.jpg\" alt=\"\" width=\"200\" height=\"200\" \/><\/a><\/p><\/div><div class=\"mini_gap\"><\/div><div class=\"schedule_table_flat flatphototable\" style=\"background: url(https:\/\/www.landscape-festival.cz\/old\/wp-content\/uploads\/2017\/05\/Dagmar-\u0160ubrtov\u00e1-Tan\u010d\u00edc\u00ed-tr\u00e1va-1996-Mari\u00e1nsk\u00e9-L\u00e1zn\u011b-foto-autorka_Landscape-Festival-2015_Um\u011bn\u00ed-v-krajin\u011b-1024x350.jpg);\"><div class=\"tablesize_flat_xbig\"><div class=\"schedule_table_title_flat\"><p class=\"table_title\">CONTEMPORARY ART WORKS IN LANDSCAPE<\/p><p class=\"table_excerpt\">open air gallery<\/p><\/div><div class=\"schedule_table_flat_speaker\"><\/div><div class=\"schedule_table_time_venue_flat\" ><div class=\"time_left\"><p class=\"flat_time\">19. 5. \u2013 30. 9. \/ outside installation<\/p><p class=\"flat_venue\">DEPO2015<\/p><\/div><\/div><div class=\"arrowtable\"><a href=\"#et_entry_6739_1_1_2\" data-toggle=\"collapse\"><\/a><div class=\"clear\"><\/div><\/div><\/div><\/div><div id=\"et_entry_6739_1_1_2\" class=\"panel-collapse collapse schedule_table_details\"><p>An exhibition of contemporary works of art in landscape, prepared by a sculptor, geologist and art historian.\n<br \/>\n<br \/>\n<br \/>\n<a href=\"http:\/\/landscape-festival.cz\/wp-content\/uploads\/2017\/06\/D\u00edlavKrajin\u011b-10.jpg\" title=\"exhibition CONTEMPORARY ART WORKS IN LANDSCAPE \/ foto \u00a9 Mat\u011bj Vesel\u00fd\" rel=\"lightbox[reference]\"><img loading=\"lazy\" decoding=\"async\" src=\"http:\/\/landscape-festival.cz\/wp-content\/uploads\/2017\/06\/D\u00edlavKrajin\u011b-10.jpg\" alt=\"\" width=\"200\" height=\"200\" \/><\/a>\n\n<a href=\"http:\/\/landscape-festival.cz\/wp-content\/uploads\/2017\/06\/D\u00edlavKrajin\u011b-8.jpg\" title=\"exhibition CONTEMPORARY ART WORKS IN LANDSCAPE \/ foto \u00a9 Mat\u011bj Vesel\u00fd\" rel=\"lightbox[reference]\"><img loading=\"lazy\" decoding=\"async\" src=\"http:\/\/landscape-festival.cz\/wp-content\/uploads\/2017\/06\/D\u00edlavKrajin\u011b-8.jpg\" alt=\"\" width=\"200\" height=\"200\" \/><\/a>\n\n<a href=\"http:\/\/landscape-festival.cz\/wp-content\/uploads\/2017\/06\/D\u00edlavKrajin\u011b-2.jpg\" title=\"exhibition CONTEMPORARY ART WORKS IN LANDSCAPE \/ foto \u00a9 Mat\u011bj Vesel\u00fd\" rel=\"lightbox[reference]\"><img loading=\"lazy\" decoding=\"async\" src=\"http:\/\/landscape-festival.cz\/wp-content\/uploads\/2017\/06\/D\u00edlavKrajin\u011b-2.jpg\" alt=\"\" width=\"200\" height=\"200\" \/><\/a>\n\n<a href=\"http:\/\/landscape-festival.cz\/wp-content\/uploads\/2017\/06\/D\u00edlavKrajin\u011b-1.jpg\" title=\"exhibition CONTEMPORARY ART WORKS IN LANDSCAPE \/ foto \u00a9 Mat\u011bj Vesel\u00fd\" rel=\"lightbox[reference]\"><img loading=\"lazy\" decoding=\"async\" src=\"http:\/\/landscape-festival.cz\/wp-content\/uploads\/2017\/06\/D\u00edlavKrajin\u011b-1.jpg\" alt=\"\" width=\"200\" height=\"200\" \/><\/a>\n\n<a href=\"http:\/\/landscape-festival.cz\/wp-content\/uploads\/2017\/06\/D\u00edlavKrajin\u011b-11.jpg\" title=\"exhibition CONTEMPORARY ART WORKS IN LANDSCAPE \/ foto \u00a9 Mat\u011bj Vesel\u00fd\" rel=\"lightbox[reference]\"><img loading=\"lazy\" decoding=\"async\" src=\"http:\/\/landscape-festival.cz\/wp-content\/uploads\/2017\/06\/D\u00edlavKrajin\u011b-11.jpg\" alt=\"\" width=\"200\" height=\"200\" \/><\/a><\/p><\/div><div class=\"mini_gap\"><\/div><div class=\"schedule_table_flat flatphototable\" style=\"background: url(https:\/\/www.landscape-festival.cz\/old\/wp-content\/uploads\/2017\/05\/swiss-touch_mostra_landscape_architecture_popup-800x350.jpg);\"><div class=\"tablesize_flat_xbig\"><div class=\"schedule_table_title_flat\"><p class=\"table_title\">SWISS TOUCH IN LANDSCAPE ARCHITECTURE<\/p><p class=\"table_excerpt\">open air gallery<\/p><\/div><div class=\"schedule_table_flat_speaker\"><\/div><div class=\"schedule_table_time_venue_flat\" ><div class=\"time_left\"><p class=\"flat_time\">19. 5. \u2013 30. 9. \/ outside installation<\/p><p class=\"flat_venue\">Pap\u00edrna Pilsen<\/p><\/div><\/div><div class=\"arrowtable\"><a href=\"#et_entry_6739_1_1_3\" data-toggle=\"collapse\"><\/a><div class=\"clear\"><\/div><\/div><\/div><\/div><div id=\"et_entry_6739_1_1_3\" class=\"panel-collapse collapse schedule_table_details\"><p>A touring exhibition represents the work of Swiss landscape architects from the beginning of the 20th century to the present.\n<br \/>\n<br \/>\n<br \/>\n<a href=\"http:\/\/landscape-festival.cz\/wp-content\/uploads\/2017\/07\/SwissTouch-5.jpg\" title=\"v\u00fdstavaSWISS TOUCH IN LANDSCAPE ARCHITECTURE \/ foto \u00a9 Mat\u011bj Vesel\u00fd\" rel=\"lightbox[reference]\"><img loading=\"lazy\" decoding=\"async\" src=\"http:\/\/landscape-festival.cz\/wp-content\/uploads\/2017\/07\/SwissTouch-5.jpg\" alt=\"\" width=\"200\" height=\"200\" \/><\/a>\n\n<a href=\"http:\/\/landscape-festival.cz\/wp-content\/uploads\/2017\/07\/SwissTouch-4.jpg\" title=\"v\u00fdstavaSWISS TOUCH IN LANDSCAPE ARCHITECTURE \/ foto \u00a9 Mat\u011bj Vesel\u00fd\" rel=\"lightbox[reference]\"><img loading=\"lazy\" decoding=\"async\" src=\"http:\/\/landscape-festival.cz\/wp-content\/uploads\/2017\/07\/SwissTouch-4.jpg\" alt=\"\" width=\"200\" height=\"200\" \/><\/a>\n\n<a href=\"http:\/\/landscape-festival.cz\/wp-content\/uploads\/2017\/07\/SwissTouch-3.jpg\" title=\"v\u00fdstavaSWISS TOUCH IN LANDSCAPE ARCHITECTURE \/ foto \u00a9 Mat\u011bj Vesel\u00fd\" rel=\"lightbox[reference]\"><img loading=\"lazy\" decoding=\"async\" src=\"http:\/\/landscape-festival.cz\/wp-content\/uploads\/2017\/07\/SwissTouch-3.jpg\" alt=\"\" width=\"200\" height=\"200\" \/><\/a>\n\n<a href=\"http:\/\/landscape-festival.cz\/wp-content\/uploads\/2017\/07\/SwissTouch.jpg\" title=\"v\u00fdstavaSWISS TOUCH IN LANDSCAPE ARCHITECTURE \/ foto \u00a9 Mat\u011bj Vesel\u00fd\" rel=\"lightbox[reference]\"><img loading=\"lazy\" decoding=\"async\" src=\"http:\/\/landscape-festival.cz\/wp-content\/uploads\/2017\/07\/SwissTouch.jpg\" alt=\"\" width=\"200\" height=\"200\" \/><\/a>\n\n<a href=\"http:\/\/landscape-festival.cz\/wp-content\/uploads\/2017\/07\/SwissTouch-2.jpg\" title=\"v\u00fdstavaSWISS TOUCH IN LANDSCAPE ARCHITECTURE \/ foto \u00a9 Mat\u011bj Vesel\u00fd\" rel=\"lightbox[reference]\"><img loading=\"lazy\" decoding=\"async\" src=\"http:\/\/landscape-festival.cz\/wp-content\/uploads\/2017\/07\/SwissTouch-2.jpg\" alt=\"\" width=\"200\" height=\"200\" \/><\/a><\/p><\/div><div class=\"mini_gap\"><\/div><div class=\"schedule_table_flat flatphototable\" style=\"background: url(https:\/\/www.landscape-festival.cz\/old\/wp-content\/uploads\/2017\/05\/PP44defa_170955_7347263.jpg);\"><div class=\"tablesize_flat_xbig\"><div class=\"schedule_table_title_flat\"><p class=\"table_title\">PARK OF THE DECADE<\/p><p class=\"table_excerpt\">open air gallery<\/p><\/div><div class=\"schedule_table_flat_speaker\"><\/div><div class=\"schedule_table_time_venue_flat\" ><div class=\"time_left\"><p class=\"flat_time\">19. 5. \u2013 30. 9. \/ outside installation<\/p><p class=\"flat_venue\">\u0160trunc park<\/p><\/div><\/div><div class=\"arrowtable\"><a href=\"#et_entry_6739_1_1_4\" data-toggle=\"collapse\"><\/a><div class=\"clear\"><\/div><\/div><\/div><\/div><div id=\"et_entry_6739_1_1_4\" class=\"panel-collapse collapse schedule_table_details\"><p>The purpose of the retrospective exhibition is to draw attention to the fact that the work of the park creator is never finished. It is necessary to develop parks in a creative way, to regulate them and, above all, to care about them. The opportunity to compete in the Park of the Decade has been given to investors or designers of 24 award-winning works in the Park of the Year competition, organized by the Association for the Establishment and Maintenance of Greenery since 2003. Fifteen parks used this chance and subsequently were judged by a jury. Pilsen was the only city with two representatives - the Borsk\u00fd park and the Ml\u00fdnsk\u00e1 Strouha park.\n<br \/>\n<br \/><a href=\"http:\/\/www.parkdesetileti.cz\/cs\/\"><strong>\u00bb PARK OF THE DECADE<\/strong><\/a>\n<br \/>\n<br \/>\n<br \/>\n<a href=\"http:\/\/landscape-festival.cz\/wp-content\/uploads\/2017\/06\/ParkDesetilet\u00ed-5.jpg\" title=\"v\u00fdstava PARK DESETILET\u00cd foto \u00a9 Mat\u011bj Vesel\u00fd\" rel=\"lightbox[reference]\"><img loading=\"lazy\" decoding=\"async\" src=\"http:\/\/landscape-festival.cz\/wp-content\/uploads\/2017\/06\/ParkDesetilet\u00ed-5.jpg\" alt=\"\" width=\"200\" height=\"200\" \/><\/a>\n\n<a href=\"http:\/\/landscape-festival.cz\/wp-content\/uploads\/2017\/06\/ParkDesetilet\u00ed-2.jpg\" title=\"v\u00fdstava PARK DESETILET\u00cd foto \u00a9 Mat\u011bj Vesel\u00fd\" rel=\"lightbox[reference]\"><img loading=\"lazy\" decoding=\"async\" src=\"http:\/\/landscape-festival.cz\/wp-content\/uploads\/2017\/06\/ParkDesetilet\u00ed-2.jpg\" alt=\"\" width=\"200\" height=\"200\" \/><\/a>\n\n<a href=\"http:\/\/landscape-festival.cz\/wp-content\/uploads\/2017\/06\/ParkDesetilet\u00ed-12.jpg\" title=\"v\u00fdstava PARK DESETILET\u00cd foto \u00a9 Mat\u011bj Vesel\u00fd\" rel=\"lightbox[reference]\"><img loading=\"lazy\" decoding=\"async\" src=\"http:\/\/landscape-festival.cz\/wp-content\/uploads\/2017\/06\/ParkDesetilet\u00ed-12.jpg\" alt=\"\" width=\"200\" height=\"200\" \/><\/a>\n\n<a href=\"http:\/\/landscape-festival.cz\/wp-content\/uploads\/2017\/06\/ParkDesetilet\u00ed-7.jpg\" title=\"v\u00fdstava PARK DESETILET\u00cd foto \u00a9 Mat\u011bj Vesel\u00fd\" rel=\"lightbox[reference]\"><img loading=\"lazy\" decoding=\"async\" src=\"http:\/\/landscape-festival.cz\/wp-content\/uploads\/2017\/06\/ParkDesetilet\u00ed-7.jpg\" alt=\"\" width=\"200\" height=\"200\" \/><\/a>\n<\/p><\/div><div class=\"mini_gap\"><\/div><div class=\"schedule_table_flat flatphototable\" style=\"background: url(https:\/\/www.landscape-festival.cz\/old\/wp-content\/uploads\/2016\/04\/NvHHf0o-Imgur-1024x350.jpg);\"><div class=\"tablesize_flat_xbig\"><div class=\"schedule_table_title_flat\"><p class=\"table_title\">CZECHSCAPE<\/p><p class=\"table_excerpt\">Portrait of contemporary Czech landscaping architecture<\/p><\/div><div class=\"schedule_table_flat_speaker\"><\/div><div class=\"schedule_table_time_venue_flat\" ><div class=\"time_left\"><p class=\"flat_time\">14. 6. \u2013 20. 9. \/ June 14 opening of the exhibition at 6 p.m.<\/p><p class=\"flat_venue\">DEPO2015<\/p><\/div><\/div><div class=\"arrowtable\"><a href=\"#et_entry_6739_1_1_5\" data-toggle=\"collapse\"><\/a><div class=\"clear\"><\/div><\/div><\/div><\/div><div id=\"et_entry_6739_1_1_5\" class=\"panel-collapse collapse schedule_table_details\"><p>The CZECHHSCAPE exhibition presents the theme of contemporary Czech landscaping architecture with generous overlaps into other related disciplines, and in this way it is deliberately crossing the boundaries of a common understanding of this field. The theme is conceived as a complex picture of the landscape itself, the garden space and the urban landscape, as a common architecture under the same sky. The selection represents the work created by today's fully active generation of architects and artists of our time, but at the same time it contains a short comparison with the work of the generation predecessors, which can influence the contemporary creators in various measure and which is naturally developed in their work. The project is documented in a Czech-English publication.\n<br \/>\n<br \/>\n<br \/><strong>PUBLICATION:\n<br \/>CZECHSCAPE<\/strong>\n<br \/>Number of pages: 288\n<br \/>Languages: \u010desko-anglicky\n<br \/>ISBN 978-80-905782-3-4\n<br \/>\n<br \/><strong>Price: 490,-K\u010d \n<br \/>For students: 350,-K\u010d<\/strong>\n<br \/>\n<br \/>The publication can be purchased at DEPO2017 from June 14.\n<br \/>\n<br \/>\n<a href=\"http:\/\/landscape-festival.cz\/wp-content\/uploads\/2017\/06\/67_foto-\u00a9-Matej-Vesely_small.jpg\" title=\"v\u00fdstava CZECHSCAPE \/ DEPO2015 \/ foto \u00a9 Mat\u011bj Vesel\u00fd\" rel=\"lightbox[reference]\"><img loading=\"lazy\" decoding=\"async\" src=\"http:\/\/landscape-festival.cz\/wp-content\/uploads\/2017\/06\/67_foto-\u00a9-Matej-Vesely_small.jpg\" alt=\"\" width=\"200\" height=\"200\" \/><\/a>\n\n<a href=\"http:\/\/landscape-festival.cz\/wp-content\/uploads\/2017\/06\/66_foto-\u00a9-Matej-Vesely_small.jpg\" title=\"v\u00fdstava CZECHSCAPE \/ DEPO2015 \/ foto \u00a9 Mat\u011bj Vesel\u00fd\" rel=\"lightbox[reference]\"><img loading=\"lazy\" decoding=\"async\" src=\"http:\/\/landscape-festival.cz\/wp-content\/uploads\/2017\/06\/66_foto-\u00a9-Matej-Vesely_small.jpg\" alt=\"\" width=\"200\" height=\"200\" \/><\/a>\n\n<a href=\"http:\/\/landscape-festival.cz\/wp-content\/uploads\/2017\/06\/65_foto-\u00a9-Matej-Vesely_small.jpg\" title=\"v\u00fdstava CZECHSCAPE \/ DEPO2015 \/ foto \u00a9 Mat\u011bj Vesel\u00fd\" rel=\"lightbox[reference]\"><img loading=\"lazy\" decoding=\"async\" src=\"http:\/\/landscape-festival.cz\/wp-content\/uploads\/2017\/06\/65_foto-\u00a9-Matej-Vesely_small.jpg\" alt=\"\" width=\"200\" height=\"200\" \/><\/a>\n\n<a href=\"http:\/\/landscape-festival.cz\/wp-content\/uploads\/2017\/06\/33_foto-\u00a9-Matej-Vesely_small.jpg\" title=\"v\u00fdstava CZECHSCAPE \/ DEPO2015 \/ foto \u00a9 Mat\u011bj Vesel\u00fd\" rel=\"lightbox[reference]\"><img loading=\"lazy\" decoding=\"async\" src=\"http:\/\/landscape-festival.cz\/wp-content\/uploads\/2017\/06\/33_foto-\u00a9-Matej-Vesely_small.jpg\" alt=\"\" width=\"200\" height=\"200\" \/><\/a>\n\n<a href=\"http:\/\/landscape-festival.cz\/wp-content\/uploads\/2017\/06\/31_foto-\u00a9-Matej-Vesely_small.jpg\" title=\"v\u00fdstava CZECHSCAPE \/ DEPO2015 \/ foto \u00a9 Mat\u011bj Vesel\u00fd\" rel=\"lightbox[reference]\"><img loading=\"lazy\" decoding=\"async\" src=\"http:\/\/landscape-festival.cz\/wp-content\/uploads\/2017\/06\/31_foto-\u00a9-Matej-Vesely_small.jpg\" alt=\"\" width=\"200\" height=\"200\" \/><\/a><\/p><\/div><div class=\"mini_gap\"><\/div><div class=\"schedule_table_flat flatphototable\" style=\"background: url(https:\/\/www.landscape-festival.cz\/old\/wp-content\/uploads\/2017\/05\/winefood-sirka-1024x350.jpg);\"><div class=\"tablesize_flat_xbig\"><div class=\"schedule_table_title_flat\"><p class=\"table_title\">INDUSTRIAL TOPOGRAPHY: ARCHITECTURE OF CONVERSATION<\/p><p class=\"table_excerpt\"><\/p><\/div><div class=\"schedule_table_flat_speaker\"><\/div><div class=\"schedule_table_time_venue_flat\" ><div class=\"time_left\"><p class=\"flat_time\">14. 6. \u2013 20. 9. \/ June 14 opening of the exhibition at 6 p.m.<\/p><p class=\"flat_venue\">DEPO2015<\/p><\/div><\/div><div class=\"arrowtable\"><a href=\"#et_entry_6739_1_1_6\" data-toggle=\"collapse\"><\/a><div class=\"clear\"><\/div><\/div><\/div><\/div><div id=\"et_entry_6739_1_1_6\" class=\"panel-collapse collapse schedule_table_details\"><p>Hardly has there been anything as interesting as industrial heritage in the previous years, i.e. conversion projects for abandoned warehouses, textiles, factory halls, breweries, ironmongery or power plants. They draw attention to the possibilities, they represent the current topic of architecture and urbanism, they resonate with contemporary tendencies in art. They fill the emptiness that remains after the disappearing industrial age.\n<br \/>\n<br \/><strong>Industrial Topography \/ Architecture of Conversion 2005-2015<\/strong>\n<br \/>Editors: Benjamin Fragner - Vladislava Valch\u00e1\u0159ov\u00e1\n<br \/>\n<br \/>\nRealizations that were included in the Architecture of Conversion summarizing project had to meet demanding criteria in relation to the original usage and value. Projects have been divided by the curator's team according to the newly defined function: from utility buildings (offices, warehouses) or commercial (shops, restaurants), to residential (apartments, hotels), to publicly accessible ones (museums, libraries) and those that are temporarily accessible or used for so-called initiating projects, often associated with culture and other creative disciplines.\n<br \/>\n<br \/>\nThe relics of the Czech industrial past and their meaningful reviving are a constant essential theme of the platform called Industrial Footprints, with which the Architecture of Conversion exhibition is closely related. The exhibition is a part of the Industrial Topography project and is followed by a narrative publication of the same name, mapping the successful transformations of industrial buildings. \"The book is not just a set of spectacular buildings \u2013 it also reflects the social atmosphere in which buildings were changed or still have been changed,\" says Benjamin Fragner, head of the Research Centre for Industrial Heritage at the Czech Technical University in Prague.\n<br \/>\n<br \/>\nWithin the Landscape Festival Pilsen 2017, the exhibition is complemented by examples of Pilsen's successful recent transformations \u2013 Moving Station, DEPO 2015, Pilsen \u2013 station, Techmania and the Old Brewhouse in the Pilsen Urquell brewery.\n<br \/>\n<br \/>\n<br \/><strong>PUBLICATION:\n<br \/>INDUSTRIAL TOPOGRAPHY: CONVERSATION ARCHITECTURE<\/strong>\n<br \/>Author's collaboration: Jan Zikmund, Luk\u00e1\u0161 Beran, Tom\u00e1\u0161 Sk\u0159ivan, Petr Vorl\u00edk\n<br \/>Expert reviewers:  doc. ing. arch. Pavel Hal\u00edk, CSc., FA TUL, Ing. Svatopluk Z\u00eddek, Kolegium pro \n<br \/>Language: \u010desko-anglicky\n<br \/>ISBN 978-80-01-05592-2\n<br \/>\n<br \/><strong>Price: 440,- K\u010d<\/strong>\n<br \/>\n<br \/>The publication can be purchased at DEPO2017 from June 14.\n<br \/>\n<br \/>\n<a href=\"http:\/\/landscape-festival.cz\/wp-content\/uploads\/2017\/06\/70_foto-\u00a9-Matej-Vesely_small.jpg\" title=\"v\u00fdstava INDUSTRI\u00c1LN\u00cd TOPOGRAFIE: ARCHITEKTURA KONVERZ\u00cd \/ DEPO2015 \/ foto \u00a9 Mat\u011bj Vesel\u00fd\" rel=\"lightbox[reference]\"><img loading=\"lazy\" decoding=\"async\" src=\"http:\/\/landscape-festival.cz\/wp-content\/uploads\/2017\/06\/70_foto-\u00a9-Matej-Vesely_small.jpg\" alt=\"\" width=\"200\" height=\"200\" \/><\/a>\n\n<a href=\"http:\/\/landscape-festival.cz\/wp-content\/uploads\/2017\/06\/68_foto-\u00a9-Matej-Vesely_small.jpg\" title=\"v\u00fdstava INDUSTRI\u00c1LN\u00cd TOPOGRAFIE: ARCHITEKTURA KONVERZ\u00cd \/ DEPO2015 \/ foto \u00a9 Mat\u011bj Vesel\u00fd\" rel=\"lightbox[reference]\"><img loading=\"lazy\" decoding=\"async\" src=\"http:\/\/landscape-festival.cz\/wp-content\/uploads\/2017\/06\/68_foto-\u00a9-Matej-Vesely_small.jpg\" alt=\"\" width=\"200\" height=\"200\" \/><\/a>\n\n<a href=\"http:\/\/landscape-festival.cz\/wp-content\/uploads\/2017\/06\/64_foto-\u00a9-Matej-Vesely_small.jpg\" title=\"v\u00fdstava INDUSTRI\u00c1LN\u00cd TOPOGRAFIE: ARCHITEKTURA KONVERZ\u00cd \/ DEPO2015 \/ foto \u00a9 Mat\u011bj Vesel\u00fd\" rel=\"lightbox[reference]\"><img loading=\"lazy\" decoding=\"async\" src=\"http:\/\/landscape-festival.cz\/wp-content\/uploads\/2017\/06\/64_foto-\u00a9-Matej-Vesely_small.jpg\" alt=\"\" width=\"200\" height=\"200\" \/><\/a>\n\n<a href=\"http:\/\/landscape-festival.cz\/wp-content\/uploads\/2017\/06\/63_foto-\u00a9-Matej-Vesely_small.jpg\" title=\"v\u00fdstava INDUSTRI\u00c1LN\u00cd TOPOGRAFIE: ARCHITEKTURA KONVERZ\u00cd \/ DEPO2015 \/ foto \u00a9 Mat\u011bj Vesel\u00fd\" rel=\"lightbox[reference]\"><img loading=\"lazy\" decoding=\"async\" src=\"http:\/\/landscape-festival.cz\/wp-content\/uploads\/2017\/06\/63_foto-\u00a9-Matej-Vesely_small.jpg\" alt=\"\" width=\"200\" height=\"200\" \/><\/a>\n\n<a href=\"http:\/\/landscape-festival.cz\/wp-content\/uploads\/2017\/06\/60_foto-\u00a9-Matej-Vesely_small.jpg\" title=\"Benjamin Fragner \/ v\u00fdstava INDUSTRI\u00c1LN\u00cd TOPOGRAFIE: ARCHITEKTURA KONVERZ\u00cd \/ DEPO2015 \/ foto \u00a9 Mat\u011bj Vesel\u00fd\" rel=\"lightbox[reference]\"><img loading=\"lazy\" decoding=\"async\" src=\"http:\/\/landscape-festival.cz\/wp-content\/uploads\/2017\/06\/60_foto-\u00a9-Matej-Vesely_small.jpg\" alt=\"\" width=\"200\" height=\"200\" \/><\/a>\n\n<a href=\"http:\/\/landscape-festival.cz\/wp-content\/uploads\/2017\/06\/34_foto-\u00a9-Matej-Vesely_small.jpg\" title=\"Benjamin Fragner \/ v\u00fdstava INDUSTRI\u00c1LN\u00cd TOPOGRAFIE: ARCHITEKTURA KONVERZ\u00cd \/ DEPO2015 \/ foto \u00a9 Mat\u011bj Vesel\u00fd\" rel=\"lightbox[reference]\"><img loading=\"lazy\" decoding=\"async\" src=\"http:\/\/landscape-festival.cz\/wp-content\/uploads\/2017\/06\/34_foto-\u00a9-Matej-Vesely_small.jpg\" alt=\"\" width=\"200\" height=\"200\" \/><\/a>\n<\/p><\/div><div class=\"mini_gap\"><\/div><div class=\"schedule_table_flat flatphototable\" style=\"background: url(https:\/\/www.landscape-festival.cz\/old\/wp-content\/uploads\/2017\/06\/27_foto-\u00a9-Matej-Vesely_small-1024x350.jpg);\"><div class=\"tablesize_flat_xbig\"><div class=\"schedule_table_title_flat\"><p class=\"table_title\">NOMADS<\/p><p class=\"table_excerpt\"><\/p><\/div><div class=\"schedule_table_flat_speaker\"><\/div><div class=\"schedule_table_time_venue_flat\" ><div class=\"time_left\"><p class=\"flat_time\">14. 6. \u2013 20. 9. \/ June 14 opening of the exhibition at 6 p.m.<\/p><p class=\"flat_venue\">DEPO2015<\/p><\/div><\/div><div class=\"arrowtable\"><a href=\"#et_entry_6739_1_1_7\" data-toggle=\"collapse\"><\/a><div class=\"clear\"><\/div><\/div><\/div><\/div><div id=\"et_entry_6739_1_1_7\" class=\"panel-collapse collapse schedule_table_details\"><p>The Nomads exhibition focuses on the nomadic way of life, whether it be a matter of choice or necessity. The six caravans in the DEPO2015 courtyard are designed not only to present design, art, but also to offer to the public a place for sleep.\n<br \/>\n<br \/>The theme of the exhibition is not only the Western way of nomadic life but also the lifestyle and conditions of other people on the road, refugees or homeless people. Exhibitions are attended by artists, designers, architects and companies working on the field of outdoor tools, camping or car adjustments.\n<br \/>\n<br \/>\n<a href=\"http:\/\/landscape-festival.cz\/wp-content\/uploads\/2017\/06\/50_foto-\u00a9-Matej-Vesely_small.jpg\" title=\"v\u00fdstava NOM\u00c1DI \/ DEPO2015 \/ foto \u00a9 Mat\u011bj Vesel\u00fd\" rel=\"lightbox[reference]\"><img loading=\"lazy\" decoding=\"async\" src=\"http:\/\/landscape-festival.cz\/wp-content\/uploads\/2017\/06\/50_foto-\u00a9-Matej-Vesely_small.jpg\" alt=\"\" width=\"200\" height=\"200\" \/><\/a>\n\n<a href=\"http:\/\/landscape-festival.cz\/wp-content\/uploads\/2017\/06\/47_foto-\u00a9-Matej-Vesely_small.jpg\" title=\"v\u00fdstava NOM\u00c1DI \/ DEPO2015 \/ foto \u00a9 Mat\u011bj Vesel\u00fd\" rel=\"lightbox[reference]\"><img loading=\"lazy\" decoding=\"async\" src=\"http:\/\/landscape-festival.cz\/wp-content\/uploads\/2017\/06\/47_foto-\u00a9-Matej-Vesely_small.jpg\" alt=\"\" width=\"200\" height=\"200\" \/><\/a>\n\n<a href=\"http:\/\/landscape-festival.cz\/wp-content\/uploads\/2017\/06\/45_foto-\u00a9-Matej-Vesely_small.jpg\" title=\"v\u00fdstava NOM\u00c1DI \/ DEPO2015 \/ foto \u00a9 Mat\u011bj Vesel\u00fd\" rel=\"lightbox[reference]\"><img loading=\"lazy\" decoding=\"async\" src=\"http:\/\/landscape-festival.cz\/wp-content\/uploads\/2017\/06\/45_foto-\u00a9-Matej-Vesely_small.jpg\" alt=\"\" width=\"200\" height=\"200\" \/><\/a>\n\n<a href=\"http:\/\/landscape-festival.cz\/wp-content\/uploads\/2017\/06\/27_foto-\u00a9-Matej-Vesely_small.jpg\" title=\"v\u00fdstava NOM\u00c1DI \/ DEPO2015 \/ foto \u00a9 Mat\u011bj Vesel\u00fd\" rel=\"lightbox[reference]\"><img loading=\"lazy\" decoding=\"async\" src=\"http:\/\/landscape-festival.cz\/wp-content\/uploads\/2017\/06\/27_foto-\u00a9-Matej-Vesely_small.jpg\" alt=\"\" width=\"200\" height=\"200\" \/><\/a>\n\n<a href=\"http:\/\/landscape-festival.cz\/wp-content\/uploads\/2017\/06\/25_foto-\u00a9-Matej-Vesely_small.jpg\" title=\"v\u00fdstava NOM\u00c1DI \/ DEPO2015 \/ foto \u00a9 Mat\u011bj Vesel\u00fd\" rel=\"lightbox[reference]\"><img loading=\"lazy\" decoding=\"async\" src=\"http:\/\/landscape-festival.cz\/wp-content\/uploads\/2017\/06\/25_foto-\u00a9-Matej-Vesely_small.jpg\" alt=\"\" width=\"200\" height=\"200\" \/><\/a>\n\n<a href=\"http:\/\/landscape-festival.cz\/wp-content\/uploads\/2017\/06\/23_foto-\u00a9-Matej-Vesely_small.jpg\" title=\"v\u00fdstava NOM\u00c1DI \/ DEPO2015 \/ foto \u00a9 Mat\u011bj Vesel\u00fd\" rel=\"lightbox[reference]\"><img loading=\"lazy\" decoding=\"async\" src=\"http:\/\/landscape-festival.cz\/wp-content\/uploads\/2017\/06\/23_foto-\u00a9-Matej-Vesely_small.jpg\" alt=\"\" width=\"200\" height=\"200\" \/><\/a>\n<br \/>\n<br \/>\n<a href=\"http:\/\/landscape-festival.cz\/wp-content\/uploads\/2017\/06\/21_foto-\u00a9-Matej-Vesely_small.jpg\" title=\"v\u00fdstava NOM\u00c1DI \/ DEPO2015 \/ foto \u00a9 Mat\u011bj Vesel\u00fd\" rel=\"lightbox[reference]\"><img loading=\"lazy\" decoding=\"async\" src=\"http:\/\/landscape-festival.cz\/wp-content\/uploads\/2017\/06\/21_foto-\u00a9-Matej-Vesely_small.jpg\" alt=\"\" width=\"200\" height=\"200\" \/><\/a>\n\n<a href=\"http:\/\/landscape-festival.cz\/wp-content\/uploads\/2017\/06\/20_foto-\u00a9-Matej-Vesely_small.jpg\" title=\"v\u00fdstava NOM\u00c1DI \/ DEPO2015 \/ foto \u00a9 Mat\u011bj Vesel\u00fd\" rel=\"lightbox[reference]\"><img loading=\"lazy\" decoding=\"async\" src=\"http:\/\/landscape-festival.cz\/wp-content\/uploads\/2017\/06\/20_foto-\u00a9-Matej-Vesely_small.jpg\" alt=\"\" width=\"200\" height=\"200\" \/><\/a>\n\n<a href=\"http:\/\/landscape-festival.cz\/wp-content\/uploads\/2017\/06\/4_foto-\u00a9-Matej-Vesely_small.jpg\" title=\"v\u00fdstava NOM\u00c1DI \/ DEPO2015 \/ foto \u00a9 Mat\u011bj Vesel\u00fd\" rel=\"lightbox[reference]\"><img loading=\"lazy\" decoding=\"async\" src=\"http:\/\/landscape-festival.cz\/wp-content\/uploads\/2017\/06\/4_foto-\u00a9-Matej-Vesely_small.jpg\" alt=\"\" width=\"200\" height=\"200\" \/><\/a>\n\n<a href=\"http:\/\/landscape-festival.cz\/wp-content\/uploads\/2017\/06\/1_foto-\u00a9-Matej-Vesely_small.jpg\" title=\"v\u00fdstava NOM\u00c1DI \/ DEPO2015 \/ foto \u00a9 Mat\u011bj Vesel\u00fd\" rel=\"lightbox[reference]\"><img loading=\"lazy\" decoding=\"async\" src=\"http:\/\/landscape-festival.cz\/wp-content\/uploads\/2017\/06\/1_foto-\u00a9-Matej-Vesely_small.jpg\" alt=\"\" width=\"200\" height=\"200\" \/><\/a>\n<\/p><\/div><div class=\"mini_gap\"><\/div><div class=\"schedule_table_flat flatphototable\" style=\"background: url(https:\/\/www.landscape-festival.cz\/old\/wp-content\/uploads\/2017\/05\/J222-\u0119Howard-Kingsnorth-1024x350.jpg);\"><div class=\"tablesize_flat_xbig\"><div class=\"schedule_table_title_flat\"><p class=\"table_title\">PUBLIC SPACE 16<\/p><p class=\"table_excerpt\">European Prize for Urban Public Space<\/p><\/div><div class=\"schedule_table_flat_speaker\"><\/div><div class=\"schedule_table_time_venue_flat\" ><div class=\"time_left\"><p class=\"flat_time\">14. 6. \u2013 20. 9. \/ June 21 opening of the exhibition at 6.30 p.m.<\/p><p class=\"flat_venue\">DEPO2015<\/p><\/div><\/div><div class=\"arrowtable\"><a href=\"#et_entry_6739_1_1_8\" data-toggle=\"collapse\"><\/a><div class=\"clear\"><\/div><\/div><\/div><\/div><div id=\"et_entry_6739_1_1_8\" class=\"panel-collapse collapse schedule_table_details\"><p>The exhibition will present projects that have won the European Urban Spaces Award, which is initiated by the Centre for Contemporary Culture in Barcelona (CCCB).\n<br \/>\n<br \/><strong>Accompanying program on June 21 in DEPO2015:<\/strong>\n<br \/> \u2022 at 7 p.m. a lecture by DAVID BRAVO and THERESSA OTTO \n<br \/> \u2022 after the lecture there follows DJ Gadjo \n<br \/>\n<br \/>\n<a href=\"http:\/\/landscape-festival.cz\/wp-content\/uploads\/2017\/06\/55_foto-\u00a9-Matej-Vesely_small.jpg\" title=\"v\u00fdstava PUBLIC SPACE 16 \/ DEPO2015 \/ foto \u00a9 Mat\u011bj Vesel\u00fd\" rel=\"lightbox[reference]\"><img loading=\"lazy\" decoding=\"async\" src=\"http:\/\/landscape-festival.cz\/wp-content\/uploads\/2017\/06\/55_foto-\u00a9-Matej-Vesely_small.jpg\" alt=\"\" width=\"200\" height=\"200\" \/><\/a>\n\n<a href=\"http:\/\/landscape-festival.cz\/wp-content\/uploads\/2017\/06\/69_foto-\u00a9-Matej-Vesely_small.jpg\" title=\"v\u00fdstava PUBLIC SPACE 16 \/ DEPO2015 \/ foto \u00a9 Mat\u011bj Vesel\u00fd\" rel=\"lightbox[reference]\"><img loading=\"lazy\" decoding=\"async\" src=\"http:\/\/landscape-festival.cz\/wp-content\/uploads\/2017\/06\/69_foto-\u00a9-Matej-Vesely_small.jpg\" alt=\"\" width=\"200\" height=\"200\" \/><\/a>\n\n<a href=\"http:\/\/landscape-festival.cz\/wp-content\/uploads\/2017\/06\/58_foto-\u00a9-Matej-Vesely_small.jpg\" title=\"v\u00fdstava PUBLIC SPACE 16 \/ DEPO2015 \/ foto \u00a9 Mat\u011bj Vesel\u00fd\" rel=\"lightbox[reference]\"><img loading=\"lazy\" decoding=\"async\" src=\"http:\/\/landscape-festival.cz\/wp-content\/uploads\/2017\/06\/58_foto-\u00a9-Matej-Vesely_small.jpg\" alt=\"\" width=\"200\" height=\"200\" \/><\/a>\n\n<a href=\"http:\/\/landscape-festival.cz\/wp-content\/uploads\/2017\/06\/KBD-23_photo-\u00a9-Matej-Vesely_small.jpg\" title=\"David Bravo \/ v\u00fdstava PUBLIC SPACE 16 \/ DEPO2015 \/ foto \u00a9 Mat\u011bj Vesel\u00fd\" rel=\"lightbox[reference]\"><img loading=\"lazy\" decoding=\"async\" src=\"http:\/\/landscape-festival.cz\/wp-content\/uploads\/2017\/06\/KBD-23_photo-\u00a9-Matej-Vesely_small.jpg\" alt=\"\" width=\"200\" height=\"200\" \/><\/a>\n\n<a href=\"http:\/\/landscape-festival.cz\/wp-content\/uploads\/2017\/06\/KBD-24_photo-\u00a9-Matej-Vesely_small.jpg\" title=\"v\u00fdstava PUBLIC SPACE 16 \/ DEPO2015 \/ foto \u00a9 Mat\u011bj Vesel\u00fd\" rel=\"lightbox[reference]\"><img loading=\"lazy\" decoding=\"async\" src=\"http:\/\/landscape-festival.cz\/wp-content\/uploads\/2017\/06\/KBD-24_photo-\u00a9-Matej-Vesely_small.jpg\" alt=\"\" width=\"200\" height=\"200\" \/><\/a>\n\n<a href=\"http:\/\/landscape-festival.cz\/wp-content\/uploads\/2017\/06\/KBD-25_photo-\u00a9-Matej-Vesely_small.jpg\" title=\"v\u00fdstava PUBLIC SPACE 16 \/ DEPO2015 \/ foto \u00a9 Mat\u011bj Vesel\u00fd\" rel=\"lightbox[reference]\"><img loading=\"lazy\" decoding=\"async\" src=\"http:\/\/landscape-festival.cz\/wp-content\/uploads\/2017\/06\/KBD-25_photo-\u00a9-Matej-Vesely_small.jpg\" alt=\"\" width=\"200\" height=\"200\" \/><\/a><\/p><\/div><div class=\"mini_gap\"><\/div><div class=\"schedule_table_flat flatphototable\" style=\"background: url(https:\/\/www.landscape-festival.cz\/old\/wp-content\/uploads\/2017\/05\/zelena-strecha-cestne-uznani-2015-800x350.jpg);\"><div class=\"tablesize_flat_xbig\"><div class=\"schedule_table_title_flat\"><p class=\"table_title\">GREEN ROOF OF THE YEAR<\/p><p class=\"table_excerpt\">Svaz zakl\u00e1d\u00e1n\u00ed a \u00fadr\u017eby zelen\u011b<\/p><\/div><div class=\"schedule_table_flat_speaker\"><\/div><div class=\"schedule_table_time_venue_flat\" ><div class=\"time_left\"><p class=\"flat_time\">14. 6. \u2013 20. 9.<\/p><p class=\"flat_venue\">DEPO2015<\/p><\/div><\/div><div class=\"arrowtable\"><a href=\"#et_entry_6739_1_1_9\" data-toggle=\"collapse\"><\/a><div class=\"clear\"><\/div><\/div><\/div><\/div><div id=\"et_entry_6739_1_1_9\" class=\"panel-collapse collapse schedule_table_details\"><p>The exhibition presents the results of the three years of the Green roof of the Year competition. It will present the best achievements in recent years in the Czech Republic in the field of greening of roofs, facades and other building structures.\n<br \/>\n<br \/><a href=\"http:\/\/www.zelenestrechy.info\/cs\/\"><strong>\u00bb Green Roofs<\/strong><\/a>\n<br \/>\n<br \/>The exhibition is part of the Exhibition of Superficial Gardens, which will bring visitors closer to the issue of planting the roofs and facades of buildings, with emphasis not only on design and technology, but also on sustainability and the environment.\n<br \/>\n<br \/>\n<br \/>\n<a href=\"http:\/\/landscape-festival.cz\/wp-content\/uploads\/2017\/06\/46_foto-\u00a9-Matej-Vesely_small.jpg\" title=\"v\u00fdstava Zelen\u00e9 st\u0159echy a Povrchn\u00ed zahrady \/ Jakub Hepp \/ foto \u00a9 Mat\u011bj Vesel\u00fd\" rel=\"lightbox[reference]\"><img loading=\"lazy\" decoding=\"async\" src=\"http:\/\/landscape-festival.cz\/wp-content\/uploads\/2017\/06\/46_foto-\u00a9-Matej-Vesely_small.jpg\" alt=\"\" width=\"200\" height=\"200\" \/><\/a>\n\n<a href=\"http:\/\/landscape-festival.cz\/wp-content\/uploads\/2017\/07\/Zahrady.jpg\" title=\"v\u00fdstava Zelen\u00e9 st\u0159echy a Povrchn\u00ed zahrady \/ Jakub Hepp \/ foto \u00a9 Mat\u011bj Vesel\u00fd\" rel=\"lightbox[reference]\"><img loading=\"lazy\" decoding=\"async\" src=\"http:\/\/landscape-festival.cz\/wp-content\/uploads\/2017\/07\/Zahrady.jpg\" alt=\"\" width=\"200\" height=\"200\" \/><\/a>\n\n<a href=\"http:\/\/landscape-festival.cz\/wp-content\/uploads\/2017\/07\/Zahrady-3.jpg\" title=\"v\u00fdstava Zelen\u00e9 st\u0159echy a Povrchn\u00ed zahrady \/ Jakub Hepp \/ foto \u00a9 Mat\u011bj Vesel\u00fd\" rel=\"lightbox[reference]\"><img loading=\"lazy\" decoding=\"async\" src=\"http:\/\/landscape-festival.cz\/wp-content\/uploads\/2017\/07\/Zahrady-3.jpg\" alt=\"\" width=\"200\" height=\"200\" \/><\/a>\n\n<a href=\"http:\/\/landscape-festival.cz\/wp-content\/uploads\/2017\/07\/Zahrady-4.jpg\" title=\"v\u00fdstava Zelen\u00e9 st\u0159echy a Povrchn\u00ed zahrady \/ Jakub Hepp \/ foto \u00a9 Mat\u011bj Vesel\u00fd\" rel=\"lightbox[reference]\"><img loading=\"lazy\" decoding=\"async\" src=\"http:\/\/landscape-festival.cz\/wp-content\/uploads\/2017\/07\/Zahrady-4.jpg\" alt=\"\" width=\"200\" height=\"200\" \/><\/a>\n<\/p><\/div><div class=\"mini_gap\"><\/div><div class=\"schedule_table_flat flatphototable\" style=\"background: url();\"><div class=\"tablesize_flat_xbig\"><div class=\"schedule_table_title_flat\"><p class=\"table_title\">FDU in FN<\/p><p class=\"table_excerpt\">Works of students and teachers of the Faculty of Design and Art in Pilsen Faculty Hospital<\/p><\/div><div class=\"schedule_table_flat_speaker\"><\/div><div class=\"schedule_table_time_venue_flat\" ><div class=\"time_left\"><p class=\"flat_time\">15. 6. \u2013 30. 9. \/ outside installation<\/p><p class=\"flat_venue\">Faculty Hospitals Pilsen-Bory and Lochot\u00edn<\/p><\/div><\/div><div class=\"arrowtable\"><a href=\"#et_entry_6739_1_1_10\" data-toggle=\"collapse\"><\/a><div class=\"clear\"><\/div><\/div><\/div><\/div><div id=\"et_entry_6739_1_1_10\" class=\"panel-collapse collapse schedule_table_details\"><p>In cooperation with the University of West Bohemia, there are selected several locations in both hospital premises where the sculptures of students and teachers of the Ladislav Sutnar Faculty of Design and Art will be persented. The area of the hospital is a public space like any other, but its visitors are more than anyone else longing for a cultivated environment that will let them forget about their worries. Temporary setting of the sculptures changes these places in an open-air gallery.\n<br \/>\n<br \/><a href=\"https:\/\/www.fdu.zcu.cz\/cz\"><strong>\u00bb Fakulta designu a um\u011bn\u00ed Ladislava Sutnara<\/strong><\/a>\n<br \/>\n<br \/>\n<br \/>\n<a href=\"http:\/\/landscape-festival.cz\/wp-content\/uploads\/2017\/07\/FDUinFN-17-1.jpg\" title=\"v\u00fdstava FDU in FN \/ D\u00edla student\u016f a pedagog\u016f FDU v FN Plze\u0148 \/ foto \u00a9 Mat\u011bj Vesel\u00fd\" rel=\"lightbox[reference]\"><img loading=\"lazy\" decoding=\"async\" src=\"http:\/\/landscape-festival.cz\/wp-content\/uploads\/2017\/07\/FDUinFN-17-1.jpg\" alt=\"\" width=\"200\" height=\"200\" \/><\/a>\n\n<a href=\"http:\/\/landscape-festival.cz\/wp-content\/uploads\/2017\/07\/FDUinFN-16-1.jpg\" title=\"v\u00fdstava FDU in FN \/ D\u00edla student\u016f a pedagog\u016f FDU v FN Plze\u0148 \/ foto \u00a9 Mat\u011bj Vesel\u00fd\" rel=\"lightbox[reference]\"><img loading=\"lazy\" decoding=\"async\" src=\"http:\/\/landscape-festival.cz\/wp-content\/uploads\/2017\/07\/FDUinFN-16-1.jpg\" alt=\"\" width=\"200\" height=\"200\" \/><\/a>\n\n<a href=\"http:\/\/landscape-festival.cz\/wp-content\/uploads\/2017\/07\/FDUinFN-19.jpg\" title=\"v\u00fdstava FDU in FN \/ D\u00edla student\u016f a pedagog\u016f FDU v FN Plze\u0148 \/ foto \u00a9 Mat\u011bj Vesel\u00fd\" rel=\"lightbox[reference]\"><img loading=\"lazy\" decoding=\"async\" src=\"http:\/\/landscape-festival.cz\/wp-content\/uploads\/2017\/07\/FDUinFN-19.jpg\" alt=\"\" width=\"200\" height=\"200\" \/><\/a>\n\n<a href=\"http:\/\/landscape-festival.cz\/wp-content\/uploads\/2017\/07\/FDUinFN-13.jpg\" title=\"v\u00fdstava FDU in FN \/ D\u00edla student\u016f a pedagog\u016f FDU v FN Plze\u0148 \/ foto \u00a9 Mat\u011bj Vesel\u00fd\" rel=\"lightbox[reference]\"><img loading=\"lazy\" decoding=\"async\" src=\"http:\/\/landscape-festival.cz\/wp-content\/uploads\/2017\/07\/FDUinFN-13.jpg\" alt=\"\" width=\"200\" height=\"200\" \/><\/a>\n\n<a href=\"http:\/\/landscape-festival.cz\/wp-content\/uploads\/2017\/07\/FDUinFN-17.jpg\" title=\"v\u00fdstava FDU in FN \/ D\u00edla student\u016f a pedagog\u016f FDU v FN Plze\u0148 \/ foto \u00a9 Mat\u011bj Vesel\u00fd\" rel=\"lightbox[reference]\"><img loading=\"lazy\" decoding=\"async\" src=\"http:\/\/landscape-festival.cz\/wp-content\/uploads\/2017\/07\/FDUinFN-17.jpg\" alt=\"\" width=\"200\" height=\"200\" \/><\/a>\n\n<a href=\"http:\/\/landscape-festival.cz\/wp-content\/uploads\/2017\/07\/FDUinFN-12.jpg\" title=\"v\u00fdstava FDU in FN \/ D\u00edla student\u016f a pedagog\u016f FDU v FN Plze\u0148 \/ foto \u00a9 Mat\u011bj Vesel\u00fd\" rel=\"lightbox[reference]\"><img loading=\"lazy\" decoding=\"async\" src=\"http:\/\/landscape-festival.cz\/wp-content\/uploads\/2017\/07\/FDUinFN-12.jpg\" alt=\"\" width=\"200\" height=\"200\" \/><\/a>\n<br \/>\n<br \/>\n<a href=\"http:\/\/landscape-festival.cz\/wp-content\/uploads\/2017\/07\/FDUinFN-16.jpg\" title=\"v\u00fdstava FDU in FN \/ D\u00edla student\u016f a pedagog\u016f FDU v FN Plze\u0148 \/ foto \u00a9 Mat\u011bj Vesel\u00fd\" rel=\"lightbox[reference]\"><img loading=\"lazy\" decoding=\"async\" src=\"http:\/\/landscape-festival.cz\/wp-content\/uploads\/2017\/07\/FDUinFN-16.jpg\" alt=\"\" width=\"200\" height=\"200\" \/><\/a>\n\n<a href=\"http:\/\/landscape-festival.cz\/wp-content\/uploads\/2017\/07\/FDUinFN-3.jpg\" title=\"v\u00fdstava FDU in FN \/ D\u00edla student\u016f a pedagog\u016f FDU v FN Plze\u0148 \/ foto \u00a9 Mat\u011bj Vesel\u00fd\" rel=\"lightbox[reference]\"><img loading=\"lazy\" decoding=\"async\" src=\"http:\/\/landscape-festival.cz\/wp-content\/uploads\/2017\/07\/FDUinFN-3.jpg\" alt=\"\" width=\"200\" height=\"200\" \/><\/a>\n\n<a href=\"http:\/\/landscape-festival.cz\/wp-content\/uploads\/2017\/07\/FDUinFN-4.jpg\" title=\"v\u00fdstava FDU in FN \/ D\u00edla student\u016f a pedagog\u016f FDU v FN Plze\u0148 \/ foto \u00a9 Mat\u011bj Vesel\u00fd\" rel=\"lightbox[reference]\"><img loading=\"lazy\" decoding=\"async\" src=\"http:\/\/landscape-festival.cz\/wp-content\/uploads\/2017\/07\/FDUinFN-4.jpg\" alt=\"\" width=\"200\" height=\"200\" \/><\/a>\n\n<a href=\"http:\/\/landscape-festival.cz\/wp-content\/uploads\/2017\/07\/FDUinFN-5.jpg\" title=\"v\u00fdstava FDU in FN \/ D\u00edla student\u016f a pedagog\u016f FDU v FN Plze\u0148 \/ foto \u00a9 Mat\u011bj Vesel\u00fd\" rel=\"lightbox[reference]\"><img loading=\"lazy\" decoding=\"async\" src=\"http:\/\/landscape-festival.cz\/wp-content\/uploads\/2017\/07\/FDUinFN-5.jpg\" alt=\"\" width=\"200\" height=\"200\" \/><\/a>\n\n<a href=\"http:\/\/landscape-festival.cz\/wp-content\/uploads\/2017\/07\/FDUinFN-1.jpg\" title=\"v\u00fdstava FDU in FN \/ D\u00edla student\u016f a pedagog\u016f FDU v FN Plze\u0148 \/ foto \u00a9 Mat\u011bj Vesel\u00fd\" rel=\"lightbox[reference]\"><img loading=\"lazy\" decoding=\"async\" src=\"http:\/\/landscape-festival.cz\/wp-content\/uploads\/2017\/07\/FDUinFN-1.jpg\" alt=\"\" width=\"200\" height=\"200\" \/><\/a>\n\n<a href=\"http:\/\/landscape-festival.cz\/wp-content\/uploads\/2017\/07\/FDUinFN-2.jpg\" title=\"v\u00fdstava FDU in FN \/ D\u00edla student\u016f a pedagog\u016f FDU v FN Plze\u0148 \/ foto \u00a9 Mat\u011bj Vesel\u00fd\" rel=\"lightbox[reference]\"><img loading=\"lazy\" decoding=\"async\" src=\"http:\/\/landscape-festival.cz\/wp-content\/uploads\/2017\/07\/FDUinFN-2.jpg\" alt=\"\" width=\"200\" height=\"200\" \/><\/a><\/p><\/div><div class=\"mini_gap\"><\/div><div class=\"schedule_table_flat flatphototable\" style=\"background: url(https:\/\/www.landscape-festival.cz\/old\/wp-content\/uploads\/2017\/05\/photo-900x350.jpg);\"><div class=\"tablesize_flat_xbig\"><div class=\"schedule_table_title_flat\"><p class=\"table_title\">PROM\u011aNY FOUNDATION AWARD 2017<\/p><p class=\"table_excerpt\">Presentation of the winner<\/p><\/div><div class=\"schedule_table_flat_speaker\"><\/div><div class=\"schedule_table_time_venue_flat\" ><div class=\"time_left\"><p class=\"flat_time\">21. 6. \u2013 30. 9. \/ outside installation<\/p><p class=\"flat_venue\">Jir\u00e1sek square<\/p><\/div><\/div><div class=\"arrowtable\"><a href=\"#et_entry_6739_1_1_11\" data-toggle=\"collapse\"><\/a><div class=\"clear\"><\/div><\/div><\/div><\/div><div id=\"et_entry_6739_1_1_11\" class=\"panel-collapse collapse schedule_table_details\"><p>Opening of the exhibition of architectural designs from the call of the competition for the renovation of the Jir\u00e1sek Square and the Monastery Gardens in Pilsen.\n<br \/>\n<br \/><strong>Accompanying program:<\/strong>\n<br \/><strong>Particularity of a city<\/strong>\n<br \/> \u2022 4 \u2013 6 p.m. \n<br \/> \u2022 workshop for children\n<br \/>\n<br \/><strong>For more information: <\/strong>\n<br \/><a href=\"http:\/\/www.nadace-promeny.cz\"><strong>\u00bb Nadace prom\u011bny<\/strong><\/a>\n<br \/><a href=\"https:\/\/jiraskovonamesti.plzen.eu\"><strong>\u00bb Jir\u00e1skovo n\u00e1m\u011bst\u00ed<\/strong><\/a>\n<br \/><a href=\"http:\/\/www.pestujprostor.plzne.cz\/\"><strong>\u00bb P\u011bstuj prostor<\/strong><\/a>\n<br \/>\n<br \/>\n<br \/>\n<a href=\"http:\/\/landscape-festival.cz\/wp-content\/uploads\/2017\/07\/vernisaz-jiraskac-nahled-0539.jpg\" title=\"vernis\u00e1\u017e v\u00fdstavy architektonick\u00fdch n\u00e1vrh\u016f z vyzvan\u00e9 sout\u011b\u017ee na \u0159e\u0161en\u00ed obnovy Jir\u00e1skova n\u00e1m\u011bst\u00ed a Kl\u00e1\u0161tern\u00ed zahrady v Plzni \/ foto \u00a9 Filip Komorous\" rel=\"lightbox[reference]\"><img loading=\"lazy\" decoding=\"async\" src=\"http:\/\/landscape-festival.cz\/wp-content\/uploads\/2017\/07\/vernisaz-jiraskac-nahled-0539.jpg\" alt=\"\" width=\"200\" height=\"200\" \/><\/a>\n\n<a href=\"http:\/\/landscape-festival.cz\/wp-content\/uploads\/2017\/07\/vernisaz-jiraskac-nahled-0554.jpg\" title=\"vernis\u00e1\u017e v\u00fdstavy architektonick\u00fdch n\u00e1vrh\u016f z vyzvan\u00e9 sout\u011b\u017ee na \u0159e\u0161en\u00ed obnovy Jir\u00e1skova n\u00e1m\u011bst\u00ed a Kl\u00e1\u0161tern\u00ed zahrady v Plzni \/ foto \u00a9 Filip Komorous\" rel=\"lightbox[reference]\"><img loading=\"lazy\" decoding=\"async\" src=\"http:\/\/landscape-festival.cz\/wp-content\/uploads\/2017\/07\/vernisaz-jiraskac-nahled-0554.jpg\" alt=\"\" width=\"200\" height=\"200\" \/><\/a>\n\n<a href=\"http:\/\/landscape-festival.cz\/wp-content\/uploads\/2017\/07\/vernisaz-jiraskac-nahled-0522.jpg\" title=\"vernis\u00e1\u017e v\u00fdstavy architektonick\u00fdch n\u00e1vrh\u016f z vyzvan\u00e9 sout\u011b\u017ee na \u0159e\u0161en\u00ed obnovy Jir\u00e1skova n\u00e1m\u011bst\u00ed a Kl\u00e1\u0161tern\u00ed zahrady v Plzni \/ foto \u00a9 Filip Komorous\" rel=\"lightbox[reference]\"><img loading=\"lazy\" decoding=\"async\" src=\"http:\/\/landscape-festival.cz\/wp-content\/uploads\/2017\/07\/vernisaz-jiraskac-nahled-0522.jpg\" alt=\"\" width=\"200\" height=\"200\" \/><\/a>\n\n<a href=\"http:\/\/landscape-festival.cz\/wp-content\/uploads\/2017\/07\/vernisaz-jiraskac-nahled-0509.jpg\" title=\"vernis\u00e1\u017e v\u00fdstavy architektonick\u00fdch n\u00e1vrh\u016f z vyzvan\u00e9 sout\u011b\u017ee na \u0159e\u0161en\u00ed obnovy Jir\u00e1skova n\u00e1m\u011bst\u00ed a Kl\u00e1\u0161tern\u00ed zahrady v Plzni \/ foto \u00a9 Filip Komorous\" rel=\"lightbox[reference]\"><img loading=\"lazy\" decoding=\"async\" src=\"http:\/\/landscape-festival.cz\/wp-content\/uploads\/2017\/07\/vernisaz-jiraskac-nahled-0509.jpg\" alt=\"\" width=\"200\" height=\"200\" \/><\/a>\n\n<a href=\"http:\/\/landscape-festival.cz\/wp-content\/uploads\/2017\/07\/vernisaz-jiraskac-nahled-0396.jpg\" title=\"vernis\u00e1\u017e v\u00fdstavy architektonick\u00fdch n\u00e1vrh\u016f z vyzvan\u00e9 sout\u011b\u017ee na \u0159e\u0161en\u00ed obnovy Jir\u00e1skova n\u00e1m\u011bst\u00ed a Kl\u00e1\u0161tern\u00ed zahrady v Plzni \/ foto \u00a9 Filip Komorous\" rel=\"lightbox[reference]\"><img loading=\"lazy\" decoding=\"async\" src=\"http:\/\/landscape-festival.cz\/wp-content\/uploads\/2017\/07\/vernisaz-jiraskac-nahled-0396.jpg\" alt=\"\" width=\"200\" height=\"200\" \/><\/a>\n\n<a href=\"http:\/\/landscape-festival.cz\/wp-content\/uploads\/2017\/07\/vernisaz-jiraskac-nahled-7772.jpg\" title=\"vernis\u00e1\u017e v\u00fdstavy architektonick\u00fdch n\u00e1vrh\u016f z vyzvan\u00e9 sout\u011b\u017ee na \u0159e\u0161en\u00ed obnovy Jir\u00e1skova n\u00e1m\u011bst\u00ed a Kl\u00e1\u0161tern\u00ed zahrady v Plzni \/ foto \u00a9 Filip Komorous\" rel=\"lightbox[reference]\"><img loading=\"lazy\" decoding=\"async\" src=\"http:\/\/landscape-festival.cz\/wp-content\/uploads\/2017\/07\/vernisaz-jiraskac-nahled-7772.jpg\" alt=\"\" width=\"200\" height=\"200\" \/><\/a><\/p><\/div><div class=\"mini_gap\"><\/div><div class=\"schedule_table_flat flatphototable\" style=\"background: url(https:\/\/www.landscape-festival.cz\/old\/wp-content\/uploads\/2017\/07\/IMG_20170720_201227_MarekSivak-2-800x350.jpg);\"><div class=\"tablesize_flat_xbig\"><div class=\"schedule_table_title_flat\"><p class=\"table_title\">SUN WATTER AIR <\/p><p class=\"table_excerpt\">organized by N\u00e1rodopisn\u00e9 muzeum Plze\u0148ska, P\u011bstuj prostor and Maj\u00e1k Plzn\u011b<\/p><\/div><div class=\"schedule_table_flat_speaker\"><\/div><div class=\"schedule_table_time_venue_flat\" ><div class=\"time_left\"><p class=\"flat_time\">21. 7.\u201330. 9. <\/p><p class=\"flat_venue\">M\u011bstsk\u00e1 plov\u00e1rna<\/p><\/div><\/div><div class=\"arrowtable\"><a href=\"#et_entry_6739_1_1_12\" data-toggle=\"collapse\"><\/a><div class=\"clear\"><\/div><\/div><\/div><\/div><div id=\"et_entry_6739_1_1_12\" class=\"panel-collapse collapse schedule_table_details\"><p><br \/><a href=\"\/\/plovarna.plzne.cz\"><strong>\u00bb M\u011bstsk\u00e1 plov\u00e1rna<\/strong><\/a>\n<br \/>\n<br \/>\n<br \/>\n<a href=\"http:\/\/landscape-festival.cz\/wp-content\/uploads\/2017\/07\/170721_plovarenske_dny_8_zuzanaZborilova.jpg\" title=\"v\u00fdstava SLUNCE VODA VZDUCH \/ v\u00fdstavn\u00ed pavilon H3T Architekti \/ foto \u00a9 Zuzana Zbo\u0159ilov\u00e1\" rel=\"lightbox[reference]\"><img loading=\"lazy\" decoding=\"async\" src=\"http:\/\/landscape-festival.cz\/wp-content\/uploads\/2017\/07\/170721_plovarenske_dny_8_zuzanaZborilova.jpg\" alt=\"\" width=\"200\" height=\"200\" \/><\/a>\n\n<a href=\"http:\/\/landscape-festival.cz\/wp-content\/uploads\/2017\/07\/170721_plovarenske_dny_13_zuzanaZborilova.jpg\" title=\"v\u00fdstava SLUNCE VODA VZDUCH \/ v\u00fdstavn\u00ed pavilon H3T Architekti \/ foto \u00a9 Zuzana Zbo\u0159ilov\u00e1\" rel=\"lightbox[reference]\"><img loading=\"lazy\" decoding=\"async\" src=\"http:\/\/landscape-festival.cz\/wp-content\/uploads\/2017\/07\/170721_plovarenske_dny_13_zuzanaZborilova.jpg\" alt=\"\" width=\"200\" height=\"200\" \/><\/a>\n\n<a href=\"http:\/\/landscape-festival.cz\/wp-content\/uploads\/2017\/07\/170721_plovarenske_dny_14_zuzanaZborilova.jpg\" title=\"v\u00fdstava SLUNCE VODA VZDUCH \/ v\u00fdstavn\u00ed pavilon H3T Architekti \/ foto \u00a9 Zuzana Zbo\u0159ilov\u00e1\" rel=\"lightbox[reference]\"><img loading=\"lazy\" decoding=\"async\" src=\"http:\/\/landscape-festival.cz\/wp-content\/uploads\/2017\/07\/170721_plovarenske_dny_14_zuzanaZborilova.jpg\" alt=\"\" width=\"200\" height=\"200\" \/><\/a>\n\n<a href=\"http:\/\/landscape-festival.cz\/wp-content\/uploads\/2017\/07\/170721_plovarenske_dny_12_zuzanaZborilova.jpg\" title=\"v\u00fdstava SLUNCE VODA VZDUCH \/ v\u00fdstavn\u00ed pavilon H3T Architekti \/ foto \u00a9 Zuzana Zbo\u0159ilov\u00e1\" rel=\"lightbox[reference]\"><img loading=\"lazy\" decoding=\"async\" src=\"http:\/\/landscape-festival.cz\/wp-content\/uploads\/2017\/07\/170721_plovarenske_dny_12_zuzanaZborilova.jpg\" alt=\"\" width=\"200\" height=\"200\" \/><\/a>\n\n<a href=\"http:\/\/landscape-festival.cz\/wp-content\/uploads\/2017\/07\/IMG_20170720_201227_MarekSivak.jpg\" title=\"v\u00fdstava SLUNCE VODA VZDUCH \/ v\u00fdstavn\u00ed pavilon H3T Architekti \/ foto \u00a9 Marek Siv\u00e1k\" rel=\"lightbox[reference]\"><img loading=\"lazy\" decoding=\"async\" src=\"http:\/\/landscape-festival.cz\/wp-content\/uploads\/2017\/07\/IMG_20170720_201227_MarekSivak.jpg\" alt=\"\" width=\"200\" height=\"200\" \/><\/a>\n\n<a href=\"http:\/\/landscape-festival.cz\/wp-content\/uploads\/2017\/07\/170721_plovarenske_dny_16_zuzanaZborilova.jpg\" title=\"v\u00fdstava SLUNCE VODA VZDUCH \/ v\u00fdstavn\u00ed pavilon H3T Architekti \/ foto \u00a9 Zuzana Zbo\u0159ilov\u00e1\" rel=\"lightbox[reference]\"><img loading=\"lazy\" decoding=\"async\" src=\"http:\/\/landscape-festival.cz\/wp-content\/uploads\/2017\/07\/170721_plovarenske_dny_16_zuzanaZborilova.jpg\" alt=\"\" width=\"200\" height=\"200\" \/><\/a><\/p><\/div><div class=\"mini_gap\"><\/div><\/div><\/div><\/div>[\/vc_column][\/vc_row]<\/p>\n<\/div>","protected":false},"excerpt":{"rendered":"<p>[vc_row][vc_column][vc_empty_space height=&#8220;50&#8243;][\/vc_column][\/vc_row][vc_row][vc_column][\/vc_column][\/vc_row]<\/p>\n","protected":false},"author":3,"featured_media":0,"parent":6256,"menu_order":0,"comment_status":"closed","ping_status":"closed","template":"fullwidth.php","meta":{"footnotes":""},"class_list":["post-6744","page","type-page","status-publish","hentry",""],"_links":{"self":[{"href":"https:\/\/www.landscape-festival.cz\/old\/wp-json\/wp\/v2\/pages\/6744","targetHints":{"allow":["GET"]}}],"collection":[{"href":"https:\/\/www.landscape-festival.cz\/old\/wp-json\/wp\/v2\/pages"}],"about":[{"href":"https:\/\/www.landscape-festival.cz\/old\/wp-json\/wp\/v2\/types\/page"}],"author":[{"embeddable":true,"href":"https:\/\/www.landscape-festival.cz\/old\/wp-json\/wp\/v2\/users\/3"}],"replies":[{"embeddable":true,"href":"https:\/\/www.landscape-festival.cz\/old\/wp-json\/wp\/v2\/comments?post=6744"}],"version-history":[{"count":3,"href":"https:\/\/www.landscape-festival.cz\/old\/wp-json\/wp\/v2\/pages\/6744\/revisions"}],"predecessor-version":[{"id":6756,"href":"https:\/\/www.landscape-festival.cz\/old\/wp-json\/wp\/v2\/pages\/6744\/revisions\/6756"}],"up":[{"embeddable":true,"href":"https:\/\/www.landscape-festival.cz\/old\/wp-json\/wp\/v2\/pages\/6256"}],"wp:attachment":[{"href":"https:\/\/www.landscape-festival.cz\/old\/wp-json\/wp\/v2\/media?parent=6744"}],"curies":[{"name":"wp","href":"https:\/\/api.w.org\/{rel}","templated":true}]}}