{"id":6261,"date":"2017-06-22T15:25:56","date_gmt":"2017-06-22T14:25:56","guid":{"rendered":"http:\/\/landscape-festival.cz\/?page_id=6261"},"modified":"2017-07-10T11:28:11","modified_gmt":"2017-07-10T10:28:11","slug":"festivals-events","status":"publish","type":"page","link":"https:\/\/www.landscape-festival.cz\/old\/en\/program-2\/festivals-events\/","title":{"rendered":"Festivals and events"},"content":{"rendered":"<div class=\"wpb-content-wrapper\"><p>[vc_row][vc_column][vc_empty_space height=&#8220;50px&#8220;][\/vc_column][\/vc_row][vc_row][vc_column]<div class=\"et-schedules-container  \"><div class=\"schedule_table_inner\"><a href=\"#accordion_1_1\" data-toggle=\"collapse\" class=\"\" aria-expanded=\"true\"><div class=\"schedule_table_header\"><div class=\"schedule_table_header_data\"><p class=\"day\"><\/p><p class=\"month\">MAY-SEPTEMBER<\/p><\/div><div class=\"schedule_table_header_title\"><p>FESTIVALS AND EVENTS<\/p><\/div><div class=\"clear\"><\/div><\/div><\/a><div class=\"collapse tablesss in\" id=\"accordion_1_1\" aria-expanded=\"true\"><div class=\"schedule_table_flat flatphototable\" style=\"background: url(https:\/\/www.landscape-festival.cz\/old\/wp-content\/uploads\/2017\/05\/Panorama_bez_nazvu2-1024x350.jpg);\"><div class=\"tablesize_flat_xbig\"><div class=\"schedule_table_title_flat\"><p class=\"table_title\">RIVERSIDES TO THE WORLD. 0.2<\/p><p class=\"table_excerpt\">organised by k sv\u011btu.<\/p><\/div><div class=\"schedule_table_flat_speaker\"><\/div><div class=\"schedule_table_time_venue_flat\" ><div class=\"time_left\"><p class=\"flat_time\">26. 5. \u2013 30. 6.<\/p><p class=\"flat_venue\">Roudn\u00e1 and Na Po\u0159\u00ed\u010d\u00ed street<\/p><\/div><\/div><div class=\"arrowtable\"><a href=\"#et_entry_6265_1_1_1\" data-toggle=\"collapse\"><\/a><div class=\"clear\"><\/div><\/div><\/div><\/div><div id=\"et_entry_6265_1_1_1\" class=\"panel-collapse collapse schedule_table_details\"><p><strong>Location: left bank of the M\u017ee river from the Roosevelt Bridge to the footbridge and to Roudn\u00e1<\/strong>\n<br \/>\n<br \/> \nRiversides are used as a place for relaxation in many European cities, so why not in Pilsen? There is a river here, there is a place, let us restore it and transform it into a bursting relaxation zone. We have started this, a civil association called \u201ck sv\u011btu\u201d. We perceive the riversides as a unique place suitable for both relax and dynamic free time activities. Our goal is to make the unused public space more attractive in summer and to stir up life in the centre of Pilsen. Cities and settlements were founded at the rivers since the beginnings, and it is natural to use all the spaces around them. The riverside represents a kind of \"a return to the roots\" to the world.\n<br \/>\n<br \/> \nThis year of the festival, which celebrates the phenomenon of rivers in the city centre, moves downstream not only to its location but also its name. The fifth anniversary year, <strong>N\u00e1plavka k sv\u011btu. 0.2.<\/strong>will float towards the left bank of the M\u017ee river between the Roosevelt Bridge and the red footbridge. The change of environment and the planned revitalization of the original site of the festival on the Anglick\u00e9 n\u00e1b\u0159e\u017e\u00ed is a proof of the efforts of this popular summer festival organizers to seize the concept of Pilsen rivers in the city centre and to study their usability. \"In order to attract our fans to the new location as in the previous years, it is important to have a quality program, although it is not a matter of our priority in our effort to raise awareness of Pilsen riversides. This year we decided to focus more on sporting use of this part of the landscape and to provide service to parents who will visit the riverside with their children ... However, repeatedly there will be dancing events or concerts as well, \"says the festival coordinator.\n<br \/> \n<br \/>\n<strong>The N\u00e1plavka k sv\u011btu. 0.2<\/strong> festival starts on Friday May 26, when it will present the Brewstock festival - a handicraft mini-brewery festival with unambiguously high-quality participation not only of Czech but also of foreign stars in the field. At the riverside there will also be a performance in the framework of the <strong>Tanec Praha<\/strong> dance festival and the <strong>Mobili\u00e1\u0159 na n\u00e1plavku<\/strong> workshop within <strong>the Landscape Festival Pilsen 2017<\/strong>.<\/p><\/div><div class=\"mini_gap\"><\/div><div class=\"schedule_table_flat flatphototable\" style=\"background: url(https:\/\/www.landscape-festival.cz\/old\/wp-content\/uploads\/2017\/05\/18237948_1940758192819523_1486001694655771055_o-1024x350.jpg);\"><div class=\"tablesize_flat_xbig\"><div class=\"schedule_table_title_flat\"><p class=\"table_title\">EUROPEAN NEIGHBOUR DAY<\/p><p class=\"table_excerpt\">organized by the Prom\u011bny Foundation, P\u011bstuj prostor, MO Plze\u0148 2 - Slovany, DEPO2015<\/p><\/div><div class=\"schedule_table_flat_speaker\"><\/div><div class=\"schedule_table_time_venue_flat\" ><div class=\"time_left\"><p class=\"flat_time\">27. 5.<\/p><p class=\"flat_venue\">Jir\u00e1sek Square and Monastery Garden<\/p><\/div><\/div><div class=\"arrowtable\"><a href=\"#et_entry_6265_1_1_2\" data-toggle=\"collapse\"><\/a><div class=\"clear\"><\/div><\/div><\/div><\/div><div id=\"et_entry_6265_1_1_2\" class=\"panel-collapse collapse schedule_table_details\"><p><strong>Sightseeing walks, concerts and neighbouring dinners.<\/strong>\n<br \/>\n<br \/><strong>Guided tour of the Monastery Gardens.<\/strong>\n<br \/>\n<br \/><strong>MEMORY II.<\/strong> \n<br \/>\u2022 opening of an outside exhibition with the subtitle \"Jir\u00e1sek Square in memories.\" \n<br \/>\n<br \/>The event is a part of accompanying activities for the public related to the forthcoming renovation of Jir\u00e1sek Square and the Monastery Gardens in Pilsen.\n<br \/>\n<br \/><strong>Further information on:<\/strong>\n<br \/><a href=\"http:\/\/www.nadace-promeny.cz\"><strong>\u00bb Nadace prom\u011bny<\/strong><\/a>\n<br \/><a href=\"https:\/\/jiraskovonamesti.plzen.eu\"><strong>\u00bb Jir\u00e1skovo n\u00e1m\u011bst\u00ed<\/strong><\/a>\n<br \/><a href=\"http:\/\/www.pestujprostor.plzne.cz\/\"><strong>\u00bb P\u011bstuj prostor<\/strong><\/a><\/p><\/div><div class=\"mini_gap\"><\/div><div class=\"schedule_table_flat flatphototable\" style=\"background: url(https:\/\/www.landscape-festival.cz\/old\/wp-content\/uploads\/2017\/05\/green_pantone_384-1024x350.jpg);\"><div class=\"tablesize_flat_xbig\"><div class=\"schedule_table_title_flat\"><p class=\"table_title\">WEEKEND OF OPEN GARDENS<\/p><p class=\"table_excerpt\">organized by P\u011bstuj prostor, NPKK, District of Plze\u0148 2 - Slovany, SZKT, National Heritage Institute<\/p><\/div><div class=\"schedule_table_flat_speaker\"><\/div><div class=\"schedule_table_time_venue_flat\" ><div class=\"time_left\"><p class=\"flat_time\">10. 6. \u2013 11. 6.<\/p><p class=\"flat_venue\">Jir\u00e1sek Square and Monastery Garden<\/p><\/div><\/div><div class=\"arrowtable\"><a href=\"#et_entry_6265_1_1_3\" data-toggle=\"collapse\"><\/a><div class=\"clear\"><\/div><\/div><\/div><\/div><div id=\"et_entry_6265_1_1_3\" class=\"panel-collapse collapse schedule_table_details\"><p>A cultural and educational program for the public in the normally inaccessible Dominican Monastery Garden on the Jir\u00e1sek Square. The aim of the event is to emphasize the upcoming reconstruction of the site. Another part of the event is the outside exhibition MEMORY II, mapping the history of the Jir\u00e1sek Square and the memories of the local inhabitants.\n<br \/>\n<br \/><strong>10\/6 \n<br \/>9.30 a.m. \u2013 5 p.m.\n<br \/>Jir\u00e1sek Square and Monastery Garden\n<br \/>\n<br \/>11\/6 \n<br \/>9.30 a.m. \u2013 4 p.m.\n<br \/>Jir\u00e1sek Square and Monastery Garden<\/strong>\n<br \/>\n<br \/><strong>Further information on:<\/strong>\n<br \/><a href=\"http:\/\/www.vikendotevrenychzahrad.cz\"><strong>\u00bb V\u00edkend otev\u0159en\u00fdch zahrad<\/strong><\/a>\n<br \/><a href=\"http:\/\/www.nadace-promeny.cz\"><strong>\u00bb Nadace prom\u011bny<\/strong><\/a>\n<br \/><a href=\"https:\/\/jiraskovonamesti.plzen.eu\"><strong>\u00bb Jir\u00e1skovo n\u00e1m\u011bst\u00ed<\/strong><\/a>\n<br \/><a href=\"http:\/\/www.pestujprostor.plzne.cz\/\"><strong>\u00bb P\u011bstuj prostor<\/strong><\/a>\n<\/p><\/div><div class=\"mini_gap\"><\/div><div class=\"schedule_table_flat flatphototable\" style=\"background: url(https:\/\/www.landscape-festival.cz\/old\/wp-content\/uploads\/2017\/05\/PlovarenskeDny_IMG_0053_VaclavSvab-1024x350.jpg);\"><div class=\"tablesize_flat_xbig\"><div class=\"schedule_table_title_flat\"><p class=\"table_title\">SWIMMING POOL DAYS 2017<\/p><p class=\"table_excerpt\">organized by P\u011bstuj prostor association<\/p><\/div><div class=\"schedule_table_flat_speaker\"><\/div><div class=\"schedule_table_time_venue_flat\" ><div class=\"time_left\"><p class=\"flat_time\">21. 7. \u2013 22. 7. \/ fr 5 p.m., sa 3 p.m.<\/p><p class=\"flat_venue\">City swimming pool<\/p><\/div><\/div><div class=\"arrowtable\"><a href=\"#et_entry_6265_1_1_4\" data-toggle=\"collapse\"><\/a><div class=\"clear\"><\/div><\/div><\/div><\/div><div id=\"et_entry_6265_1_1_4\" class=\"panel-collapse collapse schedule_table_details\"><p>The 4th year of the traditional big summer event packed with concerts, theatre and workshops for children and grown-ups. The swimming pool days celebrate the long-term improvement of this historical site with the help of local and foreign volunteers. As a part of the program there is the opening of the exhibition about the history of Pilsen swimming pools, prepared in cooperation with the West Bohemian Museum in Pilsen and installed in the Swimming pool pavilion by H3T architects.\n<br \/>\n<br \/><a href=\"\/\/plovarna.plzne.cz\"><strong>\u00bb M\u011bstsk\u00e1 plov\u00e1rna<\/strong><\/a>\n<\/p><\/div><div class=\"mini_gap\"><\/div><div class=\"schedule_table_flat flatphototable\" style=\"background: url(https:\/\/www.landscape-festival.cz\/old\/wp-content\/uploads\/2017\/05\/PESTUJPROSTOR_136-1024x350.jpg);\"><div class=\"tablesize_flat_xbig\"><div class=\"schedule_table_title_flat\"><p class=\"table_title\">PAPER MILL PARK FOR PEOPLE AND CHILDREN<\/p><p class=\"table_excerpt\">organized by P\u011bstuj prostor<\/p><\/div><div class=\"schedule_table_flat_speaker\"><\/div><div class=\"schedule_table_time_venue_flat\" ><div class=\"time_left\"><p class=\"flat_time\">29. 7. od 3 p.m.<\/p><p class=\"flat_venue\">Pap\u00edrensk\u00fd Park, a new access from Habrov\u00e1 Street<\/p><\/div><\/div><div class=\"arrowtable\"><a href=\"#et_entry_6265_1_1_5\" data-toggle=\"collapse\"><\/a><div class=\"clear\"><\/div><\/div><\/div><\/div><div id=\"et_entry_6265_1_1_5\" class=\"panel-collapse collapse schedule_table_details\"><p>A neighbouring event celebrating the opening of the previously inaccessible part of the public park, where many locals and international volunteers participate in the P\u011bstuj proctor association. Let us discover the hidden charm of the historic garden created for the paper mill and enjoy a diverse program for both children and adults.\n<br \/>\n<br \/><a href=\"http:\/\/pestujprostor.plzne.cz\"><strong>\u00bb P\u011bstuj prostor<\/strong><\/a>\n<\/p><\/div><div class=\"mini_gap\"><\/div><div class=\"schedule_table_flat flatphototable\" style=\"background: url(https:\/\/www.landscape-festival.cz\/old\/wp-content\/uploads\/2017\/05\/Tan\u010d\u00edrna4-17-1024x350.jpg);\"><div class=\"tablesize_flat_xbig\"><div class=\"schedule_table_title_flat\"><p class=\"table_title\">DANCING STREETS \u2013 DANCING BALLS WITHIN THE \u017dIV\u00c1 ULICE FESTIVAL<\/p><p class=\"table_excerpt\">organized by ArtProm s.r.o.<\/p><\/div><div class=\"schedule_table_flat_speaker\"><\/div><div class=\"schedule_table_time_venue_flat\" ><div class=\"time_left\"><p class=\"flat_time\">14. 8. \u2013 19. 8. <\/p><p class=\"flat_venue\">Bed\u0159ich Smetana Street<\/p><\/div><\/div><div class=\"arrowtable\"><a href=\"#et_entry_6265_1_1_6\" data-toggle=\"collapse\"><\/a><div class=\"clear\"><\/div><\/div><\/div><\/div><div id=\"et_entry_6265_1_1_6\" class=\"panel-collapse collapse schedule_table_details\"><p>Within the traditional multi-genre event called <strong>\u017div\u00e1 ulice<\/strong>, <strong>Landscape festival Plze\u0148 2017<\/strong> will host an open-air dancing series - <strong>Dancing Street<\/strong>. Accompanied by live music there will be a set of dance workshops that will experiment with the atmosphere and life of a pedestrian street right in the street of the historic centre \u2013 in a very popular \u201cSmetanka\u201d street. Dance masters from <a href=\"http:\/\/afreshdc.wixsite.com\/afresh\/news\"><strong>The Afresh Dance Community<\/strong><\/a> in Pilsen will try to dance up and down the whole street...\n<\/p><\/div><div class=\"mini_gap\"><\/div><div class=\"schedule_table_flat flatphototable\" style=\"background: url(https:\/\/www.landscape-festival.cz\/old\/wp-content\/uploads\/2017\/05\/14361477_1825329864362357_3051510986752925423_o-1024x350.jpg);\"><div class=\"tablesize_flat_xbig\"><div class=\"schedule_table_title_flat\"><p class=\"table_title\">JIR\u00c1SEK SQUARE LIVES<\/p><p class=\"table_excerpt\">organized by the Prom\u011bny Foundation<\/p><\/div><div class=\"schedule_table_flat_speaker\"><\/div><div class=\"schedule_table_time_venue_flat\" ><div class=\"time_left\"><p class=\"flat_time\">9. 9.<\/p><p class=\"flat_venue\">Jir\u00e1sek Square<\/p><\/div><\/div><div class=\"arrowtable\"><a href=\"#et_entry_6265_1_1_7\" data-toggle=\"collapse\"><\/a><div class=\"clear\"><\/div><\/div><\/div><\/div><div id=\"et_entry_6265_1_1_7\" class=\"panel-collapse collapse schedule_table_details\"><p>Within various sports and games the event is linking various groups of inhabitants and visitors to the Pilsen district of Slovany. The aim is also to draw attention to the planned reconstruction of  the Jir\u00e1sek Square and the Monastery Gardens by organizing a public discussion on the winning architectural design.\n<br \/>\n<br \/><strong>Accompanying program:<\/strong>\n<br \/><strong>MEMORY II.<\/strong>\n<br \/>\u2022 an outside exhibition mapping the history of Jir\u00e1sek Square and the memories of the local people\n<br \/>\n<br \/><strong>WE DESIGN A PARK<\/strong>\n<br \/>\u2022 Children's workshop\n<br \/>\n<br \/><strong>Further information on:<\/strong>\n<br \/><a href=\"http:\/\/www.nadace-promeny.cz\"><strong>\u00bb Nadace prom\u011bny<\/strong><\/a>\n<br \/><a href=\"https:\/\/jiraskovonamesti.plzen.eu\"><strong>\u00bb Jir\u00e1skovo n\u00e1m\u011bst\u00ed<\/strong><\/a>\n<br \/><a href=\"http:\/\/www.pestujprostor.plzne.cz\/\"><strong>\u00bb P\u011bstuj prostor<\/strong><\/a><\/p><\/div><div class=\"mini_gap\"><\/div><div class=\"schedule_table_flat flatphototable\" style=\"background: url(https:\/\/www.landscape-festival.cz\/old\/wp-content\/uploads\/2017\/05\/slide_plzen_01-1024x350.jpg);\"><div class=\"tablesize_flat_xbig\"><div class=\"schedule_table_title_flat\"><p class=\"table_title\">THIS CITY PUBLIC SPACE FESTIVAL <\/p><p class=\"table_excerpt\">organized by the P\u011bstuj prostor association <\/p><\/div><div class=\"schedule_table_flat_speaker\"><\/div><div class=\"schedule_table_time_venue_flat\" ><div class=\"time_left\"><p class=\"flat_time\">12. 9. \u2013 16. 9. <\/p><\/div><\/div><div class=\"arrowtable\"><a href=\"#et_entry_6265_1_1_8\" data-toggle=\"collapse\"><\/a><div class=\"clear\"><\/div><\/div><\/div><\/div><div id=\"et_entry_6265_1_1_8\" class=\"panel-collapse collapse schedule_table_details\"><p><strong>Planning workshop March 24\u201326 <\/strong>\n<br \/>\n<br \/><strong>Realization workshop September 12\u201316 <\/strong>\n<br \/>\n<br \/>\nAn architecture and art festival, during which teams of architects, artists and local volunteers will realize 6 unprecedented stimuli for the improvement and enrichment of public space that have been sent by citizens since 2012 to the open call for <strong>P\u011bstuj prostor association<\/strong>.\n<br \/>\n<br \/>The implementation of the festival (September 12\u201316) will accompanied by thematic activities for the general public and will be followed by a series of community events celebrating the transformation of individual places.<\/p><\/div><div class=\"mini_gap\"><\/div><\/div><\/div><\/div>[\/vc_column][\/vc_row]<\/p>\n<\/div>","protected":false},"excerpt":{"rendered":"<p>[vc_row][vc_column][vc_empty_space height=&#8220;50px&#8220;][\/vc_column][\/vc_row][vc_row][vc_column][\/vc_column][\/vc_row]<\/p>\n","protected":false},"author":2,"featured_media":0,"parent":6256,"menu_order":2,"comment_status":"closed","ping_status":"closed","template":"fullwidth.php","meta":{"footnotes":""},"class_list":["post-6261","page","type-page","status-publish","hentry",""],"_links":{"self":[{"href":"https:\/\/www.landscape-festival.cz\/old\/wp-json\/wp\/v2\/pages\/6261","targetHints":{"allow":["GET"]}}],"collection":[{"href":"https:\/\/www.landscape-festival.cz\/old\/wp-json\/wp\/v2\/pages"}],"about":[{"href":"https:\/\/www.landscape-festival.cz\/old\/wp-json\/wp\/v2\/types\/page"}],"author":[{"embeddable":true,"href":"https:\/\/www.landscape-festival.cz\/old\/wp-json\/wp\/v2\/users\/2"}],"replies":[{"embeddable":true,"href":"https:\/\/www.landscape-festival.cz\/old\/wp-json\/wp\/v2\/comments?post=6261"}],"version-history":[{"count":3,"href":"https:\/\/www.landscape-festival.cz\/old\/wp-json\/wp\/v2\/pages\/6261\/revisions"}],"predecessor-version":[{"id":6738,"href":"https:\/\/www.landscape-festival.cz\/old\/wp-json\/wp\/v2\/pages\/6261\/revisions\/6738"}],"up":[{"embeddable":true,"href":"https:\/\/www.landscape-festival.cz\/old\/wp-json\/wp\/v2\/pages\/6256"}],"wp:attachment":[{"href":"https:\/\/www.landscape-festival.cz\/old\/wp-json\/wp\/v2\/media?parent=6261"}],"curies":[{"name":"wp","href":"https:\/\/api.w.org\/{rel}","templated":true}]}}