{"id":5250,"date":"2017-05-03T08:58:38","date_gmt":"2017-05-03T07:58:38","guid":{"rendered":"http:\/\/landscape-festival.cz\/?page_id=5250"},"modified":"2018-06-08T16:50:46","modified_gmt":"2018-06-08T15:50:46","slug":"prednasky","status":"publish","type":"page","link":"https:\/\/www.landscape-festival.cz\/old\/minule-rocniky\/landscape-festival-plzen-2017\/program\/prednasky\/","title":{"rendered":"P\u0159edn\u00e1\u0161ky, debaty"},"content":{"rendered":"<div class=\"wpb-content-wrapper\"><p>[vc_row][vc_column][vc_empty_space height=&#8220;50px&#8220;][\/vc_column][\/vc_row][vc_row][vc_column]<div class=\"et-schedules-container  \"><div class=\"schedule_table_inner\"><a href=\"#accordion_1_1\" data-toggle=\"collapse\" class=\"\" aria-expanded=\"true\"><div class=\"schedule_table_header\"><div class=\"schedule_table_header_data\"><p class=\"day\"><\/p><p class=\"month\">KV\u011aTEN\u2013Z\u00c1\u0158\u00cd<\/p><\/div><div class=\"schedule_table_header_title\"><p>P\u0158EDN\u00c1\u0160KY A DEBATY<\/p><\/div><div class=\"clear\"><\/div><\/div><\/a><div class=\"collapse tablesss in\" id=\"accordion_1_1\" aria-expanded=\"true\"><div class=\"schedule_table_flat flatphototable\" style=\"background: url(https:\/\/www.landscape-festival.cz\/old\/wp-content\/uploads\/2017\/05\/deFlat-_-IMAGES-1024x350.jpg);\"><div class=\"tablesize_flat_xbig\"><div class=\"schedule_table_title_flat\"><p class=\"table_title\">P\u0158EDN\u00c1\u0160KA: NL Architects ve ve\u0159ejn\u00e9m prostoru<\/p><p class=\"table_excerpt\">Kamiele Klaasse<\/p><\/div><div class=\"schedule_table_flat_speaker\"><div class=\"schedule_table_icon\"><div class=\"eventime-speaker-avatar-wrapper\"><img loading=\"lazy\" decoding=\"async\" width=\"150\" height=\"150\" class=\"eventime-speaker-avatar\" src=\"https:\/\/www.landscape-festival.cz\/old\/wp-content\/uploads\/2017\/05\/20160419-KSUF-CAED-news_lectureKamielKlaasseportrait-150x150.jpg\"><\/div><span class=\"eventime-speaker-name\">Kamiel Klaasse<\/span><\/div><div class=\"schedule_table_icon\"><div class=\"eventime-speaker-avatar-wrapper\"><img loading=\"lazy\" decoding=\"async\" width=\"150\" height=\"150\" class=\"eventime-speaker-avatar\" src=\"https:\/\/www.landscape-festival.cz\/old\/wp-content\/uploads\/2016\/02\/adam-gebrian-1-150x150.jpg\"><\/div><span class=\"eventime-speaker-name\">Adam Gebrian<\/span><\/div><\/div><div class=\"schedule_table_time_venue_flat\" ><div class=\"time_left\"><p class=\"flat_time\">19. 5. od 16:00<\/p><p class=\"flat_venue\">Magistr\u00e1t m\u011bsta Plzn\u011b, n\u00e1m\u011bst\u00ed Republiky 1<\/p><\/div><\/div><div class=\"arrowtable\"><a href=\"#et_entry_5278_1_1_1\" data-toggle=\"collapse\"><\/a><div class=\"clear\"><\/div><\/div><\/div><\/div><div id=\"et_entry_5278_1_1_1\" class=\"panel-collapse collapse schedule_table_details\"><p><i>M\u016f\u017ee b\u00fdt humor sou\u010d\u00e1st\u00ed architektonick\u00fdch koncept\u016f?<\/i>\n<br \/><i>Na tuto ot\u00e1zku odpov\u00ed l\u00eddr nizozemsk\u00e9ho studia NL Architects Kamiel Klaasse. Jejich projekty pro ve\u0159ejn\u00fd prostor jsou pln\u00e9 hravosti, neot\u0159el\u00fdch n\u00e1pad\u016f a p\u0159edev\u0161\u00edm inspirac\u00ed  pro investory z ve\u0159ejn\u00e9 spr\u00e1vy po cel\u00e9m sv\u011bt\u011b.<\/i>\n<br \/>\n<br \/><strong>\u010cerstv\u00fd v\u00edt\u011bz nejpresti\u017en\u011bj\u0161\u00ed evropsk\u00e9 ceny Mies van der Rohe Award 2017.<\/strong>\n<br \/>\n<br \/><strong>P\u0159edn\u00e1\u0161ku uv\u00e1d\u00ed Adam Gebrian<\/strong>\n<br \/>\n<br \/><strong>VSTUP ZDARMA<\/strong>\n<br \/>\n<br \/>\n<br \/><a href=\"http:\/\/www.nlarchitects.nl\">\u00bb NL Architects<\/a>\n<br \/>\n<br \/>NL Architects je amsterdamsk\u00e1 architektonick\u00e1 kancel\u00e1\u0159, kterou spole\u010dn\u011b zalo\u017eili <strong>Pieter Bannenberg, Walter van Dijk<\/strong> a <strong>Kamiel Klaasse<\/strong>. Ofici\u00e1ln\u011b otev\u0159eli architektonickou praxi a\u017e v lednu 1997, ale spole\u010dn\u011b pracuj\u00ed ji\u017e od po\u010d\u00e1tku devades\u00e1t\u00fdch let. V\u0161ichni t\u0159i absolvovali Technickou univerzitu v Delftu.\n<br \/>\n<br \/> NL Architects na sebe poprv\u00e9 upozornili v roce 1994 \u00fasp\u011bchem ve studentsk\u00e9 sout\u011b\u017ei Archiprix s projektem Carstadt, kter\u00fd inovativn\u00edm zp\u016fsobem kombinoval obchodn\u00ed d\u016fm a gar\u00e1\u017ee v historick\u00e9m j\u00e1dru Amsterdamu. Od t\u00e9 doby se etablovali jako jedna z nejzaj\u00edmav\u011bj\u0161\u00edch architektonick\u00fdch kancel\u00e1\u0159\u00ed, zda\u0159ile kombinuj\u00edc\u00ed promy\u0161lenost koncept\u016f s humorem.\n<br \/>\n<br \/> Pr\u00e1v\u011b humor je jednou z velk\u00fdch deviz architektonick\u00e9ho v\u00fdzkumu tohoto p\u0159edn\u00edho evropsk\u00e9ho studia. Humor se v architektu\u0159e moc nenos\u00ed, ale pr\u00e1v\u011b NL Architects se d\u00edvaj\u00ed na sou\u010dasnou architekturu a urbanismus \u00fapln\u011b jin\u00fdm prismatem.\n<br \/>\n<br \/>\n<br \/>\n<a href=\"http:\/\/landscape-festival.cz\/wp-content\/uploads\/2017\/06\/IMG_3937.jpg\" title=\"P\u0158EDN\u00c1\u0160KA: NL Architects ve ve\u0159ejn\u00e9m prostoru foto \u00a9 Mat\u011bj Vesel\u00fd\" rel=\"lightbox[reference]\"><img loading=\"lazy\" decoding=\"async\" src=\"http:\/\/landscape-festival.cz\/wp-content\/uploads\/2017\/06\/IMG_3937.jpg\" alt=\"\" width=\"200\" height=\"200\" \/><\/a>\n\n<a href=\"http:\/\/landscape-festival.cz\/wp-content\/uploads\/2017\/06\/LSF-Zah\u00e1jen\u00ed-18_foto-\u00a9-Matej-Vesely.jpg\" title=\"P\u0158EDN\u00c1\u0160KA: NL Architects ve ve\u0159ejn\u00e9m prostoru foto \u00a9 Mat\u011bj Vesel\u00fd\" rel=\"lightbox[reference]\"><img loading=\"lazy\" decoding=\"async\" src=\"http:\/\/landscape-festival.cz\/wp-content\/uploads\/2017\/06\/LSF-Zah\u00e1jen\u00ed-18_foto-\u00a9-Matej-Vesely.jpg\" alt=\"\" width=\"200\" height=\"200\" \/><\/a>\n\n<a href=\"http:\/\/landscape-festival.cz\/wp-content\/uploads\/2017\/06\/LSF-Zah\u00e1jen\u00ed-2_foto-\u00a9-Matej-Vesely.jpg\" title=\"P\u0158EDN\u00c1\u0160KA: NL Architects ve ve\u0159ejn\u00e9m prostoru foto \u00a9 Mat\u011bj Vesel\u00fd\" rel=\"lightbox[reference]\"><img loading=\"lazy\" decoding=\"async\" src=\"http:\/\/landscape-festival.cz\/wp-content\/uploads\/2017\/06\/LSF-Zah\u00e1jen\u00ed-2_foto-\u00a9-Matej-Vesely.jpg\" alt=\"\" width=\"200\" height=\"200\" \/><\/a>\n\n<a href=\"http:\/\/landscape-festival.cz\/wp-content\/uploads\/2017\/06\/LSF-Zah\u00e1jen\u00ed-5_foto-\u00a9-Matej-Vesely.jpg\" title=\"P\u0158EDN\u00c1\u0160KA: NL Architects ve ve\u0159ejn\u00e9m prostoru foto \u00a9 Mat\u011bj Vesel\u00fd\" rel=\"lightbox[reference]\"><img loading=\"lazy\" decoding=\"async\" src=\"http:\/\/landscape-festival.cz\/wp-content\/uploads\/2017\/06\/LSF-Zah\u00e1jen\u00ed-5_foto-\u00a9-Matej-Vesely.jpg\" alt=\"\" width=\"200\" height=\"200\" \/><\/a>\n\n<a href=\"http:\/\/landscape-festival.cz\/wp-content\/uploads\/2017\/06\/LSF-Zah\u00e1jen\u00ed-8_foto-\u00a9-Matej-Vesely.jpg\" title=\"P\u0158EDN\u00c1\u0160KA: NL Architects ve ve\u0159ejn\u00e9m prostoru foto \u00a9 Mat\u011bj Vesel\u00fd\" rel=\"lightbox[reference]\"><img loading=\"lazy\" decoding=\"async\" src=\"http:\/\/landscape-festival.cz\/wp-content\/uploads\/2017\/06\/LSF-Zah\u00e1jen\u00ed-8_foto-\u00a9-Matej-Vesely.jpg\" alt=\"\" width=\"200\" height=\"200\" \/><\/a>\n\n<a href=\"http:\/\/landscape-festival.cz\/wp-content\/uploads\/2017\/06\/LSF-Zah\u00e1jen\u00ed-9_foto-\u00a9-Matej-Vesely.jpg\" title=\"P\u0158EDN\u00c1\u0160KA: NL Architects ve ve\u0159ejn\u00e9m prostoru foto \u00a9 Mat\u011bj Vesel\u00fd\" rel=\"lightbox[reference]\"><img loading=\"lazy\" decoding=\"async\" src=\"http:\/\/landscape-festival.cz\/wp-content\/uploads\/2017\/06\/LSF-Zah\u00e1jen\u00ed-9_foto-\u00a9-Matej-Vesely.jpg\" alt=\"\" width=\"200\" height=\"200\" \/><\/a>\n<br \/>\n<br \/>\n<a href=\"http:\/\/landscape-festival.cz\/wp-content\/uploads\/2017\/06\/LSF-Zah\u00e1jen\u00ed-13_foto-\u00a9-Matej-Vesely.jpg\" title=\"P\u0158EDN\u00c1\u0160KA: NL Architects ve ve\u0159ejn\u00e9m prostoru foto \u00a9 Mat\u011bj Vesel\u00fd\" rel=\"lightbox[reference]\"><img loading=\"lazy\" decoding=\"async\" src=\"http:\/\/landscape-festival.cz\/wp-content\/uploads\/2017\/06\/LSF-Zah\u00e1jen\u00ed-13_foto-\u00a9-Matej-Vesely.jpg\" alt=\"\" width=\"200\" height=\"200\" \/><\/a>\n\n<a href=\"http:\/\/landscape-festival.cz\/wp-content\/uploads\/2017\/06\/LSF-Zah\u00e1jen\u00ed-16_foto-\u00a9-Matej-Vesely.jpg\" title=\"P\u0158EDN\u00c1\u0160KA: NL Architects ve ve\u0159ejn\u00e9m prostoru foto \u00a9 Mat\u011bj Vesel\u00fd\" rel=\"lightbox[reference]\"><img loading=\"lazy\" decoding=\"async\" src=\"http:\/\/landscape-festival.cz\/wp-content\/uploads\/2017\/06\/LSF-Zah\u00e1jen\u00ed-16_foto-\u00a9-Matej-Vesely.jpg\" alt=\"\" width=\"200\" height=\"200\" \/><\/a>\n\n<a href=\"http:\/\/landscape-festival.cz\/wp-content\/uploads\/2017\/06\/LSF-Zah\u00e1jen\u00ed-17_foto-\u00a9-Matej-Vesely.jpg\" title=\"P\u0158EDN\u00c1\u0160KA: NL Architects ve ve\u0159ejn\u00e9m prostoru foto \u00a9 Mat\u011bj Vesel\u00fd\" rel=\"lightbox[reference]\"><img loading=\"lazy\" decoding=\"async\" src=\"http:\/\/landscape-festival.cz\/wp-content\/uploads\/2017\/06\/LSF-Zah\u00e1jen\u00ed-17_foto-\u00a9-Matej-Vesely.jpg\" alt=\"\" width=\"200\" height=\"200\" \/><\/a>\n\n<a href=\"http:\/\/landscape-festival.cz\/wp-content\/uploads\/2017\/06\/IMG_3919.jpg\" title=\"P\u0158EDN\u00c1\u0160KA: NL Architects ve ve\u0159ejn\u00e9m prostoru foto \u00a9 Mat\u011bj Vesel\u00fd\" rel=\"lightbox[reference]\"><img loading=\"lazy\" decoding=\"async\" src=\"http:\/\/landscape-festival.cz\/wp-content\/uploads\/2017\/06\/IMG_3919.jpg\" alt=\"\" width=\"200\" height=\"200\" \/><\/a>\n\n<\/p><\/div><div class=\"mini_gap\"><\/div><div class=\"schedule_table_flat flatphototable\" style=\"background: url(https:\/\/www.landscape-festival.cz\/old\/wp-content\/uploads\/2017\/05\/\u0159eka-Radbuza-1024x350.jpg);\"><div class=\"tablesize_flat_xbig\"><div class=\"schedule_table_title_flat\"><p class=\"table_title\">DEBATA: Krajina ve m\u011bst\u011b<\/p><p class=\"table_excerpt\">moderuje Petr Kl\u00edma<\/p><\/div><div class=\"schedule_table_flat_speaker\"><div class=\"schedule_table_icon\"><div class=\"eventime-speaker-avatar-wrapper\"><img loading=\"lazy\" decoding=\"async\" width=\"150\" height=\"150\" class=\"eventime-speaker-avatar\" src=\"https:\/\/www.landscape-festival.cz\/old\/wp-content\/uploads\/2016\/02\/498917-original1-xl0gf-150x150.jpg\"><\/div><span class=\"eventime-speaker-name\">Petr Kl\u00edma<\/span><\/div><\/div><div class=\"schedule_table_time_venue_flat\" ><div class=\"time_left\"><p class=\"flat_time\">31. 5. od 19:00<\/p><p class=\"flat_venue\">M\u011bstsk\u00e1 plov\u00e1rna<\/p><\/div><\/div><div class=\"arrowtable\"><a href=\"#et_entry_5278_1_1_2\" data-toggle=\"collapse\"><\/a><div class=\"clear\"><\/div><\/div><\/div><\/div><div id=\"et_entry_5278_1_1_2\" class=\"panel-collapse collapse schedule_table_details\"><p>Typick\u00e9 t\u00e9ma Landscape festivalu bude otev\u0159eno v r\u00e1mci debatn\u00edho ve\u010dera za \u00fa\u010dasti architekt\u016f, krajin\u00e1\u0159\u016f, ale i z\u00e1stupc\u016f z ve\u0159ejn\u00e9 spr\u00e1vy. Diskutovat se bude o kontinuit\u011b projekt\u016f pro Plze\u0148 z p\u0159edchoz\u00edch let, o m\u011bstsk\u00e9 krajin\u011b z hlediska rekrea\u010dn\u00edho vyu\u017eit\u00ed, ale i o krajin\u011b industri\u00e1ln\u00ed, kter\u00e1 je pro Plze\u0148 tolik typick\u00e1. \n<br \/>\n<br \/>Ve\u010derem bude prov\u00e1zet plze\u0148sk\u00fd rod\u00e1k, fanou\u0161ek a teoretik architektury Petr Kl\u00edma. \n<br \/>\n<br \/>\n<br \/>\n<a href=\"http:\/\/landscape-festival.cz\/wp-content\/uploads\/2017\/06\/Prvn\u00edDebata-5.jpg\" title=\"DEBATA: Krajina ve m\u011bst\u011b foto \u00a9 Mat\u011bj Vesel\u00fd\" rel=\"lightbox[reference]\"><img loading=\"lazy\" decoding=\"async\" src=\"http:\/\/landscape-festival.cz\/wp-content\/uploads\/2017\/06\/Prvn\u00edDebata-5.jpg\" alt=\"\" width=\"200\" height=\"200\" \/><\/a>\n\n<a href=\"http:\/\/landscape-festival.cz\/wp-content\/uploads\/2017\/06\/Prvn\u00edDebata-3.jpg\" title=\"DEBATA: Krajina ve m\u011bst\u011b foto \u00a9 Mat\u011bj Vesel\u00fd\" rel=\"lightbox[reference]\"><img loading=\"lazy\" decoding=\"async\" src=\"http:\/\/landscape-festival.cz\/wp-content\/uploads\/2017\/06\/Prvn\u00edDebata-3.jpg\" alt=\"\" width=\"200\" height=\"200\" \/><\/a>\n\n<a href=\"http:\/\/landscape-festival.cz\/wp-content\/uploads\/2017\/06\/Prvn\u00edDebata-2.jpg\" title=\"DEBATA: Krajina ve m\u011bst\u011b foto \u00a9 Mat\u011bj Vesel\u00fd\" rel=\"lightbox[reference]\"><img loading=\"lazy\" decoding=\"async\" src=\"http:\/\/landscape-festival.cz\/wp-content\/uploads\/2017\/06\/Prvn\u00edDebata-2.jpg\" alt=\"\" width=\"200\" height=\"200\" \/><\/a>\n\n<a href=\"http:\/\/landscape-festival.cz\/wp-content\/uploads\/2017\/06\/Prvn\u00edDebata-1.jpg\" title=\"DEBATA: Krajina ve m\u011bst\u011b foto \u00a9 Mat\u011bj Vesel\u00fd\" rel=\"lightbox[reference]\"><img loading=\"lazy\" decoding=\"async\" src=\"http:\/\/landscape-festival.cz\/wp-content\/uploads\/2017\/06\/Prvn\u00edDebata-1.jpg\" alt=\"\" width=\"200\" height=\"200\" \/><\/a>\n\n<a href=\"http:\/\/landscape-festival.cz\/wp-content\/uploads\/2017\/06\/Prvn\u00edDebata-7.jpg\" title=\"DEBATA: Krajina ve m\u011bst\u011b foto \u00a9 Mat\u011bj Vesel\u00fd\" rel=\"lightbox[reference]\"><img loading=\"lazy\" decoding=\"async\" src=\"http:\/\/landscape-festival.cz\/wp-content\/uploads\/2017\/06\/Prvn\u00edDebata-7.jpg\" alt=\"\" width=\"200\" height=\"200\" \/><\/a>\n\n<a href=\"http:\/\/landscape-festival.cz\/wp-content\/uploads\/2017\/06\/Prvn\u00edDebata-6.jpg\" title=\"DEBATA: Krajina ve m\u011bst\u011b foto \u00a9 Mat\u011bj Vesel\u00fd\" rel=\"lightbox[reference]\"><img loading=\"lazy\" decoding=\"async\" src=\"http:\/\/landscape-festival.cz\/wp-content\/uploads\/2017\/06\/Prvn\u00edDebata-6.jpg\" alt=\"\" width=\"200\" height=\"200\" \/><\/a><\/p><\/div><div class=\"mini_gap\"><\/div><div class=\"schedule_table_flat flatphototable\" style=\"background: url(https:\/\/www.landscape-festival.cz\/old\/wp-content\/uploads\/2017\/05\/eunic-ROM-otevrena-festivalova-arena-Rakousko-c-Hertha-Hurnaus-1024x350.jpg);\"><div class=\"tablesize_flat_xbig\"><div class=\"schedule_table_title_flat\"><p class=\"table_title\">P\u0158EDN\u00c1\u0160KA: PUBLIC SPACE<\/p><p class=\"table_excerpt\">David Bravo \/ES\/, Theressa Otto \/PT\/ <\/p><\/div><div class=\"schedule_table_flat_speaker\"><\/div><div class=\"schedule_table_time_venue_flat\" ><div class=\"time_left\"><p class=\"flat_time\">21. 6. od 19:30<\/p><p class=\"flat_venue\">DEPO2015<\/p><\/div><\/div><div class=\"arrowtable\"><a href=\"#et_entry_5278_1_1_3\" data-toggle=\"collapse\"><\/a><div class=\"clear\"><\/div><\/div><\/div><\/div><div id=\"et_entry_5278_1_1_3\" class=\"panel-collapse collapse schedule_table_details\"><p><a href=\"http:\/\/landscape-festival.cz\/wp-content\/uploads\/2017\/06\/KBD-25_photo-\u00a9-Matej-Vesely_small.jpg\" title=\"p\u0159edn\u00e1\u0161ka Davida Brava a Theressy Otto \/ DEPO2015 \/ foto \u00a9 Mat\u011bj Vesel\u00fd\" rel=\"lightbox[reference]\"><img loading=\"lazy\" decoding=\"async\" src=\"http:\/\/landscape-festival.cz\/wp-content\/uploads\/2017\/06\/KBD-25_photo-\u00a9-Matej-Vesely_small.jpg\" alt=\"\" width=\"200\" height=\"200\" \/><\/a>\n\n<a href=\"http:\/\/landscape-festival.cz\/wp-content\/uploads\/2017\/06\/KBD-29_photo-\u00a9-Matej-Vesely_small.jpg\" title=\"p\u0159edn\u00e1\u0161ka Davida Brava a Theressy Otto \/ DEPO2015 \/ foto \u00a9 Mat\u011bj Vesel\u00fd\" rel=\"lightbox[reference]\"><img loading=\"lazy\" decoding=\"async\" src=\"http:\/\/landscape-festival.cz\/wp-content\/uploads\/2017\/06\/KBD-29_photo-\u00a9-Matej-Vesely_small.jpg\" alt=\"\" width=\"200\" height=\"200\" \/><\/a>\n\n<a href=\"http:\/\/landscape-festival.cz\/wp-content\/uploads\/2017\/06\/KBD-26_photo-\u00a9-Matej-Vesely_small.jpg\" title=\"p\u0159edn\u00e1\u0161ka Davida Brava a Theressy Otto \/ DEPO2015 \/ foto \u00a9 Mat\u011bj Vesel\u00fd\" rel=\"lightbox[reference]\"><img loading=\"lazy\" decoding=\"async\" src=\"http:\/\/landscape-festival.cz\/wp-content\/uploads\/2017\/06\/KBD-26_photo-\u00a9-Matej-Vesely_small.jpg\" alt=\"\" width=\"200\" height=\"200\" \/><\/a>\n\n<a href=\"http:\/\/landscape-festival.cz\/wp-content\/uploads\/2017\/06\/KBD-30_photo-\u00a9-Matej-Vesely_small.jpg\" title=\"p\u0159edn\u00e1\u0161ka Davida Brava a Theressy Otto \/ DEPO2015 \/ foto \u00a9 Mat\u011bj Vesel\u00fd\" rel=\"lightbox[reference]\"><img loading=\"lazy\" decoding=\"async\" src=\"http:\/\/landscape-festival.cz\/wp-content\/uploads\/2017\/06\/KBD-30_photo-\u00a9-Matej-Vesely_small.jpg\" alt=\"\" width=\"200\" height=\"200\" \/><\/a>\n\n<a href=\"http:\/\/landscape-festival.cz\/wp-content\/uploads\/2017\/06\/KBD-32_photo-\u00a9-Matej-Vesely_small.jpg\" title=\"p\u0159edn\u00e1\u0161ka Davida Brava a Theressy Otto \/ DEPO2015 \/ foto \u00a9 Mat\u011bj Vesel\u00fd\" rel=\"lightbox[reference]\"><img loading=\"lazy\" decoding=\"async\" src=\"http:\/\/landscape-festival.cz\/wp-content\/uploads\/2017\/06\/KBD-32_photo-\u00a9-Matej-Vesely_small.jpg\" alt=\"\" width=\"200\" height=\"200\" \/><\/a>\n\n<a href=\"http:\/\/landscape-festival.cz\/wp-content\/uploads\/2017\/06\/KBD-31_photo-\u00a9-Matej-Vesely_small.jpg\" title=\"p\u0159edn\u00e1\u0161ka Davida Brava a Theressy Otto \/ DEPO2015 \/ foto \u00a9 Mat\u011bj Vesel\u00fd\" rel=\"lightbox[reference]\"><img loading=\"lazy\" decoding=\"async\" src=\"http:\/\/landscape-festival.cz\/wp-content\/uploads\/2017\/06\/KBD-31_photo-\u00a9-Matej-Vesely_small.jpg\" alt=\"\" width=\"200\" height=\"200\" \/><\/a>\n<\/p><\/div><div class=\"mini_gap\"><\/div><div class=\"schedule_table_flat flatphototable\" style=\"background: url(https:\/\/www.landscape-festival.cz\/old\/wp-content\/uploads\/2017\/05\/17_Eye-in-Stone-photo-C-Filip-Slapal-1024x350.jpg);\"><div class=\"tablesize_flat_xbig\"><div class=\"schedule_table_title_flat\"><p class=\"table_title\">Prom\u00edt\u00e1n\u00ed dokumentu: ARTSCAPE NORWAY<\/p><p class=\"table_excerpt\"><\/p><\/div><div class=\"schedule_table_flat_speaker\"><\/div><div class=\"schedule_table_time_venue_flat\" ><div class=\"time_left\"><p class=\"flat_time\">12. 8. od 21:30<\/p><p class=\"flat_venue\">Proluka, m\u011bstsk\u00e9 sady<\/p><\/div><\/div><div class=\"arrowtable\"><a href=\"#et_entry_5278_1_1_4\" data-toggle=\"collapse\"><\/a><div class=\"clear\"><\/div><\/div><\/div><\/div><div id=\"et_entry_5278_1_1_4\" class=\"panel-collapse collapse schedule_table_details\"><p>V r\u00e1mci festivalu \u017dIV\u00c1 ULICE.\n<br \/><br \/>\nP\u0159esahy v\u00fdtvarn\u00fdch aspekt\u016f do ve\u0159ejn\u00e9ho prostoru a krajiny v Norsku jako inspirace pro \u010ceskou Republiku.\nProjekt podpo\u0159en\u00fd v r\u00e1mci EHP, program CZ 06 \u2013 kulturn\u00ed d\u011bdictv\u00ed a sou\u010dasn\u00e9 um\u011bn\u00ed. Podpo\u0159eno grantem z Islandu, Lichten\u0161tejnska a Norska.\n<br \/><br \/>\nPrezentace ojedin\u011bl\u00e9ho p\u0159\u00edstupu vyu\u017eit\u00ed sou\u010dasn\u00e9ho v\u00fdtvarn\u00e9ho um\u011bn\u00ed v r\u00e1mci zp\u0159\u00edstupn\u011bn\u00ed v\u00fdjime\u010dn\u00fdch lokalit na \u00fazem\u00ed Norska\n<br \/>\n\u2022 citliv\u00fd dialog um\u011bn\u00ed a krajiny\n<br \/>\n\u2022 kultura versus p\u0159\u00edroda, um\u011bleck\u00e9 intervence do materie p\u0159\u00edrody\n<br \/>\n\u2022 architektura jako sou\u010d\u00e1st um\u011bn\u00ed.. jako um\u011bleck\u00fd artefakt..nov\u00e1 estetick\u00e1 funkce\n<br \/>\n\u2022 architektonick\u00e9 prvky na pomez\u00ed architektury a um\u011bn\u00ed s estetickou kvalitou\n<br \/>\n\u2022putov\u00e1n\u00ed za um\u011bn\u00edm a krajinou \u2013 jin\u00fd pohled na krajinu\n <br \/><br \/>\nNorsk\u00e9 kr\u00e1lovstv\u00ed dlouhodob\u011b rozv\u00edj\u00ed p\u00e9\u010di o svou kulturn\u00ed krajinu a ve\u0159ejn\u00fd prostor prost\u0159ednictv\u00edm podpory a realizace unik\u00e1tn\u00edch v\u00fdtvarn\u00fdch a architektonick\u00fdch po\u010din\u016f, kter\u00e9 zkvalit\u0148uj\u00ed \u017eivot nejenom m\u00edstn\u00edm komunit\u00e1m, ale tak\u00e9 zahrani\u010dn\u00edm n\u00e1v\u0161t\u011bvn\u00edk\u016fm Norska. Nap\u0159. Norsk\u00e9 turistick\u00e9 trasy jsou projektem, kter\u00fd se stal fenom\u00e9nem v sou\u010dasn\u00e9 sv\u011btov\u00e9 architektu\u0159e, vizu\u00e1ln\u00edm um\u011bn\u00ed a v p\u0159\u00edstupu k modern\u00edmu a udr\u017eiteln\u00e9mu pojet\u00ed kulturn\u00ed krajiny a nab\u00edzen\u00fdch slu\u017eeb. Jde o site specific instalace vytvo\u0159en\u00e9 pro konkr\u00e9tn\u00ed m\u00edsto, kter\u00e9 pracuj\u00ed s konkr\u00e9tn\u00edm geniem loci. Jej\u00ed sou\u010d\u00e1st\u00ed jsou i drobn\u00e9 architektury, kter\u00e9 zp\u0159\u00edstup\u0148uj\u00ed norskou krajinu a maj\u00ed nezanedbatelnou estetickou funkci v souzn\u011bn\u00ed s p\u0159\u00edrodn\u00ed mat\u00e9ri\u00ed dan\u00e9 lokality.  NTR se staly multiplik\u00e1torem lok\u00e1ln\u00edch aktivit, kulturn\u00edch slu\u017eeb a celkov\u00e9 kulturn\u00ed, ekologick\u00e9 a soci\u00e1ln\u00ed udr\u017eitelnosti. P\u0159edstavuj\u00ed tak zcela unik\u00e1tn\u00ed tv\u016fr\u010d\u00ed linku:\n<br \/><br \/>\n\u201enov\u00e9 vztahy \u2013 nov\u00e9 situace \u2013 nov\u00fd kontext \u2013 nov\u00fd p\u0159\u00edb\u011bh\u201c\n<br \/><br \/>\nre\u017eie dokumentu\/  JAN STREJCOVSK\u00dd\nsc\u00e9n\u00e1\u0159\/ DAN MERTA\nkamera\/ FILIP MAREK\ndramaturgie\/ KRIST\u00ddNA STREJCOVSK\u00c1, MICHAL B\u00d6HM\nprodukce\/ GALERIE JAROSLAVA FRAGNERA<\/p><\/div><div class=\"mini_gap\"><\/div><div class=\"schedule_table_flat flatphototable\" style=\"background: url(https:\/\/www.landscape-festival.cz\/old\/wp-content\/uploads\/2016\/04\/katedrala_s_kasnou_EXPO_Vanes1-1024x350.jpg);\"><div class=\"tablesize_flat_xbig\"><div class=\"schedule_table_title_flat\"><p class=\"table_title\">DEBATA: P\u011b\u0161\u00ed z\u00f3ny<\/p><p class=\"table_excerpt\">moderuje Petr Kl\u00edma<\/p><\/div><div class=\"schedule_table_flat_speaker\"><div class=\"schedule_table_icon\"><div class=\"eventime-speaker-avatar-wrapper\"><img loading=\"lazy\" decoding=\"async\" width=\"150\" height=\"150\" class=\"eventime-speaker-avatar\" src=\"https:\/\/www.landscape-festival.cz\/old\/wp-content\/uploads\/2016\/02\/498917-original1-xl0gf-150x150.jpg\"><\/div><span class=\"eventime-speaker-name\">Petr Kl\u00edma<\/span><\/div><\/div><div class=\"schedule_table_time_venue_flat\" ><div class=\"time_left\"><p class=\"flat_time\">17. 8. od 19:00<\/p><p class=\"flat_venue\">ulice Bed\u0159icha Smetany<\/p><\/div><\/div><div class=\"arrowtable\"><a href=\"#et_entry_5278_1_1_5\" data-toggle=\"collapse\"><\/a><div class=\"clear\"><\/div><\/div><\/div><\/div><div id=\"et_entry_5278_1_1_5\" class=\"panel-collapse collapse schedule_table_details\"><p>O sou\u010dasn\u00e9m vyu\u017eit\u00ed plze\u0148sk\u00fdch p\u011b\u0161\u00edch z\u00f3n a jejich skryt\u00fdch potenci\u00e1lech, kter\u00e9 byly prov\u011b\u0159eny i v r\u00e1mci p\u0159\u00edprav Landscape festivalu, o urbanistick\u00e9 koncepci historick\u00e9ho centra do budoucna a o mnoh\u00e9m jin\u00e9m budou diskutovat host\u00e9 debatn\u00edho ve\u010dera na t\u00e9ma P\u011b\u0161\u00ed z\u00f3ny. \n<br \/>\n<br \/> Ve\u010derem bude prov\u00e1zet plze\u0148sk\u00fd architekt Petr Kl\u00edma. Jeho hosty budou jak z\u00e1stupci ve\u0159ejn\u00e9 spr\u00e1vy (\u00datvar koncepce a rozvoje m\u011bsta, odbor pam\u00e1tkov\u00e9 p\u00e9\u010de, Magistr\u00e1t m\u011bsta Plzn\u011b), tak i architekti a provozovatel\u00e9 nebytov\u00fdch prostor v p\u011b\u0161\u00edch z\u00f3n\u00e1ch. \n<br \/>\n<br \/>\n<br \/>\n<a href=\"http:\/\/landscape-festival.cz\/wp-content\/uploads\/2017\/06\/P\u011b\u0161\u00edZony-4.jpg\" title=\"debata p\u011b\u0161\u00ed z\u00f3ny \/ moderuje Petr Kl\u00edma\" rel=\"lightbox[reference]\"><img loading=\"lazy\" decoding=\"async\" src=\"http:\/\/landscape-festival.cz\/wp-content\/uploads\/2017\/06\/P\u011b\u0161\u00edZony-4.jpg\" alt=\"\" width=\"200\" height=\"200\" \/><\/a>\n\n<a href=\"http:\/\/landscape-festival.cz\/wp-content\/uploads\/2017\/06\/P\u011b\u0161\u00edZony-3.jpg\" title=\"debata p\u011b\u0161\u00ed z\u00f3ny \/ moderuje Petr Kl\u00edma\" rel=\"lightbox[reference]\"><img loading=\"lazy\" decoding=\"async\" src=\"http:\/\/landscape-festival.cz\/wp-content\/uploads\/2017\/06\/P\u011b\u0161\u00edZony-3.jpg\" alt=\"\" width=\"200\" height=\"200\" \/><\/a>\n\n<a href=\"http:\/\/landscape-festival.cz\/wp-content\/uploads\/2017\/06\/P\u011b\u0161\u00edZony-2.jpg\" title=\"debata p\u011b\u0161\u00ed z\u00f3ny \/ moderuje Petr Kl\u00edma\" rel=\"lightbox[reference]\"><img loading=\"lazy\" decoding=\"async\" src=\"http:\/\/landscape-festival.cz\/wp-content\/uploads\/2017\/06\/P\u011b\u0161\u00edZony-2.jpg\" alt=\"\" width=\"200\" height=\"200\" \/><\/a>\n\n<a href=\"http:\/\/landscape-festival.cz\/wp-content\/uploads\/2017\/06\/P\u011b\u0161\u00edZony-9.jpg\" title=\"debata p\u011b\u0161\u00ed z\u00f3ny \/ moderuje Petr Kl\u00edma\" rel=\"lightbox[reference]\"><img loading=\"lazy\" decoding=\"async\" src=\"http:\/\/landscape-festival.cz\/wp-content\/uploads\/2017\/06\/P\u011b\u0161\u00edZony-9.jpg\" alt=\"\" width=\"200\" height=\"200\" \/><\/a>\n\n<a href=\"http:\/\/landscape-festival.cz\/wp-content\/uploads\/2017\/06\/P\u011b\u0161\u00edZony-8.jpg\" title=\"debata p\u011b\u0161\u00ed z\u00f3ny \/ moderuje Petr Kl\u00edma\" rel=\"lightbox[reference]\"><img loading=\"lazy\" decoding=\"async\" src=\"http:\/\/landscape-festival.cz\/wp-content\/uploads\/2017\/06\/P\u011b\u0161\u00edZony-8.jpg\" alt=\"\" width=\"200\" height=\"200\" \/><\/a>\n\n<a href=\"http:\/\/landscape-festival.cz\/wp-content\/uploads\/2017\/06\/P\u011b\u0161\u00edZony-7.jpg\" title=\"debata p\u011b\u0161\u00ed z\u00f3ny \/ moderuje Petr Kl\u00edma\" rel=\"lightbox[reference]\"><img loading=\"lazy\" decoding=\"async\" src=\"http:\/\/landscape-festival.cz\/wp-content\/uploads\/2017\/06\/P\u011b\u0161\u00edZony-7.jpg\" alt=\"\" width=\"200\" height=\"200\" \/><\/a><\/p><\/div><div class=\"mini_gap\"><\/div><div class=\"schedule_table_flat flatphototable\" style=\"background: url(https:\/\/www.landscape-festival.cz\/old\/wp-content\/uploads\/2016\/04\/NvHHf0o-Imgur-1024x350.jpg);\"><div class=\"tablesize_flat_xbig\"><div class=\"schedule_table_title_flat\"><p class=\"table_title\">DEBATA: Nov\u00fd ve\u0159ejn\u00fd prostor <\/p><p class=\"table_excerpt\">moderuje Petr Kl\u00edma<\/p><\/div><div class=\"schedule_table_flat_speaker\"><div class=\"schedule_table_icon\"><div class=\"eventime-speaker-avatar-wrapper\"><img loading=\"lazy\" decoding=\"async\" width=\"150\" height=\"150\" class=\"eventime-speaker-avatar\" src=\"https:\/\/www.landscape-festival.cz\/old\/wp-content\/uploads\/2016\/02\/498917-original1-xl0gf-150x150.jpg\"><\/div><span class=\"eventime-speaker-name\">Petr Kl\u00edma<\/span><\/div><\/div><div class=\"schedule_table_time_venue_flat\" ><div class=\"time_left\"><p class=\"flat_time\">7. 9. od 19:00<\/p><p class=\"flat_venue\">DEPO2015<\/p><\/div><\/div><div class=\"arrowtable\"><a href=\"#et_entry_5278_1_1_6\" data-toggle=\"collapse\"><\/a><div class=\"clear\"><\/div><\/div><\/div><\/div><div id=\"et_entry_5278_1_1_6\" class=\"panel-collapse collapse schedule_table_details\"><p><strong>Nov\u00fd ve\u0159ejn\u00fd prostor \u2013 a co d\u00e1l?<\/strong> To je hlavn\u00ed motiv z\u00e1v\u011bre\u010dn\u00e9ho diskuzn\u00edho ve\u010dera, kter\u00fdm bude tradi\u010dn\u011b prov\u00e1zet architekt Petr Kl\u00edma. Necel\u00fdch t\u0159icet let po revoluci se objevuje chu\u0165 a pot\u0159eba investice do ve\u0159ejn\u00e9ho prostoru. Nejasn\u00e9 jsou v\u0161ak ot\u00e1zky n\u00e1sledn\u00e9 p\u00e9\u010de\u2026 O um\u011bleck\u00fdch d\u00edlech um\u00edst\u011bn\u00fdch do ve\u0159ejn\u00e9ho prostoru a o spr\u00e1v\u011b nov\u011b vznikl\u00fdch ve\u0159ejn\u00fdch a polove\u0159ejn\u00fdch prostor budou diskutovat z\u00e1stupci z \u0159ad developer\u016f, galerist\u016f, krajin\u00e1\u0159\u016f, ale i st\u00e1tn\u00ed spr\u00e1vy. <\/p><\/div><div class=\"mini_gap\"><\/div><div class=\"schedule_table_flat flatphototable\" style=\"background: url(https:\/\/www.landscape-festival.cz\/old\/wp-content\/uploads\/2017\/05\/pechakucha-940x350.gif);\"><div class=\"tablesize_flat_xbig\"><div class=\"schedule_table_title_flat\"><p class=\"table_title\">Pecha Kucha Night Plze\u0148 vol. 22<\/p><p class=\"table_excerpt\"><\/p><\/div><div class=\"schedule_table_flat_speaker\"><\/div><div class=\"schedule_table_time_venue_flat\" ><div class=\"time_left\"><p class=\"flat_time\">22. 9. od 20:20<\/p><p class=\"flat_venue\">lokalita se taj\u00ed<\/p><\/div><\/div><div class=\"arrowtable\"><a href=\"#et_entry_5278_1_1_7\" data-toggle=\"collapse\"><\/a><div class=\"clear\"><\/div><\/div><\/div><\/div><div id=\"et_entry_5278_1_1_7\" class=\"panel-collapse collapse schedule_table_details\"><p>Projekt PechaKucha [pe\u010daku\u010da:] vymysleli a uvedli v \u017eivot v roce 2003 v Tokiu architekti Astrid Klein a Mark Dytham, zakladatel\u00e9 architektonick\u00e9ho studia Klein Dytham Architecture.\n<br \/><br \/>\nJejich z\u00e1m\u011brem bylo vytvo\u0159it prostor pro setk\u00e1v\u00e1n\u00ed architekt\u016f, design\u00e9r\u016f, gra\ufb01k\u016f, v\u00fdtvarn\u00fdch um\u011blc\u016f, teoretik\u016f, divadeln\u00edk\u016f, \ufb01lma\u0159\u016f a muzikant\u016f na jednom m\u00edst\u011b v jednom \u010dase v tomto oborov\u00e9m mixu. Prostor pro mluven\u00ed o tom, co je nov\u00e9ho, co kdo chyst\u00e1 \u010di ji\u017e realizoval, o \u010dem p\u0159em\u00fd\u0161l\u00ed, o \u010dem sn\u00ed...\n<br \/><br \/>\nProto\u017ee m\u011bli zku\u0161enost jen s architektonick\u00fdmi p\u0159edn\u00e1\u0161kami, kter\u00e9 velmi \u010dasto trvaj\u00ed hodiny, hledali, jak zbyte\u010dn\u00e9 rozvleklosti zabr\u00e1nit. A \u0159e\u0161en\u00ed dostalo jm\u00e9no PechaKucha \u2013 japonsk\u00fd v\u00fdraz pro zvuk konverzace: ka\u017ed\u00fd mluv\u010d\u00ed si p\u0159iprav\u00ed pro sv\u016fj v\u00fdstup 20 obr\u00e1zk\u016f a ka\u017ed\u00fd z nich m\u016f\u017ee komentovat na plo\u0161e 20 vte\u0159in; 6 minut a 40 vte\u0159in ho tak d\u011bl\u00ed od n\u00e1stupu jeho n\u00e1sledovn\u00edka.\n<br \/>\n<br \/><a href=\"http:\/\/www.pknp.cz\/\"><strong>\u00bb Pecha Kucha Night Plze\u0148<\/strong><\/a>\n<\/p><\/div><div class=\"mini_gap\"><\/div><\/div><\/div><\/div>[\/vc_column][\/vc_row]<\/p>\n<\/div>","protected":false},"excerpt":{"rendered":"<p>[vc_row][vc_column][vc_empty_space height=&#8220;50px&#8220;][\/vc_column][\/vc_row][vc_row][vc_column][\/vc_column][\/vc_row]<\/p>\n","protected":false},"author":5,"featured_media":0,"parent":5238,"menu_order":2,"comment_status":"closed","ping_status":"closed","template":"fullwidth.php","meta":{"footnotes":""},"class_list":["post-5250","page","type-page","status-publish","hentry",""],"_links":{"self":[{"href":"https:\/\/www.landscape-festival.cz\/old\/wp-json\/wp\/v2\/pages\/5250","targetHints":{"allow":["GET"]}}],"collection":[{"href":"https:\/\/www.landscape-festival.cz\/old\/wp-json\/wp\/v2\/pages"}],"about":[{"href":"https:\/\/www.landscape-festival.cz\/old\/wp-json\/wp\/v2\/types\/page"}],"author":[{"embeddable":true,"href":"https:\/\/www.landscape-festival.cz\/old\/wp-json\/wp\/v2\/users\/5"}],"replies":[{"embeddable":true,"href":"https:\/\/www.landscape-festival.cz\/old\/wp-json\/wp\/v2\/comments?post=5250"}],"version-history":[{"count":4,"href":"https:\/\/www.landscape-festival.cz\/old\/wp-json\/wp\/v2\/pages\/5250\/revisions"}],"predecessor-version":[{"id":7129,"href":"https:\/\/www.landscape-festival.cz\/old\/wp-json\/wp\/v2\/pages\/5250\/revisions\/7129"}],"up":[{"embeddable":true,"href":"https:\/\/www.landscape-festival.cz\/old\/wp-json\/wp\/v2\/pages\/5238"}],"wp:attachment":[{"href":"https:\/\/www.landscape-festival.cz\/old\/wp-json\/wp\/v2\/media?parent=5250"}],"curies":[{"name":"wp","href":"https:\/\/api.w.org\/{rel}","templated":true}]}}