{"id":5244,"date":"2017-05-03T08:56:23","date_gmt":"2017-05-03T07:56:23","guid":{"rendered":"http:\/\/landscape-festival.cz\/?page_id=5244"},"modified":"2018-06-08T16:50:45","modified_gmt":"2018-06-08T15:50:45","slug":"festivaly","status":"publish","type":"page","link":"https:\/\/www.landscape-festival.cz\/old\/minule-rocniky\/landscape-festival-plzen-2017\/program\/festivaly\/","title":{"rendered":"Festivaly, akce"},"content":{"rendered":"<div class=\"wpb-content-wrapper\"><p>[vc_row][vc_column][vc_empty_space height=&#8220;50px&#8220;][\/vc_column][\/vc_row][vc_row][vc_column]<div class=\"et-schedules-container  \"><div class=\"schedule_table_inner\"><a href=\"#accordion_1_1\" data-toggle=\"collapse\" class=\"\" aria-expanded=\"true\"><div class=\"schedule_table_header\"><div class=\"schedule_table_header_data\"><p class=\"day\"><\/p><p class=\"month\">KV\u011aTEN\u2013Z\u00c1\u0158\u00cd<\/p><\/div><div class=\"schedule_table_header_title\"><p>FESTIVALY, AKCE<\/p><\/div><div class=\"clear\"><\/div><\/div><\/a><div class=\"collapse tablesss in\" id=\"accordion_1_1\" aria-expanded=\"true\"><div class=\"schedule_table_flat flatphototable\" style=\"background: url(https:\/\/www.landscape-festival.cz\/old\/wp-content\/uploads\/2017\/05\/Panorama_bez_nazvu2-1024x350.jpg);\"><div class=\"tablesize_flat_xbig\"><div class=\"schedule_table_title_flat\"><p class=\"table_title\">N\u00e1plavka k sv\u011btu. 0.2<\/p><p class=\"table_excerpt\">po\u0159\u00e1d\u00e1 k sv\u011btu.<\/p><\/div><div class=\"schedule_table_flat_speaker\"><\/div><div class=\"schedule_table_time_venue_flat\" ><div class=\"time_left\"><p class=\"flat_time\">26. 5. \u2013 30. 6.<\/p><p class=\"flat_venue\">Roudn\u00e1 a ulice Na Po\u0159\u00ed\u010d\u00ed<\/p><\/div><\/div><div class=\"arrowtable\"><a href=\"#et_entry_5315_1_1_1\" data-toggle=\"collapse\"><\/a><div class=\"clear\"><\/div><\/div><\/div><\/div><div id=\"et_entry_5315_1_1_1\" class=\"panel-collapse collapse schedule_table_details\"><p><strong>Lokalita:\u00a0lev\u00fd b\u0159eh \u0159eky M\u017ee od Rooseveltova mostu po l\u00e1vku pro p\u011b\u0161\u00ed na Roudnou<\/strong>\n<br \/>\n<br \/> N\u00e1plavky jsou jako m\u00edsto pro relaxaci vyu\u017e\u00edv\u00e1ny v mnoha evropsk\u00fdch metropol\u00edch, tak pro\u010d ne v Plzni? \u0158eku m\u00e1me, prostor m\u00e1me, jen ho o\u017eivit a p\u0159etvo\u0159it v plnohodnotnou relaxa\u010dn\u00ed z\u00f3nu. Do toho jsme se pustili my, ob\u010dansk\u00e9 hnut\u00ed <strong>k sv\u011btu.<\/strong> Vn\u00edm\u00e1me n\u00e1plavky jako jedine\u010dn\u00e9 m\u00edsto vhodn\u00e9 k odpo\u010dinku i aktivn\u00edmu tr\u00e1ven\u00ed voln\u00e9ho \u010dasu. Na\u0161\u00edm c\u00edlem je v l\u00e9t\u011b zatraktivnit nevyu\u017e\u00edvan\u00fd ve\u0159ejn\u00fd prostor a vdechnout tak \u017eivot centru Plzn\u011b. M\u011bsta a s\u00eddla od po\u010d\u00e1tk\u016f vznikala u \u0159ek a je p\u0159irozen\u00e9 prostory kolem nich vyu\u017e\u00edvat. N\u00e1plavka k sv\u011btu p\u0159edstavuje jak\u00fdsi \u201en\u00e1vrat ke ko\u0159en\u016fm\u201c. \n<br \/>\n<br \/> Leto\u0161n\u00ed ro\u010dn\u00edk festivalu, kter\u00fd oslavuje fenom\u00e9n \u0159ek v centru m\u011bsta, posouv\u00e1 po proudu nejen svoji lokalitu, ale \u010d\u00e1ste\u010dn\u011b i sv\u016fj n\u00e1zev. Jako p\u00e1t\u00fd jubilejn\u00ed ro\u010dn\u00edk p\u0159ipluje <strong>N\u00e1plavka k sv\u011btu. 0.2<\/strong> na lev\u00fd b\u0159eh \u0159eky M\u017ee mezi Roosevelt\u016fv most a \u010dervenou p\u011b\u0161\u00ed l\u00e1vku. Zm\u011bna prost\u0159ed\u00ed a pl\u00e1novan\u00e1 revitalizace p\u016fvodn\u00ed lokality festivalu na Anglick\u00e9m n\u00e1b\u0159e\u017e\u00ed je d\u016fkazem snahy po\u0159adatel\u016f obl\u00edben\u00e9ho letn\u00edho festivalu o celkov\u00e9 uchopen\u00ed koncepce plze\u0148sk\u00fdch \u0159ek v centru m\u011bsta a studie jejich vyu\u017eitelnosti. \"Abychom p\u0159il\u00e1kali do nov\u00e9 lokality op\u011bt sv\u00e9 p\u0159\u00edznivce, je d\u016fle\u017eit\u00e9 m\u00edt kvalitn\u00ed program, p\u0159esto\u017ee v r\u00e1mci na\u0161\u00ed snahy o zv\u00fd\u0161en\u00ed pov\u011bdom\u00ed o plze\u0148sk\u00fdch N\u00e1plavk\u00e1ch to nen\u00ed st\u011b\u017eejn\u00ed z\u00e1le\u017eitost\u00ed. Letos jsme se v\u0161ak rozhodli zam\u011b\u0159it se v\u00edce na sportovn\u00ed vyu\u017eit\u00ed tohoto \u00faseku a tak\u00e9 poskytnout servis rodi\u010d\u016fm, kte\u0159\u00ed na N\u00e1plavku zav\u00edtaj\u00ed se sv\u00fdmi d\u011btmi\u2026 Chyb\u011bt v\u0161ak nebudou ani pravideln\u00e9 tan\u010d\u00edrny nebo koncerty\", \u0159\u00edk\u00e1 koordin\u00e1torka festivalu. \n<br \/> \n<br \/><strong>Festival N\u00e1plavka k sv\u011btu. 0.2<\/strong> zahajuje sv\u016fj program v p\u00e1tek 26. 5., kdy host\u00ed festival <strong>Brewstock<\/strong> \u2013 festival \u0159emesln\u00fdch minipivovar\u016f s jednozna\u010dn\u011b velmi kvalitn\u00ed \u00fa\u010dast\u00ed nejen \u010desk\u00fdch, ale i zahrani\u010dn\u00edch hv\u011bzd v oboru. Na N\u00e1plavce se m\u016f\u017eeme t\u011b\u0161it i na vystoupen\u00ed v r\u00e1mci festivalu <strong>Tanec Praha<\/strong> a workshop <strong>Mobili\u00e1\u0159 na N\u00e1plavku<\/strong> v r\u00e1mci <strong>Landscape festivalu Plze\u0148 2017<\/strong>.<\/p><\/div><div class=\"mini_gap\"><\/div><div class=\"schedule_table_flat flatphototable\" style=\"background: url(https:\/\/www.landscape-festival.cz\/old\/wp-content\/uploads\/2017\/05\/18237948_1940758192819523_1486001694655771055_o-1024x350.jpg);\"><div class=\"tablesize_flat_xbig\"><div class=\"schedule_table_title_flat\"><p class=\"table_title\">Evropsk\u00fd den soused\u016f<\/p><p class=\"table_excerpt\">po\u0159\u00e1d\u00e1 Nadace Prom\u011bny, P\u011bstuj prostor, MO Plze\u0148 2 - Slovany, DEPO2015<\/p><\/div><div class=\"schedule_table_flat_speaker\"><\/div><div class=\"schedule_table_time_venue_flat\" ><div class=\"time_left\"><p class=\"flat_time\">27. 5.<\/p><p class=\"flat_venue\">Jir\u00e1skovo n\u00e1m\u011bst\u00ed a Kl\u00e1\u0161tern\u00ed zahrada<\/p><\/div><\/div><div class=\"arrowtable\"><a href=\"#et_entry_5315_1_1_2\" data-toggle=\"collapse\"><\/a><div class=\"clear\"><\/div><\/div><\/div><\/div><div id=\"et_entry_5315_1_1_2\" class=\"panel-collapse collapse schedule_table_details\"><p><strong>Historick\u00e9 vych\u00e1zky, koncerty i sousedsk\u00e1 ve\u010de\u0159e. <\/strong>\n<br \/>\n<br \/><strong>Komentovan\u00e1 prohl\u00eddka Kl\u00e1\u0161tern\u00ed zahrady.<\/strong>\n<br \/>\n<br \/><strong>PAM\u011a\u0164 II.<\/strong> \n<br \/>\u2022 vernis\u00e1\u017e venkovn\u00ed v\u00fdstavy tentokr\u00e1t s\u00a0podtitulem \u201eJir\u00e1skovo n\u00e1m\u011bst\u00ed ve vzpom\u00ednk\u00e1ch.\u201c \n<br \/>\n<br \/>Akce je sou\u010d\u00e1st\u00ed doprovodn\u00fdch aktivit pro ve\u0159ejnost souvisej\u00edc\u00edch s\u00a0chystanou obnovou Jir\u00e1skova n\u00e1m\u011bst\u00ed a Kl\u00e1\u0161tern\u00ed zahrady v\u00a0Plzni.\n<br \/>\n<br \/><strong>Podrobnosti na: <\/strong>\n<br \/><a href=\"http:\/\/www.nadace-promeny.cz\"><strong>\u00bb Nadace prom\u011bny<\/strong><\/a>\n<br \/><a href=\"https:\/\/jiraskovonamesti.plzen.eu\"><strong>\u00bb Jir\u00e1skovo n\u00e1m\u011bst\u00ed<\/strong><\/a>\n<br \/><a href=\"http:\/\/www.pestujprostor.plzne.cz\/\"><strong>\u00bb P\u011bstuj prostor<\/strong><\/a><\/p><\/div><div class=\"mini_gap\"><\/div><div class=\"schedule_table_flat flatphototable\" style=\"background: url(https:\/\/www.landscape-festival.cz\/old\/wp-content\/uploads\/2017\/05\/green_pantone_384-1024x350.jpg);\"><div class=\"tablesize_flat_xbig\"><div class=\"schedule_table_title_flat\"><p class=\"table_title\">V\u00edkend otev\u0159en\u00fdch zahrad<\/p><p class=\"table_excerpt\">po\u0159\u00e1d\u00e1 P\u011bstuj prostor, NPKK, M\u011bstsk\u00fd obvod Plze\u0148 2 - Slovany, SZKT, NP\u00da<\/p><\/div><div class=\"schedule_table_flat_speaker\"><\/div><div class=\"schedule_table_time_venue_flat\" ><div class=\"time_left\"><p class=\"flat_time\">10. 6. \u2013 11. 6.<\/p><p class=\"flat_venue\">Jir\u00e1skovo n\u00e1m\u011bst\u00ed a Kl\u00e1\u0161tern\u00ed zahrada<\/p><\/div><\/div><div class=\"arrowtable\"><a href=\"#et_entry_5315_1_1_3\" data-toggle=\"collapse\"><\/a><div class=\"clear\"><\/div><\/div><\/div><\/div><div id=\"et_entry_5315_1_1_3\" class=\"panel-collapse collapse schedule_table_details\"><p>Kulturn\u00ed a vzd\u011bl\u00e1vac\u00ed program pro ve\u0159ejnost v b\u011b\u017en\u011b nep\u0159\u00edstupn\u00e9 Kl\u00e1\u0161tern\u00ed zahrad\u011b dominik\u00e1n\u016f na Jir\u00e1skov\u011b n\u00e1m\u011bst\u00ed. C\u00edlem je z\u00e1rove\u0148 upozornit na p\u0159ipravovanou obnovu m\u00edsta. Sou\u010d\u00e1st\u00ed akce je venkovn\u00ed v\u00fdstava PAM\u011a\u0164 II mapuj\u00edc\u00ed historii Jir\u00e1skova n\u00e1m\u011bst\u00ed a vzpom\u00ednky m\u00edstn\u00edch obyvatel.\n<br \/>\n<br \/><strong>10\/6 \n<br \/>9:30-17:00 \n<br \/>Jir\u00e1skovo n\u00e1m\u011bst\u00ed a Kl\u00e1\u0161tern\u00ed zahrada\n<br \/>\n<br \/>11\/6 \n<br \/>10:00-16:00 \n<br \/>Jir\u00e1skovo n\u00e1m\u011bst\u00ed a Kl\u00e1\u0161tern\u00ed zahrada<\/strong>\n<br \/>\n<br \/><strong>Podrobnosti na: <\/strong>\n<br \/><a href=\"http:\/\/www.vikendotevrenychzahrad.cz\"><strong>\u00bb V\u00edkend otev\u0159en\u00fdch zahrad<\/strong><\/a>\n<br \/><a href=\"http:\/\/www.nadace-promeny.cz\"><strong>\u00bb Nadace prom\u011bny<\/strong><\/a>\n<br \/><a href=\"https:\/\/jiraskovonamesti.plzen.eu\"><strong>\u00bb Jir\u00e1skovo n\u00e1m\u011bst\u00ed<\/strong><\/a>\n<br \/><a href=\"http:\/\/www.pestujprostor.plzne.cz\/\"><strong>\u00bb P\u011bstuj prostor<\/strong><\/a>\n<\/p><\/div><div class=\"mini_gap\"><\/div><div class=\"schedule_table_flat flatphototable\" style=\"background: url(https:\/\/www.landscape-festival.cz\/old\/wp-content\/uploads\/2017\/05\/PlovarenskeDny_IMG_0053_VaclavSvab-1024x350.jpg);\"><div class=\"tablesize_flat_xbig\"><div class=\"schedule_table_title_flat\"><p class=\"table_title\">Plov\u00e1rensk\u00e9 dny 2017<\/p><p class=\"table_excerpt\">po\u0159\u00e1d\u00e1 spolek P\u011bstuj prostor<\/p><\/div><div class=\"schedule_table_flat_speaker\"><\/div><div class=\"schedule_table_time_venue_flat\" ><div class=\"time_left\"><p class=\"flat_time\">21. 7. \u2013 22. 7. \/ p\u00e1 17:00; so 15:00<\/p><p class=\"flat_venue\">M\u011bstsk\u00e1 plov\u00e1rna<\/p><\/div><\/div><div class=\"arrowtable\"><a href=\"#et_entry_5315_1_1_4\" data-toggle=\"collapse\"><\/a><div class=\"clear\"><\/div><\/div><\/div><\/div><div id=\"et_entry_5315_1_1_4\" class=\"panel-collapse collapse schedule_table_details\"><p>Nejv\u011bt\u0161\u00ed pr\u00e1zdninov\u00e1 akce na M\u011bstsk\u00e9 plov\u00e1rn\u011b v Plzni se bl\u00ed\u017e\u00ed! Ji\u017e po\u010dtvrt\u00e9 se letos m\u016f\u017eete t\u011b\u0161it na Plov\u00e1rensk\u00e9 dny pln\u00e9 hudby, workshop\u016f a divadla, tentokr\u00e1t dopln\u011bn\u00e9 v\u00fdstavou o historii plze\u0148sk\u00fdch plov\u00e1ren. Z\u00fa\u010dastn\u011bte se bubenick\u00e9ho nebo hern\u00edho workshopu, zatan\u010dete si na rytmy hudebn\u00edch skupin r\u016fzn\u00fdch \u017e\u00e1nr\u016f, proje\u010fte se na lodi\u010dk\u00e1ch nebo si jen tak pr\u00e1zdninov\u011b odpo\u010di\u0148te u \u0159eky Radbuzy.\n<br \/>\n<br \/>\nPlov\u00e1rensk\u00e9 dny v\u00a0p\u00e1tek 21. \u010dervence\u00a0po p\u00e1t\u00e9 hodin\u011b uvod\u00ed bubenick\u00fd workshop. Na n\u011bj hned v\u00a018.00\u00a0nav\u00e1\u017ee vernis\u00e1\u017e druh\u00e9 \u010d\u00e1sti v\u00fdstavy\u00a0\u201eSlunce Voda Vzduch\u201c, jej\u00ed\u017e prvn\u00ed \u010d\u00e1st mohou div\u00e1ci vid\u011bt od 14. \u010dervence v\u00a0N\u00e1rodopisn\u00e9m muzeu Plze\u0148ska na n\u00e1m\u011bst\u00ed Republiky v\u00a0Plzni. V\u00fdstavu na Plov\u00e1rn\u011b naleznete v\u00a0pavilonu\u00a0\u201e2\u00d710 a zdar\u201c\u00a0od architekt\u016f H3T, kter\u00fd je zde instalov\u00e1n v r\u00e1mci Landscape festivalu Plze\u0148 2017. V podve\u010der rozproud\u00ed plov\u00e1renskou atmosf\u00e9ru balk\u00e1nsk\u00e1 dechovka z\u00a0Plzn\u011b v\u00a0pod\u00e1n\u00ed\u00a0Los G\u00e1d\u017eos, na kter\u00e9 nav\u00e1\u017ee legend\u00e1rn\u00ed kapela\u00a0D\u00e9mophobia\u00a0s\u00a0p\u00edsn\u011bmi inspirovan\u00fdmi pov\u011bstmi a legendami z Plzn\u011b i okol\u00ed. Ve\u010der bude pokra\u010dovat neform\u00e1ln\u00edm posezen\u00edm u ohn\u011b a spole\u010dnou zp\u00edvanou. Ka\u017ed\u00fd si m\u016f\u017ee p\u0159in\u00e9st sv\u016fj hudebn\u00ed n\u00e1stroj a p\u0159idat se k\u00a0hran\u00ed nebo si jen tak zazp\u00edvat.\n<br \/>\n<br \/>\nSobotn\u00ed \u010d\u00e1st zah\u00e1j\u00ed program pro nejmen\u0161\u00ed \u2013\u00a0Poh\u00e1dky z klub\u00ed\u010dka\u00a0v\u00a0pod\u00e1n\u00ed souboru Divad\u00fdlko Kuba. Pot\u00e9 bude n\u00e1sledovat\u00a0s\u00e9rie rozmanit\u00fdch workshop\u016f\u00a0\u2013 v\u00e1z\u00e1n\u00ed uzl\u016f, origami, francouzsk\u00e9 hry, intuitivn\u00ed kresba\u2026 Kdo si nevybere z\u00a0\u0161irok\u00e9 nab\u00eddky odpoledn\u00edch kurz\u016f, bude si moci vyzkou\u0161et j\u00edzdu na\u00a0dra\u010d\u00edch lod\u00edch. Pomyslnou te\u010dkou bude koncert kapely\u00a0Pono\u017eky pana Semtam\u0165uka, kter\u00e1 je t\u011b\u017eko za\u0159aditelnou sm\u011bsic\u00ed jazzu, folku, \u0161ramlu, world music a rocku v\u00a0jedine\u010dn\u00e9m hudebn\u00edm balen\u00ed. Na koncert nav\u00e1\u017ee plov\u00e1rensk\u00e1 afterparty s\u00a0reprodukovanou hudbou nejr\u016fzn\u011bj\u0161\u00edch styl\u016f a \u017e\u00e1nr\u016f.\n<br \/>\n<br \/>\nNese\u010fte v\u00a0l\u00e9t\u011b doma, p\u0159ij\u010fte na Plov\u00e1rnu. Nebudete litovat!\n<br \/>\n<br \/>\n<br \/><strong>Program:\n<br \/>p\u00e1tek 21. 7.\n<br \/>17:00 \u2013 slavnostn\u00ed zah\u00e1jen\u00ed Plov\u00e1rensk\u00fdch dn\u016f\n<br \/>17:15 \u2013 bubenick\u00fd workshop pro mal\u00e9, v\u011bt\u0161\u00ed i dosp\u011bl\u00e9 d\u011bti\n<br \/>18:00 \u2013 vernis\u00e1\u017e 2. \u010d\u00e1sti v\u00fdstavy Slunce Voda Vzduch\n<br \/>18:30 \u2013 Los G\u00e1d\u017eos \u2013 balk\u00e1nsk\u00e1 dechovka z\u00a0Plzn\u011b\n<br \/>20:00 \u2013 D\u00e9mophobia \u2013 plze\u0148sk\u00e1 legenda o plze\u0148sk\u00fdch legend\u00e1ch\n<br \/>\n<br \/>\n<br \/>sobota 22. 7.\n<br \/>15:00 \u2013 divadlo Poh\u00e1dky z klub\u00ed\u010dka\n<br \/>16:00 \u2013 workshopy \u2013 intuitivn\u00ed kresba, v\u00e1z\u00e1n\u00ed uzl\u016f, origami, deskov\u00e9 i francouzsk\u00e9 hry\u2026\n<br \/>16:30 \u2013 dra\u010d\u00ed lod\u011b \u2013 uk\u00e1zka lod\u00ed s\u00a0mo\u017enost\u00ed vyzkou\u0161et si p\u00e1dlov\u00e1n\u00ed\n<br \/>18:30 \u2013 Pono\u017eky pana Semtam\u0165uka \u2013 alternativn\u00ed folk z Berouna\n<br \/>20:00 \u2013 plov\u00e1rensk\u00e1 afterparty<\/strong>\n<br \/>\n<br \/>\nAkci po\u0159\u00e1d\u00e1 P\u011bstuj prostor, z. s. za podpory Ministerstva kultury \u010cR, m\u011bsta Plzn\u011b a M\u011bstsk\u00e9ho obvodu Plze\u0148 3, v\u00fdstavu spolupo\u0159\u00e1daj\u00ed N\u00e1rodopisn\u00e9 muzeum Plze\u0148ska a Maj\u00e1k Plzn\u011b. Akce je sou\u010d\u00e1st\u00ed Landscape festivalu Plze\u0148 2017.\n<br \/>\n<br \/>\n<br \/><a href=\"\/\/plovarna.plzne.cz\"><strong>\u00bb M\u011bstsk\u00e1 plov\u00e1rna<\/strong><\/a>\n<br \/>\n<br \/>\n<br \/>\n<a href=\"http:\/\/landscape-festival.cz\/wp-content\/uploads\/2017\/07\/170721_plovarenske_dny_8_zuzanaZborilova.jpg\" title=\"v\u00fdstava SLUNCE VODA VZDUCH \/ v\u00fdstavn\u00ed pavilon H3T Architekti \/ foto \u00a9 Zuzana Zbo\u0159ilov\u00e1\" rel=\"lightbox[reference]\"><img loading=\"lazy\" decoding=\"async\" src=\"http:\/\/landscape-festival.cz\/wp-content\/uploads\/2017\/07\/170721_plovarenske_dny_8_zuzanaZborilova.jpg\" alt=\"\" width=\"200\" height=\"200\" \/><\/a>\n\n<a href=\"http:\/\/landscape-festival.cz\/wp-content\/uploads\/2017\/07\/170721_plovarenske_dny_13_zuzanaZborilova.jpg\" title=\"v\u00fdstava SLUNCE VODA VZDUCH \/ v\u00fdstavn\u00ed pavilon H3T Architekti \/ foto \u00a9 Zuzana Zbo\u0159ilov\u00e1\" rel=\"lightbox[reference]\"><img loading=\"lazy\" decoding=\"async\" src=\"http:\/\/landscape-festival.cz\/wp-content\/uploads\/2017\/07\/170721_plovarenske_dny_13_zuzanaZborilova.jpg\" alt=\"\" width=\"200\" height=\"200\" \/><\/a>\n\n<a href=\"http:\/\/landscape-festival.cz\/wp-content\/uploads\/2017\/07\/170721_plovarenske_dny_14_zuzanaZborilova.jpg\" title=\"v\u00fdstava SLUNCE VODA VZDUCH \/ v\u00fdstavn\u00ed pavilon H3T Architekti \/ foto \u00a9 Zuzana Zbo\u0159ilov\u00e1\" rel=\"lightbox[reference]\"><img loading=\"lazy\" decoding=\"async\" src=\"http:\/\/landscape-festival.cz\/wp-content\/uploads\/2017\/07\/170721_plovarenske_dny_14_zuzanaZborilova.jpg\" alt=\"\" width=\"200\" height=\"200\" \/><\/a>\n\n<a href=\"http:\/\/landscape-festival.cz\/wp-content\/uploads\/2017\/07\/170721_plovarenske_dny_12_zuzanaZborilova.jpg\" title=\"v\u00fdstava SLUNCE VODA VZDUCH \/ v\u00fdstavn\u00ed pavilon H3T Architekti \/ foto \u00a9 Zuzana Zbo\u0159ilov\u00e1\" rel=\"lightbox[reference]\"><img loading=\"lazy\" decoding=\"async\" src=\"http:\/\/landscape-festival.cz\/wp-content\/uploads\/2017\/07\/170721_plovarenske_dny_12_zuzanaZborilova.jpg\" alt=\"\" width=\"200\" height=\"200\" \/><\/a>\n\n<a href=\"http:\/\/landscape-festival.cz\/wp-content\/uploads\/2017\/07\/IMG_20170720_201227_MarekSivak.jpg\" title=\"v\u00fdstava SLUNCE VODA VZDUCH \/ v\u00fdstavn\u00ed pavilon H3T Architekti \/ foto \u00a9 Marek Siv\u00e1k\" rel=\"lightbox[reference]\"><img loading=\"lazy\" decoding=\"async\" src=\"http:\/\/landscape-festival.cz\/wp-content\/uploads\/2017\/07\/IMG_20170720_201227_MarekSivak.jpg\" alt=\"\" width=\"200\" height=\"200\" \/><\/a>\n\n<a href=\"http:\/\/landscape-festival.cz\/wp-content\/uploads\/2017\/07\/170721_plovarenske_dny_16_zuzanaZborilova.jpg\" title=\"v\u00fdstava SLUNCE VODA VZDUCH \/ v\u00fdstavn\u00ed pavilon H3T Architekti \/ foto \u00a9 Zuzana Zbo\u0159ilov\u00e1\" rel=\"lightbox[reference]\"><img loading=\"lazy\" decoding=\"async\" src=\"http:\/\/landscape-festival.cz\/wp-content\/uploads\/2017\/07\/170721_plovarenske_dny_16_zuzanaZborilova.jpg\" alt=\"\" width=\"200\" height=\"200\" \/><\/a>\n<\/p><\/div><div class=\"mini_gap\"><\/div><div class=\"schedule_table_flat flatphototable\" style=\"background: url(https:\/\/www.landscape-festival.cz\/old\/wp-content\/uploads\/2017\/05\/PESTUJPROSTOR_136-1024x350.jpg);\"><div class=\"tablesize_flat_xbig\"><div class=\"schedule_table_title_flat\"><p class=\"table_title\">Pap\u00edrensk\u00fd park lidem a d\u011btem<\/p><p class=\"table_excerpt\">po\u0159\u00e1d\u00e1 spolek P\u011bstuj prostor<\/p><\/div><div class=\"schedule_table_flat_speaker\"><\/div><div class=\"schedule_table_time_venue_flat\" ><div class=\"time_left\"><p class=\"flat_time\">29. 7. od 15:00<\/p><p class=\"flat_venue\">Pap\u00edrensk\u00fd park, nov\u00fd p\u0159\u00edstup z Habrov\u00e9 ulice<\/p><\/div><\/div><div class=\"arrowtable\"><a href=\"#et_entry_5315_1_1_5\" data-toggle=\"collapse\"><\/a><div class=\"clear\"><\/div><\/div><\/div><\/div><div id=\"et_entry_5315_1_1_5\" class=\"panel-collapse collapse schedule_table_details\"><p>Sousedsk\u00e1 akce oslavuj\u00edc\u00ed otev\u0159en\u00ed do t\u00e9 doby nep\u0159\u00edstupn\u00e9 \u010d\u00e1sti parku ve\u0159ejnosti, na kter\u00e9m se vedle spolku P\u011bstuj prostor pod\u00edl\u00ed \u0159ada m\u00edstn\u00edch obyvatel i mezin\u00e1rodn\u00ed dobrovoln\u00edci. Objevte dosud schovan\u00e9 kouzlo historick\u00e9 zahrady vytvo\u0159en\u00e9 pro pap\u00edrnu a u\u017eijte si rozmanit\u00fd program pro d\u011bti i dosp\u011bl\u00e9.\n<br \/>\n<br \/><a href=\"http:\/\/pestujprostor.plzne.cz\"><strong>\u00bb P\u011bstuj prostor<\/strong><\/a>\n<\/p><\/div><div class=\"mini_gap\"><\/div><div class=\"schedule_table_flat flatphototable\" style=\"background: url(https:\/\/www.landscape-festival.cz\/old\/wp-content\/uploads\/2017\/05\/Tan\u010d\u00edrna4-17-1024x350.jpg);\"><div class=\"tablesize_flat_xbig\"><div class=\"schedule_table_title_flat\"><p class=\"table_title\">Tane\u010dn\u00ed ulice \u2013 tan\u010d\u00edrny za doprovodu festivalu \u017div\u00e1 ulice<\/p><p class=\"table_excerpt\">po\u0159\u00e1d\u00e1 ArtProm s.r.o.<\/p><\/div><div class=\"schedule_table_flat_speaker\"><\/div><div class=\"schedule_table_time_venue_flat\" ><div class=\"time_left\"><p class=\"flat_time\">14. 8. \u2013 19. 8. <\/p><p class=\"flat_venue\">ulice Bed\u0159icha Smetany<\/p><\/div><\/div><div class=\"arrowtable\"><a href=\"#et_entry_5315_1_1_6\" data-toggle=\"collapse\"><\/a><div class=\"clear\"><\/div><\/div><\/div><\/div><div id=\"et_entry_5315_1_1_6\" class=\"panel-collapse collapse schedule_table_details\"><p>V r\u00e1mci tradi\u010dn\u00ed multi\u017e\u00e1nrov\u00e9 akce <strong>\u017div\u00e1 ulice<\/strong> bude v r\u00e1mci projektu <strong>Landscape festival Plze\u0148 2017<\/strong> uspo\u0159\u00e1d\u00e1n cyklus tan\u010d\u00edren pod \u0161ir\u00fdm nebem \u2013 <strong>Tane\u010dn\u00ed ulice<\/strong>. Za doprovodu \u017eiv\u00e9 hudby bude tak uspo\u0159\u00e1dan\u00e1 s\u00e9rie tane\u010dn\u00edch workshop\u016f, kter\u00e1 bude p\u0159\u00edmo v ulici historick\u00e9ho centra experimentovat s atmosf\u00e9rou a \u017eivotem v p\u011b\u0161\u00ed ulici \u2013 tolik obl\u00edben\u00e9 Smetanky. Tane\u010dn\u00ed mist\u0159i z plze\u0148sk\u00e9ho uskupen\u00ed <a href=\"http:\/\/afreshdc.wixsite.com\/afresh\/news\"><strong>Afresh Dance Community<\/strong><\/a> se tak budou sna\u017eit doslova roztan\u010dit ulici\u2026<\/p><\/div><div class=\"mini_gap\"><\/div><div class=\"schedule_table_flat flatphototable\" style=\"background: url(https:\/\/www.landscape-festival.cz\/old\/wp-content\/uploads\/2017\/05\/14361477_1825329864362357_3051510986752925423_o-1024x350.jpg);\"><div class=\"tablesize_flat_xbig\"><div class=\"schedule_table_title_flat\"><p class=\"table_title\">Jir\u00e1skovo n\u00e1m\u011bst\u00ed \u017eije<\/p><p class=\"table_excerpt\">po\u0159\u00e1d\u00e1 Nadace Prom\u011bny<\/p><\/div><div class=\"schedule_table_flat_speaker\"><\/div><div class=\"schedule_table_time_venue_flat\" ><div class=\"time_left\"><p class=\"flat_time\">9. 9.<\/p><p class=\"flat_venue\">Jir\u00e1skovo n\u00e1m\u011bst\u00ed<\/p><\/div><\/div><div class=\"arrowtable\"><a href=\"#et_entry_5315_1_1_7\" data-toggle=\"collapse\"><\/a><div class=\"clear\"><\/div><\/div><\/div><\/div><div id=\"et_entry_5315_1_1_7\" class=\"panel-collapse collapse schedule_table_details\"><p>Akce propojuj\u00edc\u00ed skrze sport a hry r\u016fzn\u00e9 skupiny obyvatel a n\u00e1v\u0161t\u011bvn\u00edk\u016f plze\u0148sk\u00e9 \u010dtvrti Slovany. C\u00edlem je z\u00e1rove\u0148 upozornit na chystanou obnovu Jir\u00e1skova n\u00e1m\u011bst\u00ed a Kl\u00e1\u0161tern\u00ed zahrady prost\u0159ednictv\u00edm diskusn\u00edho setk\u00e1n\u00ed s\u00a0ve\u0159ejnost\u00ed nad v\u00edt\u011bzn\u00fdm architektonick\u00fdm n\u00e1vrhem. \n<br \/>\n<br \/><strong>Doprovodn\u00fd program:<\/strong>\n<br \/><strong>PAM\u011a\u0164 II.<\/strong>\n<br \/>\u2022 venkovn\u00ed v\u00fdstava mapuj\u00edc\u00ed historii Jir\u00e1skova n\u00e1m\u011bst\u00ed a vzpom\u00ednky m\u00edstn\u00edch obyvatel\n<br \/>\n<br \/><strong>NAVRHUJEME PARK<\/strong>\n<br \/>\u2022 d\u00edlna pro d\u011bti \n<br \/>\n<br \/><strong>Podrobnosti na: <\/strong>\n<br \/><a href=\"http:\/\/www.nadace-promeny.cz\"><strong>\u00bb Nadace prom\u011bny<\/strong><\/a>\n<br \/><a href=\"https:\/\/jiraskovonamesti.plzen.eu\"><strong>\u00bb Jir\u00e1skovo n\u00e1m\u011bst\u00ed<\/strong><\/a>\n<br \/><a href=\"http:\/\/www.pestujprostor.plzne.cz\/\"><strong>\u00bb P\u011bstuj prostor<\/strong><\/a><\/p><\/div><div class=\"mini_gap\"><\/div><div class=\"schedule_table_flat flatphototable\" style=\"background: url(https:\/\/www.landscape-festival.cz\/old\/wp-content\/uploads\/2017\/05\/slide_plzen_01-1024x350.jpg);\"><div class=\"tablesize_flat_xbig\"><div class=\"schedule_table_title_flat\"><p class=\"table_title\">Festival ve\u0159ejn\u00e9ho prostoru TUTO M\u011aSTO<\/p><p class=\"table_excerpt\">po\u0159\u00e1d\u00e1 P\u011bstuj prostor<\/p><\/div><div class=\"schedule_table_flat_speaker\"><\/div><div class=\"schedule_table_time_venue_flat\" ><div class=\"time_left\"><p class=\"flat_time\">12. 9. \u2013 16. 9. <\/p><\/div><\/div><div class=\"arrowtable\"><a href=\"#et_entry_5315_1_1_8\" data-toggle=\"collapse\"><\/a><div class=\"clear\"><\/div><\/div><\/div><\/div><div id=\"et_entry_5315_1_1_8\" class=\"panel-collapse collapse schedule_table_details\"><p><strong>Pl\u00e1novac\u00ed workshop 24. \u2013 26. b\u0159ezna<\/strong>\n<br \/>\n<br \/><strong>Realiza\u010dn\u00ed workshop 12. \u2013 16. z\u00e1\u0159\u00ed <\/strong>\n<br \/>\n<br \/>Architektonicko-um\u011bleck\u00fd festival, b\u011bhem kter\u00e9ho t\u00fdmy architekt\u016f, um\u011blc\u016f i m\u00edstn\u00edch\u00a0ob\u010dan\u016f-dobrovoln\u00edk\u016f zrealizuj\u00ed 6 ze zat\u00edm\u00a0nerealizovan\u00fdch podn\u011bt\u016f na zveleben\u00ed ve\u0159ejn\u00e9ho prostoru, je\u017e pos\u00edlaj\u00ed od roku 2012 ob\u010dan\u00e9 do Otev\u0159en\u00e9 v\u00fdzvy <strong>P\u011bstuj prostor<\/strong>.\u00a0\n<br \/>\n<br \/>Realiza\u010dn\u00ed \u010d\u00e1st festivalu (12.\u201316. z\u00e1\u0159\u00ed) doprovod\u00ed tematick\u00e9 aktivity pro \u0161irokou ve\u0159ejnost a zavr\u0161\u00ed ji s\u00e9rie\u00a0komunitn\u00edch akc\u00ed oslavuj\u00edc\u00edch prom\u011bnu jednotliv\u00fdch m\u00edst.<\/p><\/div><div class=\"mini_gap\"><\/div><\/div><\/div><\/div>[\/vc_column][\/vc_row]<\/p>\n<\/div>","protected":false},"excerpt":{"rendered":"<p>[vc_row][vc_column][vc_empty_space height=&#8220;50px&#8220;][\/vc_column][\/vc_row][vc_row][vc_column][\/vc_column][\/vc_row]<\/p>\n","protected":false},"author":5,"featured_media":0,"parent":5238,"menu_order":2,"comment_status":"closed","ping_status":"closed","template":"fullwidth.php","meta":{"footnotes":""},"class_list":["post-5244","page","type-page","status-publish","hentry",""],"_links":{"self":[{"href":"https:\/\/www.landscape-festival.cz\/old\/wp-json\/wp\/v2\/pages\/5244","targetHints":{"allow":["GET"]}}],"collection":[{"href":"https:\/\/www.landscape-festival.cz\/old\/wp-json\/wp\/v2\/pages"}],"about":[{"href":"https:\/\/www.landscape-festival.cz\/old\/wp-json\/wp\/v2\/types\/page"}],"author":[{"embeddable":true,"href":"https:\/\/www.landscape-festival.cz\/old\/wp-json\/wp\/v2\/users\/5"}],"replies":[{"embeddable":true,"href":"https:\/\/www.landscape-festival.cz\/old\/wp-json\/wp\/v2\/comments?post=5244"}],"version-history":[{"count":3,"href":"https:\/\/www.landscape-festival.cz\/old\/wp-json\/wp\/v2\/pages\/5244\/revisions"}],"predecessor-version":[{"id":5561,"href":"https:\/\/www.landscape-festival.cz\/old\/wp-json\/wp\/v2\/pages\/5244\/revisions\/5561"}],"up":[{"embeddable":true,"href":"https:\/\/www.landscape-festival.cz\/old\/wp-json\/wp\/v2\/pages\/5238"}],"wp:attachment":[{"href":"https:\/\/www.landscape-festival.cz\/old\/wp-json\/wp\/v2\/media?parent=5244"}],"curies":[{"name":"wp","href":"https:\/\/api.w.org\/{rel}","templated":true}]}}