{"id":5093,"date":"2017-04-25T23:42:44","date_gmt":"2017-04-25T22:42:44","guid":{"rendered":"http:\/\/landscape-festival.cz\/?page_id=5093"},"modified":"2017-07-11T10:43:07","modified_gmt":"2017-07-11T09:43:07","slug":"partneri","status":"publish","type":"page","link":"https:\/\/www.landscape-festival.cz\/old\/minule-rocniky\/landscape-festival-plzen-2017\/o-nas-2\/partneri\/","title":{"rendered":"Partne\u0159i"},"content":{"rendered":"<div class=\"wpb-content-wrapper\"><p>[vc_row][vc_column][vc_empty_space height=&#8220;40px&#8220;]<div class=\"et-sponsors sposors_area   \"><div class=\"mini_gap\"><\/div><div class=\"first_line\">\r\n                    <\/div>\r\n                    <div class=\"first_title\">\r\n                      <p>\r\n                      Pod z\u00e1\u0161titou\r\n                      <\/p>\r\n                    <\/div>\r\n                    <div class=\"first_description\">\r\n                      <p>\r\n                      \r\n                      <\/p>\r\n                    <\/div>\r\n                    <div class=\"gap\">\r\n                    <\/div><div class=\"sponsor_box\"><a target=\"_blank\" href=\"https:\/\/www.plzen.eu\" class=\"sponsor_featured \"><div class=\"image_featured\"><img decoding=\"async\" src=\"https:\/\/www.landscape-festival.cz\/old\/wp-content\/uploads\/2017\/04\/mesto_plzen-300x58.png\"><\/div><\/a><\/div><\/div><div class=\"et-sponsors sposors_area   \"><div class=\"mini_gap\"><\/div><div class=\"first_line\">\r\n                    <\/div>\r\n                    <div class=\"first_title\">\r\n                      <p>\r\n                      Po\u0159adatel\r\n                      <\/p>\r\n                    <\/div>\r\n                    <div class=\"first_description\">\r\n                      <p>\r\n                      \r\n                      <\/p>\r\n                    <\/div>\r\n                    <div class=\"gap\">\r\n                    <\/div><div class=\"sponsor_box\"><a target=\"_blank\" href=\"http:\/\/www.gjf.cz\/\" class=\"sponsor_featured \"><div class=\"image_featured\"><img decoding=\"async\" src=\"https:\/\/www.landscape-festival.cz\/old\/wp-content\/uploads\/2017\/04\/gjf-1-118x100.png\"><\/div><\/a><a target=\"_blank\" href=\"http:\/\/www.gjf.cz\/\" class=\"sponsor_featured \"><div class=\"image_featured\"><img decoding=\"async\" src=\"https:\/\/www.landscape-festival.cz\/old\/wp-content\/uploads\/2017\/04\/architectura-300x53.png\"><\/div><\/a><\/div><\/div><div class=\"et-sponsors sposors_area   \"><div class=\"mini_gap\"><\/div><div class=\"first_line\">\r\n                    <\/div>\r\n                    <div class=\"first_title\">\r\n                      <p>\r\n                      Spolupo\u0159adatel\r\n                      <\/p>\r\n                    <\/div>\r\n                    <div class=\"first_description\">\r\n                      <p>\r\n                      \r\n                      <\/p>\r\n                    <\/div>\r\n                    <div class=\"gap\">\r\n                    <\/div><div class=\"sponsor_box\"><a target=\"_blank\" href=\"http:\/\/www.plzen2015.cz\" class=\"sponsor_featured \"><div class=\"image_featured\"><img decoding=\"async\" src=\"https:\/\/www.landscape-festival.cz\/old\/wp-content\/uploads\/2017\/04\/plzen_ehmk-100x100.png\"><\/div><\/a><a target=\"_blank\" href=\"https:\/\/www.depo2015.cz\" class=\"sponsor_featured \"><div class=\"image_featured\"><img decoding=\"async\" src=\"https:\/\/www.landscape-festival.cz\/old\/wp-content\/uploads\/2017\/04\/depo2015-300x63.png\"><\/div><\/a><\/div><\/div><div class=\"et-sponsors sposors_area   \"><div class=\"mini_gap\"><\/div><div class=\"first_line\">\r\n                    <\/div>\r\n                    <div class=\"first_title\">\r\n                      <p>\r\n                      Ve spolupr\u00e1ci\r\n                      <\/p>\r\n                    <\/div>\r\n                    <div class=\"first_description\">\r\n                      <p>\r\n                      \r\n                      <\/p>\r\n                    <\/div>\r\n                    <div class=\"gap\">\r\n                    <\/div><div class=\"sponsor_box\"><a target=\"_blank\" href=\"https:\/\/ukr.plzen.eu\" class=\"sponsor_basic \"><div class=\"image_featured\"><img decoding=\"async\" src=\"https:\/\/www.landscape-festival.cz\/old\/wp-content\/uploads\/2017\/04\/ukr_plzen-300x53.png\"><\/div><\/a><a target=\"_blank\" href=\"https:\/\/www.fdu.zcu.cz\/cz\" class=\"sponsor_basic \"><div class=\"image_featured\"><img decoding=\"async\" src=\"https:\/\/www.landscape-festival.cz\/old\/wp-content\/uploads\/2017\/04\/fda_ladislava_sutnara-286x100.png\"><\/div><\/a><a target=\"_blank\" href=\"https:\/\/www.fa.cvut.cz\/Cz\" class=\"sponsor_basic \"><div class=\"image_featured\"><img decoding=\"async\" src=\"https:\/\/www.landscape-festival.cz\/old\/wp-content\/uploads\/2017\/04\/architektura_cvut_praha-255x100.png\"><\/div><\/a><a target=\"_blank\" href=\"http:\/\/web.fsv.cvut.cz\" class=\"sponsor_basic \"><div class=\"image_featured\"><img decoding=\"async\" src=\"https:\/\/www.landscape-festival.cz\/old\/wp-content\/uploads\/2017\/04\/stavebni_cvut_praha-266x100.png\"><\/div><\/a><a target=\"_blank\" href=\"https:\/\/www.czu.cz\/cs\/\" class=\"sponsor_basic \"><div class=\"image_featured\"><img decoding=\"async\" src=\"https:\/\/www.landscape-festival.cz\/old\/wp-content\/uploads\/2017\/04\/zemedelska_univerzita-153x100.png\"><\/div><\/a><a target=\"_blank\" href=\"http:\/\/mendelu.cz\" class=\"sponsor_basic \"><div class=\"image_featured\"><img decoding=\"async\" src=\"https:\/\/www.landscape-festival.cz\/old\/wp-content\/uploads\/2017\/04\/mendelu_NOK-128x100.png\"><\/div><\/a><a target=\"_blank\" href=\"http:\/\/www.ksvetu.cz\" class=\"sponsor_basic \"><div class=\"image_featured\"><img decoding=\"async\" src=\"https:\/\/www.landscape-festival.cz\/old\/wp-content\/uploads\/2017\/04\/k_svetu-300x60.png\"><\/div><\/a><a target=\"_blank\" href=\"http:\/\/www.papirnaplzen.cz\" class=\"sponsor_basic \"><div class=\"image_featured\"><img decoding=\"async\" src=\"https:\/\/www.landscape-festival.cz\/old\/wp-content\/uploads\/2017\/04\/papirna-277x100.png\"><\/div><\/a><a target=\"_blank\" href=\"http:\/\/pestujprostor.plzne.cz\" class=\"sponsor_basic \"><div class=\"image_featured\"><img decoding=\"async\" src=\"https:\/\/www.landscape-festival.cz\/old\/wp-content\/uploads\/2017\/04\/pestuj_prostor-300x88.png\"><\/div><\/a><a target=\"_blank\" href=\"https:\/\/www.fnplzen.cz\" class=\"sponsor_basic \"><div class=\"image_featured\"><img decoding=\"async\" src=\"https:\/\/www.landscape-festival.cz\/old\/wp-content\/uploads\/2017\/04\/fn_plzen_NOK-186x100.png\"><\/div><\/a><a target=\"_blank\" href=\"http:\/\/www.nadace-promeny.cz\" class=\"sponsor_basic \"><div class=\"image_featured\"><img decoding=\"async\" src=\"https:\/\/www.landscape-festival.cz\/old\/wp-content\/uploads\/2017\/04\/nadace_promeny-168x100.png\"><\/div><\/a><a target=\"_blank\" href=\"https:\/\/umo2.plzen.eu\" class=\"sponsor_basic \"><div class=\"image_featured\"><img decoding=\"async\" src=\"https:\/\/www.landscape-festival.cz\/old\/wp-content\/uploads\/2017\/04\/mo_plzen2_NOK-101x100.png\"><\/div><\/a><a target=\"_blank\" href=\"https:\/\/umo3.plzen.eu\" class=\"sponsor_basic \"><div class=\"image_featured\"><img decoding=\"async\" src=\"https:\/\/www.landscape-festival.cz\/old\/wp-content\/uploads\/2017\/04\/mo_plzen3-99x100.png\"><\/div><\/a><a target=\"_blank\" href=\"http:\/\/afreshdc.wixsite.com\/afresh\" class=\"sponsor_basic \"><div class=\"image_featured\"><img decoding=\"async\" src=\"https:\/\/www.landscape-festival.cz\/old\/wp-content\/uploads\/2017\/04\/fr_sh_NOK-101x100.png\"><\/div><\/a><a target=\"_blank\" href=\"https:\/\/www.sculptureline.cz\" class=\"sponsor_basic \"><div class=\"image_featured\"><img decoding=\"async\" src=\"https:\/\/www.landscape-festival.cz\/old\/wp-content\/uploads\/2017\/04\/sculpture_line-107x100.png\"><\/div><\/a><\/div><\/div><div class=\"et-sponsors sposors_area   \"><div class=\"mini_gap\"><\/div><div class=\"first_line\">\r\n                    <\/div>\r\n                    <div class=\"first_title\">\r\n                      <p>\r\n                      Za podpory\r\n                      <\/p>\r\n                    <\/div>\r\n                    <div class=\"first_description\">\r\n                      <p>\r\n                      \r\n                      <\/p>\r\n                    <\/div>\r\n                    <div class=\"gap\">\r\n                    <\/div><div class=\"sponsor_box\"><a target=\"_blank\" href=\"https:\/\/www.mkcr.cz\" class=\"sponsor_basic \"><div class=\"image_featured\"><img decoding=\"async\" src=\"https:\/\/www.landscape-festival.cz\/old\/wp-content\/uploads\/2017\/04\/ministerstvo_kultury-300x98.png\"><\/div><\/a><a target=\"_blank\" href=\"https:\/\/www.mkcr.cz\/statni-fond-kultury-cr-42.html\" class=\"sponsor_basic \"><div class=\"image_featured\"><img decoding=\"async\" src=\"https:\/\/www.landscape-festival.cz\/old\/wp-content\/uploads\/2017\/04\/statni_fond_kultury-300x100.png\"><\/div><\/a><a target=\"_blank\" href=\"http:\/\/www.plzensky-kraj.cz\/index.php?\" class=\"sponsor_basic \"><div class=\"image_featured\"><img decoding=\"async\" src=\"https:\/\/www.landscape-festival.cz\/old\/wp-content\/uploads\/2017\/04\/plzensky_kraj_NOK-300x78.png\"><\/div><\/a><a target=\"_blank\" href=\"https:\/\/www.prazdroj.cz\/odpovednost\/podpora-regionu\" class=\"sponsor_basic \"><div class=\"image_featured\"><img decoding=\"async\" src=\"https:\/\/www.landscape-festival.cz\/old\/wp-content\/uploads\/2017\/04\/prazdroj_lidem_NOK-194x100.png\"><\/div><\/a><a target=\"_blank\" href=\"http:\/\/czechrepublic.nlembassy.org\" class=\"sponsor_basic \"><div class=\"image_featured\"><img decoding=\"async\" src=\"https:\/\/www.landscape-festival.cz\/old\/wp-content\/uploads\/2017\/04\/netherlands-237x100.png\"><\/div><\/a><a target=\"_blank\" href=\"https:\/\/www.sfzp.cz\" class=\"sponsor_basic \"><div class=\"image_featured\"><img decoding=\"async\" src=\"https:\/\/www.landscape-festival.cz\/old\/wp-content\/uploads\/2017\/04\/statni_fond_zivotniho_prostredi-300x82.png\"><\/div><\/a><a target=\"_blank\" href=\"http:\/\/www.eeagrants.cz\" class=\"sponsor_basic \"><div class=\"image_featured\"><img decoding=\"async\" src=\"https:\/\/www.landscape-festival.cz\/old\/wp-content\/uploads\/2017\/04\/eea_grants-150x100.png\"><\/div><\/a><\/div><\/div><div class=\"et-sponsors sposors_area   \"><div class=\"mini_gap\"><\/div><div class=\"first_line\">\r\n                    <\/div>\r\n                    <div class=\"first_title\">\r\n                      <p>\r\n                      Gener\u00e1ln\u00ed partner\r\n                      <\/p>\r\n                    <\/div>\r\n                    <div class=\"first_description\">\r\n                      <p>\r\n                      \r\n                      <\/p>\r\n                    <\/div>\r\n                    <div class=\"gap\">\r\n                    <\/div><div class=\"sponsor_box\"><a target=\"_blank\" href=\"http:\/\/www.ameside.cz\" class=\"sponsor_featured \"><div class=\"image_featured\"><img decoding=\"async\" src=\"https:\/\/www.landscape-festival.cz\/old\/wp-content\/uploads\/2017\/04\/ameside_NOK-163x100.png\"><\/div><\/a><\/div><\/div><div class=\"et-sponsors sposors_area   \"><div class=\"mini_gap\"><\/div><div class=\"first_line\">\r\n                    <\/div>\r\n                    <div class=\"first_title\">\r\n                      <p>\r\n                      Hlavn\u00ed partner\r\n                      <\/p>\r\n                    <\/div>\r\n                    <div class=\"first_description\">\r\n                      <p>\r\n                      \r\n                      <\/p>\r\n                    <\/div>\r\n                    <div class=\"gap\">\r\n                    <\/div><div class=\"sponsor_box\"><a target=\"_blank\" href=\"http:\/\/www.bcreal.cz\" class=\"sponsor_featured \"><div class=\"image_featured\"><img decoding=\"async\" src=\"https:\/\/www.landscape-festival.cz\/old\/wp-content\/uploads\/2017\/04\/bc_real-259x100.png\"><\/div><\/a><a target=\"_blank\" href=\"http:\/\/www.dzklatovy.cz\/cesky\/\" class=\"sponsor_featured \"><div class=\"image_featured\"><img decoding=\"async\" src=\"https:\/\/www.landscape-festival.cz\/old\/wp-content\/uploads\/2017\/04\/klatovy-02-100x100.png\"><\/div><\/a><\/div><\/div><div class=\"et-sponsors sposors_area   \"><div class=\"mini_gap\"><\/div><div class=\"first_line\">\r\n                    <\/div>\r\n                    <div class=\"first_title\">\r\n                      <p>\r\n                      Partne\u0159i\r\n                      <\/p>\r\n                    <\/div>\r\n                    <div class=\"first_description\">\r\n                      <p>\r\n                      \r\n                      <\/p>\r\n                    <\/div>\r\n                    <div class=\"gap\">\r\n                    <\/div><div class=\"sponsor_box\"><a target=\"_blank\" href=\"http:\/\/www.vodarna.cz\" class=\"sponsor_basic \"><div class=\"image_featured\"><img decoding=\"async\" src=\"https:\/\/www.landscape-festival.cz\/old\/wp-content\/uploads\/2017\/04\/vodarna_plzen-300x50.png\"><\/div><\/a><a target=\"_blank\" href=\"http:\/\/www.zakurz.cz\/cs\/realizace\/\" class=\"sponsor_basic \"><div class=\"image_featured\"><img decoding=\"async\" src=\"https:\/\/www.landscape-festival.cz\/old\/wp-content\/uploads\/2017\/04\/zahradni_architektura-215x100.png\"><\/div><\/a><a target=\"_blank\" href=\"http:\/\/www.arboeko.com\" class=\"sponsor_basic \"><div class=\"image_featured\"><img decoding=\"async\" src=\"https:\/\/www.landscape-festival.cz\/old\/wp-content\/uploads\/2017\/04\/arboeko-pdf.jpg\"><\/div><\/a><a target=\"_blank\" href=\"https:\/\/www.prazdroj.cz\" class=\"sponsor_basic \"><div class=\"image_featured\"><img decoding=\"async\" src=\"https:\/\/www.landscape-festival.cz\/old\/wp-content\/uploads\/2017\/04\/pilsner_urquell_NOK-128x100.png\"><\/div><\/a><a target=\"_blank\" href=\"http:\/\/www.szuz.cz\/cs\/\" class=\"sponsor_basic \"><div class=\"image_featured\"><img decoding=\"async\" src=\"https:\/\/www.landscape-festival.cz\/old\/wp-content\/uploads\/2017\/04\/svaz_zakladani_udrzby_zelene-266x100.png\"><\/div><\/a><a target=\"_blank\" href=\"http:\/\/www.zelenestrechy.info\/cs\/\" class=\"sponsor_basic \"><div class=\"image_featured\"><img decoding=\"async\" src=\"https:\/\/www.landscape-festival.cz\/old\/wp-content\/uploads\/2017\/04\/zelene_strechy-141x100.png\"><\/div><\/a><a target=\"_blank\" href=\"http:\/\/www.raselina.cz\/cs\/\" class=\"sponsor_basic \"><div class=\"image_featured\"><img decoding=\"async\" src=\"https:\/\/www.landscape-festival.cz\/old\/wp-content\/uploads\/2017\/04\/raselina_NOK-198x100.png\"><\/div><\/a><a target=\"_blank\" href=\"http:\/\/www.fiserzc.cz\" class=\"sponsor_basic \"><div class=\"image_featured\"><img decoding=\"async\" src=\"https:\/\/www.landscape-festival.cz\/old\/wp-content\/uploads\/2017\/04\/raselina_fiser_NOK-125x100.png\"><\/div><\/a><a target=\"_blank\" href=\"http:\/\/www.zahradanastenu.cz\" class=\"sponsor_basic \"><div class=\"image_featured\"><img decoding=\"async\" src=\"https:\/\/www.landscape-festival.cz\/old\/wp-content\/uploads\/2017\/04\/zahrada_na_stenu-300x74.png\"><\/div><\/a><a target=\"_blank\" href=\"http:\/\/www.optigreen.cz\" class=\"sponsor_basic \"><div class=\"image_featured\"><img decoding=\"async\" src=\"https:\/\/www.landscape-festival.cz\/old\/wp-content\/uploads\/2017\/04\/optigreen_NOK-300x59.png\"><\/div><\/a><a target=\"_blank\" href=\"http:\/\/www.cistaplzen.cz\" class=\"sponsor_basic \"><div class=\"image_featured\"><img decoding=\"async\" src=\"https:\/\/www.landscape-festival.cz\/old\/wp-content\/uploads\/2017\/04\/cista_plzen_NOK-106x100.png\"><\/div><\/a><a target=\"_blank\" href=\"http:\/\/areagroup.cz\" class=\"sponsor_basic \"><div class=\"image_featured\"><img decoding=\"async\" src=\"https:\/\/www.landscape-festival.cz\/old\/wp-content\/uploads\/2017\/04\/areagroup-300x51.png\"><\/div><\/a><a target=\"_blank\" href=\"http:\/\/www.roagrotex.cz\" class=\"sponsor_basic \"><div class=\"image_featured\"><img decoding=\"async\" src=\"https:\/\/www.landscape-festival.cz\/old\/wp-content\/uploads\/2017\/04\/roagrotex-300x51.png\"><\/div><\/a><a target=\"_blank\" href=\"http:\/\/www.mmcite.com\/vyrobky\" class=\"sponsor_basic \"><div class=\"image_featured\"><img decoding=\"async\" src=\"https:\/\/www.landscape-festival.cz\/old\/wp-content\/uploads\/2017\/04\/mmcite-211x100.png\"><\/div><\/a><a target=\"_blank\" href=\"http:\/\/www.egoe.cz\/produkty-dle-produktu\/\" class=\"sponsor_basic \"><div class=\"image_featured\"><img decoding=\"async\" src=\"https:\/\/www.landscape-festival.cz\/old\/wp-content\/uploads\/2017\/04\/egoe-300x70.png\"><\/div><\/a><a target=\"_blank\" href=\"https:\/\/www.irimon.cz\" class=\"sponsor_basic \"><div class=\"image_featured\"><img decoding=\"async\" src=\"https:\/\/www.landscape-festival.cz\/old\/wp-content\/uploads\/2017\/04\/irimon-300x67.png\"><\/div><\/a><a target=\"_blank\" href=\"https:\/\/www.kvetiny-zahrady.cz\" class=\"sponsor_basic \"><div class=\"image_featured\"><img decoding=\"async\" src=\"https:\/\/www.landscape-festival.cz\/old\/wp-content\/uploads\/2017\/04\/jvv_gingko-300x67.png\"><\/div><\/a><a target=\"_blank\" href=\"http:\/\/www.rako.cz\" class=\"sponsor_basic \"><div class=\"image_featured\"><img decoding=\"async\" src=\"https:\/\/www.landscape-festival.cz\/old\/wp-content\/uploads\/2017\/04\/rako-174x100.png\"><\/div><\/a><a target=\"_blank\" href=\"https:\/\/www.mestokladno.cz\" class=\"sponsor_basic \"><div class=\"image_featured\"><img decoding=\"async\" src=\"https:\/\/www.landscape-festival.cz\/old\/wp-content\/uploads\/2017\/04\/kladno-223x100.png\"><\/div><\/a><a target=\"_blank\" href=\"http:\/\/sedumtop.cz\/\" class=\"sponsor_basic \"><div class=\"image_featured\"><img decoding=\"async\" src=\"https:\/\/www.landscape-festival.cz\/old\/wp-content\/uploads\/2017\/04\/Sedum_logo_zakladni_BLACK-01-180x100.png\"><\/div><\/a><\/div><\/div><div class=\"et-sponsors sposors_area   \"><div class=\"mini_gap\"><\/div><div class=\"first_line\">\r\n                    <\/div>\r\n                    <div class=\"first_title\">\r\n                      <p>\r\n                      Medi\u00e1ln\u00ed partne\u0159i\r\n                      <\/p>\r\n                    <\/div>\r\n                    <div class=\"first_description\">\r\n                      <p>\r\n                      \r\n                      <\/p>\r\n                    <\/div>\r\n                    <div class=\"gap\">\r\n                    <\/div><div class=\"sponsor_box\"><a target=\"_blank\" href=\"http:\/\/www.euronovagroup.com\" class=\"sponsor_basic \"><div class=\"image_featured\"><img decoding=\"async\" src=\"https:\/\/www.landscape-festival.cz\/old\/wp-content\/uploads\/2017\/04\/euronova_group-300x85.png\"><\/div><\/a><a target=\"_blank\" href=\"http:\/\/plzen.cz\" class=\"sponsor_basic \"><div class=\"image_featured\"><img decoding=\"async\" src=\"https:\/\/www.landscape-festival.cz\/old\/wp-content\/uploads\/2017\/04\/plzen_cz-300x65.png\"><\/div><\/a><a target=\"_blank\" href=\"http:\/\/www.rengl.cz\" class=\"sponsor_basic \"><div class=\"image_featured\"><img decoding=\"async\" src=\"https:\/\/www.landscape-festival.cz\/old\/wp-content\/uploads\/2017\/04\/rengl-134x100.png\"><\/div><\/a><a target=\"_blank\" href=\"http:\/\/www.zurnalmag.cz\" class=\"sponsor_basic \"><div class=\"image_featured\"><img decoding=\"async\" src=\"https:\/\/www.landscape-festival.cz\/old\/wp-content\/uploads\/2017\/04\/zurnal-300x82.png\"><\/div><\/a><a target=\"_blank\" href=\"http:\/\/www.radio1.cz\" class=\"sponsor_basic \"><div class=\"image_featured\"><img decoding=\"async\" src=\"https:\/\/www.landscape-festival.cz\/old\/wp-content\/uploads\/2017\/04\/radio1_praha-100x100.png\"><\/div><\/a><a target=\"_blank\" href=\"http:\/\/www.zaktv.cz\" class=\"sponsor_basic \"><div class=\"image_featured\"><img decoding=\"async\" src=\"https:\/\/www.landscape-festival.cz\/old\/wp-content\/uploads\/2017\/04\/zak-207x100.png\"><\/div><\/a><\/div><\/div>[\/vc_column][vc_column][\/vc_column][\/vc_row]<\/p>\n<\/div>","protected":false},"excerpt":{"rendered":"<p>[vc_row][vc_column][vc_empty_space height=&#8220;40px&#8220;][\/vc_column][vc_column][\/vc_column][\/vc_row]<\/p>\n","protected":false},"author":5,"featured_media":0,"parent":6781,"menu_order":0,"comment_status":"closed","ping_status":"closed","template":"fullwidth.php","meta":{"footnotes":""},"class_list":["post-5093","page","type-page","status-publish","hentry",""],"_links":{"self":[{"href":"https:\/\/www.landscape-festival.cz\/old\/wp-json\/wp\/v2\/pages\/5093","targetHints":{"allow":["GET"]}}],"collection":[{"href":"https:\/\/www.landscape-festival.cz\/old\/wp-json\/wp\/v2\/pages"}],"about":[{"href":"https:\/\/www.landscape-festival.cz\/old\/wp-json\/wp\/v2\/types\/page"}],"author":[{"embeddable":true,"href":"https:\/\/www.landscape-festival.cz\/old\/wp-json\/wp\/v2\/users\/5"}],"replies":[{"embeddable":true,"href":"https:\/\/www.landscape-festival.cz\/old\/wp-json\/wp\/v2\/comments?post=5093"}],"version-history":[{"count":27,"href":"https:\/\/www.landscape-festival.cz\/old\/wp-json\/wp\/v2\/pages\/5093\/revisions"}],"predecessor-version":[{"id":8254,"href":"https:\/\/www.landscape-festival.cz\/old\/wp-json\/wp\/v2\/pages\/5093\/revisions\/8254"}],"up":[{"embeddable":true,"href":"https:\/\/www.landscape-festival.cz\/old\/wp-json\/wp\/v2\/pages\/6781"}],"wp:attachment":[{"href":"https:\/\/www.landscape-festival.cz\/old\/wp-json\/wp\/v2\/media?parent=5093"}],"curies":[{"name":"wp","href":"https:\/\/api.w.org\/{rel}","templated":true}]}}