{"id":1383,"date":"2015-07-13T18:06:37","date_gmt":"2015-07-13T16:06:37","guid":{"rendered":"http:\/\/landscape-festival.cz\/?page_id=1383"},"modified":"2017-04-10T21:56:04","modified_gmt":"2017-04-10T20:56:04","slug":"supported-by","status":"publish","type":"page","link":"https:\/\/www.landscape-festival.cz\/old\/en\/last-editions\/lfp2015\/supported-by\/","title":{"rendered":"Supported by"},"content":{"rendered":"<p><a href=\"http:\/\/www.mkcr.cz\/statni-fondy\/statni-fond-kultury-cr\/\" target=\"_blank\"><img loading=\"lazy\" decoding=\"async\" class=\"alignleft\" src=\"http:\/\/landscape-festival.cz\/wp-content\/uploads\/2014\/04\/mmkcr-300x92.jpg\" alt=\"mmkcr\" width=\"208\" height=\"64\" \/><img loading=\"lazy\" decoding=\"async\" class=\"alignleft\" src=\"http:\/\/landscape-festival.cz\/wp-content\/uploads\/2014\/04\/sfkcr-300x111.jpg\" alt=\"sfkcr\" width=\"188\" height=\"70\" \/><\/a><\/p>\n<p><a href=\"http:\/\/www.praha.eu\/jnp\/cz\/home\/index.html\" target=\"_blank\"><img loading=\"lazy\" decoding=\"async\" class=\"alignleft\" src=\"http:\/\/landscape-festival.cz\/wp-content\/uploads\/2014\/04\/prague-300x300.jpg\" alt=\"prague\" width=\"64\" height=\"64\" \/><\/a><\/p>\n<p><a href=\"http:\/\/www.praha3.cz\/\"><img loading=\"lazy\" decoding=\"async\" class=\"\" src=\"http:\/\/landscape-festival.cz\/wp-content\/uploads\/2014\/04\/praha3.png\" alt=\"praha3\" width=\"71\" height=\"72\" \/><\/a><\/p>\n<p><a href=\"http:\/\/www.praha6.cz\/\" target=\"_blank\"><img loading=\"lazy\" decoding=\"async\" class=\" wp-image-1410 alignleft\" src=\"http:\/\/landscape-festival.cz\/wp-content\/uploads\/2015\/07\/P6-150x150.png\" alt=\"P6\" width=\"69\" height=\"69\" srcset=\"https:\/\/www.landscape-festival.cz\/old\/wp-content\/uploads\/2015\/07\/P6-150x150.png 150w, https:\/\/www.landscape-festival.cz\/old\/wp-content\/uploads\/2015\/07\/P6-300x300.png 300w, https:\/\/www.landscape-festival.cz\/old\/wp-content\/uploads\/2015\/07\/P6-1024x1024.png 1024w\" sizes=\"auto, (max-width: 69px) 100vw, 69px\" \/><\/a><a href=\"http:\/\/www.cdcargo.cz\/\" target=\"_blank\"><img loading=\"lazy\" decoding=\"async\" class=\" wp-image-349 alignleft\" src=\"http:\/\/landscape-festival.cz\/wp-content\/uploads\/2014\/04\/Cd_lg_text_cb-300x51.jpg\" alt=\"\" width=\"176\" height=\"30\" srcset=\"https:\/\/www.landscape-festival.cz\/old\/wp-content\/uploads\/2014\/04\/Cd_lg_text_cb-300x51.jpg 300w, https:\/\/www.landscape-festival.cz\/old\/wp-content\/uploads\/2014\/04\/Cd_lg_text_cb.jpg 313w\" sizes=\"auto, (max-width: 176px) 100vw, 176px\" \/><img loading=\"lazy\" decoding=\"async\" class=\" wp-image-366 alignleft\" src=\"http:\/\/landscape-festival.cz\/wp-content\/uploads\/2014\/04\/cargo_cb-300x63.jpg\" alt=\"cargo_cb\" width=\"148\" height=\"31\" srcset=\"https:\/\/www.landscape-festival.cz\/old\/wp-content\/uploads\/2014\/04\/cargo_cb-300x63.jpg 300w, https:\/\/www.landscape-festival.cz\/old\/wp-content\/uploads\/2014\/04\/cargo_cb-1024x218.jpg 1024w, https:\/\/www.landscape-festival.cz\/old\/wp-content\/uploads\/2014\/04\/cargo_cb.jpg 1408w\" sizes=\"auto, (max-width: 148px) 100vw, 148px\" \/><\/a><a href=\"http:\/\/www.nca.info\/\" target=\"_blank\"><img loading=\"lazy\" decoding=\"async\" class=\" alignnone\" src=\"http:\/\/landscape-festival.cz\/wp-content\/uploads\/2014\/04\/nca-300x259.jpg\" alt=\"nca\" width=\"71\" height=\"61\" \/><\/a><\/p>\n<p><a href=\"http:\/\/www.prohelvetia.ch\/\" target=\"_blank\"><img loading=\"lazy\" decoding=\"async\" class=\" wp-image-1416 alignleft\" src=\"http:\/\/landscape-festival.cz\/wp-content\/uploads\/2015\/07\/pro-helvetia.png\" alt=\"pro helvetia\" width=\"144\" height=\"41\" srcset=\"https:\/\/www.landscape-festival.cz\/old\/wp-content\/uploads\/2015\/07\/pro-helvetia.png 420w, https:\/\/www.landscape-festival.cz\/old\/wp-content\/uploads\/2015\/07\/pro-helvetia-300x86.png 300w\" sizes=\"auto, (max-width: 144px) 100vw, 144px\" \/><\/a><\/p>\n<p>&nbsp;<\/p>\n<p>&nbsp;<\/p>\n<p><strong>main partner:<\/strong><\/p>\n<p><a href=\"http:\/\/www.halla.cz\/\" target=\"_blank\"><img loading=\"lazy\" decoding=\"async\" class=\"alignnone wp-image-330\" src=\"http:\/\/landscape-festival.cz\/wp-content\/uploads\/2014\/04\/HALLA_logo_cb_grad-1-300x123.jpg\" alt=\"HALLA_logo_cb_grad (1)\" width=\"141\" height=\"58\" srcset=\"https:\/\/www.landscape-festival.cz\/old\/wp-content\/uploads\/2014\/04\/HALLA_logo_cb_grad-1-300x123.jpg 300w, https:\/\/www.landscape-festival.cz\/old\/wp-content\/uploads\/2014\/04\/HALLA_logo_cb_grad-1.jpg 594w\" sizes=\"auto, (max-width: 141px) 100vw, 141px\" \/><\/a><\/p>\n<p><strong>partners:<\/strong><\/p>\n<p><a href=\"http:\/\/www.mmcite.com\/\" target=\"_blank\"><img loading=\"lazy\" decoding=\"async\" class=\" wp-image-322 alignleft\" src=\"http:\/\/landscape-festival.cz\/wp-content\/uploads\/2014\/04\/01_mmcite_cb.jpg\" alt=\"01_mmcite_cb\" width=\"114\" height=\"54\" \/><\/a><a href=\"http:\/\/landscape-festival.cz\/wp-content\/uploads\/2015\/07\/konsorcium.png\"><img loading=\"lazy\" decoding=\"async\" class=\" wp-image-1419 alignleft\" src=\"http:\/\/landscape-festival.cz\/wp-content\/uploads\/2015\/07\/konsorcium-300x140.png\" alt=\"konsorcium\" width=\"122\" height=\"57\" srcset=\"https:\/\/www.landscape-festival.cz\/old\/wp-content\/uploads\/2015\/07\/konsorcium-300x140.png 300w, https:\/\/www.landscape-festival.cz\/old\/wp-content\/uploads\/2015\/07\/konsorcium-1024x478.png 1024w\" sizes=\"auto, (max-width: 122px) 100vw, 122px\" \/><\/a><a href=\"http:\/\/www.zelenydomov.eu\/\" target=\"_blank\"><img loading=\"lazy\" decoding=\"async\" class=\" wp-image-449 alignleft\" src=\"http:\/\/landscape-festival.cz\/wp-content\/uploads\/2014\/04\/zel-dom.jpg\" alt=\"zel dom\" width=\"99\" height=\"77\" \/><\/a><img loading=\"lazy\" decoding=\"async\" class=\" wp-image-342 alignleft\" src=\"http:\/\/landscape-festival.cz\/wp-content\/uploads\/2014\/04\/logoZAK_vector_cb-300x150.jpg\" alt=\"logoZAK_vector_cb\" width=\"114\" height=\"57\" srcset=\"https:\/\/www.landscape-festival.cz\/old\/wp-content\/uploads\/2014\/04\/logoZAK_vector_cb-300x150.jpg 300w, https:\/\/www.landscape-festival.cz\/old\/wp-content\/uploads\/2014\/04\/logoZAK_vector_cb-1024x512.jpg 1024w, https:\/\/www.landscape-festival.cz\/old\/wp-content\/uploads\/2014\/04\/logoZAK_vector_cb.jpg 1181w\" sizes=\"auto, (max-width: 114px) 100vw, 114px\" \/><a href=\"http:\/\/www.tiliagarden.cz\/\" target=\"_blank\"><img loading=\"lazy\" decoding=\"async\" class=\" wp-image-345 alignnone\" src=\"http:\/\/landscape-festival.cz\/wp-content\/uploads\/2014\/04\/logo_tilia_cb-300x181.jpg\" alt=\"logo_tilia_cb\" width=\"87\" height=\"53\" srcset=\"https:\/\/www.landscape-festival.cz\/old\/wp-content\/uploads\/2014\/04\/logo_tilia_cb-300x181.jpg 300w, https:\/\/www.landscape-festival.cz\/old\/wp-content\/uploads\/2014\/04\/logo_tilia_cb-1024x619.jpg 1024w, https:\/\/www.landscape-festival.cz\/old\/wp-content\/uploads\/2014\/04\/logo_tilia_cb.jpg 1617w\" sizes=\"auto, (max-width: 87px) 100vw, 87px\" \/><\/a><\/p>\n<p>&nbsp;<\/p>\n<p><img loading=\"lazy\" decoding=\"async\" class=\" wp-image-358 alignleft\" src=\"http:\/\/landscape-festival.cz\/wp-content\/uploads\/2014\/04\/Logo_TV-Facility_cb-300x82.jpg\" alt=\"Logo_TV-Facility_cb\" width=\"117\" height=\"32\" srcset=\"https:\/\/www.landscape-festival.cz\/old\/wp-content\/uploads\/2014\/04\/Logo_TV-Facility_cb-300x82.jpg 300w, https:\/\/www.landscape-festival.cz\/old\/wp-content\/uploads\/2014\/04\/Logo_TV-Facility_cb-1024x280.jpg 1024w, https:\/\/www.landscape-festival.cz\/old\/wp-content\/uploads\/2014\/04\/Logo_TV-Facility_cb.jpg 1473w\" sizes=\"auto, (max-width: 117px) 100vw, 117px\" \/><a href=\"http:\/\/www.arboeko.com\/\" target=\"_blank\"><img loading=\"lazy\" decoding=\"async\" class=\" wp-image-369 alignleft\" src=\"http:\/\/landscape-festival.cz\/wp-content\/uploads\/2014\/04\/arboeko_cb-232x300.jpg\" alt=\"arboeko_cb\" width=\"48\" height=\"62\" srcset=\"https:\/\/www.landscape-festival.cz\/old\/wp-content\/uploads\/2014\/04\/arboeko_cb-232x300.jpg 232w, https:\/\/www.landscape-festival.cz\/old\/wp-content\/uploads\/2014\/04\/arboeko_cb.jpg 291w\" sizes=\"auto, (max-width: 48px) 100vw, 48px\" \/><\/a><\/p>\n<p>&nbsp;<\/p>\n<p>&nbsp;<\/p>\n<p><strong>in collaboration with:\u00a0<\/strong><\/p>\n<p>Centrum sou\u010dasn\u00e9 architektury v Barcelon\u011b, Centrum architektury Brno, N\u00e1rodn\u00ed filmov\u00fd arch\u00edv,\u00a0Institut pl\u00e1nov\u00e1n\u00ed a rozvoje hlavn\u00edho m\u011bsta Prahy, Divadlo let\u00ed,\u00a0Spole\u010dnost pro zahradn\u00ed a krajin\u00e1\u0159skou tvorbu, Vysok\u00e1 \u0161kola um\u011blecko-pr\u016fmyslov\u00e1 v Praze,\u00a0\u010cesk\u00e1 zem\u011bd\u011blsk\u00e1 univerzita v Praze, Mendelova univerzita v Brn\u011b, Hrajin\u00e1\u0159i,\u00a0\u010cesk\u00e9 vysok\u00e9 u\u010den\u00ed technick\u00e9 v Praze, Industri\u00e1ln\u00ed stopy, Spole\u010dnost Petra Parl\u00e9\u0159e,\u00a0Archwerk, H3T, Nakladatelstv\u00ed Academia, Junior klub, Na okraji, Archistroj, Galerie \u0160kolsk\u00e1 28<\/p>\n<p><strong>main media\u00a0partner:<\/strong><\/p>\n<p><a href=\"http:\/\/www.dpp.cz\/\" target=\"_blank\"><img loading=\"lazy\" decoding=\"async\" class=\"alignnone wp-image-524\" src=\"http:\/\/landscape-festival.cz\/wp-content\/uploads\/2014\/04\/dpp_cb-300x63.png\" alt=\"dpp_cb\" width=\"232\" height=\"49\" srcset=\"https:\/\/www.landscape-festival.cz\/old\/wp-content\/uploads\/2014\/04\/dpp_cb-300x63.png 300w, https:\/\/www.landscape-festival.cz\/old\/wp-content\/uploads\/2014\/04\/dpp_cb-1024x217.png 1024w\" sizes=\"auto, (max-width: 232px) 100vw, 232px\" \/><\/a><\/p>\n<p><strong>media partners:<\/strong><\/p>\n<p><a href=\"http:\/\/www.radio1.cz\/\" target=\"_blank\"><img loading=\"lazy\" decoding=\"async\" class=\" wp-image-529 alignleft\" src=\"http:\/\/landscape-festival.cz\/wp-content\/uploads\/2014\/04\/r1-logo1_cb-300x300.png\" alt=\"r1-logo1_cb\" width=\"63\" height=\"63\" srcset=\"https:\/\/www.landscape-festival.cz\/old\/wp-content\/uploads\/2014\/04\/r1-logo1_cb-300x300.png 300w, https:\/\/www.landscape-festival.cz\/old\/wp-content\/uploads\/2014\/04\/r1-logo1_cb-150x150.png 150w, https:\/\/www.landscape-festival.cz\/old\/wp-content\/uploads\/2014\/04\/r1-logo1_cb.png 568w\" sizes=\"auto, (max-width: 63px) 100vw, 63px\" \/><\/a><a href=\"http:\/\/www.railreklam.cz\/\" target=\"_blank\"><img loading=\"lazy\" decoding=\"async\" class=\" wp-image-526 alignleft\" src=\"http:\/\/landscape-festival.cz\/wp-content\/uploads\/2014\/04\/railreklam_cb-300x37.png\" alt=\"railreklam_cb\" width=\"171\" height=\"21\" srcset=\"https:\/\/www.landscape-festival.cz\/old\/wp-content\/uploads\/2014\/04\/railreklam_cb-300x37.png 300w, https:\/\/www.landscape-festival.cz\/old\/wp-content\/uploads\/2014\/04\/railreklam_cb-1024x128.png 1024w\" sizes=\"auto, (max-width: 171px) 100vw, 171px\" \/><\/a><a href=\"http:\/\/www.artmap.cz\/\" target=\"_blank\"><img loading=\"lazy\" decoding=\"async\" class=\" wp-image-528 alignleft\" src=\"http:\/\/landscape-festival.cz\/wp-content\/uploads\/2014\/04\/artmap_cb-300x96.png\" alt=\"artmap_cb\" width=\"114\" height=\"36\" srcset=\"https:\/\/www.landscape-festival.cz\/old\/wp-content\/uploads\/2014\/04\/artmap_cb-300x96.png 300w, https:\/\/www.landscape-festival.cz\/old\/wp-content\/uploads\/2014\/04\/artmap_cb-1024x328.png 1024w, https:\/\/www.landscape-festival.cz\/old\/wp-content\/uploads\/2014\/04\/artmap_cb.png 1345w\" sizes=\"auto, (max-width: 114px) 100vw, 114px\" \/><\/a><\/p>\n<p>&nbsp;<\/p>\n<p>&nbsp;<\/p>\n","protected":false},"excerpt":{"rendered":"<p>&nbsp; &nbsp; main partner: partners: &nbsp; &nbsp; &nbsp; in collaboration with:\u00a0 Centrum sou\u010dasn\u00e9 architektury v Barcelon\u011b, Centrum architektury Brno, N\u00e1rodn\u00ed filmov\u00fd arch\u00edv,\u00a0Institut pl\u00e1nov\u00e1n\u00ed a rozvoje hlavn\u00edho m\u011bsta Prahy, Divadlo let\u00ed,\u00a0Spole\u010dnost pro zahradn\u00ed a krajin\u00e1\u0159skou tvorbu, Vysok\u00e1 \u0161kola um\u011blecko-pr\u016fmyslov\u00e1 v Praze,\u00a0\u010cesk\u00e1 zem\u011bd\u011blsk\u00e1 univerzita v Praze, Mendelova univerzita v Brn\u011b, Hrajin\u00e1\u0159i,\u00a0\u010cesk\u00e9 vysok\u00e9 u\u010den\u00ed technick\u00e9 v Praze, Industri\u00e1ln\u00ed [&hellip;]<\/p>\n","protected":false},"author":2,"featured_media":0,"parent":2336,"menu_order":4,"comment_status":"closed","ping_status":"closed","template":"","meta":{"footnotes":""},"class_list":["post-1383","page","type-page","status-publish","hentry",""],"_links":{"self":[{"href":"https:\/\/www.landscape-festival.cz\/old\/wp-json\/wp\/v2\/pages\/1383","targetHints":{"allow":["GET"]}}],"collection":[{"href":"https:\/\/www.landscape-festival.cz\/old\/wp-json\/wp\/v2\/pages"}],"about":[{"href":"https:\/\/www.landscape-festival.cz\/old\/wp-json\/wp\/v2\/types\/page"}],"author":[{"embeddable":true,"href":"https:\/\/www.landscape-festival.cz\/old\/wp-json\/wp\/v2\/users\/2"}],"replies":[{"embeddable":true,"href":"https:\/\/www.landscape-festival.cz\/old\/wp-json\/wp\/v2\/comments?post=1383"}],"version-history":[{"count":7,"href":"https:\/\/www.landscape-festival.cz\/old\/wp-json\/wp\/v2\/pages\/1383\/revisions"}],"predecessor-version":[{"id":4766,"href":"https:\/\/www.landscape-festival.cz\/old\/wp-json\/wp\/v2\/pages\/1383\/revisions\/4766"}],"up":[{"embeddable":true,"href":"https:\/\/www.landscape-festival.cz\/old\/wp-json\/wp\/v2\/pages\/2336"}],"wp:attachment":[{"href":"https:\/\/www.landscape-festival.cz\/old\/wp-json\/wp\/v2\/media?parent=1383"}],"curies":[{"name":"wp","href":"https:\/\/api.w.org\/{rel}","templated":true}]}}