{"id":1180,"date":"2015-06-10T13:46:24","date_gmt":"2015-06-10T11:46:24","guid":{"rendered":"http:\/\/landscape-festival.cz\/?page_id=1180"},"modified":"2017-04-10T21:57:32","modified_gmt":"2017-04-10T20:57:32","slug":"exhibitions2014","status":"publish","type":"page","link":"https:\/\/www.landscape-festival.cz\/old\/en\/last-editions\/lfp2014\/exhibitions2014\/","title":{"rendered":"Exhibitions"},"content":{"rendered":"<p><strong>A\/ EXHIBITIONS<\/strong><\/p>\n<p><strong>1\/ Czech\u00a0Scape<\/strong><br \/>\nlocality\/\u00a0Jaroslav Fragner Gallery<br \/>\nanalyze, historic excurse, contemporary state<\/p>\n<p>curators\/4 dim \u2013 Kl\u00e1ra Stachov\u00e1, Andrea Honejskov\u00e1, Jakub Hepp, gjf \u2013 Dan Merta<\/p>\n<p>Contemporary public space in CR is a sensitive topic for discussions. High quality landscape elements are to be found less often than it should be in the case of a capital city. However, projects of prominent architects that have already been finished can give a good presentation of a relationship to history and future.<\/p>\n<p>The CZECHSCAPE exhibition presents a selection of projects of landscape architecture and realisations in public space in CR. In a friendly way it invites to a reflexion of contemporary state where landscape architecture in CR smoothly rises and the time has come to compare the results with more advanced countries of Europe.<\/p>\n<div id=\"gallery-17-1\" class=\"gallery gallery-17\">\n<div class=\"gallery-row gallery-col-4 gallery-clear\">\n<figure class=\"gallery-item col-4\">\n<div class=\"gallery-icon \"><a href=\"http:\/\/landscape-festival.cz\/en\/?attachment_id=98\"><img loading=\"lazy\" decoding=\"async\" class=\"attachment-thumbnail\" src=\"http:\/\/landscape-festival.cz\/en\/wp-content\/uploads\/2014\/04\/01_mca-150x150.jpg\" alt=\"ateli\u00e9r mca \u2013 bastion XXXl\" width=\"150\" height=\"150\" \/><\/a><\/div><figcaption class=\"gallery-caption\">ateli\u00e9r mca \u2013 bastion XXXl<\/figcaption><\/figure>\n<figure class=\"gallery-item col-4\">\n<div class=\"gallery-icon \"><a href=\"http:\/\/landscape-festival.cz\/en\/?attachment_id=96\"><img loading=\"lazy\" decoding=\"async\" class=\"attachment-thumbnail\" src=\"http:\/\/landscape-festival.cz\/en\/wp-content\/uploads\/2014\/04\/03_pleskot-150x150.jpg\" alt=\"josef pleskot \u2013 jelen\u00ed p\u0159\u00edkop\" width=\"150\" height=\"150\" \/><\/a><\/div><figcaption class=\"gallery-caption\">josef pleskot \u2013 jelen\u00ed p\u0159\u00edkop<\/figcaption><\/figure>\n<figure class=\"gallery-item col-4\">\n<div class=\"gallery-icon \"><a href=\"http:\/\/landscape-festival.cz\/en\/?attachment_id=97\"><img loading=\"lazy\" decoding=\"async\" class=\"attachment-thumbnail\" src=\"http:\/\/landscape-festival.cz\/en\/wp-content\/uploads\/2014\/04\/04_CM-150x150.jpg\" alt=\"\u0161afr h\u00e1jek architekti \u2013 park malinov\u00e1-chrpov\u00e1\" width=\"150\" height=\"150\" \/><\/a><\/div><figcaption class=\"gallery-caption\">\u0161afr h\u00e1jek architekti \u2013 park malinov\u00e1-chrpov\u00e1<\/figcaption><\/figure>\n<figure class=\"gallery-item col-4\">\n<div class=\"gallery-icon \"><a href=\"http:\/\/landscape-festival.cz\/en\/?attachment_id=95\"><img loading=\"lazy\" decoding=\"async\" class=\"attachment-thumbnail\" src=\"http:\/\/landscape-festival.cz\/en\/wp-content\/uploads\/2014\/04\/05_cm-150x150.jpg\" alt=\"cigler marani \u2013 park chodov\" width=\"150\" height=\"150\" \/><\/a><\/div><figcaption class=\"gallery-caption\">cigler marani \u2013 park chodov<\/figcaption><\/figure>\n<\/div>\n<\/div>\n<p><strong>2\/ Eunic Landscape Architecture<br \/>\n<\/strong>locality\/\u00a0\u017di\u017ekov freight railway station<br \/>\ncurators \/ Ranata Vrabelov\u00e1, Dan Merta<\/p>\n<p>The exhibition presents 36 projects realized in 18 European countries and examples of new approaches to, and perception and use of the environment shaped by man \u2013 all for new, primarily recreational and sports use, for meetings, culture and education.<\/p>\n<div id=\"gallery-17-2\" class=\"gallery gallery-17\">\n<div class=\"gallery-row gallery-col-4 gallery-clear\">\n<figure class=\"gallery-item col-4\">\n<div class=\"gallery-icon \"><a href=\"http:\/\/landscape-festival.cz\/en\/wp-content\/uploads\/2014\/04\/eunic_web_1.jpg\" rel=\"lightbox\"><img loading=\"lazy\" decoding=\"async\" class=\"attachment-thumbnail\" src=\"http:\/\/landscape-festival.cz\/en\/wp-content\/uploads\/2014\/04\/eunic_web_1-150x150.jpg\" alt=\"eunic_web_1\" width=\"150\" height=\"150\" \/><\/a><\/div>\n<\/figure>\n<figure class=\"gallery-item col-4\">\n<div class=\"gallery-icon \"><a href=\"http:\/\/landscape-festival.cz\/en\/wp-content\/uploads\/2014\/04\/eunic_web_2.jpg\" rel=\"lightbox\"><img loading=\"lazy\" decoding=\"async\" class=\"attachment-thumbnail\" src=\"http:\/\/landscape-festival.cz\/en\/wp-content\/uploads\/2014\/04\/eunic_web_2-150x150.jpg\" alt=\"eunic_web_2\" width=\"150\" height=\"150\" \/><\/a><\/div>\n<\/figure>\n<figure class=\"gallery-item col-4\">\n<div class=\"gallery-icon \"><a href=\"http:\/\/landscape-festival.cz\/en\/wp-content\/uploads\/2014\/04\/EUNIC_PROJEKTY.jpg\" rel=\"lightbox\"><img loading=\"lazy\" decoding=\"async\" class=\"attachment-thumbnail\" src=\"http:\/\/landscape-festival.cz\/en\/wp-content\/uploads\/2014\/04\/EUNIC_PROJEKTY-150x150.jpg\" alt=\"EUNIC_PROJEKTY.xlsx\" width=\"150\" height=\"150\" \/><\/a><\/div>\n<\/figure>\n<figure class=\"gallery-item col-4\">\n<div class=\"gallery-icon \"><a href=\"http:\/\/landscape-festival.cz\/en\/wp-content\/uploads\/2014\/04\/zelena.jpg\" rel=\"lightbox\"><img loading=\"lazy\" decoding=\"async\" class=\"attachment-thumbnail\" src=\"http:\/\/landscape-festival.cz\/en\/wp-content\/uploads\/2014\/04\/zelena-150x150.jpg\" alt=\"zelena\" width=\"150\" height=\"150\" \/><\/a><\/div>\n<\/figure>\n<\/div>\n<div class=\"gallery-row gallery-col-4 gallery-clear\">\n<figure class=\"gallery-item col-4\">\n<div class=\"gallery-icon \"><a href=\"http:\/\/landscape-festival.cz\/en\/wp-content\/uploads\/2014\/04\/vlajka_rakousko1.png\" rel=\"lightbox\"><img loading=\"lazy\" decoding=\"async\" class=\"attachment-thumbnail\" src=\"http:\/\/landscape-festival.cz\/en\/wp-content\/uploads\/2014\/04\/vlajka_rakousko1-150x150.png\" alt=\"AUSTRIA\" width=\"150\" height=\"150\" \/><\/a><\/div><figcaption class=\"gallery-caption\">AUSTRIA<\/figcaption><\/figure>\n<figure class=\"gallery-item col-4\">\n<div class=\"gallery-icon \"><a href=\"http:\/\/landscape-festival.cz\/en\/wp-content\/uploads\/2014\/04\/Lackenbach.jpg\" rel=\"lightbox\"><img loading=\"lazy\" decoding=\"async\" class=\"attachment-thumbnail\" src=\"http:\/\/landscape-festival.cz\/en\/wp-content\/uploads\/2014\/04\/Lackenbach-150x150.jpg\" alt=\"ARBORETUM LACKENBACH 3:0 Landscape Architects foto \/ photo \u00a9 Hertha Hurnaus\" width=\"150\" height=\"150\" \/><\/a><\/div><figcaption class=\"gallery-caption\">ARBORETUM LACKENBACH 3:0 Landscape Architects foto \/ photo \u00a9 Hertha Hurnaus<\/figcaption><\/figure>\n<figure class=\"gallery-item col-4\">\n<div class=\"gallery-icon \"><a href=\"http:\/\/landscape-festival.cz\/en\/wp-content\/uploads\/2014\/04\/104_K32.jpg\" rel=\"lightbox\"><img loading=\"lazy\" decoding=\"async\" class=\"attachment-thumbnail\" src=\"http:\/\/landscape-festival.cz\/en\/wp-content\/uploads\/2014\/04\/104_K32-150x150.jpg\" alt=\"ROM, OPEN AIR FESTIVAL ARENA AllesWirdGut Architektur foto \/ photo \u00a9 Hertha Hurnaus\" width=\"150\" height=\"150\" \/><\/a><\/div><figcaption class=\"gallery-caption\">ROM, OPEN AIR FESTIVAL ARENA AllesWirdGut Architektur foto \/ photo \u00a9 Hertha Hurnaus<\/figcaption><\/figure>\n<figure class=\"gallery-item col-4\">\n<div class=\"gallery-icon \"><a href=\"http:\/\/landscape-festival.cz\/en\/wp-content\/uploads\/2014\/04\/E_Wallnofer.jpg\" rel=\"lightbox\"><img loading=\"lazy\" decoding=\"async\" class=\"attachment-thumbnail\" src=\"http:\/\/landscape-festival.cz\/en\/wp-content\/uploads\/2014\/04\/E_Wallnofer-150x150.jpg\" alt=\"Eduard Walln\u00f6fer Square  LAAC Architects foto \/ photo \u00a9 G\u00fcnter Richard Wett\" width=\"150\" height=\"150\" \/><\/a><\/div><figcaption class=\"gallery-caption\">Eduard Walln\u00f6fer Square LAAC Architects foto \/ photo \u00a9 G\u00fcnter Richard Wett<\/figcaption><\/figure>\n<\/div>\n<div class=\"gallery-row gallery-col-4 gallery-clear\">\n<figure class=\"gallery-item col-4\">\n<div class=\"gallery-icon \"><a href=\"http:\/\/landscape-festival.cz\/en\/wp-content\/uploads\/2014\/04\/vlajka_ceska_republika.png\" rel=\"lightbox\"><img loading=\"lazy\" decoding=\"async\" class=\"attachment-thumbnail\" src=\"http:\/\/landscape-festival.cz\/en\/wp-content\/uploads\/2014\/04\/vlajka_ceska_republika-150x150.png\" alt=\"CZECH REPUBLIC\" width=\"150\" height=\"150\" \/><\/a><\/div><figcaption class=\"gallery-caption\">CZECH REPUBLIC<\/figcaption><\/figure>\n<figure class=\"gallery-item col-4\">\n<div class=\"gallery-icon \"><a href=\"http:\/\/landscape-festival.cz\/en\/wp-content\/uploads\/2014\/04\/Bastion.png\" rel=\"lightbox\"><img loading=\"lazy\" decoding=\"async\" class=\"attachment-thumbnail\" src=\"http:\/\/landscape-festival.cz\/en\/wp-content\/uploads\/2014\/04\/Bastion-150x150.png\" alt=\"Bastion XXXI  at the Wayside Cross MCA atelier, Miroslav Cik\u00e1n, Pavla Melkov\u00e1, photo \u00a9 Filip \u0160lapal\" width=\"150\" height=\"150\" \/><\/a><\/div><figcaption class=\"gallery-caption\">Bastion XXXI at the Wayside Cross MCA atelier, Miroslav Cik\u00e1n, Pavla Melkov\u00e1, photo \u00a9 Filip \u0160lapal<\/figcaption><\/figure>\n<figure class=\"gallery-item col-4\">\n<div class=\"gallery-icon \"><a href=\"http:\/\/landscape-festival.cz\/en\/wp-content\/uploads\/2014\/04\/Locna_LR.jpg\" rel=\"lightbox\"><img loading=\"lazy\" decoding=\"async\" class=\"attachment-thumbnail\" src=\"http:\/\/landscape-festival.cz\/en\/wp-content\/uploads\/2014\/04\/Locna_LR-150x150.jpg\" alt=\"Modification of the Lou\u010dn\u00e1 river embankment Josef Pleskot, AP Atelier foto \/ photo \u00a9 Jan Mal\u00fd\" width=\"150\" height=\"150\" \/><\/a><\/div><figcaption class=\"gallery-caption\">Modification of the Lou\u010dn\u00e1 river embankment Josef Pleskot, AP Atelier foto \/ photo \u00a9 Jan Mal\u00fd<\/figcaption><\/figure>\n<figure class=\"gallery-item col-4\">\n<div class=\"gallery-icon \"><a href=\"http:\/\/landscape-festival.cz\/en\/wp-content\/uploads\/2014\/04\/CTP_Spielber_1.jpg\" rel=\"lightbox\"><img loading=\"lazy\" decoding=\"async\" class=\"attachment-thumbnail\" src=\"http:\/\/landscape-festival.cz\/en\/wp-content\/uploads\/2014\/04\/CTP_Spielber_1-150x150.jpg\" alt=\"Spielberk Office Park V\u00e1clav Hlav\u00e1\u010dek, Ben Hoek \/ Studio Acht Architects Studio Acht Architects Lodewijk Baljon Landscape Architects foto \/ photo \u00a9 CTP Invest\" width=\"150\" height=\"150\" \/><\/a><\/div><figcaption class=\"gallery-caption\">Spielberk Office Park V\u00e1clav Hlav\u00e1\u010dek, Ben Hoek \/ Studio Acht Architects Studio Acht Architects Lodewijk Baljon Landscape Architects foto \/ photo \u00a9 CTP Invest<\/figcaption><\/figure>\n<\/div>\n<div class=\"gallery-row gallery-col-4 gallery-clear\">\n<figure class=\"gallery-item col-4\">\n<div class=\"gallery-icon \"><a href=\"http:\/\/landscape-festival.cz\/en\/wp-content\/uploads\/2014\/04\/vlajka_dansko.png\" rel=\"lightbox\"><img loading=\"lazy\" decoding=\"async\" class=\"attachment-thumbnail\" src=\"http:\/\/landscape-festival.cz\/en\/wp-content\/uploads\/2014\/04\/vlajka_dansko-150x150.png\" alt=\"DENMARK\" width=\"150\" height=\"150\" \/><\/a><\/div><figcaption class=\"gallery-caption\">DENMARK<\/figcaption><\/figure>\n<figure class=\"gallery-item col-4\">\n<div class=\"gallery-icon \"><a href=\"http:\/\/landscape-festival.cz\/en\/wp-content\/uploads\/2014\/04\/Lemvig_SkatePark_LR.jpg\" rel=\"lightbox\"><img loading=\"lazy\" decoding=\"async\" class=\"attachment-thumbnail\" src=\"http:\/\/landscape-festival.cz\/en\/wp-content\/uploads\/2014\/04\/Lemvig_SkatePark_LR-150x150.jpg\" alt=\"LEMVIG SKATEPARK EFFEKT  photo \u00a9 Mads Krabbe &amp; EFFEKT\" width=\"150\" height=\"150\" \/><\/a><\/div><figcaption class=\"gallery-caption\">LEMVIG SKATEPARK EFFEKT photo \u00a9 Mads Krabbe &amp; EFFEKT<\/figcaption><\/figure>\n<figure class=\"gallery-item col-4\">\n<div class=\"gallery-icon \"><a href=\"http:\/\/landscape-festival.cz\/en\/wp-content\/uploads\/2014\/04\/RIBE_web_LR.jpg\" rel=\"lightbox\"><img loading=\"lazy\" decoding=\"async\" class=\"attachment-thumbnail\" src=\"http:\/\/landscape-festival.cz\/en\/wp-content\/uploads\/2014\/04\/RIBE_web_LR-150x150.jpg\" alt=\"RIBE CATHEDRAL SQUARE Sch\u00f8nherr, photo \u00a9 Jens Lindhe\" width=\"150\" height=\"150\" \/><\/a><\/div><figcaption class=\"gallery-caption\">RIBE CATHEDRAL SQUARE Sch\u00f8nherr, photo \u00a9 Jens Lindhe<\/figcaption><\/figure>\n<figure class=\"gallery-item col-4\">\n<div class=\"gallery-icon \"><a href=\"http:\/\/landscape-festival.cz\/en\/wp-content\/uploads\/2014\/04\/SUK_Image-by-Iwan-Baan_11small.jpg\" rel=\"lightbox\"><img loading=\"lazy\" decoding=\"async\" class=\"attachment-thumbnail\" src=\"http:\/\/landscape-festival.cz\/en\/wp-content\/uploads\/2014\/04\/SUK_Image-by-Iwan-Baan_11small-150x150.jpg\" alt=\"SUPERKILEN TOPOTEK 1, BIG Architects, Superflex foto \/ photo \u00a9 Iwan Baan\" width=\"150\" height=\"150\" \/><\/a><\/div><figcaption class=\"gallery-caption\">SUPERKILEN TOPOTEK 1, BIG Architects, Superflex foto \/ photo \u00a9 Iwan Baan<\/figcaption><\/figure>\n<\/div>\n<div class=\"gallery-row gallery-col-4 gallery-clear\">\n<figure class=\"gallery-item col-4\">\n<div class=\"gallery-icon \"><a href=\"http:\/\/landscape-festival.cz\/en\/wp-content\/uploads\/2014\/04\/vlajka_nemecko1.png\" rel=\"lightbox\"><img loading=\"lazy\" decoding=\"async\" class=\"attachment-thumbnail\" src=\"http:\/\/landscape-festival.cz\/en\/wp-content\/uploads\/2014\/04\/vlajka_nemecko1-150x150.png\" alt=\"GERMANY\" width=\"150\" height=\"150\" \/><\/a><\/div><figcaption class=\"gallery-caption\">GERMANY<\/figcaption><\/figure>\n<figure class=\"gallery-item col-4\">\n<div class=\"gallery-icon \"><a href=\"http:\/\/landscape-festival.cz\/en\/wp-content\/uploads\/2014\/04\/Playground_01_MAIN.jpg\" rel=\"lightbox\"><img loading=\"lazy\" decoding=\"async\" class=\"attachment-thumbnail\" src=\"http:\/\/landscape-festival.cz\/en\/wp-content\/uploads\/2014\/04\/Playground_01_MAIN-150x150.jpg\" alt=\"BUGA, Zahrada s\u00edly 10-4 \/ Garden to the Power of 10-4 Rainer Schmidt Landscape Architects foto \/ photo \u00a9 Stephan M\u00fcller-Naumann, Andreas Gebert\" width=\"150\" height=\"150\" \/><\/a><\/div><figcaption class=\"gallery-caption\">BUGA, Zahrada s\u00edly 10-4 \/ Garden to the Power of 10-4 Rainer Schmidt Landscape Architects foto \/ photo \u00a9 Stephan M\u00fcller-Naumann, Andreas Gebert<\/figcaption><\/figure>\n<figure class=\"gallery-item col-4\">\n<div class=\"gallery-icon \"><a href=\"http:\/\/landscape-festival.cz\/en\/wp-content\/uploads\/2014\/04\/ZuckerplateaucLichtschwaermer_MG_0128_SMALL.jpg\" rel=\"lightbox\"><img loading=\"lazy\" decoding=\"async\" class=\"attachment-thumbnail\" src=\"http:\/\/landscape-festival.cz\/en\/wp-content\/uploads\/2014\/04\/ZuckerplateaucLichtschwaermer_MG_0128_SMALL-150x150.jpg\" alt=\"Park na \u0159ece Loebauer Wasser \/ Park on Loebauer Wasser River Hutterreimann Landschaftsarchitektur foto \/ photo \u00a9 Christo Libuda\" width=\"150\" height=\"150\" \/><\/a><\/div><figcaption class=\"gallery-caption\">Park na \u0159ece Loebauer Wasser \/ Park on Loebauer Wasser River Hutterreimann Landschaftsarchitektur foto \/ photo \u00a9 Christo Libuda<\/figcaption><\/figure>\n<figure class=\"gallery-item col-4\">\n<div class=\"gallery-icon \"><a href=\"http:\/\/landscape-festival.cz\/en\/wp-content\/uploads\/2014\/04\/A24joosten_DSC6543_small.jpg\" rel=\"lightbox\"><img loading=\"lazy\" decoding=\"async\" class=\"attachment-thumbnail\" src=\"http:\/\/landscape-festival.cz\/en\/wp-content\/uploads\/2014\/04\/A24joosten_DSC6543_small-150x150.jpg\" alt=\"Mangfallpark A24 Landschaft; Steffan Robel, Joachim Swillus foto \/ photo \u00a9 Hanns Joosten\" width=\"150\" height=\"150\" \/><\/a><\/div><figcaption class=\"gallery-caption\">Mangfallpark A24 Landschaft; Steffan Robel, Joachim Swillus foto \/ photo \u00a9 Hanns Joosten<\/figcaption><\/figure>\n<\/div>\n<div class=\"gallery-row gallery-col-4 gallery-clear\">\n<figure class=\"gallery-item col-4\">\n<div class=\"gallery-icon \"><a href=\"http:\/\/landscape-festival.cz\/en\/wp-content\/uploads\/2014\/04\/vlajka_nizozemsko1.png\" rel=\"lightbox\"><img loading=\"lazy\" decoding=\"async\" class=\"attachment-thumbnail\" src=\"http:\/\/landscape-festival.cz\/en\/wp-content\/uploads\/2014\/04\/vlajka_nizozemsko1-150x150.png\" alt=\"NETHERLANDS\" width=\"150\" height=\"150\" \/><\/a><\/div><figcaption class=\"gallery-caption\">NETHERLANDS<\/figcaption><\/figure>\n<figure class=\"gallery-item col-4\">\n<div class=\"gallery-icon \"><a href=\"http:\/\/landscape-festival.cz\/en\/wp-content\/uploads\/2014\/04\/Aerialphoto_small.jpg\" rel=\"lightbox\"><img loading=\"lazy\" decoding=\"async\" class=\"attachment-thumbnail\" src=\"http:\/\/landscape-festival.cz\/en\/wp-content\/uploads\/2014\/04\/Aerialphoto_small-150x150.jpg\" alt=\"Park Luny \/ Park of Luna DRFTWD Office Associates and HOSPER foto \/ photo \u00a9 Aerophoto Schiphol b.v. Jan Tuijp\" width=\"150\" height=\"150\" \/><\/a><\/div><figcaption class=\"gallery-caption\">Park Luny \/ Park of Luna DRFTWD Office Associates and HOSPER foto \/ photo \u00a9 Aerophoto Schiphol b.v. Jan Tuijp<\/figcaption><\/figure>\n<figure class=\"gallery-item col-4\">\n<div class=\"gallery-icon \"><a href=\"http:\/\/landscape-festival.cz\/en\/wp-content\/uploads\/2014\/04\/Mandela-Park-11-Copyright-Fran%C3%A7ois-Hendrickx_small.jpg\" rel=\"lightbox\"><img loading=\"lazy\" decoding=\"async\" class=\"attachment-thumbnail\" src=\"http:\/\/landscape-festival.cz\/en\/wp-content\/uploads\/2014\/04\/Mandela-Park-11-Copyright-Fran%C3%A7ois-Hendrickx_small-150x150.jpg\" alt=\"MANDELA PARK Karres en Brands foto \/ photo \u00a9 Fran\u00e7ois Hendrickx\" width=\"150\" height=\"150\" \/><\/a><\/div><figcaption class=\"gallery-caption\">MANDELA PARK Karres en Brands foto \/ photo \u00a9 Fran\u00e7ois Hendrickx<\/figcaption><\/figure>\n<figure class=\"gallery-item col-4\">\n<div class=\"gallery-icon \"><a href=\"http:\/\/landscape-festival.cz\/en\/wp-content\/uploads\/2014\/04\/Buro-Lubbers_-Mathildeplein_photo-01_small.jpg\" rel=\"lightbox\"><img loading=\"lazy\" decoding=\"async\" class=\"attachment-thumbnail\" src=\"http:\/\/landscape-festival.cz\/en\/wp-content\/uploads\/2014\/04\/Buro-Lubbers_-Mathildeplein_photo-01_small-150x150.jpg\" alt=\"Mathildeplein Buro Lubbers. foto \/ photo \u00a9 Buro Lubbers\" width=\"150\" height=\"150\" \/><\/a><\/div><figcaption class=\"gallery-caption\">Mathildeplein Buro Lubbers. foto \/ photo \u00a9 Buro Lubbers<\/figcaption><\/figure>\n<\/div>\n<div class=\"gallery-row gallery-col-4 gallery-clear\">\n<figure class=\"gallery-item col-4\">\n<div class=\"gallery-icon \"><a href=\"http:\/\/landscape-festival.cz\/en\/wp-content\/uploads\/2014\/04\/vlajka_norsko1.png\" rel=\"lightbox\"><img loading=\"lazy\" decoding=\"async\" class=\"attachment-thumbnail\" src=\"http:\/\/landscape-festival.cz\/en\/wp-content\/uploads\/2014\/04\/vlajka_norsko1-150x150.png\" alt=\"NORWAY\" width=\"150\" height=\"150\" \/><\/a><\/div><figcaption class=\"gallery-caption\">NORWAY<\/figcaption><\/figure>\n<figure class=\"gallery-item col-4\">\n<div class=\"gallery-icon \"><a href=\"http:\/\/landscape-festival.cz\/en\/wp-content\/uploads\/2014\/04\/PasiAalto-20110923-00038-Edit_small.jpg\" rel=\"lightbox\"><img loading=\"lazy\" decoding=\"async\" class=\"attachment-thumbnail\" src=\"http:\/\/landscape-festival.cz\/en\/wp-content\/uploads\/2014\/04\/PasiAalto-20110923-00038-Edit_small-150x150.jpg\" alt=\"ARBORETUM Gj\u00f8vik Rintala Eggertsson Architects foto \/ photo \u00a9 Pasi Aalto\" width=\"150\" height=\"150\" \/><\/a><\/div><figcaption class=\"gallery-caption\">ARBORETUM Gj\u00f8vik Rintala Eggertsson Architects foto \/ photo \u00a9 Pasi Aalto<\/figcaption><\/figure>\n<figure class=\"gallery-item col-4\">\n<div class=\"gallery-icon \"><a href=\"http:\/\/landscape-festival.cz\/en\/wp-content\/uploads\/2014\/04\/Askerdammen.111.jpg\" rel=\"lightbox\"><img loading=\"lazy\" decoding=\"async\" class=\"attachment-thumbnail\" src=\"http:\/\/landscape-festival.cz\/en\/wp-content\/uploads\/2014\/04\/Askerdammen.111-150x150.jpg\" alt=\"Askerdammen Tegn_3 AS foto \/ photo \u00a9 Ji\u0159\u00ed Havran\" width=\"150\" height=\"150\" \/><\/a><\/div><figcaption class=\"gallery-caption\">Askerdammen Tegn_3 AS foto \/ photo \u00a9 Ji\u0159\u00ed Havran<\/figcaption><\/figure>\n<figure class=\"gallery-item col-4\">\n<div class=\"gallery-icon \"><a href=\"http:\/\/landscape-festival.cz\/en\/wp-content\/uploads\/2014\/04\/Trollstigen.2012.65_small.jpg\" rel=\"lightbox\"><img loading=\"lazy\" decoding=\"async\" class=\"attachment-thumbnail\" src=\"http:\/\/landscape-festival.cz\/en\/wp-content\/uploads\/2014\/04\/Trollstigen.2012.65_small-150x150.jpg\" alt=\"Askerdammen Tegn_3 AS foto \/ photo \u00a9 Ji\u0159\u00ed Havran\" width=\"150\" height=\"150\" \/><\/a><\/div><figcaption class=\"gallery-caption\">Askerdammen Tegn_3 AS foto \/ photo \u00a9 Ji\u0159\u00ed Havran<\/figcaption><\/figure>\n<\/div>\n<div class=\"gallery-row gallery-col-4 gallery-clear\">\n<figure class=\"gallery-item col-4\">\n<div class=\"gallery-icon \"><a href=\"http:\/\/landscape-festival.cz\/en\/wp-content\/uploads\/2014\/04\/vlajka_rumunsko1.png\" rel=\"lightbox\"><img loading=\"lazy\" decoding=\"async\" class=\"attachment-thumbnail\" src=\"http:\/\/landscape-festival.cz\/en\/wp-content\/uploads\/2014\/04\/vlajka_rumunsko1-150x150.png\" alt=\"ROMANIA\" width=\"150\" height=\"150\" \/><\/a><\/div><figcaption class=\"gallery-caption\">ROMANIA<\/figcaption><\/figure>\n<figure class=\"gallery-item col-4\">\n<div class=\"gallery-icon \"><a href=\"http:\/\/landscape-festival.cz\/en\/wp-content\/uploads\/2014\/04\/Malaxa-enterprise1.jpg\" rel=\"lightbox\"><img loading=\"lazy\" decoding=\"async\" class=\"attachment-thumbnail\" src=\"http:\/\/landscape-festival.cz\/en\/wp-content\/uploads\/2014\/04\/Malaxa-enterprise1-150x150.jpg\" alt=\"Z\u00c1VOD MALAXA \/ MALAXA ENTERPRISE Ohro\u017een\u00e9 pr\u016fmyslov\u00e9 oblasti \/ Industrial sites in danger \u00a9 Horia Creanga\" width=\"150\" height=\"150\" \/><\/a><\/div><figcaption class=\"gallery-caption\">Z\u00c1VOD MALAXA \/ MALAXA ENTERPRISE Ohro\u017een\u00e9 pr\u016fmyslov\u00e9 oblasti \/ Industrial sites in danger \u00a9 Horia Creanga<\/figcaption><\/figure>\n<figure class=\"gallery-item col-4\">\n<div class=\"gallery-icon \"><a href=\"http:\/\/landscape-festival.cz\/en\/wp-content\/uploads\/2014\/04\/Ioana-Georgescu1.jpg\" rel=\"lightbox\"><img loading=\"lazy\" decoding=\"async\" class=\"attachment-thumbnail\" src=\"http:\/\/landscape-festival.cz\/en\/wp-content\/uploads\/2014\/04\/Ioana-Georgescu1-150x150.jpg\" alt=\"P\u0158EM\u011aNA TOV\u00c1RNY \/ CONVERSION OF THE FACTORY N\u00e1vrhy pro budoucnost \/ Proposals for the future Tomnita Florescu\" width=\"150\" height=\"150\" \/><\/a><\/div><figcaption class=\"gallery-caption\">P\u0158EM\u011aNA TOV\u00c1RNY \/ CONVERSION OF THE FACTORY N\u00e1vrhy pro budoucnost \/ Proposals for the future Tomnita Florescu<\/figcaption><\/figure>\n<figure class=\"gallery-item col-4\">\n<div class=\"gallery-icon \"><a href=\"http:\/\/landscape-festival.cz\/en\/wp-content\/uploads\/2014\/04\/ARK_LR1.jpg\" rel=\"lightbox\"><img loading=\"lazy\" decoding=\"async\" class=\"attachment-thumbnail\" src=\"http:\/\/landscape-festival.cz\/en\/wp-content\/uploads\/2014\/04\/ARK_LR1-150x150.jpg\" alt=\"ARK \u2013 KULTURN\u00cd CENTRUM \/ CULTURAL CENTRE Z\u00e1chr\u00e1n\u011bn\u00e9 pr\u016fmyslov\u00e9 oblasti \/ Saved industrial sites RE-ACT NOW! Studio; Mario Kuibus, Doru Frolu&amp;Comp\" width=\"150\" height=\"150\" \/><\/a><\/div><figcaption class=\"gallery-caption\">ARK \u2013 KULTURN\u00cd CENTRUM \/ CULTURAL CENTRE Z\u00e1chr\u00e1n\u011bn\u00e9 pr\u016fmyslov\u00e9 oblasti \/ Saved industrial sites RE-ACT NOW! Studio; Mario Kuibus, Doru Frolu&amp;Comp<\/figcaption><\/figure>\n<\/div>\n<div class=\"gallery-row gallery-col-4 gallery-clear\">\n<figure class=\"gallery-item col-4\">\n<div class=\"gallery-icon \"><a href=\"http:\/\/landscape-festival.cz\/en\/wp-content\/uploads\/2014\/04\/vlajka_slovensko1.png\" rel=\"lightbox\"><img loading=\"lazy\" decoding=\"async\" class=\"attachment-thumbnail\" src=\"http:\/\/landscape-festival.cz\/en\/wp-content\/uploads\/2014\/04\/vlajka_slovensko1-150x150.png\" alt=\"SLOVAKIA\" width=\"150\" height=\"150\" \/><\/a><\/div><figcaption class=\"gallery-caption\">SLOVAKIA<\/figcaption><\/figure>\n<figure class=\"gallery-item col-4\">\n<div class=\"gallery-icon \"><a href=\"http:\/\/landscape-festival.cz\/en\/wp-content\/uploads\/2014\/04\/DSCN55971.jpg\" rel=\"lightbox\"><img loading=\"lazy\" decoding=\"async\" class=\"attachment-thumbnail\" src=\"http:\/\/landscape-festival.cz\/en\/wp-content\/uploads\/2014\/04\/DSCN55971-150x150.jpg\" alt=\"B\u00fdval\u00fd vojensk\u00fd h\u0159bitov \/ Former Military Cemetery Imrich Pu\u0161k\u00e1r, M\u00e1ria Ban\u00edkov\u00e1, Katar\u00edna Serbinov\u00e1 foto \/ photo \u00a9 Katar\u00edna Serbinov\u00e1\" width=\"150\" height=\"150\" \/><\/a><\/div><figcaption class=\"gallery-caption\">B\u00fdval\u00fd vojensk\u00fd h\u0159bitov \/ Former Military Cemetery Imrich Pu\u0161k\u00e1r, M\u00e1ria Ban\u00edkov\u00e1, Katar\u00edna Serbinov\u00e1 foto \/ photo \u00a9 Katar\u00edna Serbinov\u00e1<\/figcaption><\/figure>\n<figure class=\"gallery-item col-4\">\n<div class=\"gallery-icon \"><a href=\"http:\/\/landscape-festival.cz\/en\/wp-content\/uploads\/2014\/04\/EMBASSY_LR1.png\" rel=\"lightbox\"><img loading=\"lazy\" decoding=\"async\" class=\"attachment-thumbnail\" src=\"http:\/\/landscape-festival.cz\/en\/wp-content\/uploads\/2014\/04\/EMBASSY_LR1-150x150.png\" alt=\"Venkovn\u00ed prostory rezidence ambasadora \/ Open Spaces of the Residence of Ambassador TOPOTEK 1 foto \/ photo \u00a9 Hanns Joosten\" width=\"150\" height=\"150\" \/><\/a><\/div><figcaption class=\"gallery-caption\">Venkovn\u00ed prostory rezidence ambasadora \/ Open Spaces of the Residence of Ambassador TOPOTEK 1 foto \/ photo \u00a9 Hanns Joosten<\/figcaption><\/figure>\n<figure class=\"gallery-item col-4\">\n<div class=\"gallery-icon \"><a href=\"http:\/\/landscape-festival.cz\/en\/wp-content\/uploads\/2014\/04\/Kasarne_LR1.jpg\" rel=\"lightbox\"><img loading=\"lazy\" decoding=\"async\" class=\"attachment-thumbnail\" src=\"http:\/\/landscape-festival.cz\/en\/wp-content\/uploads\/2014\/04\/Kasarne_LR1-150x150.jpg\" alt=\"Kas\u00e1rne \u2013 Kulturpark \/ Culture Park zerozero architekti foto \/ photo \u00a9 Kocan\" width=\"150\" height=\"150\" \/><\/a><\/div><figcaption class=\"gallery-caption\">Kas\u00e1rne \u2013 Kulturpark \/ Culture Park zerozero architekti foto \/ photo \u00a9 Kocan<\/figcaption><\/figure>\n<\/div>\n<div class=\"gallery-row gallery-col-4 gallery-clear\">\n<figure class=\"gallery-item col-4\">\n<div class=\"gallery-icon \"><a href=\"http:\/\/landscape-festival.cz\/en\/wp-content\/uploads\/2014\/04\/vlajka_belgie1.png\" rel=\"lightbox\"><img loading=\"lazy\" decoding=\"async\" class=\"attachment-thumbnail\" src=\"http:\/\/landscape-festival.cz\/en\/wp-content\/uploads\/2014\/04\/vlajka_belgie1-150x150.png\" alt=\"BELGIUM\" width=\"150\" height=\"150\" \/><\/a><\/div><figcaption class=\"gallery-caption\">BELGIUM<\/figcaption><\/figure>\n<figure class=\"gallery-item col-4\">\n<div class=\"gallery-icon \"><a href=\"http:\/\/landscape-festival.cz\/en\/wp-content\/uploads\/2014\/04\/Sandworm_LR1.jpg\" rel=\"lightbox\"><img loading=\"lazy\" decoding=\"async\" class=\"attachment-thumbnail\" src=\"http:\/\/landscape-festival.cz\/en\/wp-content\/uploads\/2014\/04\/Sandworm_LR1-150x150.jpg\" alt=\"SANDWORM Beaufort 04 \u2013 Trien\u00e1le sou\u010dasn\u00e9ho um\u011bn\u00ed \/ Triennial of Contemporary Art Marco Casagrande foto \/ photo \u00a9 Nikita Wu\" width=\"150\" height=\"150\" \/><\/a><\/div><figcaption class=\"gallery-caption\">SANDWORM Beaufort 04 \u2013 Trien\u00e1le sou\u010dasn\u00e9ho um\u011bn\u00ed \/ Triennial of Contemporary Art Marco Casagrande foto \/ photo \u00a9 Nikita Wu<\/figcaption><\/figure>\n<figure class=\"gallery-item col-4\">\n<div class=\"gallery-icon \"><a href=\"http:\/\/landscape-festival.cz\/en\/wp-content\/uploads\/2014\/04\/GENK_LR1.jpg\" rel=\"lightbox\"><img loading=\"lazy\" decoding=\"async\" class=\"attachment-thumbnail\" src=\"http:\/\/landscape-festival.cz\/en\/wp-content\/uploads\/2014\/04\/GENK_LR1-150x150.jpg\" alt=\"Genk C-mine HOSPER foto \/ photo \u00a9 Pieter Kers\" width=\"150\" height=\"150\" \/><\/a><\/div><figcaption class=\"gallery-caption\">Genk C-mine HOSPER foto \/ photo \u00a9 Pieter Kers<\/figcaption><\/figure>\n<figure class=\"gallery-item col-4\">\n<div class=\"gallery-icon \"><a href=\"http:\/\/landscape-festival.cz\/en\/wp-content\/uploads\/2014\/04\/Boekenberg_LR1.jpg\" rel=\"lightbox\"><img loading=\"lazy\" decoding=\"async\" class=\"attachment-thumbnail\" src=\"http:\/\/landscape-festival.cz\/en\/wp-content\/uploads\/2014\/04\/Boekenberg_LR1-150x150.jpg\" alt=\"Boekenberg Park OMGEVING foto \/ photo \u00a9 OMGEVING\" width=\"150\" height=\"150\" \/><\/a><\/div><figcaption class=\"gallery-caption\">Boekenberg Park OMGEVING foto \/ photo \u00a9 OMGEVING<\/figcaption><\/figure>\n<\/div>\n<div class=\"gallery-row gallery-col-4 gallery-clear\">\n<figure class=\"gallery-item col-4\">\n<div class=\"gallery-icon \"><a href=\"http:\/\/landscape-festival.cz\/en\/wp-content\/uploads\/2014\/04\/vlajka_francie1.png\" rel=\"lightbox\"><img loading=\"lazy\" decoding=\"async\" class=\"attachment-thumbnail\" src=\"http:\/\/landscape-festival.cz\/en\/wp-content\/uploads\/2014\/04\/vlajka_francie1-150x150.png\" alt=\"FRANCE\" width=\"150\" height=\"150\" \/><\/a><\/div><figcaption class=\"gallery-caption\">FRANCE<\/figcaption><\/figure>\n<figure class=\"gallery-item col-4\">\n<div class=\"gallery-icon \"><a href=\"http:\/\/landscape-festival.cz\/en\/wp-content\/uploads\/2014\/04\/Gainsbourg1.jpg\" rel=\"lightbox\"><img loading=\"lazy\" decoding=\"async\" class=\"attachment-thumbnail\" src=\"http:\/\/landscape-festival.cz\/en\/wp-content\/uploads\/2014\/04\/Gainsbourg1-150x150.jpg\" alt=\"Serge Gainsbourg Garden Territoires text \/ photo \u00a9 Territoires\" width=\"150\" height=\"150\" \/><\/a><\/div><figcaption class=\"gallery-caption\">Serge Gainsbourg Garden Territoires text \/ photo \u00a9 Territoires<\/figcaption><\/figure>\n<figure class=\"gallery-item col-4\">\n<div class=\"gallery-icon \"><a href=\"http:\/\/landscape-festival.cz\/en\/wp-content\/uploads\/2014\/04\/vlajka_izrael1.png\" rel=\"lightbox\"><img loading=\"lazy\" decoding=\"async\" class=\"attachment-thumbnail\" src=\"http:\/\/landscape-festival.cz\/en\/wp-content\/uploads\/2014\/04\/vlajka_izrael1-150x150.png\" alt=\"ISRAEL\" width=\"150\" height=\"150\" \/><\/a><\/div><figcaption class=\"gallery-caption\">ISRAEL<\/figcaption><\/figure>\n<figure class=\"gallery-item col-4\">\n<div class=\"gallery-icon \"><a href=\"http:\/\/landscape-festival.cz\/en\/wp-content\/uploads\/2014\/04\/Tel_Aviv_LR1.jpg\" rel=\"lightbox\"><img loading=\"lazy\" decoding=\"async\" class=\"attachment-thumbnail\" src=\"http:\/\/landscape-festival.cz\/en\/wp-content\/uploads\/2014\/04\/Tel_Aviv_LR1-150x150.jpg\" alt=\"Tel Aviv Waterfront Mayslits Kassif Architects foto \/ photo \u00a9 Aviad Bar Ness\" width=\"150\" height=\"150\" \/><\/a><\/div><figcaption class=\"gallery-caption\">Tel Aviv Waterfront Mayslits Kassif Architects foto \/ photo \u00a9 Aviad Bar Ness<\/figcaption><\/figure>\n<\/div>\n<div class=\"gallery-row gallery-col-4 gallery-clear\">\n<figure class=\"gallery-item col-4\">\n<div class=\"gallery-icon \"><a href=\"http:\/\/landscape-festival.cz\/en\/wp-content\/uploads\/2014\/04\/vlajka_lucembursko1.png\" rel=\"lightbox\"><img loading=\"lazy\" decoding=\"async\" class=\"attachment-thumbnail\" src=\"http:\/\/landscape-festival.cz\/en\/wp-content\/uploads\/2014\/04\/vlajka_lucembursko1-150x150.png\" alt=\"LUXEMBOURG\" width=\"150\" height=\"150\" \/><\/a><\/div><figcaption class=\"gallery-caption\">LUXEMBOURG<\/figcaption><\/figure>\n<figure class=\"gallery-item col-4\">\n<div class=\"gallery-icon \"><a href=\"http:\/\/landscape-festival.cz\/en\/wp-content\/uploads\/2014\/04\/KIRCHBERG_LR1.jpg\" rel=\"lightbox\"><img loading=\"lazy\" decoding=\"async\" class=\"attachment-thumbnail\" src=\"http:\/\/landscape-festival.cz\/en\/wp-content\/uploads\/2014\/04\/KIRCHBERG_LR1-150x150.jpg\" alt=\"PLATEAU DE KIRCHBERG Latz + Partner foto \u00a9 Michael Latz\" width=\"150\" height=\"150\" \/><\/a><\/div><figcaption class=\"gallery-caption\">PLATEAU DE KIRCHBERG Latz + Partner foto \u00a9 Michael Latz<\/figcaption><\/figure>\n<figure class=\"gallery-item col-4\">\n<div class=\"gallery-icon \"><a href=\"http:\/\/landscape-festival.cz\/en\/wp-content\/uploads\/2014\/04\/vlajka_polsko1.png\" rel=\"lightbox\"><img loading=\"lazy\" decoding=\"async\" class=\"attachment-thumbnail\" src=\"http:\/\/landscape-festival.cz\/en\/wp-content\/uploads\/2014\/04\/vlajka_polsko1-150x150.png\" alt=\"POLAND\" width=\"150\" height=\"150\" \/><\/a><\/div><figcaption class=\"gallery-caption\">POLAND<\/figcaption><\/figure>\n<figure class=\"gallery-item col-4\">\n<div class=\"gallery-icon \"><a href=\"http:\/\/landscape-festival.cz\/en\/wp-content\/uploads\/2014\/04\/FISH_LR1.jpg\" rel=\"lightbox\"><img loading=\"lazy\" decoding=\"async\" class=\"attachment-thumbnail\" src=\"http:\/\/landscape-festival.cz\/en\/wp-content\/uploads\/2014\/04\/FISH_LR1-150x150.jpg\" alt=\"SVOBODN\u00c9 PLYNUT\u00cd \/ FREE FLOW Jaroslav Koziara foto \/ photo \u00a9 W. Pacewicz &amp; I.Burdzanowska\" width=\"150\" height=\"150\" \/><\/a><\/div><figcaption class=\"gallery-caption\">SVOBODN\u00c9 PLYNUT\u00cd \/ FREE FLOW Jaroslav Koziara foto \/ photo \u00a9 W. Pacewicz &amp; I.Burdzanowska<\/figcaption><\/figure>\n<\/div>\n<div class=\"gallery-row gallery-col-4 gallery-clear\">\n<figure class=\"gallery-item col-4\">\n<div class=\"gallery-icon \"><a href=\"http:\/\/landscape-festival.cz\/en\/wp-content\/uploads\/2014\/04\/vlajka_portugalsko1.png\" rel=\"lightbox\"><img loading=\"lazy\" decoding=\"async\" class=\"attachment-thumbnail\" src=\"http:\/\/landscape-festival.cz\/en\/wp-content\/uploads\/2014\/04\/vlajka_portugalsko1-150x150.png\" alt=\"PORTUGAL\" width=\"150\" height=\"150\" \/><\/a><\/div><figcaption class=\"gallery-caption\">PORTUGAL<\/figcaption><\/figure>\n<figure class=\"gallery-item col-4\">\n<div class=\"gallery-icon \"><a href=\"http:\/\/landscape-festival.cz\/en\/wp-content\/uploads\/2014\/04\/Arribas_LR1.jpg\" rel=\"lightbox\"><img loading=\"lazy\" decoding=\"async\" class=\"attachment-thumbnail\" src=\"http:\/\/landscape-festival.cz\/en\/wp-content\/uploads\/2014\/04\/Arribas_LR1-150x150.jpg\" alt=\"ARRIBAS N\u00e1dia Schilling foto \/ photo \u00a9 Jo\u00e3o Pombeiro\" width=\"150\" height=\"150\" \/><\/a><\/div><figcaption class=\"gallery-caption\">ARRIBAS N\u00e1dia Schilling foto \/ photo \u00a9 Jo\u00e3o Pombeiro<\/figcaption><\/figure>\n<figure class=\"gallery-item col-4\">\n<div class=\"gallery-icon \"><a href=\"http:\/\/landscape-festival.cz\/en\/wp-content\/uploads\/2014\/04\/vlajka_spanelsko1.png\" rel=\"lightbox\"><img loading=\"lazy\" decoding=\"async\" class=\"attachment-thumbnail\" src=\"http:\/\/landscape-festival.cz\/en\/wp-content\/uploads\/2014\/04\/vlajka_spanelsko1-150x150.png\" alt=\"SPAIN\" width=\"150\" height=\"150\" \/><\/a><\/div><figcaption class=\"gallery-caption\">SPAIN<\/figcaption><\/figure>\n<figure class=\"gallery-item col-4\">\n<div class=\"gallery-icon \"><a href=\"http:\/\/landscape-festival.cz\/en\/wp-content\/uploads\/2014\/04\/Cami_Corrals_LR1.jpg\" rel=\"lightbox\"><img loading=\"lazy\" decoding=\"async\" class=\"attachment-thumbnail\" src=\"http:\/\/landscape-festival.cz\/en\/wp-content\/uploads\/2014\/04\/Cami_Corrals_LR1-150x150.jpg\" alt=\"Cam\u00ed dels Corrals Santamaria Arquitectes foto \/ photo: \u00a9 Francesc Rub\u00ed\" width=\"150\" height=\"150\" \/><\/a><\/div><figcaption class=\"gallery-caption\">Cam\u00ed dels Corrals Santamaria Arquitectes foto \/ photo: \u00a9 Francesc Rub\u00ed<\/figcaption><\/figure>\n<\/div>\n<div class=\"gallery-row gallery-col-4 gallery-clear\">\n<figure class=\"gallery-item col-4\">\n<div class=\"gallery-icon \"><a href=\"http:\/\/landscape-festival.cz\/en\/wp-content\/uploads\/2014\/04\/vlajka_svedska_pd_610x3811.png\" rel=\"lightbox\"><img loading=\"lazy\" decoding=\"async\" class=\"attachment-thumbnail\" src=\"http:\/\/landscape-festival.cz\/en\/wp-content\/uploads\/2014\/04\/vlajka_svedska_pd_610x3811-150x150.png\" alt=\"SWEDEN\" width=\"150\" height=\"150\" \/><\/a><\/div><figcaption class=\"gallery-caption\">SWEDEN<\/figcaption><\/figure>\n<figure class=\"gallery-item col-4\">\n<div class=\"gallery-icon \"><a href=\"http:\/\/landscape-festival.cz\/en\/wp-content\/uploads\/2014\/04\/sandgrundspark_LR1.jpg\" rel=\"lightbox\"><img loading=\"lazy\" decoding=\"async\" class=\"attachment-thumbnail\" src=\"http:\/\/landscape-festival.cz\/en\/wp-content\/uploads\/2014\/04\/sandgrundspark_LR1-150x150.jpg\" alt=\"SANDGRUND PARK Thorbj\u00f6rn Andersson, Sweco Architects foto \/ photo \u00a9 \u00c5ke E:son Lidman\" width=\"150\" height=\"150\" \/><\/a><\/div><figcaption class=\"gallery-caption\">SANDGRUND PARK Thorbj\u00f6rn Andersson, Sweco Architects foto \/ photo \u00a9 \u00c5ke E:son Lidman<\/figcaption><\/figure>\n<figure class=\"gallery-item col-4\">\n<div class=\"gallery-icon \"><a href=\"http:\/\/landscape-festival.cz\/en\/wp-content\/uploads\/2014\/04\/vlajka_svycarsko1.png\" rel=\"lightbox\"><img loading=\"lazy\" decoding=\"async\" class=\"attachment-thumbnail\" src=\"http:\/\/landscape-festival.cz\/en\/wp-content\/uploads\/2014\/04\/vlajka_svycarsko1-150x150.png\" alt=\"SWITZERLAND\" width=\"150\" height=\"150\" \/><\/a><\/div><figcaption class=\"gallery-caption\">SWITZERLAND<\/figcaption><\/figure>\n<figure class=\"gallery-item col-4\">\n<div class=\"gallery-icon \"><a href=\"http:\/\/landscape-festival.cz\/en\/wp-content\/uploads\/2014\/04\/Wildwood_LR1.jpg\" rel=\"lightbox\"><img loading=\"lazy\" decoding=\"async\" class=\"attachment-thumbnail\" src=\"http:\/\/landscape-festival.cz\/en\/wp-content\/uploads\/2014\/04\/Wildwood_LR1-150x150.jpg\" alt=\"WILDWOOD PLAZA Robin Winogrond Landscape Architects foto \/ photo: \u00a9 Daniela Valentini\" width=\"150\" height=\"150\" \/><\/a><\/div><figcaption class=\"gallery-caption\">WILDWOOD PLAZA Robin Winogrond Landscape Architects foto \/ photo: \u00a9 Daniela Valentini<\/figcaption><\/figure>\n<\/div>\n<div class=\"gallery-row gallery-col-4 gallery-clear\">\n<figure class=\"gallery-item col-4\">\n<div class=\"gallery-icon \"><a href=\"http:\/\/landscape-festival.cz\/en\/wp-content\/uploads\/2014\/04\/vlajka_velka_britanie1.png\" rel=\"lightbox\"><img loading=\"lazy\" decoding=\"async\" class=\"attachment-thumbnail\" src=\"http:\/\/landscape-festival.cz\/en\/wp-content\/uploads\/2014\/04\/vlajka_velka_britanie1-150x150.png\" alt=\"GREAT BRITAIN\" width=\"150\" height=\"150\" \/><\/a><\/div><figcaption class=\"gallery-caption\">GREAT BRITAIN<\/figcaption><\/figure>\n<figure class=\"gallery-item col-4\">\n<div class=\"gallery-icon \"><a href=\"http:\/\/landscape-festival.cz\/en\/wp-content\/uploads\/2014\/04\/NORMAND_LR1.jpg\" rel=\"lightbox\"><img loading=\"lazy\" decoding=\"async\" class=\"attachment-thumbnail\" src=\"http:\/\/landscape-festival.cz\/en\/wp-content\/uploads\/2014\/04\/NORMAND_LR1-150x150.jpg\" alt=\"NORMAND PARK KLA, Lynn Kinnear Foto \/ Photo \u00a9 Mark Thomas\" width=\"150\" height=\"150\" \/><\/a><\/div><figcaption class=\"gallery-caption\">NORMAND PARK KLA, Lynn Kinnear Foto \/ Photo \u00a9 Mark Thomas<\/figcaption><\/figure>\n<figure class=\"gallery-item col-4\">\n<div class=\"gallery-icon \"><a href=\"http:\/\/landscape-festival.cz\/en\/wp-content\/uploads\/2014\/04\/EUNIC_01.jpg\" rel=\"lightbox\"><img loading=\"lazy\" decoding=\"async\" class=\"attachment-thumbnail\" src=\"http:\/\/landscape-festival.cz\/en\/wp-content\/uploads\/2014\/04\/EUNIC_01-150x150.jpg\" alt=\"EUNIC_01\" width=\"150\" height=\"150\" \/><\/a><\/div>\n<\/figure>\n<figure class=\"gallery-item col-4\">\n<div class=\"gallery-icon \"><a href=\"http:\/\/landscape-festival.cz\/en\/wp-content\/uploads\/2014\/04\/EUNIC_02.jpg\" rel=\"lightbox\"><img loading=\"lazy\" decoding=\"async\" class=\"attachment-thumbnail\" src=\"http:\/\/landscape-festival.cz\/en\/wp-content\/uploads\/2014\/04\/EUNIC_02-150x150.jpg\" alt=\"EUNIC_02\" width=\"150\" height=\"150\" \/><\/a><\/div>\n<\/figure>\n<\/div>\n<div class=\"gallery-row gallery-col-4 gallery-clear\">\n<figure class=\"gallery-item col-4\">\n<div class=\"gallery-icon \"><a href=\"http:\/\/landscape-festival.cz\/en\/wp-content\/uploads\/2014\/04\/EUNIC_03.jpg\" rel=\"lightbox\"><img loading=\"lazy\" decoding=\"async\" class=\"attachment-thumbnail\" src=\"http:\/\/landscape-festival.cz\/en\/wp-content\/uploads\/2014\/04\/EUNIC_03-150x150.jpg\" alt=\"EUNIC_03\" width=\"150\" height=\"150\" \/><\/a><\/div>\n<\/figure>\n<figure class=\"gallery-item col-4\">\n<div class=\"gallery-icon \"><a href=\"http:\/\/landscape-festival.cz\/en\/wp-content\/uploads\/2014\/04\/EUNIC_04.jpg\" rel=\"lightbox\"><img loading=\"lazy\" decoding=\"async\" class=\"attachment-thumbnail\" src=\"http:\/\/landscape-festival.cz\/en\/wp-content\/uploads\/2014\/04\/EUNIC_04-150x150.jpg\" alt=\"EUNIC_04\" width=\"150\" height=\"150\" \/><\/a><\/div>\n<\/figure>\n<figure class=\"gallery-item col-4\">\n<div class=\"gallery-icon \"><a href=\"http:\/\/landscape-festival.cz\/en\/wp-content\/uploads\/2014\/04\/EUNIC_05.jpg\" rel=\"lightbox\"><img loading=\"lazy\" decoding=\"async\" class=\"attachment-thumbnail\" src=\"http:\/\/landscape-festival.cz\/en\/wp-content\/uploads\/2014\/04\/EUNIC_05-150x150.jpg\" alt=\"EUNIC_05\" width=\"150\" height=\"150\" \/><\/a><\/div>\n<\/figure>\n<figure class=\"gallery-item col-4\">\n<div class=\"gallery-icon \"><a href=\"http:\/\/landscape-festival.cz\/en\/wp-content\/uploads\/2014\/04\/EUNIC_06.jpg\" rel=\"lightbox\"><img loading=\"lazy\" decoding=\"async\" class=\"attachment-thumbnail\" src=\"http:\/\/landscape-festival.cz\/en\/wp-content\/uploads\/2014\/04\/EUNIC_06-150x150.jpg\" alt=\"EUNIC_06\" width=\"150\" height=\"150\" \/><\/a><\/div>\n<\/figure>\n<\/div>\n<div class=\"gallery-row gallery-col-4 gallery-clear\">\n<figure class=\"gallery-item col-4\">\n<div class=\"gallery-icon \"><a href=\"http:\/\/landscape-festival.cz\/en\/wp-content\/uploads\/2014\/04\/EUNIC_07.jpg\" rel=\"lightbox\"><img loading=\"lazy\" decoding=\"async\" class=\"attachment-thumbnail\" src=\"http:\/\/landscape-festival.cz\/en\/wp-content\/uploads\/2014\/04\/EUNIC_07-150x150.jpg\" alt=\"EUNIC_07\" width=\"150\" height=\"150\" \/><\/a><\/div>\n<\/figure>\n<figure class=\"gallery-item col-4\">\n<div class=\"gallery-icon \"><a href=\"http:\/\/landscape-festival.cz\/en\/wp-content\/uploads\/2014\/04\/EUNIC_08.jpg\" rel=\"lightbox\"><img loading=\"lazy\" decoding=\"async\" class=\"attachment-thumbnail\" src=\"http:\/\/landscape-festival.cz\/en\/wp-content\/uploads\/2014\/04\/EUNIC_08-150x150.jpg\" alt=\"EUNIC_08\" width=\"150\" height=\"150\" \/><\/a><\/div>\n<\/figure>\n<figure class=\"gallery-item col-4\">\n<div class=\"gallery-icon \"><a href=\"http:\/\/landscape-festival.cz\/en\/wp-content\/uploads\/2014\/04\/EUNIC_09.jpg\" rel=\"lightbox\"><img loading=\"lazy\" decoding=\"async\" class=\"attachment-thumbnail\" src=\"http:\/\/landscape-festival.cz\/en\/wp-content\/uploads\/2014\/04\/EUNIC_09-150x150.jpg\" alt=\"EUNIC_09\" width=\"150\" height=\"150\" \/><\/a><\/div>\n<\/figure>\n<figure class=\"gallery-item col-4\">\n<div class=\"gallery-icon \"><a href=\"http:\/\/landscape-festival.cz\/en\/wp-content\/uploads\/2014\/04\/EUNIC_10.jpg\" rel=\"lightbox\"><img loading=\"lazy\" decoding=\"async\" class=\"attachment-thumbnail\" src=\"http:\/\/landscape-festival.cz\/en\/wp-content\/uploads\/2014\/04\/EUNIC_10-150x150.jpg\" alt=\"EUNIC_10\" width=\"150\" height=\"150\" \/><\/a><\/div>\n<\/figure>\n<\/div>\n<div class=\"gallery-row gallery-col-4 gallery-clear\">\n<figure class=\"gallery-item col-4\">\n<div class=\"gallery-icon \"><a href=\"http:\/\/landscape-festival.cz\/en\/wp-content\/uploads\/2014\/04\/EUNIC_11.jpg\" rel=\"lightbox\"><img loading=\"lazy\" decoding=\"async\" class=\"attachment-thumbnail\" src=\"http:\/\/landscape-festival.cz\/en\/wp-content\/uploads\/2014\/04\/EUNIC_11-150x150.jpg\" alt=\"EUNIC_11\" width=\"150\" height=\"150\" \/><\/a><\/div>\n<\/figure>\n<figure class=\"gallery-item col-4\">\n<div class=\"gallery-icon \"><a href=\"http:\/\/landscape-festival.cz\/en\/wp-content\/uploads\/2014\/04\/EUNIC_12.jpg\" rel=\"lightbox\"><img loading=\"lazy\" decoding=\"async\" class=\"attachment-thumbnail\" src=\"http:\/\/landscape-festival.cz\/en\/wp-content\/uploads\/2014\/04\/EUNIC_12-150x150.jpg\" alt=\"EUNIC_12\" width=\"150\" height=\"150\" \/><\/a><\/div>\n<\/figure>\n<figure class=\"gallery-item col-4\">\n<div class=\"gallery-icon \"><a href=\"http:\/\/landscape-festival.cz\/en\/wp-content\/uploads\/2014\/04\/EUNIC_13.jpg\" rel=\"lightbox\"><img loading=\"lazy\" decoding=\"async\" class=\"attachment-thumbnail\" src=\"http:\/\/landscape-festival.cz\/en\/wp-content\/uploads\/2014\/04\/EUNIC_13-150x150.jpg\" alt=\"EUNIC_13\" width=\"150\" height=\"150\" \/><\/a><\/div>\n<\/figure>\n<figure class=\"gallery-item col-4\">\n<div class=\"gallery-icon \"><a href=\"http:\/\/landscape-festival.cz\/en\/wp-content\/uploads\/2014\/04\/EUNIC_14.jpg\" rel=\"lightbox\"><img loading=\"lazy\" decoding=\"async\" class=\"attachment-thumbnail\" src=\"http:\/\/landscape-festival.cz\/en\/wp-content\/uploads\/2014\/04\/EUNIC_14-150x150.jpg\" alt=\"EUNIC_14\" width=\"150\" height=\"150\" \/><\/a><\/div>\n<\/figure>\n<\/div>\n<div class=\"gallery-row gallery-col-4 gallery-clear\">\n<figure class=\"gallery-item col-4\">\n<div class=\"gallery-icon \"><a href=\"http:\/\/landscape-festival.cz\/en\/wp-content\/uploads\/2014\/04\/EUNIC_15.jpg\" rel=\"lightbox\"><img loading=\"lazy\" decoding=\"async\" class=\"attachment-thumbnail\" src=\"http:\/\/landscape-festival.cz\/en\/wp-content\/uploads\/2014\/04\/EUNIC_15-150x150.jpg\" alt=\"EUNIC_15\" width=\"150\" height=\"150\" \/><\/a><\/div>\n<\/figure>\n<figure class=\"gallery-item col-4\">\n<div class=\"gallery-icon \"><a href=\"http:\/\/landscape-festival.cz\/en\/wp-content\/uploads\/2014\/04\/EUNIC_16.jpg\" rel=\"lightbox\"><img loading=\"lazy\" decoding=\"async\" class=\"attachment-thumbnail\" src=\"http:\/\/landscape-festival.cz\/en\/wp-content\/uploads\/2014\/04\/EUNIC_16-150x150.jpg\" alt=\"EUNIC_16\" width=\"150\" height=\"150\" \/><\/a><\/div>\n<\/figure>\n<figure class=\"gallery-item col-4\">\n<div class=\"gallery-icon \"><a href=\"http:\/\/landscape-festival.cz\/en\/wp-content\/uploads\/2014\/04\/EUNIC_17.jpg\" rel=\"lightbox\"><img loading=\"lazy\" decoding=\"async\" class=\"attachment-thumbnail\" src=\"http:\/\/landscape-festival.cz\/en\/wp-content\/uploads\/2014\/04\/EUNIC_17-150x150.jpg\" alt=\"EUNIC_17\" width=\"150\" height=\"150\" \/><\/a><\/div>\n<\/figure>\n<figure class=\"gallery-item col-4\">\n<div class=\"gallery-icon \"><a href=\"http:\/\/landscape-festival.cz\/en\/wp-content\/uploads\/2014\/04\/EUNIC_18.jpg\" rel=\"lightbox\"><img loading=\"lazy\" decoding=\"async\" class=\"attachment-thumbnail\" src=\"http:\/\/landscape-festival.cz\/en\/wp-content\/uploads\/2014\/04\/EUNIC_18-150x150.jpg\" alt=\"EUNIC_18\" width=\"150\" height=\"150\" \/><\/a><\/div>\n<\/figure>\n<\/div>\n<\/div>\n<p><strong>3\/\u00a0Krajiny z druh\u00e9 ruky<\/strong><br \/>\nlocality\/\u00a0\u017di\u017ekov freight railway station<br \/>\ncurators \/ Daniel Mat\u011bjka, Luk\u00e1\u0161 Lattenberg, Jana \u017d\u00e1kov\u00e1<\/p>\n<p>The exhibition focuses on presentation of projects from the prepared book monography \u201cSecond Hand Landscapes \u2013 new identity of industrial landscape and specific features of creation of green areas in post-industrial areas\u201d.<\/p>\n<p>The exhibition and the catalogue present inspiration examples from Germany that solve the ways of implementation of well-working approaches to the Czech environment. The exhibition shows realisations adaptable for the Czech region. Exhibited projects should work as patterns for contemporary possibilities for restoration of former industrial areas.<\/p>\n<div id=\"gallery-17-3\" class=\"gallery gallery-17\">\n<div class=\"gallery-row gallery-col-4 gallery-clear\">\n<figure class=\"gallery-item col-4\">\n<div class=\"gallery-icon \"><a href=\"http:\/\/landscape-festival.cz\/en\/wp-content\/uploads\/2014\/04\/kraj-z-druhe-ruky_web.jpg\" rel=\"lightbox\"><img loading=\"lazy\" decoding=\"async\" class=\"attachment-thumbnail\" src=\"http:\/\/landscape-festival.cz\/en\/wp-content\/uploads\/2014\/04\/kraj-z-druhe-ruky_web-150x150.jpg\" alt=\"kraj z druhe ruky_web\" width=\"150\" height=\"150\" \/><\/a><\/div>\n<\/figure>\n<figure class=\"gallery-item col-4\">\n<div class=\"gallery-icon \"><a href=\"http:\/\/landscape-festival.cz\/en\/wp-content\/uploads\/2014\/04\/DSC_0694.jpg\" rel=\"lightbox\"><img loading=\"lazy\" decoding=\"async\" class=\"attachment-thumbnail\" src=\"http:\/\/landscape-festival.cz\/en\/wp-content\/uploads\/2014\/04\/DSC_0694-150x150.jpg\" alt=\"DSC_0694\" width=\"150\" height=\"150\" \/><\/a><\/div>\n<\/figure>\n<figure class=\"gallery-item col-4\">\n<div class=\"gallery-icon \"><a href=\"http:\/\/landscape-festival.cz\/en\/wp-content\/uploads\/2014\/04\/DSC_0700.jpg\" rel=\"lightbox\"><img loading=\"lazy\" decoding=\"async\" class=\"attachment-thumbnail\" src=\"http:\/\/landscape-festival.cz\/en\/wp-content\/uploads\/2014\/04\/DSC_0700-150x150.jpg\" alt=\"DSC_0700\" width=\"150\" height=\"150\" \/><\/a><\/div>\n<\/figure>\n<figure class=\"gallery-item col-4\">\n<div class=\"gallery-icon \"><a href=\"http:\/\/landscape-festival.cz\/en\/wp-content\/uploads\/2014\/04\/DSC_0702.jpg\" rel=\"lightbox\"><img loading=\"lazy\" decoding=\"async\" class=\"attachment-thumbnail\" src=\"http:\/\/landscape-festival.cz\/en\/wp-content\/uploads\/2014\/04\/DSC_0702-150x150.jpg\" alt=\"DSC_0702\" width=\"150\" height=\"150\" \/><\/a><\/div>\n<\/figure>\n<\/div>\n<div class=\"gallery-row gallery-col-4 gallery-clear\">\n<figure class=\"gallery-item col-4\">\n<div class=\"gallery-icon \"><a href=\"http:\/\/landscape-festival.cz\/en\/wp-content\/uploads\/2014\/04\/DSC_0716.jpg\" rel=\"lightbox\"><img loading=\"lazy\" decoding=\"async\" class=\"attachment-thumbnail\" src=\"http:\/\/landscape-festival.cz\/en\/wp-content\/uploads\/2014\/04\/DSC_0716-150x150.jpg\" alt=\"DSC_0716\" width=\"150\" height=\"150\" \/><\/a><\/div>\n<\/figure>\n<figure class=\"gallery-item col-4\">\n<div class=\"gallery-icon \"><a href=\"http:\/\/landscape-festival.cz\/en\/wp-content\/uploads\/2014\/04\/DSC_0728.jpg\" rel=\"lightbox\"><img loading=\"lazy\" decoding=\"async\" class=\"attachment-thumbnail\" src=\"http:\/\/landscape-festival.cz\/en\/wp-content\/uploads\/2014\/04\/DSC_0728-150x150.jpg\" alt=\"DSC_0728\" width=\"150\" height=\"150\" \/><\/a><\/div>\n<\/figure>\n<figure class=\"gallery-item col-4\">\n<div class=\"gallery-icon \"><a href=\"http:\/\/landscape-festival.cz\/en\/wp-content\/uploads\/2014\/04\/DSC_0733.jpg\" rel=\"lightbox\"><img loading=\"lazy\" decoding=\"async\" class=\"attachment-thumbnail\" src=\"http:\/\/landscape-festival.cz\/en\/wp-content\/uploads\/2014\/04\/DSC_0733-150x150.jpg\" alt=\"DSC_0733\" width=\"150\" height=\"150\" \/><\/a><\/div>\n<\/figure>\n<figure class=\"gallery-item col-4\">\n<div class=\"gallery-icon \"><a href=\"http:\/\/landscape-festival.cz\/en\/wp-content\/uploads\/2014\/04\/DSC_0738.jpg\" rel=\"lightbox\"><img loading=\"lazy\" decoding=\"async\" class=\"attachment-thumbnail\" src=\"http:\/\/landscape-festival.cz\/en\/wp-content\/uploads\/2014\/04\/DSC_0738-150x150.jpg\" alt=\"DSC_0738\" width=\"150\" height=\"150\" \/><\/a><\/div>\n<\/figure>\n<\/div>\n<\/div>\n<p><strong>4\/\u00a0<\/strong><strong>Landscape architects NOW!<br \/>\n<\/strong>locality\/\u00a0\u017di\u017ekov freight railway station<br \/>\ncurator \/Ivana P\u00e1se\u010dn\u00e1 (SK)<strong><br \/>\n<\/strong><\/p>\n<p>The exhibition Landscape architects NOW! presents projects of domestic and foreign landscape architects from North America, Europe, Asia and Australia. The primary goal of the authors of the exhibition is to draw attention to the topic of landscape architecture and its creators.<\/p>\n<div id=\"gallery-17-4\" class=\"gallery gallery-17\">\n<div class=\"gallery-row gallery-col-4 gallery-clear\">\n<figure class=\"gallery-item col-4\">\n<div class=\"gallery-icon \"><a href=\"http:\/\/landscape-festival.cz\/en\/wp-content\/uploads\/2014\/04\/landscape-architects-now_web.jpg\" rel=\"lightbox\"><img loading=\"lazy\" decoding=\"async\" class=\"attachment-thumbnail\" src=\"http:\/\/landscape-festival.cz\/en\/wp-content\/uploads\/2014\/04\/landscape-architects-now_web-150x150.jpg\" alt=\"landscape architects now_web\" width=\"150\" height=\"150\" \/><\/a><\/div>\n<\/figure>\n<\/div>\n<\/div>\n<p><b>B\/\u00a0PREZENTATIONS AND PROJECTS<\/b><b><br \/>\n<\/b>locality\/\u017ei\u017ekov freight railway station<\/p>\n<ul>\n<li><b>City district of Prague 3<\/b><\/li>\n<\/ul>\n<p>The presentation of both implemented projects and unrealized designs relating to the organization of the public space in the Borough of Prague 3 constitutes an attempt to engage the public in decision-making with regard to the form of the public space. The aim of the intervention is to curb traffic and to improve the navigability of the terrain and recreational use of streets, parks and squares.<\/p>\n<div id=\"gallery-17-5\" class=\"gallery gallery-17\">\n<div class=\"gallery-row gallery-col-4 gallery-clear\">\n<figure class=\"gallery-item col-4\">\n<div class=\"gallery-icon \"><a href=\"http:\/\/landscape-festival.cz\/en\/wp-content\/uploads\/2014\/04\/mc-praha-3_web.jpg\" rel=\"lightbox\"><img loading=\"lazy\" decoding=\"async\" class=\"attachment-thumbnail\" src=\"http:\/\/landscape-festival.cz\/en\/wp-content\/uploads\/2014\/04\/mc-praha-3_web-150x150.jpg\" alt=\"mc praha 3_web\" width=\"150\" height=\"150\" \/><\/a><\/div>\n<\/figure>\n<\/div>\n<\/div>\n<ul>\n<li><strong>Office of Public Space IPR Prague\u00a0<\/strong><\/li>\n<\/ul>\n<p>The <em>Details?<\/em> presentation focuses on a number of specific sites in Prague and reveals the way they are read by the members of Office for Public Space. The conclusions of their research are represented by the exhibited documents recently compiled by the Office for Public Space.<\/p>\n<div id=\"gallery-17-6\" class=\"gallery gallery-17\">\n<div class=\"gallery-row gallery-col-4 gallery-clear\">\n<figure class=\"gallery-item col-4\">\n<div class=\"gallery-icon \"><a href=\"http:\/\/landscape-festival.cz\/en\/wp-content\/uploads\/2014\/04\/ipr_web.jpg\" rel=\"lightbox\"><img loading=\"lazy\" decoding=\"async\" class=\"attachment-thumbnail\" src=\"http:\/\/landscape-festival.cz\/en\/wp-content\/uploads\/2014\/04\/ipr_web-150x150.jpg\" alt=\"ipr_web\" width=\"150\" height=\"150\" \/><\/a><\/div>\n<\/figure>\n<\/div>\n<\/div>\n<ul>\n<li><strong>Prom\u011bny Foundation\/ Changes of the island of Santos<\/strong><\/li>\n<\/ul>\n<p>The <em>Santos Island Transformations<\/em> installation mounted by the <em>Prom\u011bny<\/em> Foundation and the sculptor V\u00e1clav Fiala presents a project for rejuvenation of the forest park on the river island in Su\u0161ice realized in 2013 according to an architectural design by the Florart studio. The motto of the project was \u201cWade across the river. Listen to the silence. Watch the sky. Sit on the grass. Welcome the boaters.\u201d<\/p>\n<div id=\"gallery-17-7\" class=\"gallery gallery-17\">\n<div class=\"gallery-row gallery-col-4 gallery-clear\">\n<figure class=\"gallery-item col-4\">\n<div class=\"gallery-icon \"><a href=\"http:\/\/landscape-festival.cz\/en\/wp-content\/uploads\/2014\/04\/Nadace-Promeny_web.jpg\" rel=\"lightbox\"><img loading=\"lazy\" decoding=\"async\" class=\"attachment-thumbnail\" src=\"http:\/\/landscape-festival.cz\/en\/wp-content\/uploads\/2014\/04\/Nadace-Promeny_web-150x150.jpg\" alt=\"Nadace Promeny_web\" width=\"150\" height=\"150\" \/><\/a><\/div>\n<\/figure>\n<figure class=\"gallery-item col-4\">\n<div class=\"gallery-icon \"><a href=\"http:\/\/landscape-festival.cz\/en\/wp-content\/uploads\/2014\/04\/DSC_0590.jpg\" rel=\"lightbox\"><img loading=\"lazy\" decoding=\"async\" class=\"attachment-thumbnail\" src=\"http:\/\/landscape-festival.cz\/en\/wp-content\/uploads\/2014\/04\/DSC_0590-150x150.jpg\" alt=\"DSC_0590\" width=\"150\" height=\"150\" \/><\/a><\/div>\n<\/figure>\n<figure class=\"gallery-item col-4\">\n<div class=\"gallery-icon \"><a href=\"http:\/\/landscape-festival.cz\/en\/wp-content\/uploads\/2014\/04\/DSC_0593.jpg\" rel=\"lightbox\"><img loading=\"lazy\" decoding=\"async\" class=\"attachment-thumbnail\" src=\"http:\/\/landscape-festival.cz\/en\/wp-content\/uploads\/2014\/04\/DSC_0593-150x150.jpg\" alt=\"DSC_0593\" width=\"150\" height=\"150\" \/><\/a><\/div>\n<\/figure>\n<figure class=\"gallery-item col-4\">\n<div class=\"gallery-icon \"><a href=\"http:\/\/landscape-festival.cz\/en\/wp-content\/uploads\/2014\/04\/DSC_0595.jpg\" rel=\"lightbox\"><img loading=\"lazy\" decoding=\"async\" class=\"attachment-thumbnail\" src=\"http:\/\/landscape-festival.cz\/en\/wp-content\/uploads\/2014\/04\/DSC_0595-150x150.jpg\" alt=\"DSC_0595\" width=\"150\" height=\"150\" \/><\/a><\/div>\n<\/figure>\n<\/div>\n<div class=\"gallery-row gallery-col-4 gallery-clear\">\n<figure class=\"gallery-item col-4\">\n<div class=\"gallery-icon \"><a href=\"http:\/\/landscape-festival.cz\/en\/wp-content\/uploads\/2014\/04\/DSC_0596.jpg\" rel=\"lightbox\"><img loading=\"lazy\" decoding=\"async\" class=\"attachment-thumbnail\" src=\"http:\/\/landscape-festival.cz\/en\/wp-content\/uploads\/2014\/04\/DSC_0596-150x150.jpg\" alt=\"DSC_0596\" width=\"150\" height=\"150\" \/><\/a><\/div>\n<\/figure>\n<figure class=\"gallery-item col-4\">\n<div class=\"gallery-icon \"><a href=\"http:\/\/landscape-festival.cz\/en\/wp-content\/uploads\/2014\/04\/DSC_0597.jpg\" rel=\"lightbox\"><img loading=\"lazy\" decoding=\"async\" class=\"attachment-thumbnail\" src=\"http:\/\/landscape-festival.cz\/en\/wp-content\/uploads\/2014\/04\/DSC_0597-150x150.jpg\" alt=\"DSC_0597\" width=\"150\" height=\"150\" \/><\/a><\/div>\n<\/figure>\n<figure class=\"gallery-item col-4\">\n<div class=\"gallery-icon \"><a href=\"http:\/\/landscape-festival.cz\/en\/wp-content\/uploads\/2014\/04\/DSC_0601.jpg\" rel=\"lightbox\"><img loading=\"lazy\" decoding=\"async\" class=\"attachment-thumbnail\" src=\"http:\/\/landscape-festival.cz\/en\/wp-content\/uploads\/2014\/04\/DSC_0601-150x150.jpg\" alt=\"DSC_0601\" width=\"150\" height=\"150\" \/><\/a><\/div>\n<\/figure>\n<figure class=\"gallery-item col-4\">\n<div class=\"gallery-icon \"><a href=\"http:\/\/landscape-festival.cz\/en\/wp-content\/uploads\/2014\/04\/DSC_0609.jpg\" rel=\"lightbox\"><img loading=\"lazy\" decoding=\"async\" class=\"attachment-thumbnail\" src=\"http:\/\/landscape-festival.cz\/en\/wp-content\/uploads\/2014\/04\/DSC_0609-150x150.jpg\" alt=\"DSC_0609\" width=\"150\" height=\"150\" \/><\/a><\/div>\n<\/figure>\n<\/div>\n<\/div>\n<ul>\n<li><strong>Automat<\/strong><\/li>\n<\/ul>\n<p><em>Prague Vision<\/em>\u00a0<em>2025 <\/em>is a new document from the Auto*Mat initiative, which shows Prague in 2025 as a functional city in which the demands of sustainable transport, economic development, quality public space and a healthy environment are achieved and harmonized.<\/p>\n<div id=\"gallery-17-8\" class=\"gallery gallery-17\">\n<div class=\"gallery-row gallery-col-4 gallery-clear\">\n<figure class=\"gallery-item col-4\">\n<div class=\"gallery-icon \"><a href=\"http:\/\/landscape-festival.cz\/en\/wp-content\/uploads\/2014\/04\/automat_web.jpg\" rel=\"lightbox\"><img loading=\"lazy\" decoding=\"async\" class=\"attachment-thumbnail\" src=\"http:\/\/landscape-festival.cz\/en\/wp-content\/uploads\/2014\/04\/automat_web-150x150.jpg\" alt=\"automat_web\" width=\"150\" height=\"150\" \/><\/a><\/div>\n<\/figure>\n<\/div>\n<\/div>\n<ul>\n<li><strong>Prezentatiton of student projects<\/strong><\/li>\n<\/ul>\n<p><strong>Institute of Garden and Landscape Architecture, Faculty of Architecture, Czech Technical University in Prague<\/strong><\/p>\n<p>A presentation of projects by students of the Institute of Garden and Landscape Architecture of the Faculty of Architecture, Czech Technical University in Prague.<\/p>\n<p><strong>Faculty of Garden and Landscape Architecture FAPPZ, Czech Agricultural University in Prague<\/strong><\/p>\n<p>What is our relationship to the Czech landscape? Is it for us only a window decoration or a story we enter into? The faculty\u2019s presentation presents an imaginary Round of the Czech Landscape, which should evoke new feelings and questions in us.<\/p>\n<p><strong>Faculty of Horticulture, Mendel University in Brno\u00a0<\/strong><\/p>\n<p>The exhibited pieces consist of a selection from the portfolio of the Garden and Landscape Architecture programme of the Faculty of Horticulture, Mendel University in Brno. We present works from thematic workshops, outcomes of collaborations with cultural institutions and especially a wide range of dissertation and studio work.<\/p>\n<div id=\"gallery-17-9\" class=\"gallery gallery-17\">\n<div class=\"gallery-row gallery-col-4 gallery-clear\">\n<figure class=\"gallery-item col-4\">\n<div class=\"gallery-icon \"><a href=\"http:\/\/landscape-festival.cz\/en\/wp-content\/uploads\/2014\/04\/mendelova-univerzita-v-brne_web.jpg\" rel=\"lightbox\"><img loading=\"lazy\" decoding=\"async\" class=\"attachment-thumbnail\" src=\"http:\/\/landscape-festival.cz\/en\/wp-content\/uploads\/2014\/04\/mendelova-univerzita-v-brne_web-150x150.jpg\" alt=\"OLYMPUS DIGITAL CAMERA\" width=\"150\" height=\"150\" \/><\/a><\/div>\n<\/figure>\n<\/div>\n<\/div>\n<ul>\n<li><strong>EnviroCity<\/strong><\/li>\n<\/ul>\n<p>EnviroCity in cooperation with Landscape Festival Prague will bring life to the industrial spaces of \u017di\u017ekov Freight Railway Station through a series of presentations, debates and artistic performances. The festival is organized by the Collaborative Collective civic association and the Loop environmental pavilion will be its main stage.<\/p>\n<div id=\"gallery-17-10\" class=\"gallery gallery-17\">\n<div class=\"gallery-row gallery-col-4 gallery-clear\">\n<figure class=\"gallery-item col-4\">\n<div class=\"gallery-icon \"><a href=\"http:\/\/landscape-festival.cz\/en\/wp-content\/uploads\/2014\/04\/EnviroCity_web.jpg\" rel=\"lightbox\"><img loading=\"lazy\" decoding=\"async\" class=\"attachment-thumbnail\" src=\"http:\/\/landscape-festival.cz\/en\/wp-content\/uploads\/2014\/04\/EnviroCity_web-150x150.jpg\" alt=\"EnviroCity_web\" width=\"150\" height=\"150\" \/><\/a><\/div>\n<\/figure>\n<figure class=\"gallery-item col-4\">\n<div class=\"gallery-icon \"><a href=\"http:\/\/landscape-festival.cz\/en\/wp-content\/uploads\/2014\/04\/z1.jpg\" rel=\"lightbox\"><img loading=\"lazy\" decoding=\"async\" class=\"attachment-thumbnail\" src=\"http:\/\/landscape-festival.cz\/en\/wp-content\/uploads\/2014\/04\/z1-150x150.jpg\" alt=\"z1\" width=\"150\" height=\"150\" \/><\/a><\/div>\n<\/figure>\n<figure class=\"gallery-item col-4\">\n<div class=\"gallery-icon \"><a href=\"http:\/\/landscape-festival.cz\/en\/wp-content\/uploads\/2014\/04\/z2.jpg\" rel=\"lightbox\"><img loading=\"lazy\" decoding=\"async\" class=\"attachment-thumbnail\" src=\"http:\/\/landscape-festival.cz\/en\/wp-content\/uploads\/2014\/04\/z2-150x150.jpg\" alt=\"z2\" width=\"150\" height=\"150\" \/><\/a><\/div>\n<\/figure>\n<figure class=\"gallery-item col-4\">\n<div class=\"gallery-icon \"><a href=\"http:\/\/landscape-festival.cz\/en\/wp-content\/uploads\/2014\/04\/z3.jpg\" rel=\"lightbox\"><img loading=\"lazy\" decoding=\"async\" class=\"attachment-thumbnail\" src=\"http:\/\/landscape-festival.cz\/en\/wp-content\/uploads\/2014\/04\/z3-150x150.jpg\" alt=\"z3\" width=\"150\" height=\"150\" \/><\/a><\/div>\n<\/figure>\n<\/div>\n<div class=\"gallery-row gallery-col-4 gallery-clear\">\n<figure class=\"gallery-item col-4\">\n<div class=\"gallery-icon \"><a href=\"http:\/\/landscape-festival.cz\/en\/wp-content\/uploads\/2014\/04\/z4.jpg\" rel=\"lightbox\"><img loading=\"lazy\" decoding=\"async\" class=\"attachment-thumbnail\" src=\"http:\/\/landscape-festival.cz\/en\/wp-content\/uploads\/2014\/04\/z4-150x150.jpg\" alt=\"z4\" width=\"150\" height=\"150\" \/><\/a><\/div>\n<\/figure>\n<figure class=\"gallery-item col-4\">\n<div class=\"gallery-icon \"><a href=\"http:\/\/landscape-festival.cz\/en\/wp-content\/uploads\/2014\/04\/z5.jpg\" rel=\"lightbox\"><img loading=\"lazy\" decoding=\"async\" class=\"attachment-thumbnail\" src=\"http:\/\/landscape-festival.cz\/en\/wp-content\/uploads\/2014\/04\/z5-150x150.jpg\" alt=\"z5\" width=\"150\" height=\"150\" \/><\/a><\/div>\n<\/figure>\n<figure class=\"gallery-item col-4\">\n<div class=\"gallery-icon \"><a href=\"http:\/\/landscape-festival.cz\/en\/wp-content\/uploads\/2014\/04\/z6.jpg\" rel=\"lightbox\"><img loading=\"lazy\" decoding=\"async\" class=\"attachment-thumbnail\" src=\"http:\/\/landscape-festival.cz\/en\/wp-content\/uploads\/2014\/04\/z6-150x150.jpg\" alt=\"z6\" width=\"150\" height=\"150\" \/><\/a><\/div>\n<\/figure>\n<figure class=\"gallery-item col-4\">\n<div class=\"gallery-icon \"><a href=\"http:\/\/landscape-festival.cz\/en\/wp-content\/uploads\/2014\/04\/z8.jpg\" rel=\"lightbox\"><img loading=\"lazy\" decoding=\"async\" class=\"attachment-thumbnail\" src=\"http:\/\/landscape-festival.cz\/en\/wp-content\/uploads\/2014\/04\/z8-150x150.jpg\" alt=\"z8\" width=\"150\" height=\"150\" \/><\/a><\/div>\n<\/figure>\n<\/div>\n<div class=\"gallery-row gallery-col-4 gallery-clear\">\n<figure class=\"gallery-item col-4\">\n<div class=\"gallery-icon \"><a href=\"http:\/\/landscape-festival.cz\/en\/wp-content\/uploads\/2014\/04\/z9.jpg\" rel=\"lightbox\"><img loading=\"lazy\" decoding=\"async\" class=\"attachment-thumbnail\" src=\"http:\/\/landscape-festival.cz\/en\/wp-content\/uploads\/2014\/04\/z9-150x150.jpg\" alt=\"z9\" width=\"150\" height=\"150\" \/><\/a><\/div>\n<\/figure>\n<figure class=\"gallery-item col-4\">\n<div class=\"gallery-icon \"><a href=\"http:\/\/landscape-festival.cz\/en\/wp-content\/uploads\/2014\/04\/z10.jpg\" rel=\"lightbox\"><img loading=\"lazy\" decoding=\"async\" class=\"attachment-thumbnail\" src=\"http:\/\/landscape-festival.cz\/en\/wp-content\/uploads\/2014\/04\/z10-150x150.jpg\" alt=\"z10\" width=\"150\" height=\"150\" \/><\/a><\/div>\n<\/figure>\n<figure class=\"gallery-item col-4\">\n<div class=\"gallery-icon \"><a href=\"http:\/\/landscape-festival.cz\/en\/wp-content\/uploads\/2014\/04\/z11.jpg\" rel=\"lightbox\"><img loading=\"lazy\" decoding=\"async\" class=\"attachment-thumbnail\" src=\"http:\/\/landscape-festival.cz\/en\/wp-content\/uploads\/2014\/04\/z11-150x150.jpg\" alt=\"z11\" width=\"150\" height=\"150\" \/><\/a><\/div>\n<\/figure>\n<figure class=\"gallery-item col-4\">\n<div class=\"gallery-icon \"><a href=\"http:\/\/landscape-festival.cz\/en\/wp-content\/uploads\/2014\/04\/z12.jpg\" rel=\"lightbox\"><img loading=\"lazy\" decoding=\"async\" class=\"attachment-thumbnail\" src=\"http:\/\/landscape-festival.cz\/en\/wp-content\/uploads\/2014\/04\/z12-150x150.jpg\" alt=\"z12\" width=\"150\" height=\"150\" \/><\/a><\/div>\n<\/figure>\n<\/div>\n<div class=\"gallery-row gallery-col-4 gallery-clear\">\n<figure class=\"gallery-item col-4\">\n<div class=\"gallery-icon \"><a href=\"http:\/\/landscape-festival.cz\/en\/wp-content\/uploads\/2014\/04\/z13.jpg\" rel=\"lightbox\"><img loading=\"lazy\" decoding=\"async\" class=\"attachment-thumbnail\" src=\"http:\/\/landscape-festival.cz\/en\/wp-content\/uploads\/2014\/04\/z13-150x150.jpg\" alt=\"z13\" width=\"150\" height=\"150\" \/><\/a><\/div>\n<\/figure>\n<figure class=\"gallery-item col-4\">\n<div class=\"gallery-icon \"><a href=\"http:\/\/landscape-festival.cz\/en\/wp-content\/uploads\/2014\/04\/z14.jpg\" rel=\"lightbox\"><img loading=\"lazy\" decoding=\"async\" class=\"attachment-thumbnail\" src=\"http:\/\/landscape-festival.cz\/en\/wp-content\/uploads\/2014\/04\/z14-150x150.jpg\" alt=\"z14\" width=\"150\" height=\"150\" \/><\/a><\/div>\n<\/figure>\n<figure class=\"gallery-item col-4\">\n<div class=\"gallery-icon \"><a href=\"http:\/\/landscape-festival.cz\/en\/wp-content\/uploads\/2014\/04\/z15.jpg\" rel=\"lightbox\"><img loading=\"lazy\" decoding=\"async\" class=\"attachment-thumbnail\" src=\"http:\/\/landscape-festival.cz\/en\/wp-content\/uploads\/2014\/04\/z15-150x150.jpg\" alt=\"z15\" width=\"150\" height=\"150\" \/><\/a><\/div>\n<\/figure>\n<figure class=\"gallery-item col-4\">\n<div class=\"gallery-icon \"><a href=\"http:\/\/landscape-festival.cz\/en\/wp-content\/uploads\/2014\/04\/z16.jpg\" rel=\"lightbox\"><img loading=\"lazy\" decoding=\"async\" class=\"attachment-thumbnail\" src=\"http:\/\/landscape-festival.cz\/en\/wp-content\/uploads\/2014\/04\/z16-150x150.jpg\" alt=\"z16\" width=\"150\" height=\"150\" \/><\/a><\/div>\n<\/figure>\n<\/div>\n<div class=\"gallery-row gallery-col-4 gallery-clear\">\n<figure class=\"gallery-item col-4\">\n<div class=\"gallery-icon \"><a href=\"http:\/\/landscape-festival.cz\/en\/wp-content\/uploads\/2014\/04\/z17.jpg\" rel=\"lightbox\"><img loading=\"lazy\" decoding=\"async\" class=\"attachment-thumbnail\" src=\"http:\/\/landscape-festival.cz\/en\/wp-content\/uploads\/2014\/04\/z17-150x150.jpg\" alt=\"z17\" width=\"150\" height=\"150\" \/><\/a><\/div>\n<\/figure>\n<figure class=\"gallery-item col-4\">\n<div class=\"gallery-icon \"><a href=\"http:\/\/landscape-festival.cz\/en\/wp-content\/uploads\/2014\/04\/z18.jpg\" rel=\"lightbox\"><img loading=\"lazy\" decoding=\"async\" class=\"attachment-thumbnail\" src=\"http:\/\/landscape-festival.cz\/en\/wp-content\/uploads\/2014\/04\/z18-150x150.jpg\" alt=\"z18\" width=\"150\" height=\"150\" \/><\/a><\/div>\n<\/figure>\n<figure class=\"gallery-item col-4\">\n<div class=\"gallery-icon \"><a href=\"http:\/\/landscape-festival.cz\/en\/wp-content\/uploads\/2014\/04\/P1.jpg\" rel=\"lightbox\"><img loading=\"lazy\" decoding=\"async\" class=\"attachment-thumbnail\" src=\"http:\/\/landscape-festival.cz\/en\/wp-content\/uploads\/2014\/04\/P1-150x150.jpg\" alt=\"P1\" width=\"150\" height=\"150\" \/><\/a><\/div>\n<\/figure>\n<figure class=\"gallery-item col-4\">\n<div class=\"gallery-icon \"><a href=\"http:\/\/landscape-festival.cz\/en\/wp-content\/uploads\/2014\/04\/P2.jpg\" rel=\"lightbox\"><img loading=\"lazy\" decoding=\"async\" class=\"attachment-thumbnail\" src=\"http:\/\/landscape-festival.cz\/en\/wp-content\/uploads\/2014\/04\/P2-150x150.jpg\" alt=\"P2\" width=\"150\" height=\"150\" \/><\/a><\/div>\n<\/figure>\n<\/div>\n<\/div>\n<ul>\n<li><strong>Sekyra Group\u00a0<\/strong><\/li>\n<\/ul>\n<p>Presented in the context of the Landscape Festival Prague 2014 are projects of the development company Sekyra Group, which handles the development of commercial and residential buildings. The presentation focuses on three development projects for extensive railway lands with the titles Sm\u00edchov City, \u00a0\u017di\u017ekov City and Rohan City.<\/p>\n<div id=\"gallery-17-11\" class=\"gallery gallery-17\">\n<div class=\"gallery-row gallery-col-4 gallery-clear\">\n<figure class=\"gallery-item col-4\">\n<div class=\"gallery-icon \"><a href=\"http:\/\/landscape-festival.cz\/en\/wp-content\/uploads\/2014\/04\/SEKYRA-GROUP_web.jpg\" rel=\"lightbox\"><img loading=\"lazy\" decoding=\"async\" class=\"attachment-thumbnail\" src=\"http:\/\/landscape-festival.cz\/en\/wp-content\/uploads\/2014\/04\/SEKYRA-GROUP_web-150x150.jpg\" alt=\"SEKYRA GROUP_web\" width=\"150\" height=\"150\" \/><\/a><\/div>\n<\/figure>\n<figure class=\"gallery-item col-4\">\n<div class=\"gallery-icon \"><a href=\"http:\/\/landscape-festival.cz\/en\/wp-content\/uploads\/2014\/04\/IMG_5060.jpg\" rel=\"lightbox\"><img loading=\"lazy\" decoding=\"async\" class=\"attachment-thumbnail\" src=\"http:\/\/landscape-festival.cz\/en\/wp-content\/uploads\/2014\/04\/IMG_5060-150x150.jpg\" alt=\"IMG_5060\" width=\"150\" height=\"150\" \/><\/a><\/div>\n<\/figure>\n<figure class=\"gallery-item col-4\">\n<div class=\"gallery-icon \"><a href=\"http:\/\/landscape-festival.cz\/en\/wp-content\/uploads\/2014\/04\/IMG_5061.jpg\" rel=\"lightbox\"><img loading=\"lazy\" decoding=\"async\" class=\"attachment-thumbnail\" src=\"http:\/\/landscape-festival.cz\/en\/wp-content\/uploads\/2014\/04\/IMG_5061-150x150.jpg\" alt=\"IMG_5061\" width=\"150\" height=\"150\" \/><\/a><\/div>\n<\/figure>\n<figure class=\"gallery-item col-4\">\n<div class=\"gallery-icon \"><a href=\"http:\/\/landscape-festival.cz\/en\/wp-content\/uploads\/2014\/04\/IMG_5063.jpg\" rel=\"lightbox\"><img loading=\"lazy\" decoding=\"async\" class=\"attachment-thumbnail\" src=\"http:\/\/landscape-festival.cz\/en\/wp-content\/uploads\/2014\/04\/IMG_5063-150x150.jpg\" alt=\"IMG_5063\" width=\"150\" height=\"150\" \/><\/a><\/div>\n<\/figure>\n<\/div>\n<div class=\"gallery-row gallery-col-4 gallery-clear\">\n<figure class=\"gallery-item col-4\">\n<div class=\"gallery-icon \"><a href=\"http:\/\/landscape-festival.cz\/en\/wp-content\/uploads\/2014\/04\/IMG_5066.jpg\" rel=\"lightbox\"><img loading=\"lazy\" decoding=\"async\" class=\"attachment-thumbnail\" src=\"http:\/\/landscape-festival.cz\/en\/wp-content\/uploads\/2014\/04\/IMG_5066-150x150.jpg\" alt=\"IMG_5066\" width=\"150\" height=\"150\" \/><\/a><\/div>\n<\/figure>\n<figure class=\"gallery-item col-4\">\n<div class=\"gallery-icon \"><a href=\"http:\/\/landscape-festival.cz\/en\/wp-content\/uploads\/2014\/04\/IMG_5067.jpg\" rel=\"lightbox\"><img loading=\"lazy\" decoding=\"async\" class=\"attachment-thumbnail\" src=\"http:\/\/landscape-festival.cz\/en\/wp-content\/uploads\/2014\/04\/IMG_5067-150x150.jpg\" alt=\"IMG_5067\" width=\"150\" height=\"150\" \/><\/a><\/div>\n<\/figure>\n<figure class=\"gallery-item col-4\">\n<div class=\"gallery-icon \"><a href=\"http:\/\/landscape-festival.cz\/en\/wp-content\/uploads\/2014\/04\/IMG_5068.jpg\" rel=\"lightbox\"><img loading=\"lazy\" decoding=\"async\" class=\"attachment-thumbnail\" src=\"http:\/\/landscape-festival.cz\/en\/wp-content\/uploads\/2014\/04\/IMG_5068-150x150.jpg\" alt=\"IMG_5068\" width=\"150\" height=\"150\" \/><\/a><\/div>\n<\/figure>\n<\/div>\n<\/div>\n<p><strong>C\/\u00a0LANDSCAPE AND ARTISTIC INSTALATIONS<\/strong><\/p>\n<p>land art site specific in the locality of \u017di\u017ekov freight railway station<\/p>\n<p>guarantors \/ Kurt Gebauer, Vladim\u00edr Sitta<\/p>\n<p>Addressed artists and landscape architects have created unique installations for the locality of \u017di\u017ekov freight railway station<\/p>\n<ul>\n<li><strong>ARCHWERK\/ Martin Kloda, Tom\u00e1\u0161 Feistner, Hana Proch\u00e1zkov\u00e1 \u2013 The Quart<\/strong><\/li>\n<\/ul>\n<p>The installation reacts to the bland sterilisation of the landscape, either urban or rural, which for us has become an overlooked given. Fortunately we still have the powerto revive the landscape, to awaken it in a whole new story. Sometimes it\u2019s enough to just say the words or gesture for \u201cOne beer!\u201d<\/p>\n<p>There is a difference between landscape and wilderness. The landscape is an urban or rural space, cultivated by people. Wilderness is uninhabited and uninhabitable. In our world, we have lost the balance between landscape and wilderness, we have lost our relationship to both of them. Fortunately, we can inspirit our landscape with a new story. We can do it by single word or simple sign.<br \/>\nThe Beer !<\/p>\n<p><a href=\"http:\/\/landscape-festival.cz\/en\/wp-content\/uploads\/2014\/04\/IMG_77451-e1408029070529.jpg\" rel=\"lightbox\"><img loading=\"lazy\" decoding=\"async\" class=\"alignnone size-medium wp-image-644\" src=\"http:\/\/landscape-festival.cz\/en\/wp-content\/uploads\/2014\/04\/IMG_77451-300x200.jpg\" alt=\"IMG_7745\" width=\"300\" height=\"200\" \/><\/a><\/p>\n<ul>\n<li><strong>V\u00e1clav Fiala<\/strong><\/li>\n<\/ul>\n<p><a href=\"http:\/\/landscape-festival.cz\/en\/wp-content\/uploads\/2014\/04\/111.jpg\" rel=\"lightbox\"><img loading=\"lazy\" decoding=\"async\" class=\"size-medium wp-image-360\" src=\"http:\/\/landscape-festival.cz\/en\/wp-content\/uploads\/2014\/04\/111-300x199.jpg\" alt=\"(c) AI (photography)\" width=\"300\" height=\"199\" \/><\/a><\/p>\n<ul>\n<li><strong>Kurt Gebauer &#8211;\u00a0<strong>Little Heads (2011)<\/strong><\/strong><\/li>\n<\/ul>\n<p>Concrete Little Heads, the artist\u2019s favourite topic, have become a travelling exhibition. Created in 2011, they were first installed on the ventilator on Jan Palach Square, then in 2013 they were lined up in front of the National Technical Library in Dejvice. They\u2019ll be a super-traveller on a wagon at \u017di\u017ekov Freight Train Station. Always another story? What that will be is up to each of us to discover on our own.<\/p>\n<p><a href=\"http:\/\/landscape-festival.cz\/en\/wp-content\/uploads\/2014\/04\/8.jpg\" rel=\"lightbox\"><img loading=\"lazy\" decoding=\"async\" class=\"size-medium wp-image-357\" src=\"http:\/\/landscape-festival.cz\/en\/wp-content\/uploads\/2014\/04\/8-199x300.jpg\" alt=\"(c) AI (photography)\" width=\"199\" height=\"300\" \/><\/a><\/p>\n<ul>\n<li><strong>a05\/ Martina Forejtov\u00e1+Jana Py\u0161kov\u00e1 &#8211;\u00a0<strong>River Beach (2014)<\/strong><\/strong><\/li>\n<\/ul>\n<p>The river is a place that always makes you feel like watching \u2026the scene is nearly ready with its meanders, gravel stones, willows whispering and ripples chasing on water surface\u2026flowers here and there\u2026just to lie down, observe\u2026chat or be quiet, left undisturbed\u2026 the summer in Prague\u2026Troja, Sm\u00edchov or maybe Libe\u0148?<\/p>\n<p><a href=\"http:\/\/landscape-festival.cz\/en\/wp-content\/uploads\/2014\/04\/pyska.jpg\" rel=\"lightbox\"><img loading=\"lazy\" decoding=\"async\" class=\"alignnone size-medium wp-image-646\" src=\"http:\/\/landscape-festival.cz\/en\/wp-content\/uploads\/2014\/04\/pyska-300x200.jpg\" alt=\"pyska\" width=\"300\" height=\"200\" \/><\/a><\/p>\n<ul>\n<li><strong>Lenka Klodov\u00e1 &#8211;\u00a0<strong>Shaping \u2013 The Landscape after the Battle (2014)<\/strong><\/strong><\/li>\n<\/ul>\n<p>Shaping \u2013 The Landscape after the Battle represents an artificially created landscape which was the product of a duel between two women in plaster \u2013 a battle against each other and against time and the hardening material. As a result they created a true post-battle landscape out of material used to create architectural models.<\/p>\n<p><a href=\"http:\/\/landscape-festival.cz\/en\/wp-content\/uploads\/2014\/04\/IMG_77621.jpg\" rel=\"lightbox\"><img loading=\"lazy\" decoding=\"async\" class=\"alignnone size-medium wp-image-647\" src=\"http:\/\/landscape-festival.cz\/en\/wp-content\/uploads\/2014\/04\/IMG_77621-300x200.jpg\" alt=\"IMG_7762\" width=\"300\" height=\"200\" \/><\/a><\/p>\n<ul>\n<li><strong>Kokoza &#8211;\u00a0<strong>Tasty Wagon (2014)<\/strong><\/strong><\/li>\n<\/ul>\n<p>An allegorical wagon from the social enterprise Kokoza serves to present urban and community gardening, composting, and growing vegetables, herbs and flowers. Gardeners from urban and community gardens throughout Prague and people with disabilities took part in the project.<\/p>\n<p><a href=\"http:\/\/landscape-festival.cz\/en\/wp-content\/uploads\/2014\/04\/DSC_0703.jpg\" rel=\"lightbox\"><img loading=\"lazy\" decoding=\"async\" class=\"alignnone size-medium wp-image-638\" src=\"http:\/\/landscape-festival.cz\/en\/wp-content\/uploads\/2014\/04\/DSC_0703-300x200.jpg\" alt=\"DSC_0703\" width=\"300\" height=\"200\" \/><\/a><\/p>\n<ul>\n<li><strong><strong>On the Border &#8211;<\/strong>\u00a0Grenznah (Milo\u0161 \u0160ejn,\u00a0Ad\u00e9la Sou\u010dkov\u00e1,\u00a0Robert Vanis,\u00a0Ale\u0161 Loziak,\u00a0Michala Da\u0161kov\u00e1,\u00a0Karel Kunc,\u00a0Martin Marek)<\/strong><\/li>\n<\/ul>\n<p><strong>Milo\u0161 \u0160ejn: I Fall with the Tree, 2014<\/strong><\/p>\n<p><strong>Ad\u00e9la Sou\u010dkov\u00e1: Impossibilities, 2014<\/strong><\/p>\n<p><strong>Robert Vanis:\u00a0untitled (trees), 2014<\/strong><\/p>\n<p><strong>Ale\u0161 Loziak: Black box, 2014<\/strong><\/p>\n<p><a href=\"http:\/\/landscape-festival.cz\/en\/wp-content\/uploads\/2014\/04\/DSC_0735_small.jpg\" rel=\"lightbox\"><img loading=\"lazy\" decoding=\"async\" class=\"alignnone size-medium wp-image-649\" src=\"http:\/\/landscape-festival.cz\/en\/wp-content\/uploads\/2014\/04\/DSC_0735_small-300x200.jpg\" alt=\"DSC_0735_small\" width=\"300\" height=\"200\" \/><\/a><\/p>\n<p><strong>Michala Da\u0161kov\u00e1:\u00a0<\/strong><strong>Weeds are everything that grows where we don\u2019t want it, 2014<\/strong><\/p>\n<p><strong>Karel Kunc: Dead Forest, 2014<\/strong><\/p>\n<p><a href=\"http:\/\/landscape-festival.cz\/en\/wp-content\/uploads\/2014\/04\/DSC_0647-e1408033056815.jpg\" rel=\"lightbox\"><img loading=\"lazy\" decoding=\"async\" class=\"alignnone size-medium wp-image-650\" src=\"http:\/\/landscape-festival.cz\/en\/wp-content\/uploads\/2014\/04\/DSC_0647-e1408033056815-300x200.jpg\" alt=\"DSC_0647-e1408033056815\" width=\"300\" height=\"200\" \/><\/a><\/p>\n<p><strong>Martin Marek:\u00a0<\/strong><strong>On the Border \u2013 Grenznah: document about the sympozium, 2014<\/strong><\/p>\n<p>The project documents installations from a symposium held at Tummelplatz gamekeeper\u2019s lodge. The participants were again invited to present the cornerstone of the event, which was coming to terms with an unknown environment through their own work. Trees replace columns and cross struts. The hues of the vegetation alternate with rust and grey concrete tones. The strong atmosphere remains.<\/p>\n<ul>\n<li><strong><strong>Partero &#8211;\u00a0<\/strong><\/strong><strong>Dining Car from Moravia (2014)<\/strong><\/li>\n<\/ul>\n<p>A wagon conceived by Partero studio arrives from Moravia. It became a dining car that, entirely in line with raw food principles, sells fresh food grown on straw bales right in a wagon compartment. Freshly ground rainwater coffee is served in traditional coffee sets found in Moravian homes.<\/p>\n<p><a href=\"http:\/\/landscape-festival.cz\/en\/wp-content\/uploads\/2014\/04\/71-e1408027016573.jpg\" rel=\"lightbox\"><img loading=\"lazy\" decoding=\"async\" class=\"alignnone size-medium wp-image-651\" src=\"http:\/\/landscape-festival.cz\/en\/wp-content\/uploads\/2014\/04\/71-e1408027016573-300x200.jpg\" alt=\"71-e1408027016573\" width=\"300\" height=\"200\" \/><\/a><\/p>\n<ul>\n<li><strong>ontheEDGE (Daniel Mat\u011bjka, Hana Syrov\u00e1) &#8211;\u00a0<strong>Swing the Czech Landscape! (2014)<\/strong><\/strong><\/li>\n<\/ul>\n<p>The authors of the Swing the Czech Landscape! project want to highlight the potential of interesting sites and point to beautiful, yet hidden places in our neighbourhood in a joyful way. The swing is a symbol of common joy, playfulness and an open outlook. The installation forms part of the project \u201c100 Swings for the Landscape\u201d.<\/p>\n<p><a href=\"http:\/\/landscape-festival.cz\/en\/wp-content\/uploads\/2014\/04\/DSC_0662_small.jpg\" rel=\"lightbox\"><img loading=\"lazy\" decoding=\"async\" class=\"alignnone size-medium wp-image-652\" src=\"http:\/\/landscape-festival.cz\/en\/wp-content\/uploads\/2014\/04\/DSC_0662_small-300x200.jpg\" alt=\"DSC_0662_small\" width=\"300\" height=\"200\" \/><\/a><\/p>\n<ul>\n<li><strong>Prazelenina\u00a0<strong>for \u017di\u017ekov Freight Railway Station (2014)<\/strong><\/strong><\/li>\n<\/ul>\n<p>Architect Mat\u011bj Petr\u00e1nek and Ji\u0159\u00ed Nov\u00e1k established\u00a0Prazelenina\u00a0(\u201cPrazelenina\u201d, from \u201cPra\u201d for Prague and \u201czelenina\u201d, the Czech word for vegetables) in 2012. They were inspired in part by a community garden in Helsinki.<\/p>\n<p>The garden and scheduled events are open to both growers and the greater public alike. The organisation provides space, pallets, bags, soil, tools and water for growers.<\/p>\n<p>Prazelenina\u00a0has planted various species of squash and gourds in a wagon at the freight train station, and in September the growers and organisers will harvest the fruits and prepare a squash feast in the garden.<\/p>\n<p>Prazelenina\u00b4s\u00a0team of volunteers, 2014: Zuzana And\u011blov\u00e1, Regina a Standa Kuncovi, D\u00e1\u0161a Kub\u00e1tov\u00e1 a Robert Buchner, Martin Havel, Marie Havl\u00ednov\u00e1, Viola Jakschov\u00e1 a Pavel Janta\u010d, V\u00e1clav J\u00edlek a B\u00e1ra Jurkovi\u010dov\u00e1, Kl\u00e1ra Koubov\u00e1, Zden\u011bk Kov\u00e1\u0159, Milan Ma\u0161t\u00e1lka, Jirka Nov\u00e1k, Mat\u011bj Petr\u00e1nek, Lenka Stejskalov\u00e1 a Karel Wheeler, Marcela Strakov\u00e1, Petr \u0160t\u011bp\u00e1nek a Lenka Svobodov\u00e1, Ji\u0159\u00ed \u0160t\u011bp\u00e1n, Filip a Jana Volavkovi, Pavel Vyhn\u00e1nek, Veronika a Cedric Louvelovi, Milo\u0161 Krav\u010div a Marcela Jane\u010dkov\u00e1<\/p>\n<p><a href=\"http:\/\/landscape-festival.cz\/en\/wp-content\/uploads\/2014\/04\/IMG_77391-e1408028365139.jpg\" rel=\"lightbox\"><img loading=\"lazy\" decoding=\"async\" class=\"alignnone size-medium wp-image-654\" src=\"http:\/\/landscape-festival.cz\/en\/wp-content\/uploads\/2014\/04\/IMG_77391-e1408028365139-300x200.jpg\" alt=\"IMG_77391-e1408028365139\" width=\"300\" height=\"200\" \/><\/a><\/p>\n<ul>\n<li><strong><strong>Vladim\u00edr Sitta &#8211;\u00a0<\/strong><\/strong><strong>Tree which does not moan any more\u2026 (2014)<\/strong><\/li>\n<\/ul>\n<p>Every day 15 ha of land in the Czech Republic disappears under bulldozers.\u00a0 This land once sustained us. It is being sterilized by bitumen and other ecologically inert materials. Our lifestyle depends now on the unprecedented denaturalisation of our environment. At the same time nature remains a potent source of inspiration. We can see a strong trend towards biomimicry in the architecture and design. In most cases it is confi ned to formal exercises only. Nature is replaced by artifi cial subnature.<\/p>\n<p><a href=\"http:\/\/landscape-festival.cz\/en\/wp-content\/uploads\/2014\/04\/3.jpg\" rel=\"lightbox\"><img loading=\"lazy\" decoding=\"async\" class=\"size-medium wp-image-352\" src=\"http:\/\/landscape-festival.cz\/en\/wp-content\/uploads\/2014\/04\/3-300x199.jpg\" alt=\"(c) AI (photography)\" width=\"300\" height=\"199\" \/><\/a><\/p>\n<ul>\n<li><strong><strong><strong>Vladim\u00edr Sitta &#8211;\u00a0<\/strong><\/strong><\/strong><strong>50 Thujas for the Czech Landscape or where is my Home (2014)<\/strong><\/li>\n<\/ul>\n<p>The spectrum of changes in the Czech landscape is not confined only to canolaorgies of the agribusiness. Once there were lindens in village squares. Today we can see a\u00a0new intruder. It has a lot of collaborateurs. It spreads like a virus. Conformity comes at the discount. A village in hills or a\u00a0small\/large city? A new symbol of exclusion. Once confined to cemeteries. Today ubiquitous. The tree is not one who was taught how to write\u2026<\/p>\n<p><a href=\"http:\/\/landscape-festival.cz\/en\/wp-content\/uploads\/2014\/04\/2.jpg\" rel=\"lightbox\"><img loading=\"lazy\" decoding=\"async\" class=\"size-medium wp-image-351\" src=\"http:\/\/landscape-festival.cz\/en\/wp-content\/uploads\/2014\/04\/2-300x199.jpg\" alt=\"(c) AI (photography)\" width=\"300\" height=\"199\" \/><\/a><\/p>\n<ul>\n<li><strong>Dagmar \u0160ubrtov\u00e1 \u2013 Coal<\/strong><\/li>\n<\/ul>\n<p>Dagmar \u0160ubrtov\u00e1\u2019s objects thematically respond to the differences in the industrial landscape formed by geomorphological processes, especially in mining regions. Reflections aim at a sculptural interpretation of newly emerging sites that are a physical example of nature\u2019s renewal.<\/p>\n<p><a href=\"http:\/\/landscape-festival.cz\/en\/wp-content\/uploads\/2014\/04\/102.jpg\" rel=\"lightbox\"><img loading=\"lazy\" decoding=\"async\" class=\"size-medium wp-image-359\" src=\"http:\/\/landscape-festival.cz\/en\/wp-content\/uploads\/2014\/04\/102-300x199.jpg\" alt=\"(c) AI (photography)\" width=\"300\" height=\"199\" \/><\/a><\/p>\n<ul>\n<li><strong>Eva Wagnerov\u00e1 &#8211;\u00a0<strong>Our Way through the Landscape (2014)<\/strong><\/strong><\/li>\n<\/ul>\n<p>In her work Our Trip through the Landscape, the author responds to themes that relate to the landscape \u2013 people making their way through the landscape versus the way of the landscape, the anthropogenic transformation of the landscape, our perception of the landscape and adapting it to our own image.\u00a0 People are masters of their own landscape.<\/p>\n<p><a href=\"http:\/\/landscape-festival.cz\/en\/wp-content\/uploads\/2014\/04\/DSC_0681-e1408027572224.jpg\" rel=\"lightbox\"><img loading=\"lazy\" decoding=\"async\" class=\"alignnone size-medium wp-image-655\" src=\"http:\/\/landscape-festival.cz\/en\/wp-content\/uploads\/2014\/04\/DSC_0681-e1408027572224-300x200.jpg\" alt=\"DSC_0681-e1408027572224\" width=\"300\" height=\"200\" \/><\/a><\/p>\n<ul>\n<li><strong>4 dim &#8211;\u00a0<strong>Czech Fields and Meadows (2014)<\/strong><\/strong><\/li>\n<\/ul>\n<p><a href=\"http:\/\/landscape-festival.cz\/en\/wp-content\/uploads\/2014\/04\/IMG_77431.jpg\" rel=\"lightbox\"><img loading=\"lazy\" decoding=\"async\" class=\"alignnone size-medium wp-image-656\" src=\"http:\/\/landscape-festival.cz\/en\/wp-content\/uploads\/2014\/04\/IMG_77431-300x200.jpg\" alt=\"IMG_7743\" width=\"300\" height=\"200\" \/><\/a><\/p>\n<ul>\n<li><strong>Dan Merta + Tom\u00e1\u0161 Valu\u0161ek &#8211;\u00a0<strong>A Lost Dream about V\u00edtkov Hill<\/strong><\/strong><\/li>\n<\/ul>\n<p><a href=\"http:\/\/landscape-festival.cz\/en\/wp-content\/uploads\/2014\/04\/DSC_0646_cr-e1408033373995.jpg\" rel=\"lightbox\"><img loading=\"lazy\" decoding=\"async\" class=\"alignnone size-medium wp-image-657\" src=\"http:\/\/landscape-festival.cz\/en\/wp-content\/uploads\/2014\/04\/DSC_0646_cr-e1408033373995-300x202.jpg\" alt=\"DSC_0646_cr-e1408033373995\" width=\"300\" height=\"202\" \/><\/a><\/p>\n<ul>\n<li><strong>Rastavagon<\/strong><\/li>\n<\/ul>\n<p><a href=\"http:\/\/landscape-festival.cz\/en\/wp-content\/uploads\/2014\/04\/IMG_77441-e1408028413489.jpg\" rel=\"lightbox\"><img loading=\"lazy\" decoding=\"async\" class=\"alignnone size-medium wp-image-659\" src=\"http:\/\/landscape-festival.cz\/en\/wp-content\/uploads\/2014\/04\/IMG_77441-e1408028413489-300x200.jpg\" alt=\"IMG_77441-e1408028413489\" width=\"300\" height=\"200\" \/><\/a><\/p>\n<ul>\n<li><strong>Monika Bun\u017eov\u00e1 a Ji\u0159\u00ed Rej\u017ee Posp\u00ed\u0161il &#8211;\u00a0<strong>Little Field of \u017di\u017ekov<\/strong><\/strong><\/li>\n<\/ul>\n<p><a href=\"http:\/\/landscape-festival.cz\/en\/wp-content\/uploads\/2014\/04\/DSC_0657-e1408027830841.jpg\" rel=\"lightbox\"><img loading=\"lazy\" decoding=\"async\" class=\"alignnone size-medium wp-image-660\" src=\"http:\/\/landscape-festival.cz\/en\/wp-content\/uploads\/2014\/04\/DSC_0657-e1408027830841-300x200.jpg\" alt=\"DSC_0657-e1408027830841\" width=\"300\" height=\"200\" \/><\/a><\/p>\n<ul>\n<li><strong>Zelen\u00fd domov &#8211;\u00a0<strong>\u017di\u017ekov Orchard (2014)<\/strong><\/strong><\/li>\n<\/ul>\n<p><a href=\"http:\/\/landscape-festival.cz\/en\/wp-content\/uploads\/2014\/04\/DSC_0724-e1408036315545.jpg\" rel=\"lightbox\"><img loading=\"lazy\" decoding=\"async\" class=\"alignnone size-medium wp-image-663\" src=\"http:\/\/landscape-festival.cz\/en\/wp-content\/uploads\/2014\/04\/DSC_0724-300x200.jpg\" alt=\"DSC_0724\" width=\"300\" height=\"200\" \/><\/a><\/p>\n<p><strong>D\/ GUERILLA \u2013 INDUSTRI\u00c1L \u2013 FESTIVAL \u2013 URBAN GARDENING<\/strong><\/p>\n<p>series of lectures\/workshops\/interventions<\/p>\n<ul>\n<li>creating of space for meeting of people with similar interests and activities<\/li>\n<li>education of laic and scholarly public<\/li>\n<li>support of natural cooperation of institutions and associations focused on similar activities<\/li>\n<li>professional lectures and presentations of projects<\/li>\n<li>focused workshops<\/li>\n<li>animation of selected areas with seasonal planting of flowers<\/li>\n<\/ul>\n<div id=\"gallery-17-12\" class=\"gallery gallery-17\">\n<div class=\"gallery-row gallery-col-4 gallery-clear\">\n<figure class=\"gallery-item col-4\">\n<div class=\"gallery-icon \"><a href=\"http:\/\/landscape-festival.cz\/en\/wp-content\/uploads\/2014\/04\/021.jpg\" rel=\"lightbox\"><img loading=\"lazy\" decoding=\"async\" class=\"attachment-thumbnail\" src=\"http:\/\/landscape-festival.cz\/en\/wp-content\/uploads\/2014\/04\/021-150x150.jpg\" alt=\"kurt gebauer\" width=\"150\" height=\"150\" \/><\/a><\/div><figcaption class=\"gallery-caption\">kurt gebauer<\/figcaption><\/figure>\n<\/div>\n<\/div>\n","protected":false},"excerpt":{"rendered":"<p>A\/ EXHIBITIONS 1\/ Czech\u00a0Scape locality\/\u00a0Jaroslav Fragner Gallery analyze, historic excurse, contemporary state curators\/4 dim \u2013 Kl\u00e1ra Stachov\u00e1, Andrea Honejskov\u00e1, Jakub Hepp, gjf \u2013 Dan Merta Contemporary public space in CR is a sensitive topic for discussions. High quality landscape elements are to be found less often than it should be in the case of a [&hellip;]<\/p>\n","protected":false},"author":2,"featured_media":910,"parent":1159,"menu_order":1,"comment_status":"closed","ping_status":"closed","template":"","meta":{"footnotes":""},"class_list":["post-1180","page","type-page","status-publish","has-post-thumbnail","hentry",""],"_links":{"self":[{"href":"https:\/\/www.landscape-festival.cz\/old\/wp-json\/wp\/v2\/pages\/1180","targetHints":{"allow":["GET"]}}],"collection":[{"href":"https:\/\/www.landscape-festival.cz\/old\/wp-json\/wp\/v2\/pages"}],"about":[{"href":"https:\/\/www.landscape-festival.cz\/old\/wp-json\/wp\/v2\/types\/page"}],"author":[{"embeddable":true,"href":"https:\/\/www.landscape-festival.cz\/old\/wp-json\/wp\/v2\/users\/2"}],"replies":[{"embeddable":true,"href":"https:\/\/www.landscape-festival.cz\/old\/wp-json\/wp\/v2\/comments?post=1180"}],"version-history":[{"count":2,"href":"https:\/\/www.landscape-festival.cz\/old\/wp-json\/wp\/v2\/pages\/1180\/revisions"}],"predecessor-version":[{"id":4771,"href":"https:\/\/www.landscape-festival.cz\/old\/wp-json\/wp\/v2\/pages\/1180\/revisions\/4771"}],"up":[{"embeddable":true,"href":"https:\/\/www.landscape-festival.cz\/old\/wp-json\/wp\/v2\/pages\/1159"}],"wp:featuredmedia":[{"embeddable":true,"href":"https:\/\/www.landscape-festival.cz\/old\/wp-json\/wp\/v2\/media\/910"}],"wp:attachment":[{"href":"https:\/\/www.landscape-festival.cz\/old\/wp-json\/wp\/v2\/media?parent=1180"}],"curies":[{"name":"wp","href":"https:\/\/api.w.org\/{rel}","templated":true}]}}