{"id":5248,"date":"2017-05-03T08:57:32","date_gmt":"2017-05-03T07:57:32","guid":{"rendered":"http:\/\/landscape-festival.cz\/?page_id=5248"},"modified":"2018-06-08T16:50:47","modified_gmt":"2018-06-08T15:50:47","slug":"vystavy","status":"publish","type":"page","link":"http:\/\/www.landscape-festival.cz\/old\/minule-rocniky\/landscape-festival-plzen-2017\/program\/vystavy\/","title":{"rendered":"V\u00fdstavy"},"content":{"rendered":"<div class=\"wpb-content-wrapper\"><p>[vc_row][vc_column][vc_empty_space height=&#8220;50px&#8220;][\/vc_column][\/vc_row][vc_row][vc_column]<div class=\"et-schedules-container  \"><div class=\"schedule_table_inner\"><a href=\"#accordion_1_1\" data-toggle=\"collapse\" class=\"\" aria-expanded=\"true\"><div class=\"schedule_table_header\"><div class=\"schedule_table_header_data\"><p class=\"day\"><\/p><p class=\"month\">KV\u011aTEN\u2013Z\u00c1\u0158\u00cd<\/p><\/div><div class=\"schedule_table_header_title\"><p>V\u00ddSTAVY<\/p><\/div><div class=\"clear\"><\/div><\/div><\/a><div class=\"collapse tablesss in\" id=\"accordion_1_1\" aria-expanded=\"true\"><div class=\"schedule_table_flat flatphototable\" style=\"background: url(https:\/\/www.landscape-festival.cz\/old\/wp-content\/uploads\/2017\/05\/eunic-ROM-otevrena-festivalova-arena-Rakousko-c-Hertha-Hurnaus-1024x350.jpg);\"><div class=\"tablesize_flat_xbig\"><div class=\"schedule_table_title_flat\"><p class=\"table_title\">EUNIC LANDSCAPE ARCHITECTURE<\/p><p class=\"table_excerpt\">galerie pod \u0161ir\u00fdm nebem<\/p><\/div><div class=\"schedule_table_flat_speaker\"><\/div><div class=\"schedule_table_time_venue_flat\" ><div class=\"time_left\"><p class=\"flat_time\">19. 5. \u2013 30. 9. \/ venkovn\u00ed instalace<\/p><p class=\"flat_venue\">Pap\u00edrensk\u00e1 ulice<\/p><\/div><\/div><div class=\"arrowtable\"><a href=\"#et_entry_5329_1_1_1\" data-toggle=\"collapse\"><\/a><div class=\"clear\"><\/div><\/div><\/div><\/div><div id=\"et_entry_5329_1_1_1\" class=\"panel-collapse collapse schedule_table_details\"><p>V\u00fdstava p\u0159edstavuje 36 realizovan\u00fdch projekt\u016f z\u00a018 evropsk\u00fdch zem\u00ed, p\u0159\u00edklady nov\u00fdch p\u0159\u00edstup\u016f, vn\u00edm\u00e1n\u00ed a u\u017e\u00edv\u00e1n\u00ed \u010dlov\u011bkem transformovan\u00e9ho prost\u0159ed\u00ed \u2013 v\u0161e pro nov\u00e9, p\u0159ev\u00e1\u017en\u011b rekrea\u010dn\u00ed funkce a sportovn\u00ed vyu\u017eit\u00ed, pro setk\u00e1v\u00e1n\u00ed, kulturu a vzd\u011bl\u00e1v\u00e1n\u00ed.\n<br \/>\n<br \/>\n<br \/>\n<a href=\"http:\/\/landscape-festival.cz\/wp-content\/uploads\/2017\/06\/EunicLSA-26.jpg\" title=\"v\u00fdstava EUNIC LANDSCAPE ARCHITECTURE foto \u00a9 Mat\u011bj Vesel\u00fd\" rel=\"lightbox[reference]\"><img loading=\"lazy\" decoding=\"async\" src=\"http:\/\/landscape-festival.cz\/wp-content\/uploads\/2017\/06\/EunicLSA-26.jpg\" alt=\"\" width=\"200\" height=\"200\" \/><\/a>\n\n<a href=\"http:\/\/landscape-festival.cz\/wp-content\/uploads\/2017\/06\/EunicLSA-25.jpg\" title=\"v\u00fdstava EUNIC LANDSCAPE ARCHITECTURE foto \u00a9 Mat\u011bj Vesel\u00fd\" rel=\"lightbox[reference]\"><img loading=\"lazy\" decoding=\"async\" src=\"http:\/\/landscape-festival.cz\/wp-content\/uploads\/2017\/06\/EunicLSA-25.jpg\" alt=\"\" width=\"200\" height=\"200\" \/><\/a>\n\n<a href=\"http:\/\/landscape-festival.cz\/wp-content\/uploads\/2017\/06\/EunicLSA-23.jpg\" title=\"v\u00fdstava EUNIC LANDSCAPE ARCHITECTURE foto \u00a9 Mat\u011bj Vesel\u00fd\" rel=\"lightbox[reference]\"><img loading=\"lazy\" decoding=\"async\" src=\"http:\/\/landscape-festival.cz\/wp-content\/uploads\/2017\/06\/EunicLSA-23.jpg\" alt=\"\" width=\"200\" height=\"200\" \/><\/a>\n\n<a href=\"http:\/\/landscape-festival.cz\/wp-content\/uploads\/2017\/06\/EunicLSA-22.jpg\" title=\"v\u00fdstava EUNIC LANDSCAPE ARCHITECTURE foto \u00a9 Mat\u011bj Vesel\u00fd\" rel=\"lightbox[reference]\"><img loading=\"lazy\" decoding=\"async\" src=\"http:\/\/landscape-festival.cz\/wp-content\/uploads\/2017\/06\/EunicLSA-22.jpg\" alt=\"\" width=\"200\" height=\"200\" \/><\/a>\n\n<a href=\"http:\/\/landscape-festival.cz\/wp-content\/uploads\/2017\/06\/EunicLSA-3.jpg\" title=\"v\u00fdstava EUNIC LANDSCAPE ARCHITECTURE foto \u00a9 Mat\u011bj Vesel\u00fd\" rel=\"lightbox[reference]\"><img loading=\"lazy\" decoding=\"async\" src=\"http:\/\/landscape-festival.cz\/wp-content\/uploads\/2017\/06\/EunicLSA-3.jpg\" alt=\"\" width=\"200\" height=\"200\" \/><\/a>\n\n<a href=\"http:\/\/landscape-festival.cz\/wp-content\/uploads\/2017\/06\/EunicLSA-28.jpg\" title=\"v\u00fdstava EUNIC LANDSCAPE ARCHITECTURE foto \u00a9 Mat\u011bj Vesel\u00fd\" rel=\"lightbox[reference]\"><img loading=\"lazy\" decoding=\"async\" src=\"http:\/\/landscape-festival.cz\/wp-content\/uploads\/2017\/06\/EunicLSA-28.jpg\" alt=\"\" width=\"200\" height=\"200\" \/><\/a><\/p><\/div><div class=\"mini_gap\"><\/div><div class=\"schedule_table_flat flatphototable\" style=\"background: url(https:\/\/www.landscape-festival.cz\/old\/wp-content\/uploads\/2017\/05\/Dagmar-\u0160ubrtov\u00e1-Tan\u010d\u00edc\u00ed-tr\u00e1va-1996-Mari\u00e1nsk\u00e9-L\u00e1zn\u011b-foto-autorka_Landscape-Festival-2015_Um\u011bn\u00ed-v-krajin\u011b-1024x350.jpg);\"><div class=\"tablesize_flat_xbig\"><div class=\"schedule_table_title_flat\"><p class=\"table_title\">SOU\u010cASN\u00c1 UM\u011aLECK\u00c1 D\u00cdLA V KRAJIN\u011a<\/p><p class=\"table_excerpt\">galerie pod \u0161ir\u00fdm nebem<\/p><\/div><div class=\"schedule_table_flat_speaker\"><\/div><div class=\"schedule_table_time_venue_flat\" ><div class=\"time_left\"><p class=\"flat_time\">19. 5. \u2013 30. 9. \/ venkovn\u00ed instalace<\/p><p class=\"flat_venue\">DEPO2015<\/p><\/div><\/div><div class=\"arrowtable\"><a href=\"#et_entry_5329_1_1_2\" data-toggle=\"collapse\"><\/a><div class=\"clear\"><\/div><\/div><\/div><\/div><div id=\"et_entry_5329_1_1_2\" class=\"panel-collapse collapse schedule_table_details\"><p>V\u00fdstava o sou\u010dasn\u00fdch um\u011bleck\u00fdch d\u00edlech v\u00a0krajin\u011b, p\u0159ipraven\u00e1 socha\u0159kou, geologem a histori\u010dkou um\u011bn\u00ed.\n<br \/>\n<br \/>\n<br \/>\n<a href=\"http:\/\/landscape-festival.cz\/wp-content\/uploads\/2017\/06\/D\u00edlavKrajin\u011b-10.jpg\" title=\"v\u00fdstava SOU\u010cASN\u00c1 UM\u011aLECK\u00c1 D\u00cdLA V KRAJIN\u011a foto \u00a9 Mat\u011bj Vesel\u00fd\" rel=\"lightbox[reference]\"><img loading=\"lazy\" decoding=\"async\" src=\"http:\/\/landscape-festival.cz\/wp-content\/uploads\/2017\/06\/D\u00edlavKrajin\u011b-10.jpg\" alt=\"\" width=\"200\" height=\"200\" \/><\/a>\n\n<a href=\"http:\/\/landscape-festival.cz\/wp-content\/uploads\/2017\/06\/D\u00edlavKrajin\u011b-8.jpg\" title=\"v\u00fdstava SOU\u010cASN\u00c1 UM\u011aLECK\u00c1 D\u00cdLA V KRAJIN\u011a foto \u00a9 Mat\u011bj Vesel\u00fd\" rel=\"lightbox[reference]\"><img loading=\"lazy\" decoding=\"async\" src=\"http:\/\/landscape-festival.cz\/wp-content\/uploads\/2017\/06\/D\u00edlavKrajin\u011b-8.jpg\" alt=\"\" width=\"200\" height=\"200\" \/><\/a>\n\n<a href=\"http:\/\/landscape-festival.cz\/wp-content\/uploads\/2017\/06\/D\u00edlavKrajin\u011b-2.jpg\" title=\"v\u00fdstava SOU\u010cASN\u00c1 UM\u011aLECK\u00c1 D\u00cdLA V KRAJIN\u011a foto \u00a9 Mat\u011bj Vesel\u00fd\" rel=\"lightbox[reference]\"><img loading=\"lazy\" decoding=\"async\" src=\"http:\/\/landscape-festival.cz\/wp-content\/uploads\/2017\/06\/D\u00edlavKrajin\u011b-2.jpg\" alt=\"\" width=\"200\" height=\"200\" \/><\/a>\n\n<a href=\"http:\/\/landscape-festival.cz\/wp-content\/uploads\/2017\/06\/D\u00edlavKrajin\u011b-1.jpg\" title=\"v\u00fdstava SOU\u010cASN\u00c1 UM\u011aLECK\u00c1 D\u00cdLA V KRAJIN\u011a foto \u00a9 Mat\u011bj Vesel\u00fd\" rel=\"lightbox[reference]\"><img loading=\"lazy\" decoding=\"async\" src=\"http:\/\/landscape-festival.cz\/wp-content\/uploads\/2017\/06\/D\u00edlavKrajin\u011b-1.jpg\" alt=\"\" width=\"200\" height=\"200\" \/><\/a>\n\n<a href=\"http:\/\/landscape-festival.cz\/wp-content\/uploads\/2017\/06\/D\u00edlavKrajin\u011b-11.jpg\" title=\"v\u00fdstava SOU\u010cASN\u00c1 UM\u011aLECK\u00c1 D\u00cdLA V KRAJIN\u011a foto \u00a9 Mat\u011bj Vesel\u00fd\" rel=\"lightbox[reference]\"><img loading=\"lazy\" decoding=\"async\" src=\"http:\/\/landscape-festival.cz\/wp-content\/uploads\/2017\/06\/D\u00edlavKrajin\u011b-11.jpg\" alt=\"\" width=\"200\" height=\"200\" \/><\/a><\/p><\/div><div class=\"mini_gap\"><\/div><div class=\"schedule_table_flat flatphototable\" style=\"background: url(https:\/\/www.landscape-festival.cz\/old\/wp-content\/uploads\/2017\/05\/swiss-touch_mostra_landscape_architecture_popup-800x350.jpg);\"><div class=\"tablesize_flat_xbig\"><div class=\"schedule_table_title_flat\"><p class=\"table_title\">SWISS TOUCH IN LANDSCAPE ARCHITECTURE<\/p><p class=\"table_excerpt\">galerie pod \u0161ir\u00fdm nebem<\/p><\/div><div class=\"schedule_table_flat_speaker\"><\/div><div class=\"schedule_table_time_venue_flat\" ><div class=\"time_left\"><p class=\"flat_time\">19. 5. \u2013 30. 9. \/ venkovn\u00ed instalace<\/p><p class=\"flat_venue\">Pap\u00edrna Plze\u0148<\/p><\/div><\/div><div class=\"arrowtable\"><a href=\"#et_entry_5329_1_1_3\" data-toggle=\"collapse\"><\/a><div class=\"clear\"><\/div><\/div><\/div><\/div><div id=\"et_entry_5329_1_1_3\" class=\"panel-collapse collapse schedule_table_details\"><p>Putovn\u00ed v\u00fdstava p\u0159edstavuj\u00edc\u00ed pr\u00e1ci \u0161v\u00fdcarsk\u00fdch krajin\u00e1\u0159sk\u00fdch architekt\u016f od po\u010d\u00e1tku 20. stolet\u00ed a\u017e po sou\u010dasnost.\n<br \/>\n<br \/>\n<br \/>\n<a href=\"http:\/\/landscape-festival.cz\/wp-content\/uploads\/2017\/07\/SwissTouch-5.jpg\" title=\"v\u00fdstava SWISS TOUCH IN LANDSCAPE ARCHITECTURE \/ foto \u00a9 Mat\u011bj Vesel\u00fd\" rel=\"lightbox[reference]\"><img loading=\"lazy\" decoding=\"async\" src=\"http:\/\/landscape-festival.cz\/wp-content\/uploads\/2017\/07\/SwissTouch-5.jpg\" alt=\"\" width=\"200\" height=\"200\" \/><\/a>\n\n<a href=\"http:\/\/landscape-festival.cz\/wp-content\/uploads\/2017\/07\/SwissTouch-4.jpg\" title=\"v\u00fdstava SWISS TOUCH IN LANDSCAPE ARCHITECTURE \/ foto \u00a9 Mat\u011bj Vesel\u00fd\" rel=\"lightbox[reference]\"><img loading=\"lazy\" decoding=\"async\" src=\"http:\/\/landscape-festival.cz\/wp-content\/uploads\/2017\/07\/SwissTouch-4.jpg\" alt=\"\" width=\"200\" height=\"200\" \/><\/a>\n\n<a href=\"http:\/\/landscape-festival.cz\/wp-content\/uploads\/2017\/07\/SwissTouch-3.jpg\" title=\"v\u00fdstava SWISS TOUCH IN LANDSCAPE ARCHITECTURE \/ foto \u00a9 Mat\u011bj Vesel\u00fd\" rel=\"lightbox[reference]\"><img loading=\"lazy\" decoding=\"async\" src=\"http:\/\/landscape-festival.cz\/wp-content\/uploads\/2017\/07\/SwissTouch-3.jpg\" alt=\"\" width=\"200\" height=\"200\" \/><\/a>\n\n<a href=\"http:\/\/landscape-festival.cz\/wp-content\/uploads\/2017\/07\/SwissTouch.jpg\" title=\"v\u00fdstava SWISS TOUCH IN LANDSCAPE ARCHITECTURE \/ foto \u00a9 Mat\u011bj Vesel\u00fd\" rel=\"lightbox[reference]\"><img loading=\"lazy\" decoding=\"async\" src=\"http:\/\/landscape-festival.cz\/wp-content\/uploads\/2017\/07\/SwissTouch.jpg\" alt=\"\" width=\"200\" height=\"200\" \/><\/a>\n\n<a href=\"http:\/\/landscape-festival.cz\/wp-content\/uploads\/2017\/07\/SwissTouch-2.jpg\" title=\"v\u00fdstava SWISS TOUCH IN LANDSCAPE ARCHITECTURE \/ foto \u00a9 Mat\u011bj Vesel\u00fd\" rel=\"lightbox[reference]\"><img loading=\"lazy\" decoding=\"async\" src=\"http:\/\/landscape-festival.cz\/wp-content\/uploads\/2017\/07\/SwissTouch-2.jpg\" alt=\"\" width=\"200\" height=\"200\" \/><\/a><\/p><\/div><div class=\"mini_gap\"><\/div><div class=\"schedule_table_flat flatphototable\" style=\"background: url(https:\/\/www.landscape-festival.cz\/old\/wp-content\/uploads\/2017\/05\/PP44defa_170955_7347263.jpg);\"><div class=\"tablesize_flat_xbig\"><div class=\"schedule_table_title_flat\"><p class=\"table_title\">PARK DESETILET\u00cd<\/p><p class=\"table_excerpt\">galerie pod \u0161ir\u00fdm nebem<\/p><\/div><div class=\"schedule_table_flat_speaker\"><\/div><div class=\"schedule_table_time_venue_flat\" ><div class=\"time_left\"><p class=\"flat_time\">19. 5. \u2013 30. 9. \/ venkovn\u00ed instalace<\/p><p class=\"flat_venue\">\u0160truncovy sady<\/p><\/div><\/div><div class=\"arrowtable\"><a href=\"#et_entry_5329_1_1_4\" data-toggle=\"collapse\"><\/a><div class=\"clear\"><\/div><\/div><\/div><\/div><div id=\"et_entry_5329_1_1_4\" class=\"panel-collapse collapse schedule_table_details\"><p>Smyslem retrospektivn\u00ed p\u0159ehl\u00eddky je upozornit na skute\u010dnost, \u017ee d\u00edlo tv\u016frce parku nen\u00ed nikdy hotovo. Je t\u0159eba je st\u00e1le tv\u016fr\u010d\u00edm zp\u016fsobem rozv\u00edjet, usm\u011br\u0148ovat a p\u0159edev\u0161\u00edm je nutn\u00e9 o parky pe\u010dovat. Mo\u017enost p\u0159ihl\u00e1sit se do p\u0159ehl\u00eddky Park desetilet\u00ed m\u011bli investo\u0159i \u010di projektanti 24 ocen\u011bn\u00fdch d\u011bl v\u00a0sout\u011b\u017ei Park roku, kterou po\u0159\u00e1d\u00e1 Svaz zakl\u00e1d\u00e1n\u00ed a \u00fadr\u017eby zelen\u011b od roku 2003. Mo\u017enosti vyu\u017eilo patn\u00e1ct park\u016f, kter\u00e9 posoudila odborn\u00e1 porota. Plze\u0148 byla jedin\u00fdm m\u011bstem se dv\u011bmi z\u00e1stupci - Borsk\u00fdm parkem a Ml\u00fdnskou strouhou.\n<br \/>\n<br \/><a href=\"http:\/\/www.parkdesetileti.cz\/cs\/\"><strong>\u00bb PARK DESETILET\u00cd<\/strong><\/a>\n<br \/>\n<br \/>\n<br \/>\n<a href=\"http:\/\/landscape-festival.cz\/wp-content\/uploads\/2017\/06\/ParkDesetilet\u00ed-5.jpg\" title=\"v\u00fdstava PARK DESETILET\u00cd foto \u00a9 Mat\u011bj Vesel\u00fd\" rel=\"lightbox[reference]\"><img loading=\"lazy\" decoding=\"async\" src=\"http:\/\/landscape-festival.cz\/wp-content\/uploads\/2017\/06\/ParkDesetilet\u00ed-5.jpg\" alt=\"\" width=\"200\" height=\"200\" \/><\/a>\n\n<a href=\"http:\/\/landscape-festival.cz\/wp-content\/uploads\/2017\/06\/ParkDesetilet\u00ed-2.jpg\" title=\"v\u00fdstava PARK DESETILET\u00cd foto \u00a9 Mat\u011bj Vesel\u00fd\" rel=\"lightbox[reference]\"><img loading=\"lazy\" decoding=\"async\" src=\"http:\/\/landscape-festival.cz\/wp-content\/uploads\/2017\/06\/ParkDesetilet\u00ed-2.jpg\" alt=\"\" width=\"200\" height=\"200\" \/><\/a>\n\n<a href=\"http:\/\/landscape-festival.cz\/wp-content\/uploads\/2017\/06\/ParkDesetilet\u00ed-12.jpg\" title=\"v\u00fdstava PARK DESETILET\u00cd foto \u00a9 Mat\u011bj Vesel\u00fd\" rel=\"lightbox[reference]\"><img loading=\"lazy\" decoding=\"async\" src=\"http:\/\/landscape-festival.cz\/wp-content\/uploads\/2017\/06\/ParkDesetilet\u00ed-12.jpg\" alt=\"\" width=\"200\" height=\"200\" \/><\/a>\n\n<a href=\"http:\/\/landscape-festival.cz\/wp-content\/uploads\/2017\/06\/ParkDesetilet\u00ed-7.jpg\" title=\"v\u00fdstava PARK DESETILET\u00cd foto \u00a9 Mat\u011bj Vesel\u00fd\" rel=\"lightbox[reference]\"><img loading=\"lazy\" decoding=\"async\" src=\"http:\/\/landscape-festival.cz\/wp-content\/uploads\/2017\/06\/ParkDesetilet\u00ed-7.jpg\" alt=\"\" width=\"200\" height=\"200\" \/><\/a>\n<\/p><\/div><div class=\"mini_gap\"><\/div><div class=\"schedule_table_flat flatphototable\" style=\"background: url(https:\/\/www.landscape-festival.cz\/old\/wp-content\/uploads\/2016\/04\/NvHHf0o-Imgur-1024x350.jpg);\"><div class=\"tablesize_flat_xbig\"><div class=\"schedule_table_title_flat\"><p class=\"table_title\">CZECHSCAPE<\/p><p class=\"table_excerpt\">portr\u00e9t sou\u010dasn\u00e9 \u010desk\u00e9 krajin\u00e1\u0159sk\u00e9 architektury<\/p><\/div><div class=\"schedule_table_flat_speaker\"><\/div><div class=\"schedule_table_time_venue_flat\" ><div class=\"time_left\"><p class=\"flat_time\">14. 6. \u2013 20. 9. \/ 14. 6. vernis\u00e1\u017e od 18:00<\/p><p class=\"flat_venue\">DEPO2015<\/p><\/div><\/div><div class=\"arrowtable\"><a href=\"#et_entry_5329_1_1_5\" data-toggle=\"collapse\"><\/a><div class=\"clear\"><\/div><\/div><\/div><\/div><div id=\"et_entry_5329_1_1_5\" class=\"panel-collapse collapse schedule_table_details\"><p>V\u00fdstava CZECHSCAPE p\u0159edstavuje t\u00e9ma sou\u010dasn\u00e9 \u010desk\u00e9 krajin\u00e1\u0159sk\u00e9 architektury s velkorys\u00fdmi p\u0159esahy do dal\u0161\u00edch p\u0159\u00edbuzn\u00fdch discipl\u00edn, \u010d\u00edm\u017e z\u00e1m\u011brn\u011b p\u0159ekra\u010duje hranice b\u011b\u017en\u00e9ho ch\u00e1p\u00e1n\u00ed oboru. T\u00e9ma je pojato jako komplexn\u00ed obraz samotn\u00e9 krajiny, zahradn\u00edch prostor i krajiny m\u011bstsk\u00e9, jako\u017eto spole\u010dn\u00e9 architektury pod jednou oblohou. V\u00fdb\u011br p\u0159edstavuje d\u00edla vznikl\u00e1 pod taktovkou sou\u010dasn\u00e9 pln\u011b aktivn\u00ed generace architekt\u016f a um\u011blc\u016f na\u0161\u00ed doby, ale z\u00e1rove\u0148 v \u00favodu obsahuje tak\u00e9 kr\u00e1tk\u00e9 srovn\u00e1n\u00ed s po\u010diny p\u0159edchoz\u00ed praktikuj\u00edc\u00ed generace, kterou jsou sou\u010dasn\u00ed tv\u016frci r\u016fznou m\u011brou ovlivn\u011bni a na kterou p\u0159irozen\u011b navazuj\u00ed. K v\u00fdstav\u011b vych\u00e1z\u00ed v\u00fdpravn\u00e1 \u010desko-anglick\u00e1 publikace.\u200b\n<br \/>\n<br \/>\n<br \/><strong>PUBLIKACE:\n<br \/>CZECHSCAPE<\/strong>\n<br \/>Po\u010det stran: 288\n<br \/>Jazyk: \u010desko-anglicky\n<br \/>ISBN 978-80-905782-3-4\n<br \/>\n<br \/><strong>Cena: 490,-K\u010d \n<br \/>Pro studenty: 350,-K\u010d<\/strong>\n<br \/>\n<br \/>Publikaci lze zakoupit v prostor\u00e1ch DEPO2017 od 14. 6.\n<br \/>\n<br \/>\n<a href=\"http:\/\/landscape-festival.cz\/wp-content\/uploads\/2017\/06\/67_foto-\u00a9-Matej-Vesely_small.jpg\" title=\"v\u00fdstava CZECHSCAPE \/ DEPO2015 \/ foto \u00a9 Mat\u011bj Vesel\u00fd\" rel=\"lightbox[reference]\"><img loading=\"lazy\" decoding=\"async\" src=\"http:\/\/landscape-festival.cz\/wp-content\/uploads\/2017\/06\/67_foto-\u00a9-Matej-Vesely_small.jpg\" alt=\"\" width=\"200\" height=\"200\" \/><\/a>\n\n<a href=\"http:\/\/landscape-festival.cz\/wp-content\/uploads\/2017\/06\/66_foto-\u00a9-Matej-Vesely_small.jpg\" title=\"v\u00fdstava CZECHSCAPE \/ DEPO2015 \/ foto \u00a9 Mat\u011bj Vesel\u00fd\" rel=\"lightbox[reference]\"><img loading=\"lazy\" decoding=\"async\" src=\"http:\/\/landscape-festival.cz\/wp-content\/uploads\/2017\/06\/66_foto-\u00a9-Matej-Vesely_small.jpg\" alt=\"\" width=\"200\" height=\"200\" \/><\/a>\n\n<a href=\"http:\/\/landscape-festival.cz\/wp-content\/uploads\/2017\/06\/65_foto-\u00a9-Matej-Vesely_small.jpg\" title=\"v\u00fdstava CZECHSCAPE \/ DEPO2015 \/ foto \u00a9 Mat\u011bj Vesel\u00fd\" rel=\"lightbox[reference]\"><img loading=\"lazy\" decoding=\"async\" src=\"http:\/\/landscape-festival.cz\/wp-content\/uploads\/2017\/06\/65_foto-\u00a9-Matej-Vesely_small.jpg\" alt=\"\" width=\"200\" height=\"200\" \/><\/a>\n\n<a href=\"http:\/\/landscape-festival.cz\/wp-content\/uploads\/2017\/06\/33_foto-\u00a9-Matej-Vesely_small.jpg\" title=\"v\u00fdstava CZECHSCAPE \/ DEPO2015 \/ foto \u00a9 Mat\u011bj Vesel\u00fd\" rel=\"lightbox[reference]\"><img loading=\"lazy\" decoding=\"async\" src=\"http:\/\/landscape-festival.cz\/wp-content\/uploads\/2017\/06\/33_foto-\u00a9-Matej-Vesely_small.jpg\" alt=\"\" width=\"200\" height=\"200\" \/><\/a>\n\n<a href=\"http:\/\/landscape-festival.cz\/wp-content\/uploads\/2017\/06\/31_foto-\u00a9-Matej-Vesely_small.jpg\" title=\"v\u00fdstava CZECHSCAPE \/ DEPO2015 \/ foto \u00a9 Mat\u011bj Vesel\u00fd\" rel=\"lightbox[reference]\"><img loading=\"lazy\" decoding=\"async\" src=\"http:\/\/landscape-festival.cz\/wp-content\/uploads\/2017\/06\/31_foto-\u00a9-Matej-Vesely_small.jpg\" alt=\"\" width=\"200\" height=\"200\" \/><\/a><\/p><\/div><div class=\"mini_gap\"><\/div><div class=\"schedule_table_flat flatphototable\" style=\"background: url(https:\/\/www.landscape-festival.cz\/old\/wp-content\/uploads\/2017\/05\/winefood-sirka-1024x350.jpg);\"><div class=\"tablesize_flat_xbig\"><div class=\"schedule_table_title_flat\"><p class=\"table_title\">INDUSTRI\u00c1LN\u00cd TOPOGRAFIE: ARCHITEKTURA KONVERZ\u00cd<\/p><p class=\"table_excerpt\"><\/p><\/div><div class=\"schedule_table_flat_speaker\"><\/div><div class=\"schedule_table_time_venue_flat\" ><div class=\"time_left\"><p class=\"flat_time\">14. 6. \u2013 20. 9. \/ 14. 6. vernis\u00e1\u017e od 18:00<\/p><p class=\"flat_venue\">DEPO2015<\/p><\/div><\/div><div class=\"arrowtable\"><a href=\"#et_entry_5329_1_1_6\" data-toggle=\"collapse\"><\/a><div class=\"clear\"><\/div><\/div><\/div><\/div><div id=\"et_entry_5329_1_1_6\" class=\"panel-collapse collapse schedule_table_details\"><p>M\u00e1lo co tak zbyst\u0159ilo v posledn\u00edch letech pozornost a z\u00e1jem o pr\u016fmyslov\u00e9 d\u011bdictv\u00ed, jako projekty konverz\u00ed opu\u0161t\u011bn\u00fdch sklad\u016f, textilek, tov\u00e1rn\u00edch hal, pivovar\u016f, hut\u00ed \u010di elektr\u00e1ren. Upozor\u0148uj\u00ed na mo\u017enosti, p\u0159edstavuj\u00ed aktu\u00e1ln\u00ed t\u00e9ma architektury a urbanismu, resonuj\u00ed se sou\u010dasn\u00fdmi tendencemi v um\u011bn\u00ed. Zapl\u0148uj\u00ed pr\u00e1zdnotu, kter\u00e1 z\u016fst\u00e1v\u00e1 po mizej\u00edc\u00ed industri\u00e1ln\u00ed \u00e9\u0159e.\n<br \/>\n<br \/><strong>Industri\u00e1ln\u00ed topografie \/ Architektura konverz\u00ed 2005\u20132015<\/strong>\n<br \/>Edito\u0159i: Benjamin Fragner - Vladislava Valch\u00e1\u0159ov\u00e1\n<br \/>\n<br \/>Realizace, kter\u00e9 byly do bilan\u010dn\u00edho projektu Architektura konverz\u00ed zahrnuty, musely splnit n\u00e1ro\u010dn\u00e1 krit\u00e9ria ve vztahu k odkazu p\u016fvodn\u00edho vyu\u017eit\u00ed a hodnoty. Projekty kur\u00e1torsk\u00fd t\u00fdm pro pot\u0159eby v\u00fdstavy rozd\u011blil dle nov\u011b definovan\u00e9 funkce: od staveb u\u017eitkov\u00fdch (kancel\u00e1\u0159e, sklady) \u010di komer\u010dn\u00edch (obchody, restaurace), p\u0159es reziden\u010dn\u00ed (byty, hotely), po ve\u0159ejn\u011b p\u0159\u00edstupn\u00e9 (muzea, knihovny) a p\u0159echodn\u00e9, je\u017e jsou zp\u0159\u00edstupn\u011bny do\u010dasn\u011b nebo jsou vyu\u017e\u00edv\u00e1ny pro tzv. inicia\u010dn\u00ed projekty, nez\u0159\u00eddka spojen\u00e9 s kulturou a dal\u0161\u00edmi tv\u016fr\u010d\u00edmi obory.\n<br \/>\n<br \/>Relikty \u010desk\u00e9 pr\u016fmyslov\u00e9 minulosti a jejich smyslupln\u00e9 o\u017eiven\u00ed jsou dlouholet\u00fdm \u00fast\u0159edn\u00edm t\u00e9matem platformy Industri\u00e1ln\u00ed stopy, se kterou je v\u00fdstava Architektura konverz\u00ed \u00fazce spjata. V\u00fdstava je sou\u010d\u00e1st\u00ed projektu Industri\u00e1ln\u00ed topografie a navazuje na n\u00ed stejnojmenn\u00e1 v\u00fdpravn\u00e1 publikace, mapuj\u00edc\u00ed \u00fasp\u011b\u0161n\u00e9 prom\u011bny pr\u016fmyslov\u00fdch budov. \u201eKniha nen\u00ed pouh\u00fdm souborem efektn\u00edch staveb \u2013 odr\u00e1\u017e\u00ed i spole\u010denskou atmosf\u00e9ru, ve kter\u00e9 budovy prom\u011bnou proch\u00e1zely nebo proch\u00e1zej\u00ed,\u201c up\u0159es\u0148uje Benjamin Fragner, vedouc\u00ed V\u00fdzkumn\u00e9ho centra pr\u016fmyslov\u00e9ho d\u011bdictv\u00ed FA \u010cVUT v Praze. \n<br \/>\n<br \/>V r\u00e1mci Landscape festivalu Plze\u0148 2017 je v\u00fdstava dopln\u011bna o p\u0159\u00edklady plze\u0148sk\u00fdch \u00fasp\u011b\u0161n\u00fdch prom\u011bn v ned\u00e1vn\u00e9 dob\u011b - Moving Station, DEPO 2015, Plze\u0148 - zast\u00e1vka, Techmania a Star\u00e1 varna v Plze\u0148sk\u00e9m Prazdroji.\n<br \/>\n<br \/>\n<br \/><strong>PUBLIKACE:\n<br \/>INDUSTRI\u00c1LN\u00cd TOPOGRAFIE: ARCHITEKTURA KONVERZ\u00cd<\/strong>\n<br \/>Autorsk\u00e1 spolupr\u00e1ce:  Jan Zikmund, Luk\u00e1\u0161 Beran, Tom\u00e1\u0161 Sk\u0159ivan, Petr Vorl\u00edk\n<br \/>Odborn\u00ed recenzenti: doc. ing. arch. Pavel Hal\u00edk, CSc., FA TUL, Ing. Svatopluk Z\u00eddek, Kolegium pro <br \/>Jazyk: \u010desko-anglicky\n<br \/>ISBN 978-80-01-05592-2\n<br \/>\n<br \/><strong>Cena: 440,- K\u010d<\/strong>\n<br \/>\n<br \/>Publikaci lze zakoupit v prostor\u00e1ch DEPO2017 od 14. 6.\n<br \/>\n<br \/>\n<a href=\"http:\/\/landscape-festival.cz\/wp-content\/uploads\/2017\/06\/70_foto-\u00a9-Matej-Vesely_small.jpg\" title=\"v\u00fdstava INDUSTRI\u00c1LN\u00cd TOPOGRAFIE: ARCHITEKTURA KONVERZ\u00cd \/ DEPO2015 \/ foto \u00a9 Mat\u011bj Vesel\u00fd\" rel=\"lightbox[reference]\"><img loading=\"lazy\" decoding=\"async\" src=\"http:\/\/landscape-festival.cz\/wp-content\/uploads\/2017\/06\/70_foto-\u00a9-Matej-Vesely_small.jpg\" alt=\"\" width=\"200\" height=\"200\" \/><\/a>\n\n<a href=\"http:\/\/landscape-festival.cz\/wp-content\/uploads\/2017\/06\/68_foto-\u00a9-Matej-Vesely_small.jpg\" title=\"v\u00fdstava INDUSTRI\u00c1LN\u00cd TOPOGRAFIE: ARCHITEKTURA KONVERZ\u00cd \/ DEPO2015 \/ foto \u00a9 Mat\u011bj Vesel\u00fd\" rel=\"lightbox[reference]\"><img loading=\"lazy\" decoding=\"async\" src=\"http:\/\/landscape-festival.cz\/wp-content\/uploads\/2017\/06\/68_foto-\u00a9-Matej-Vesely_small.jpg\" alt=\"\" width=\"200\" height=\"200\" \/><\/a>\n\n<a href=\"http:\/\/landscape-festival.cz\/wp-content\/uploads\/2017\/06\/64_foto-\u00a9-Matej-Vesely_small.jpg\" title=\"v\u00fdstava INDUSTRI\u00c1LN\u00cd TOPOGRAFIE: ARCHITEKTURA KONVERZ\u00cd \/ DEPO2015 \/ foto \u00a9 Mat\u011bj Vesel\u00fd\" rel=\"lightbox[reference]\"><img loading=\"lazy\" decoding=\"async\" src=\"http:\/\/landscape-festival.cz\/wp-content\/uploads\/2017\/06\/64_foto-\u00a9-Matej-Vesely_small.jpg\" alt=\"\" width=\"200\" height=\"200\" \/><\/a>\n\n<a href=\"http:\/\/landscape-festival.cz\/wp-content\/uploads\/2017\/06\/63_foto-\u00a9-Matej-Vesely_small.jpg\" title=\"v\u00fdstava INDUSTRI\u00c1LN\u00cd TOPOGRAFIE: ARCHITEKTURA KONVERZ\u00cd \/ DEPO2015 \/ foto \u00a9 Mat\u011bj Vesel\u00fd\" rel=\"lightbox[reference]\"><img loading=\"lazy\" decoding=\"async\" src=\"http:\/\/landscape-festival.cz\/wp-content\/uploads\/2017\/06\/63_foto-\u00a9-Matej-Vesely_small.jpg\" alt=\"\" width=\"200\" height=\"200\" \/><\/a>\n\n<a href=\"http:\/\/landscape-festival.cz\/wp-content\/uploads\/2017\/06\/60_foto-\u00a9-Matej-Vesely_small.jpg\" title=\"Benjamin Fragner \/ v\u00fdstava INDUSTRI\u00c1LN\u00cd TOPOGRAFIE: ARCHITEKTURA KONVERZ\u00cd \/ DEPO2015 \/ foto \u00a9 Mat\u011bj Vesel\u00fd\" rel=\"lightbox[reference]\"><img loading=\"lazy\" decoding=\"async\" src=\"http:\/\/landscape-festival.cz\/wp-content\/uploads\/2017\/06\/60_foto-\u00a9-Matej-Vesely_small.jpg\" alt=\"\" width=\"200\" height=\"200\" \/><\/a>\n\n<a href=\"http:\/\/landscape-festival.cz\/wp-content\/uploads\/2017\/06\/34_foto-\u00a9-Matej-Vesely_small.jpg\" title=\"Benjamin Fragner \/ v\u00fdstava INDUSTRI\u00c1LN\u00cd TOPOGRAFIE: ARCHITEKTURA KONVERZ\u00cd \/ DEPO2015 \/ foto \u00a9 Mat\u011bj Vesel\u00fd\" rel=\"lightbox[reference]\"><img loading=\"lazy\" decoding=\"async\" src=\"http:\/\/landscape-festival.cz\/wp-content\/uploads\/2017\/06\/34_foto-\u00a9-Matej-Vesely_small.jpg\" alt=\"\" width=\"200\" height=\"200\" \/><\/a>\n<\/p><\/div><div class=\"mini_gap\"><\/div><div class=\"schedule_table_flat flatphototable\" style=\"background: url(https:\/\/www.landscape-festival.cz\/old\/wp-content\/uploads\/2017\/06\/27_foto-\u00a9-Matej-Vesely_small-1024x350.jpg);\"><div class=\"tablesize_flat_xbig\"><div class=\"schedule_table_title_flat\"><p class=\"table_title\">NOM\u00c1DI<\/p><p class=\"table_excerpt\"><\/p><\/div><div class=\"schedule_table_flat_speaker\"><\/div><div class=\"schedule_table_time_venue_flat\" ><div class=\"time_left\"><p class=\"flat_time\">14. 6. \u2013 20. 9. \/ 14. 6. vernis\u00e1\u017e od 18:00<\/p><p class=\"flat_venue\">DEPO2015<\/p><\/div><\/div><div class=\"arrowtable\"><a href=\"#et_entry_5329_1_1_7\" data-toggle=\"collapse\"><\/a><div class=\"clear\"><\/div><\/div><\/div><\/div><div id=\"et_entry_5329_1_1_7\" class=\"panel-collapse collapse schedule_table_details\"><p>V\u00fdstava Nom\u00e1di se v\u011bnuje nom\u00e1dsk\u00e9mu zp\u016fsobu \u017eivota, a\u0165 u\u017e je volbou nebo nutnost\u00ed. 6 karavan\u016f na n\u00e1dvo\u0159\u00ed DEPO2015 je ur\u010deno nejen k prezentaci designu, um\u011bn\u00ed, ale tak\u00e9 k p\u0159esp\u00e1n\u00ed pro ve\u0159ejnost.\n<br \/>\n<br \/>T\u00e9matem v\u00fdstavy je nejen z\u00e1padn\u00ed zp\u016fsob nom\u00e1dstv\u00ed, ale tak\u00e9 \u017eivotn\u00ed styl a podm\u00ednky dal\u0161\u00edch lid\u00e9 na cest\u00e1ch, uprchl\u00edk\u016f nebo bezdomovc\u016f. V\u00fdstavy se \u00fa\u010dastn\u00ed um\u011blci, design\u00e9\u0159i, architekti a firmy z oblasti outdoor, camping nebo \u00fapravy aut.\n<br \/>\n<br \/>\n<a href=\"http:\/\/landscape-festival.cz\/wp-content\/uploads\/2017\/06\/50_foto-\u00a9-Matej-Vesely_small.jpg\" title=\"v\u00fdstava NOM\u00c1DI \/ DEPO2015 \/ foto \u00a9 Mat\u011bj Vesel\u00fd\" rel=\"lightbox[reference]\"><img loading=\"lazy\" decoding=\"async\" src=\"http:\/\/landscape-festival.cz\/wp-content\/uploads\/2017\/06\/50_foto-\u00a9-Matej-Vesely_small.jpg\" alt=\"\" width=\"200\" height=\"200\" \/><\/a>\n\n<a href=\"http:\/\/landscape-festival.cz\/wp-content\/uploads\/2017\/06\/47_foto-\u00a9-Matej-Vesely_small.jpg\" title=\"v\u00fdstava NOM\u00c1DI \/ DEPO2015 \/ foto \u00a9 Mat\u011bj Vesel\u00fd\" rel=\"lightbox[reference]\"><img loading=\"lazy\" decoding=\"async\" src=\"http:\/\/landscape-festival.cz\/wp-content\/uploads\/2017\/06\/47_foto-\u00a9-Matej-Vesely_small.jpg\" alt=\"\" width=\"200\" height=\"200\" \/><\/a>\n\n<a href=\"http:\/\/landscape-festival.cz\/wp-content\/uploads\/2017\/06\/45_foto-\u00a9-Matej-Vesely_small.jpg\" title=\"v\u00fdstava NOM\u00c1DI \/ DEPO2015 \/ foto \u00a9 Mat\u011bj Vesel\u00fd\" rel=\"lightbox[reference]\"><img loading=\"lazy\" decoding=\"async\" src=\"http:\/\/landscape-festival.cz\/wp-content\/uploads\/2017\/06\/45_foto-\u00a9-Matej-Vesely_small.jpg\" alt=\"\" width=\"200\" height=\"200\" \/><\/a>\n\n<a href=\"http:\/\/landscape-festival.cz\/wp-content\/uploads\/2017\/06\/27_foto-\u00a9-Matej-Vesely_small.jpg\" title=\"v\u00fdstava NOM\u00c1DI \/ DEPO2015 \/ foto \u00a9 Mat\u011bj Vesel\u00fd\" rel=\"lightbox[reference]\"><img loading=\"lazy\" decoding=\"async\" src=\"http:\/\/landscape-festival.cz\/wp-content\/uploads\/2017\/06\/27_foto-\u00a9-Matej-Vesely_small.jpg\" alt=\"\" width=\"200\" height=\"200\" \/><\/a>\n\n<a href=\"http:\/\/landscape-festival.cz\/wp-content\/uploads\/2017\/06\/25_foto-\u00a9-Matej-Vesely_small.jpg\" title=\"v\u00fdstava NOM\u00c1DI \/ DEPO2015 \/ foto \u00a9 Mat\u011bj Vesel\u00fd\" rel=\"lightbox[reference]\"><img loading=\"lazy\" decoding=\"async\" src=\"http:\/\/landscape-festival.cz\/wp-content\/uploads\/2017\/06\/25_foto-\u00a9-Matej-Vesely_small.jpg\" alt=\"\" width=\"200\" height=\"200\" \/><\/a>\n\n<a href=\"http:\/\/landscape-festival.cz\/wp-content\/uploads\/2017\/06\/23_foto-\u00a9-Matej-Vesely_small.jpg\" title=\"v\u00fdstava NOM\u00c1DI \/ DEPO2015 \/ foto \u00a9 Mat\u011bj Vesel\u00fd\" rel=\"lightbox[reference]\"><img loading=\"lazy\" decoding=\"async\" src=\"http:\/\/landscape-festival.cz\/wp-content\/uploads\/2017\/06\/23_foto-\u00a9-Matej-Vesely_small.jpg\" alt=\"\" width=\"200\" height=\"200\" \/><\/a>\n<br \/>\n<br \/>\n<a href=\"http:\/\/landscape-festival.cz\/wp-content\/uploads\/2017\/06\/21_foto-\u00a9-Matej-Vesely_small.jpg\" title=\"v\u00fdstava NOM\u00c1DI \/ DEPO2015 \/ foto \u00a9 Mat\u011bj Vesel\u00fd\" rel=\"lightbox[reference]\"><img loading=\"lazy\" decoding=\"async\" src=\"http:\/\/landscape-festival.cz\/wp-content\/uploads\/2017\/06\/21_foto-\u00a9-Matej-Vesely_small.jpg\" alt=\"\" width=\"200\" height=\"200\" \/><\/a>\n\n<a href=\"http:\/\/landscape-festival.cz\/wp-content\/uploads\/2017\/06\/20_foto-\u00a9-Matej-Vesely_small.jpg\" title=\"v\u00fdstava NOM\u00c1DI \/ DEPO2015 \/ foto \u00a9 Mat\u011bj Vesel\u00fd\" rel=\"lightbox[reference]\"><img loading=\"lazy\" decoding=\"async\" src=\"http:\/\/landscape-festival.cz\/wp-content\/uploads\/2017\/06\/20_foto-\u00a9-Matej-Vesely_small.jpg\" alt=\"\" width=\"200\" height=\"200\" \/><\/a>\n\n<a href=\"http:\/\/landscape-festival.cz\/wp-content\/uploads\/2017\/06\/4_foto-\u00a9-Matej-Vesely_small.jpg\" title=\"v\u00fdstava NOM\u00c1DI \/ DEPO2015 \/ foto \u00a9 Mat\u011bj Vesel\u00fd\" rel=\"lightbox[reference]\"><img loading=\"lazy\" decoding=\"async\" src=\"http:\/\/landscape-festival.cz\/wp-content\/uploads\/2017\/06\/4_foto-\u00a9-Matej-Vesely_small.jpg\" alt=\"\" width=\"200\" height=\"200\" \/><\/a>\n\n<a href=\"http:\/\/landscape-festival.cz\/wp-content\/uploads\/2017\/06\/1_foto-\u00a9-Matej-Vesely_small.jpg\" title=\"v\u00fdstava NOM\u00c1DI \/ DEPO2015 \/ foto \u00a9 Mat\u011bj Vesel\u00fd\" rel=\"lightbox[reference]\"><img loading=\"lazy\" decoding=\"async\" src=\"http:\/\/landscape-festival.cz\/wp-content\/uploads\/2017\/06\/1_foto-\u00a9-Matej-Vesely_small.jpg\" alt=\"\" width=\"200\" height=\"200\" \/><\/a>\n<\/p><\/div><div class=\"mini_gap\"><\/div><div class=\"schedule_table_flat flatphototable\" style=\"background: url(https:\/\/www.landscape-festival.cz\/old\/wp-content\/uploads\/2017\/05\/J222-\u0119Howard-Kingsnorth-1024x350.jpg);\"><div class=\"tablesize_flat_xbig\"><div class=\"schedule_table_title_flat\"><p class=\"table_title\">PUBLIC SPACE 16<\/p><p class=\"table_excerpt\">Evropsk\u00e1 cena za m\u011bstsk\u00fd ve\u0159ejn\u00fd prostor<\/p><\/div><div class=\"schedule_table_flat_speaker\"><\/div><div class=\"schedule_table_time_venue_flat\" ><div class=\"time_left\"><p class=\"flat_time\">14. 6. \u2013 20. 9. \/ 21. 6. vernis\u00e1\u017e 18:30<\/p><p class=\"flat_venue\">DEPO2015<\/p><\/div><\/div><div class=\"arrowtable\"><a href=\"#et_entry_5329_1_1_8\" data-toggle=\"collapse\"><\/a><div class=\"clear\"><\/div><\/div><\/div><\/div><div id=\"et_entry_5329_1_1_8\" class=\"panel-collapse collapse schedule_table_details\"><p>V\u00fdstava p\u0159edstav\u00ed projekty, kter\u00e9 z\u00edskaly Evropskou cenu za m\u011bstsk\u00fd ve\u0159ejn\u00fd prostor, kter\u00e1 je iniciativou Centra sou\u010dasn\u00e9 kultury v\u00a0Barcelon\u011b (CCCB). \n<br \/>\n<br \/><strong> Doprovodn\u00fd program 21. 6. v DEPO2015:<\/strong>\n<br \/> \u2022 od 19:00 p\u0159edn\u00e1\u0161ka DAVIDA BRAVA a TERESY OTTO \n<br \/> \u2022 po p\u0159edn\u00e1\u0161ce zahraje DJ Gadjo\n<br \/>\n<br \/>\n<a href=\"http:\/\/landscape-festival.cz\/wp-content\/uploads\/2017\/06\/55_foto-\u00a9-Matej-Vesely_small.jpg\" title=\"v\u00fdstava PUBLIC SPACE 16 \/ DEPO2015 \/ foto \u00a9 Mat\u011bj Vesel\u00fd\" rel=\"lightbox[reference]\"><img loading=\"lazy\" decoding=\"async\" src=\"http:\/\/landscape-festival.cz\/wp-content\/uploads\/2017\/06\/55_foto-\u00a9-Matej-Vesely_small.jpg\" alt=\"\" width=\"200\" height=\"200\" \/><\/a>\n\n<a href=\"http:\/\/landscape-festival.cz\/wp-content\/uploads\/2017\/06\/69_foto-\u00a9-Matej-Vesely_small.jpg\" title=\"v\u00fdstava PUBLIC SPACE 16 \/ DEPO2015 \/ foto \u00a9 Mat\u011bj Vesel\u00fd\" rel=\"lightbox[reference]\"><img loading=\"lazy\" decoding=\"async\" src=\"http:\/\/landscape-festival.cz\/wp-content\/uploads\/2017\/06\/69_foto-\u00a9-Matej-Vesely_small.jpg\" alt=\"\" width=\"200\" height=\"200\" \/><\/a>\n\n<a href=\"http:\/\/landscape-festival.cz\/wp-content\/uploads\/2017\/06\/58_foto-\u00a9-Matej-Vesely_small.jpg\" title=\"v\u00fdstava PUBLIC SPACE 16 \/ DEPO2015 \/ foto \u00a9 Mat\u011bj Vesel\u00fd\" rel=\"lightbox[reference]\"><img loading=\"lazy\" decoding=\"async\" src=\"http:\/\/landscape-festival.cz\/wp-content\/uploads\/2017\/06\/58_foto-\u00a9-Matej-Vesely_small.jpg\" alt=\"\" width=\"200\" height=\"200\" \/><\/a>\n\n<a href=\"http:\/\/landscape-festival.cz\/wp-content\/uploads\/2017\/06\/KBD-23_photo-\u00a9-Matej-Vesely_small.jpg\" title=\"David Bravo \/ v\u00fdstava PUBLIC SPACE 16 \/ DEPO2015 \/ foto \u00a9 Mat\u011bj Vesel\u00fd\" rel=\"lightbox[reference]\"><img loading=\"lazy\" decoding=\"async\" src=\"http:\/\/landscape-festival.cz\/wp-content\/uploads\/2017\/06\/KBD-23_photo-\u00a9-Matej-Vesely_small.jpg\" alt=\"\" width=\"200\" height=\"200\" \/><\/a>\n\n<a href=\"http:\/\/landscape-festival.cz\/wp-content\/uploads\/2017\/06\/KBD-24_photo-\u00a9-Matej-Vesely_small.jpg\" title=\"v\u00fdstava PUBLIC SPACE 16 \/ DEPO2015 \/ foto \u00a9 Mat\u011bj Vesel\u00fd\" rel=\"lightbox[reference]\"><img loading=\"lazy\" decoding=\"async\" src=\"http:\/\/landscape-festival.cz\/wp-content\/uploads\/2017\/06\/KBD-24_photo-\u00a9-Matej-Vesely_small.jpg\" alt=\"\" width=\"200\" height=\"200\" \/><\/a>\n\n<a href=\"http:\/\/landscape-festival.cz\/wp-content\/uploads\/2017\/06\/KBD-25_photo-\u00a9-Matej-Vesely_small.jpg\" title=\"v\u00fdstava PUBLIC SPACE 16 \/ DEPO2015 \/ foto \u00a9 Mat\u011bj Vesel\u00fd\" rel=\"lightbox[reference]\"><img loading=\"lazy\" decoding=\"async\" src=\"http:\/\/landscape-festival.cz\/wp-content\/uploads\/2017\/06\/KBD-25_photo-\u00a9-Matej-Vesely_small.jpg\" alt=\"\" width=\"200\" height=\"200\" \/><\/a><\/p><\/div><div class=\"mini_gap\"><\/div><div class=\"schedule_table_flat flatphototable\" style=\"background: url(https:\/\/www.landscape-festival.cz\/old\/wp-content\/uploads\/2017\/05\/zelena-strecha-cestne-uznani-2015-800x350.jpg);\"><div class=\"tablesize_flat_xbig\"><div class=\"schedule_table_title_flat\"><p class=\"table_title\">Zelen\u00e1 st\u0159echa roku<\/p><p class=\"table_excerpt\">Svaz zakl\u00e1d\u00e1n\u00ed a \u00fadr\u017eby zelen\u011b<\/p><\/div><div class=\"schedule_table_flat_speaker\"><\/div><div class=\"schedule_table_time_venue_flat\" ><div class=\"time_left\"><p class=\"flat_time\">14. 6. \u2013 20. 9.<\/p><p class=\"flat_venue\">DEPO2015 \u2013 venkovn\u00ed kontejnery<\/p><\/div><\/div><div class=\"arrowtable\"><a href=\"#et_entry_5329_1_1_9\" data-toggle=\"collapse\"><\/a><div class=\"clear\"><\/div><\/div><\/div><\/div><div id=\"et_entry_5329_1_1_9\" class=\"panel-collapse collapse schedule_table_details\"><p>V\u00fdstava prezentuj\u00edc\u00ed v\u00fdsledky t\u0159\u00ed ro\u010dn\u00edk\u016f sout\u011b\u017ee Zelen\u00e1 st\u0159echa roku. P\u0159edstav\u00ed to nejlep\u0161\u00ed, co se v posledn\u00edch letech v \u010cesk\u00e9 republice odehr\u00e1lo na poli ozele\u0148ov\u00e1n\u00ed st\u0159ech, fas\u00e1d a jin\u00fdch stavebn\u00edch konstrukc\u00ed.\n<br \/>\n<br \/><a href=\"http:\/\/www.zelenestrechy.info\/cs\/\"><strong>\u00bb Zelen\u00e9 st\u0159echy<\/strong><\/a>\n<br \/>\n<br \/>V\u00fdstava je sou\u010d\u00e1st\u00ed expozice <strong>Povrchn\u00ed zahrady<\/strong>, kter\u00e1 n\u00e1v\u0161t\u011bvn\u00edk\u016fm p\u0159ibl\u00ed\u017e\u00ed problematiku ozelen\u011bn\u00ed st\u0159ech a fas\u00e1d budov s d\u016frazem nejen na design a technologie ale tak\u00e9 udr\u017eitelnost a \u017eivotn\u00ed prost\u0159ed\u00ed.\n<br \/>\n<br \/>\n<br \/>\n<a href=\"http:\/\/landscape-festival.cz\/wp-content\/uploads\/2017\/06\/46_foto-\u00a9-Matej-Vesely_small.jpg\" title=\"v\u00fdstava Zelen\u00e9 st\u0159echy a Povrchn\u00ed zahrady \/ Jakub Hepp \/ foto \u00a9 Mat\u011bj Vesel\u00fd\" rel=\"lightbox[reference]\"><img loading=\"lazy\" decoding=\"async\" src=\"http:\/\/landscape-festival.cz\/wp-content\/uploads\/2017\/06\/46_foto-\u00a9-Matej-Vesely_small.jpg\" alt=\"\" width=\"200\" height=\"200\" \/><\/a>\n\n<a href=\"http:\/\/landscape-festival.cz\/wp-content\/uploads\/2017\/07\/Zahrady.jpg\" title=\"v\u00fdstava Zelen\u00e9 st\u0159echy a Povrchn\u00ed zahrady \/ Jakub Hepp \/ foto \u00a9 Mat\u011bj Vesel\u00fd\" rel=\"lightbox[reference]\"><img loading=\"lazy\" decoding=\"async\" src=\"http:\/\/landscape-festival.cz\/wp-content\/uploads\/2017\/07\/Zahrady.jpg\" alt=\"\" width=\"200\" height=\"200\" \/><\/a>\n\n<a href=\"http:\/\/landscape-festival.cz\/wp-content\/uploads\/2017\/07\/Zahrady-3.jpg\" title=\"v\u00fdstava Zelen\u00e9 st\u0159echy a Povrchn\u00ed zahrady \/ Jakub Hepp \/ foto \u00a9 Mat\u011bj Vesel\u00fd\" rel=\"lightbox[reference]\"><img loading=\"lazy\" decoding=\"async\" src=\"http:\/\/landscape-festival.cz\/wp-content\/uploads\/2017\/07\/Zahrady-3.jpg\" alt=\"\" width=\"200\" height=\"200\" \/><\/a>\n\n<a href=\"http:\/\/landscape-festival.cz\/wp-content\/uploads\/2017\/07\/Zahrady-4.jpg\" title=\"v\u00fdstava Zelen\u00e9 st\u0159echy a Povrchn\u00ed zahrady \/ Jakub Hepp \/ foto \u00a9 Mat\u011bj Vesel\u00fd\" rel=\"lightbox[reference]\"><img loading=\"lazy\" decoding=\"async\" src=\"http:\/\/landscape-festival.cz\/wp-content\/uploads\/2017\/07\/Zahrady-4.jpg\" alt=\"\" width=\"200\" height=\"200\" \/><\/a><\/p><\/div><div class=\"mini_gap\"><\/div><div class=\"schedule_table_flat flatphototable\" style=\"background: url(https:\/\/www.landscape-festival.cz\/old\/wp-content\/uploads\/2017\/07\/FDUinFN-15-900x350.jpg);\"><div class=\"tablesize_flat_xbig\"><div class=\"schedule_table_title_flat\"><p class=\"table_title\">FDU in FN<\/p><p class=\"table_excerpt\">D\u00edla student\u016f a pedagog\u016f FDU v FN Plze\u0148<\/p><\/div><div class=\"schedule_table_flat_speaker\"><\/div><div class=\"schedule_table_time_venue_flat\" ><div class=\"time_left\"><p class=\"flat_time\">15. 6. \u2013 30. 9. \/ venkovn\u00ed instalace<\/p><p class=\"flat_venue\">Fakultn\u00ed nemocnice Plze\u0148-Bory a Lochot\u00edn<\/p><\/div><\/div><div class=\"arrowtable\"><a href=\"#et_entry_5329_1_1_10\" data-toggle=\"collapse\"><\/a><div class=\"clear\"><\/div><\/div><\/div><\/div><div id=\"et_entry_5329_1_1_10\" class=\"panel-collapse collapse schedule_table_details\"><p>Ve spolupr\u00e1ci se Z\u00e1pado\u010deskou univerzitou jsou vytipov\u00e1na m\u00edsta v obou are\u00e1lech nemocnice, kde budou rozm\u00edst\u011bny sochy student\u016f a pedagog\u016f FDU Ladislava Sutnara v Plzni. Are\u00e1l nemocnice je ve\u0159ejn\u00fd prostor jako ka\u017ed\u00fd jin\u00fd, p\u0159i\u010dem\u017e jeho n\u00e1v\u0161t\u011bvn\u00edci si ale v\u00edce ne\u017e kdo jin\u00fd zaslou\u017e\u00ed kultivovan\u00e9 prost\u0159ed\u00ed, kter\u00e9 jim d\u00e1 zapomenout na starosti, s nimi\u017e se sem vypravili. Do\u010dasn\u00e9 um\u00edst\u011bn\u00ed soch pov\u00fd\u0161\u00ed tato m\u00edsta na Galerii pod \u0161ir\u00fdm nebem.\n<br \/>\n<br \/><a href=\"https:\/\/www.fdu.zcu.cz\/cz\"><strong>\u00bb Fakulta designu a um\u011bn\u00ed Ladislava Sutnara<\/strong><\/a>\n<br \/>\n<br \/>\n<br \/>\n<a href=\"http:\/\/landscape-festival.cz\/wp-content\/uploads\/2017\/07\/FDUinFN-17-1.jpg\" title=\"v\u00fdstava FDU in FN \/ D\u00edla student\u016f a pedagog\u016f FDU v FN Plze\u0148 \/ foto \u00a9 Mat\u011bj Vesel\u00fd\" rel=\"lightbox[reference]\"><img loading=\"lazy\" decoding=\"async\" src=\"http:\/\/landscape-festival.cz\/wp-content\/uploads\/2017\/07\/FDUinFN-17-1.jpg\" alt=\"\" width=\"200\" height=\"200\" \/><\/a>\n\n<a href=\"http:\/\/landscape-festival.cz\/wp-content\/uploads\/2017\/07\/FDUinFN-16-1.jpg\" title=\"v\u00fdstava FDU in FN \/ D\u00edla student\u016f a pedagog\u016f FDU v FN Plze\u0148 \/ foto \u00a9 Mat\u011bj Vesel\u00fd\" rel=\"lightbox[reference]\"><img loading=\"lazy\" decoding=\"async\" src=\"http:\/\/landscape-festival.cz\/wp-content\/uploads\/2017\/07\/FDUinFN-16-1.jpg\" alt=\"\" width=\"200\" height=\"200\" \/><\/a>\n\n<a href=\"http:\/\/landscape-festival.cz\/wp-content\/uploads\/2017\/07\/FDUinFN-19.jpg\" title=\"v\u00fdstava FDU in FN \/ D\u00edla student\u016f a pedagog\u016f FDU v FN Plze\u0148 \/ foto \u00a9 Mat\u011bj Vesel\u00fd\" rel=\"lightbox[reference]\"><img loading=\"lazy\" decoding=\"async\" src=\"http:\/\/landscape-festival.cz\/wp-content\/uploads\/2017\/07\/FDUinFN-19.jpg\" alt=\"\" width=\"200\" height=\"200\" \/><\/a>\n\n<a href=\"http:\/\/landscape-festival.cz\/wp-content\/uploads\/2017\/07\/FDUinFN-13.jpg\" title=\"v\u00fdstava FDU in FN \/ D\u00edla student\u016f a pedagog\u016f FDU v FN Plze\u0148 \/ foto \u00a9 Mat\u011bj Vesel\u00fd\" rel=\"lightbox[reference]\"><img loading=\"lazy\" decoding=\"async\" src=\"http:\/\/landscape-festival.cz\/wp-content\/uploads\/2017\/07\/FDUinFN-13.jpg\" alt=\"\" width=\"200\" height=\"200\" \/><\/a>\n\n<a href=\"http:\/\/landscape-festival.cz\/wp-content\/uploads\/2017\/07\/FDUinFN-17.jpg\" title=\"v\u00fdstava FDU in FN \/ D\u00edla student\u016f a pedagog\u016f FDU v FN Plze\u0148 \/ foto \u00a9 Mat\u011bj Vesel\u00fd\" rel=\"lightbox[reference]\"><img loading=\"lazy\" decoding=\"async\" src=\"http:\/\/landscape-festival.cz\/wp-content\/uploads\/2017\/07\/FDUinFN-17.jpg\" alt=\"\" width=\"200\" height=\"200\" \/><\/a>\n\n<a href=\"http:\/\/landscape-festival.cz\/wp-content\/uploads\/2017\/07\/FDUinFN-12.jpg\" title=\"v\u00fdstava FDU in FN \/ D\u00edla student\u016f a pedagog\u016f FDU v FN Plze\u0148 \/ foto \u00a9 Mat\u011bj Vesel\u00fd\" rel=\"lightbox[reference]\"><img loading=\"lazy\" decoding=\"async\" src=\"http:\/\/landscape-festival.cz\/wp-content\/uploads\/2017\/07\/FDUinFN-12.jpg\" alt=\"\" width=\"200\" height=\"200\" \/><\/a>\n<br \/>\n<br \/>\n<a href=\"http:\/\/landscape-festival.cz\/wp-content\/uploads\/2017\/07\/FDUinFN-16.jpg\" title=\"v\u00fdstava FDU in FN \/ D\u00edla student\u016f a pedagog\u016f FDU v FN Plze\u0148 \/ foto \u00a9 Mat\u011bj Vesel\u00fd\" rel=\"lightbox[reference]\"><img loading=\"lazy\" decoding=\"async\" src=\"http:\/\/landscape-festival.cz\/wp-content\/uploads\/2017\/07\/FDUinFN-16.jpg\" alt=\"\" width=\"200\" height=\"200\" \/><\/a>\n\n<a href=\"http:\/\/landscape-festival.cz\/wp-content\/uploads\/2017\/07\/FDUinFN-3.jpg\" title=\"v\u00fdstava FDU in FN \/ D\u00edla student\u016f a pedagog\u016f FDU v FN Plze\u0148 \/ foto \u00a9 Mat\u011bj Vesel\u00fd\" rel=\"lightbox[reference]\"><img loading=\"lazy\" decoding=\"async\" src=\"http:\/\/landscape-festival.cz\/wp-content\/uploads\/2017\/07\/FDUinFN-3.jpg\" alt=\"\" width=\"200\" height=\"200\" \/><\/a>\n\n<a href=\"http:\/\/landscape-festival.cz\/wp-content\/uploads\/2017\/07\/FDUinFN-4.jpg\" title=\"v\u00fdstava FDU in FN \/ D\u00edla student\u016f a pedagog\u016f FDU v FN Plze\u0148 \/ foto \u00a9 Mat\u011bj Vesel\u00fd\" rel=\"lightbox[reference]\"><img loading=\"lazy\" decoding=\"async\" src=\"http:\/\/landscape-festival.cz\/wp-content\/uploads\/2017\/07\/FDUinFN-4.jpg\" alt=\"\" width=\"200\" height=\"200\" \/><\/a>\n\n<a href=\"http:\/\/landscape-festival.cz\/wp-content\/uploads\/2017\/07\/FDUinFN-5.jpg\" title=\"v\u00fdstava FDU in FN \/ D\u00edla student\u016f a pedagog\u016f FDU v FN Plze\u0148 \/ foto \u00a9 Mat\u011bj Vesel\u00fd\" rel=\"lightbox[reference]\"><img loading=\"lazy\" decoding=\"async\" src=\"http:\/\/landscape-festival.cz\/wp-content\/uploads\/2017\/07\/FDUinFN-5.jpg\" alt=\"\" width=\"200\" height=\"200\" \/><\/a>\n\n<a href=\"http:\/\/landscape-festival.cz\/wp-content\/uploads\/2017\/07\/FDUinFN-1.jpg\" title=\"v\u00fdstava FDU in FN \/ D\u00edla student\u016f a pedagog\u016f FDU v FN Plze\u0148 \/ foto \u00a9 Mat\u011bj Vesel\u00fd\" rel=\"lightbox[reference]\"><img loading=\"lazy\" decoding=\"async\" src=\"http:\/\/landscape-festival.cz\/wp-content\/uploads\/2017\/07\/FDUinFN-1.jpg\" alt=\"\" width=\"200\" height=\"200\" \/><\/a>\n\n<a href=\"http:\/\/landscape-festival.cz\/wp-content\/uploads\/2017\/07\/FDUinFN-2.jpg\" title=\"v\u00fdstava FDU in FN \/ D\u00edla student\u016f a pedagog\u016f FDU v FN Plze\u0148 \/ foto \u00a9 Mat\u011bj Vesel\u00fd\" rel=\"lightbox[reference]\"><img loading=\"lazy\" decoding=\"async\" src=\"http:\/\/landscape-festival.cz\/wp-content\/uploads\/2017\/07\/FDUinFN-2.jpg\" alt=\"\" width=\"200\" height=\"200\" \/><\/a><\/p><\/div><div class=\"mini_gap\"><\/div><div class=\"schedule_table_flat flatphototable\" style=\"background: url(https:\/\/www.landscape-festival.cz\/old\/wp-content\/uploads\/2017\/05\/photo-900x350.jpg);\"><div class=\"tablesize_flat_xbig\"><div class=\"schedule_table_title_flat\"><p class=\"table_title\">CENA NADACE PROM\u011aNY 2017<\/p><p class=\"table_excerpt\">p\u0159edstaven\u00ed v\u00edt\u011bzn\u00e9ho n\u00e1vrhu<\/p><\/div><div class=\"schedule_table_flat_speaker\"><\/div><div class=\"schedule_table_time_venue_flat\" ><div class=\"time_left\"><p class=\"flat_time\">21. 6.\u201330. 9. \/ venkovn\u00ed instalace<\/p><p class=\"flat_venue\">Jir\u00e1skovo n\u00e1m\u011bst\u00ed<\/p><\/div><\/div><div class=\"arrowtable\"><a href=\"#et_entry_5329_1_1_11\" data-toggle=\"collapse\"><\/a><div class=\"clear\"><\/div><\/div><\/div><\/div><div id=\"et_entry_5329_1_1_11\" class=\"panel-collapse collapse schedule_table_details\"><p>Vernis\u00e1\u017e v\u00fdstavy architektonick\u00fdch n\u00e1vrh\u016f z vyzvan\u00e9 sout\u011b\u017ee na \u0159e\u0161en\u00ed obnovy Jir\u00e1skova n\u00e1m\u011bst\u00ed a Kl\u00e1\u0161tern\u00ed zahrady v Plzni.\u00a0\n<br \/>\n<br \/><strong>Doprovodn\u00fd program:<\/strong>\n<br \/><strong>NEN\u00cd M\u011aSTO JAKO M\u011aSTO<\/strong>\n<br \/> \u2022 16:00-18:00 \n<br \/> \u2022 d\u00edlna pro d\u011bti\n<br \/>\n<br \/><strong>Podrobnosti na: <\/strong>\n<br \/><a href=\"http:\/\/www.nadace-promeny.cz\"><strong>\u00bb Nadace prom\u011bny<\/strong><\/a>\n<br \/><a href=\"https:\/\/jiraskovonamesti.plzen.eu\"><strong>\u00bb Jir\u00e1skovo n\u00e1m\u011bst\u00ed<\/strong><\/a>\n<br \/><a href=\"http:\/\/www.pestujprostor.plzne.cz\/\"><strong>\u00bb P\u011bstuj prostor<\/strong><\/a>\n<br \/>\n<br \/>\n<br \/>\n<a href=\"http:\/\/landscape-festival.cz\/wp-content\/uploads\/2017\/07\/vernisaz-jiraskac-nahled-0539.jpg\" title=\"vernis\u00e1\u017e v\u00fdstavy architektonick\u00fdch n\u00e1vrh\u016f z vyzvan\u00e9 sout\u011b\u017ee na \u0159e\u0161en\u00ed obnovy Jir\u00e1skova n\u00e1m\u011bst\u00ed a Kl\u00e1\u0161tern\u00ed zahrady v Plzni \/ foto \u00a9 Filip Komorous\" rel=\"lightbox[reference]\"><img loading=\"lazy\" decoding=\"async\" src=\"http:\/\/landscape-festival.cz\/wp-content\/uploads\/2017\/07\/vernisaz-jiraskac-nahled-0539.jpg\" alt=\"\" width=\"200\" height=\"200\" \/><\/a>\n\n<a href=\"http:\/\/landscape-festival.cz\/wp-content\/uploads\/2017\/07\/vernisaz-jiraskac-nahled-0554.jpg\" title=\"vernis\u00e1\u017e v\u00fdstavy architektonick\u00fdch n\u00e1vrh\u016f z vyzvan\u00e9 sout\u011b\u017ee na \u0159e\u0161en\u00ed obnovy Jir\u00e1skova n\u00e1m\u011bst\u00ed a Kl\u00e1\u0161tern\u00ed zahrady v Plzni \/ foto \u00a9 Filip Komorous\" rel=\"lightbox[reference]\"><img loading=\"lazy\" decoding=\"async\" src=\"http:\/\/landscape-festival.cz\/wp-content\/uploads\/2017\/07\/vernisaz-jiraskac-nahled-0554.jpg\" alt=\"\" width=\"200\" height=\"200\" \/><\/a>\n\n<a href=\"http:\/\/landscape-festival.cz\/wp-content\/uploads\/2017\/07\/vernisaz-jiraskac-nahled-0522.jpg\" title=\"vernis\u00e1\u017e v\u00fdstavy architektonick\u00fdch n\u00e1vrh\u016f z vyzvan\u00e9 sout\u011b\u017ee na \u0159e\u0161en\u00ed obnovy Jir\u00e1skova n\u00e1m\u011bst\u00ed a Kl\u00e1\u0161tern\u00ed zahrady v Plzni \/ foto \u00a9 Filip Komorous\" rel=\"lightbox[reference]\"><img loading=\"lazy\" decoding=\"async\" src=\"http:\/\/landscape-festival.cz\/wp-content\/uploads\/2017\/07\/vernisaz-jiraskac-nahled-0522.jpg\" alt=\"\" width=\"200\" height=\"200\" \/><\/a>\n\n<a href=\"http:\/\/landscape-festival.cz\/wp-content\/uploads\/2017\/07\/vernisaz-jiraskac-nahled-0509.jpg\" title=\"vernis\u00e1\u017e v\u00fdstavy architektonick\u00fdch n\u00e1vrh\u016f z vyzvan\u00e9 sout\u011b\u017ee na \u0159e\u0161en\u00ed obnovy Jir\u00e1skova n\u00e1m\u011bst\u00ed a Kl\u00e1\u0161tern\u00ed zahrady v Plzni \/ foto \u00a9 Filip Komorous\" rel=\"lightbox[reference]\"><img loading=\"lazy\" decoding=\"async\" src=\"http:\/\/landscape-festival.cz\/wp-content\/uploads\/2017\/07\/vernisaz-jiraskac-nahled-0509.jpg\" alt=\"\" width=\"200\" height=\"200\" \/><\/a>\n\n<a href=\"http:\/\/landscape-festival.cz\/wp-content\/uploads\/2017\/07\/vernisaz-jiraskac-nahled-0396.jpg\" title=\"vernis\u00e1\u017e v\u00fdstavy architektonick\u00fdch n\u00e1vrh\u016f z vyzvan\u00e9 sout\u011b\u017ee na \u0159e\u0161en\u00ed obnovy Jir\u00e1skova n\u00e1m\u011bst\u00ed a Kl\u00e1\u0161tern\u00ed zahrady v Plzni \/ foto \u00a9 Filip Komorous\" rel=\"lightbox[reference]\"><img loading=\"lazy\" decoding=\"async\" src=\"http:\/\/landscape-festival.cz\/wp-content\/uploads\/2017\/07\/vernisaz-jiraskac-nahled-0396.jpg\" alt=\"\" width=\"200\" height=\"200\" \/><\/a>\n\n<a href=\"http:\/\/landscape-festival.cz\/wp-content\/uploads\/2017\/07\/vernisaz-jiraskac-nahled-7772.jpg\" title=\"vernis\u00e1\u017e v\u00fdstavy architektonick\u00fdch n\u00e1vrh\u016f z vyzvan\u00e9 sout\u011b\u017ee na \u0159e\u0161en\u00ed obnovy Jir\u00e1skova n\u00e1m\u011bst\u00ed a Kl\u00e1\u0161tern\u00ed zahrady v Plzni \/ foto \u00a9 Filip Komorous\" rel=\"lightbox[reference]\"><img loading=\"lazy\" decoding=\"async\" src=\"http:\/\/landscape-festival.cz\/wp-content\/uploads\/2017\/07\/vernisaz-jiraskac-nahled-7772.jpg\" alt=\"\" width=\"200\" height=\"200\" \/><\/a><\/p><\/div><div class=\"mini_gap\"><\/div><div class=\"schedule_table_flat flatphototable\" style=\"background: url(https:\/\/www.landscape-festival.cz\/old\/wp-content\/uploads\/2017\/07\/IMG_20170720_201227_MarekSivak-800x350.jpg);\"><div class=\"tablesize_flat_xbig\"><div class=\"schedule_table_title_flat\"><p class=\"table_title\">SLUNCE VODA VZDUCH <\/p><p class=\"table_excerpt\">po\u0159\u00e1d\u00e1 N\u00e1rodopisn\u00e9 muzeum Plze\u0148ska, P\u011bstuj prostor a Maj\u00e1k Plzn\u011b<\/p><\/div><div class=\"schedule_table_flat_speaker\"><\/div><div class=\"schedule_table_time_venue_flat\" ><div class=\"time_left\"><p class=\"flat_time\">21. 7.\u201330. 9. \/  st, p\u00e1 17:00\u201322:00; so 14:00\u201322:00; ne 14:00\u201320:00<\/p><p class=\"flat_venue\">M\u011bstsk\u00e1 plov\u00e1rna<\/p><\/div><\/div><div class=\"arrowtable\"><a href=\"#et_entry_5329_1_1_12\" data-toggle=\"collapse\"><\/a><div class=\"clear\"><\/div><\/div><\/div><\/div><div id=\"et_entry_5329_1_1_12\" class=\"panel-collapse collapse schedule_table_details\"><p>Fotografick\u00e1 v\u00fdstava mapuje historii plze\u0148sk\u00fdch plov\u00e1ren a l\u00e1zn\u00ed. Prvn\u00ed \u010d\u00e1st v\u00fdstavy je um\u00edst\u011bna N\u00e1rodopisn\u00e9 muzeum Plze\u0148ska \u2013 pr\u016fjezd. Druh\u00e1 \u010d\u00e1st v\u00fdstavy je k vid\u011bn\u00ed od 21. \u010dervence v Plov\u00e1rensk\u00e9m pavilonu 2x10 a Zdar od H3T Architekti.\n<br \/>\n<br \/>\n<br \/><a href=\"\/\/plovarna.plzne.cz\"><strong>\u00bb M\u011bstsk\u00e1 plov\u00e1rna<\/strong><\/a>\n<br \/>\n<br \/>\n<br \/>\n<a href=\"http:\/\/landscape-festival.cz\/wp-content\/uploads\/2017\/07\/170721_plovarenske_dny_8_zuzanaZborilova.jpg\" title=\"v\u00fdstava SLUNCE VODA VZDUCH \/ v\u00fdstavn\u00ed pavilon H3T Architekti \/ foto \u00a9 Zuzana Zbo\u0159ilov\u00e1\" rel=\"lightbox[reference]\"><img loading=\"lazy\" decoding=\"async\" src=\"http:\/\/landscape-festival.cz\/wp-content\/uploads\/2017\/07\/170721_plovarenske_dny_8_zuzanaZborilova.jpg\" alt=\"\" width=\"200\" height=\"200\" \/><\/a>\n\n<a href=\"http:\/\/landscape-festival.cz\/wp-content\/uploads\/2017\/07\/170721_plovarenske_dny_13_zuzanaZborilova.jpg\" title=\"v\u00fdstava SLUNCE VODA VZDUCH \/ v\u00fdstavn\u00ed pavilon H3T Architekti \/ foto \u00a9 Zuzana Zbo\u0159ilov\u00e1\" rel=\"lightbox[reference]\"><img loading=\"lazy\" decoding=\"async\" src=\"http:\/\/landscape-festival.cz\/wp-content\/uploads\/2017\/07\/170721_plovarenske_dny_13_zuzanaZborilova.jpg\" alt=\"\" width=\"200\" height=\"200\" \/><\/a>\n\n<a href=\"http:\/\/landscape-festival.cz\/wp-content\/uploads\/2017\/07\/170721_plovarenske_dny_14_zuzanaZborilova.jpg\" title=\"v\u00fdstava SLUNCE VODA VZDUCH \/ v\u00fdstavn\u00ed pavilon H3T Architekti \/ foto \u00a9 Zuzana Zbo\u0159ilov\u00e1\" rel=\"lightbox[reference]\"><img loading=\"lazy\" decoding=\"async\" src=\"http:\/\/landscape-festival.cz\/wp-content\/uploads\/2017\/07\/170721_plovarenske_dny_14_zuzanaZborilova.jpg\" alt=\"\" width=\"200\" height=\"200\" \/><\/a>\n\n<a href=\"http:\/\/landscape-festival.cz\/wp-content\/uploads\/2017\/07\/170721_plovarenske_dny_12_zuzanaZborilova.jpg\" title=\"v\u00fdstava SLUNCE VODA VZDUCH \/ v\u00fdstavn\u00ed pavilon H3T Architekti \/ foto \u00a9 Zuzana Zbo\u0159ilov\u00e1\" rel=\"lightbox[reference]\"><img loading=\"lazy\" decoding=\"async\" src=\"http:\/\/landscape-festival.cz\/wp-content\/uploads\/2017\/07\/170721_plovarenske_dny_12_zuzanaZborilova.jpg\" alt=\"\" width=\"200\" height=\"200\" \/><\/a>\n\n<a href=\"http:\/\/landscape-festival.cz\/wp-content\/uploads\/2017\/07\/IMG_20170720_201227_MarekSivak.jpg\" title=\"v\u00fdstava SLUNCE VODA VZDUCH \/ v\u00fdstavn\u00ed pavilon H3T Architekti \/ foto \u00a9 Marek Siv\u00e1k\" rel=\"lightbox[reference]\"><img loading=\"lazy\" decoding=\"async\" src=\"http:\/\/landscape-festival.cz\/wp-content\/uploads\/2017\/07\/IMG_20170720_201227_MarekSivak.jpg\" alt=\"\" width=\"200\" height=\"200\" \/><\/a>\n\n<a href=\"http:\/\/landscape-festival.cz\/wp-content\/uploads\/2017\/07\/170721_plovarenske_dny_16_zuzanaZborilova.jpg\" title=\"v\u00fdstava SLUNCE VODA VZDUCH \/ v\u00fdstavn\u00ed pavilon H3T Architekti \/ foto \u00a9 Zuzana Zbo\u0159ilov\u00e1\" rel=\"lightbox[reference]\"><img loading=\"lazy\" decoding=\"async\" src=\"http:\/\/landscape-festival.cz\/wp-content\/uploads\/2017\/07\/170721_plovarenske_dny_16_zuzanaZborilova.jpg\" alt=\"\" width=\"200\" height=\"200\" \/><\/a><\/p><\/div><div class=\"mini_gap\"><\/div><\/div><\/div><\/div>[\/vc_column][\/vc_row]<\/p>\n<\/div>","protected":false},"excerpt":{"rendered":"<p>[vc_row][vc_column][vc_empty_space height=&#8220;50px&#8220;][\/vc_column][\/vc_row][vc_row][vc_column][\/vc_column][\/vc_row]<\/p>\n","protected":false},"author":5,"featured_media":0,"parent":5238,"menu_order":4,"comment_status":"closed","ping_status":"closed","template":"fullwidth.php","meta":{"footnotes":""},"class_list":["post-5248","page","type-page","status-publish","hentry",""],"_links":{"self":[{"href":"http:\/\/www.landscape-festival.cz\/old\/wp-json\/wp\/v2\/pages\/5248","targetHints":{"allow":["GET"]}}],"collection":[{"href":"http:\/\/www.landscape-festival.cz\/old\/wp-json\/wp\/v2\/pages"}],"about":[{"href":"http:\/\/www.landscape-festival.cz\/old\/wp-json\/wp\/v2\/types\/page"}],"author":[{"embeddable":true,"href":"http:\/\/www.landscape-festival.cz\/old\/wp-json\/wp\/v2\/users\/5"}],"replies":[{"embeddable":true,"href":"http:\/\/www.landscape-festival.cz\/old\/wp-json\/wp\/v2\/comments?post=5248"}],"version-history":[{"count":3,"href":"http:\/\/www.landscape-festival.cz\/old\/wp-json\/wp\/v2\/pages\/5248\/revisions"}],"predecessor-version":[{"id":5352,"href":"http:\/\/www.landscape-festival.cz\/old\/wp-json\/wp\/v2\/pages\/5248\/revisions\/5352"}],"up":[{"embeddable":true,"href":"http:\/\/www.landscape-festival.cz\/old\/wp-json\/wp\/v2\/pages\/5238"}],"wp:attachment":[{"href":"http:\/\/www.landscape-festival.cz\/old\/wp-json\/wp\/v2\/media?parent=5248"}],"curies":[{"name":"wp","href":"https:\/\/api.w.org\/{rel}","templated":true}]}}