{"id":2768,"date":"2016-06-01T14:42:07","date_gmt":"2016-06-01T12:42:07","guid":{"rendered":"http:\/\/landscape-festival.cz\/?page_id=2768"},"modified":"2017-04-10T21:48:46","modified_gmt":"2017-04-10T20:48:46","slug":"doprovodny-program","status":"publish","type":"page","link":"http:\/\/www.landscape-festival.cz\/old\/minule-rocniky\/lfo-16\/doprovodny-program\/","title":{"rendered":"Doprovodn\u00fd program"},"content":{"rendered":"<h4><span style=\"text-decoration: underline;\">LANDSCAPE, UM\u011aN\u00cd A INTERVENCE DO VE\u0158EJN\u00c9HO PROSTORU<\/span><br \/>\n<span style=\"text-decoration: underline;\">SITE SPECIFIC INSTALACE<\/span><\/h4>\n<p>Na intervenc\u00edch pracuje n\u011bkolik architekt\u016f, krajin\u00e1\u0159sk\u00fdch architekt\u016f a um\u011blc\u016f, kte\u0159\u00ed sv\u00fdmi z\u00e1sahy do ve\u0159ejn\u00e9ho prostoru \u201crozsv\u00edt\u00ed\u201c po dobu trv\u00e1n\u00ed festivalu ulice m\u011bsta. Bude se jednat o objekty r\u016fzn\u00e9ho rozsahu a zpracov\u00e1n\u00ed, mohou b\u00fdt do\u010dasn\u00e9ho i trval\u00e9ho r\u00e1zu. Intervence budou reagovat na konkr\u00e9tn\u00ed m\u00edsta a jejich problematiku. Budou tato m\u00edsta kultivovat, dotv\u00e1\u0159et a nab\u00edzet nebo nasti\u0148ovat nov\u00e1 \u0159e\u0161en\u00ed.<\/p>\n<h5>28\/5 \u2014 30\/9<\/h5>\n<p><a href=\"http:\/\/landscape-festival.cz\/vladimir-sitta-zahrada\/\">ZAHRADA (VLADIM\u00cdR SITTA)<\/a><br \/>\n<a href=\"http:\/\/landscape-festival.cz\/bloom\/\">BLOOM (ALISA ANDRASEK A JOSE SANCHEZ)<\/a><br \/>\n<a href=\"http:\/\/landscape-festival.cz\/matice-zeme-ii\/\">MATICE ZEM\u011a II (KURT GEBAUER)<\/a><br \/>\n<a href=\"http:\/\/landscape-festival.cz\/rotunda-pro-opavu\/\">ROTUNDA PRO OPAVU (ARCHWERK)<\/a><br \/>\n<a href=\"http:\/\/landscape-festival.cz\/friedrich-schiller-ring\/\">FRIEDRICH SCHILLER RING (LUBOM\u00cdR RYCHTAR)<\/a><br \/>\n<a href=\"http:\/\/landscape-festival.cz\/hopackovnik\/\">HOUPA\u010cKOVN\u00cdK (naOKRAJI)<\/a><br \/>\n<a href=\"http:\/\/landscape-festival.cz\/vzpominka\/\">VZPOM\u00cdNKA (HEPP, \u017d\u00c1KOVSK\u00c1)<\/a><br \/>\n<a href=\"http:\/\/landscape-festival.cz\/misto-pro-sochu\/\">M\u00cdSTO PRO SOCHU (MATOU\u0160 LIPUS)<\/a><br \/>\n<a href=\"http:\/\/landscape-festival.cz\/cerne-hvezdy\/\">\u010cERN\u00c9 HV\u011aZDY (DAGMAR \u0160UBRTOV\u00c1)<\/a><\/p>\n<h5><strong>10\/6\u00a0\u2014\u00a019\/6<\/strong><\/h5>\n<p><a href=\"http:\/\/landscape-festival.cz\/3833-2\/\">H3T ARCHITEKTI \u2013 O\u017dIVEN\u00cd N\u00c1PLAVKY<\/a><\/p>\n<h5><strong>10\/6 \u2014 30\/9<\/strong><\/h5>\n<p><a href=\"http:\/\/landscape-festival.cz\/slunce-voda-vzduch\/\">ATELIER 38 \u2013 SLUNCE, VODA, VZDUCH\u2026<\/a><br \/>\n<a href=\"http:\/\/landscape-festival.cz\/krysin\/\">naOKRAJI \u2013 KRYS\u00cdN<\/a><br \/>\n<a href=\"http:\/\/landscape-festival.cz\/vnitrni-rytmus\/\">ABSTRAKTN\u00cd MUR\u00c1L JANA KAL\u00c1BA<\/a><br \/>\nATELIER 38 \u2013 ZTRACEN\u00c1 M\u00cdSTA<br \/>\n<a href=\"http:\/\/landscape-festival.cz\/suseni-pradla\/\">DAGMAR \u0160UBRTOV\u00c1 \u2013 SU\u0160EN\u00cd PR\u00c1DLA<\/a><br \/>\n<a href=\"http:\/\/landscape-festival.cz\/rozmarne-leto-archanti\/\">ARCHANTI \u2013 ROZMARN\u00c9 L\u00c9TO<\/a><br \/>\n<a href=\"http:\/\/landscape-festival.cz\/vysypano\/\">STACHOV\u00c1, HEPP \u2013 VYSYP\u00c1NO<\/a><\/p>\n<p>&nbsp;<\/p>\n<p><a href=\"http:\/\/landscape-festival.cz\/wp-content\/uploads\/2014\/04\/uvodka-na-akce_velka3.jpg\"><img loading=\"lazy\" decoding=\"async\" class=\"alignnone wp-image-3267 size-single-thumbnail\" src=\"http:\/\/landscape-festival.cz\/wp-content\/uploads\/2014\/04\/uvodka-na-akce_velka3-640x360.jpg\" alt=\"uvodka na akce_velka3\" width=\"640\" height=\"360\" \/><\/a><\/p>\n<hr \/>\n<p><iframe loading=\"lazy\" title=\"Landscape festival Opava 2016\" width=\"600\" height=\"338\" src=\"https:\/\/www.youtube.com\/embed\/CXfKergmoWQ?feature=oembed\" frameborder=\"0\" allow=\"accelerometer; autoplay; clipboard-write; encrypted-media; gyroscope; picture-in-picture; web-share\" referrerpolicy=\"strict-origin-when-cross-origin\" allowfullscreen><\/iframe><\/p>\n<h4><span style=\"text-decoration: underline;\">AKCE, FESTIVALY, HAPPENINGY:<\/span><\/h4>\n<h5>28\/5<br \/>\nPta\u010d\u00ed vrch a sady Svobody<br \/>\n15:00 &#8211; 24:00<br \/>\nafterparty v Klubu Art od 24:00<\/h5>\n<h4>PTA\u010c\u00c1K<\/h4>\n<p>Slavnostn\u00ed zah\u00e1jen\u00ed LANDSCAPE FESTIVALU OPAVA 2016<br \/>\n<strong>Koncerty: DVA, BRAT\u0158I ORFFOV\u00c9, MUNROE, THE PROSTITUTES, NVMERI, PSYCHONAUT<\/strong><\/p>\n<p><a href=\"http:\/\/landscape-festival.cz\/festival-ptacak\/\"><span style=\"text-decoration: underline;\"><strong>Fotografie z akce.<\/strong><\/span><\/a><\/p>\n\n\t\t<style type=\"text\/css\">\n\t\t\t#gallery-1 {\n\t\t\t\tmargin: auto;\n\t\t\t}\n\t\t\t#gallery-1 .gallery-item {\n\t\t\t\tfloat: left;\n\t\t\t\tmargin-top: 10px;\n\t\t\t\ttext-align: center;\n\t\t\t\twidth: 20%;\n\t\t\t}\n\t\t\t#gallery-1 img {\n\t\t\t\tborder: 2px solid #cfcfcf;\n\t\t\t}\n\t\t\t#gallery-1 .gallery-caption {\n\t\t\t\tmargin-left: 0;\n\t\t\t}\n\t\t\t\/* see gallery_shortcode() in wp-includes\/media.php *\/\n\t\t<\/style>\n\t\t<div id='gallery-1' class='gallery galleryid-2768 gallery-columns-5 gallery-size-thumbnail'><dl class='gallery-item'>\n\t\t\t<dt class='gallery-icon landscape'>\n\t\t\t\t<a href='https:\/\/www.landscape-festival.cz\/old\/wp-content\/uploads\/2016\/06\/dest-4.jpg'><img loading=\"lazy\" decoding=\"async\" width=\"150\" height=\"150\" src=\"https:\/\/www.landscape-festival.cz\/old\/wp-content\/uploads\/2016\/06\/dest-4-150x150.jpg\" class=\"attachment-thumbnail size-thumbnail\" alt=\"\" \/><\/a>\n\t\t\t<\/dt><\/dl><dl class='gallery-item'>\n\t\t\t<dt class='gallery-icon landscape'>\n\t\t\t\t<a href='https:\/\/www.landscape-festival.cz\/old\/wp-content\/uploads\/2016\/06\/kava.jpg'><img loading=\"lazy\" decoding=\"async\" width=\"150\" height=\"150\" src=\"https:\/\/www.landscape-festival.cz\/old\/wp-content\/uploads\/2016\/06\/kava-150x150.jpg\" class=\"attachment-thumbnail size-thumbnail\" alt=\"\" \/><\/a>\n\t\t\t<\/dt><\/dl><dl class='gallery-item'>\n\t\t\t<dt class='gallery-icon landscape'>\n\t\t\t\t<a href='https:\/\/www.landscape-festival.cz\/old\/wp-content\/uploads\/2016\/06\/P1430113.jpg'><img loading=\"lazy\" decoding=\"async\" width=\"150\" height=\"150\" src=\"https:\/\/www.landscape-festival.cz\/old\/wp-content\/uploads\/2016\/06\/P1430113-150x150.jpg\" class=\"attachment-thumbnail size-thumbnail\" alt=\"\" \/><\/a>\n\t\t\t<\/dt><\/dl><dl class='gallery-item'>\n\t\t\t<dt class='gallery-icon portrait'>\n\t\t\t\t<a href='https:\/\/www.landscape-festival.cz\/old\/wp-content\/uploads\/2016\/06\/P1430209.jpg'><img loading=\"lazy\" decoding=\"async\" width=\"150\" height=\"150\" src=\"https:\/\/www.landscape-festival.cz\/old\/wp-content\/uploads\/2016\/06\/P1430209-150x150.jpg\" class=\"attachment-thumbnail size-thumbnail\" alt=\"\" \/><\/a>\n\t\t\t<\/dt><\/dl><dl class='gallery-item'>\n\t\t\t<dt class='gallery-icon landscape'>\n\t\t\t\t<a href='https:\/\/www.landscape-festival.cz\/old\/wp-content\/uploads\/2016\/06\/ptacak-6.jpg'><img loading=\"lazy\" decoding=\"async\" width=\"150\" height=\"150\" src=\"https:\/\/www.landscape-festival.cz\/old\/wp-content\/uploads\/2016\/06\/ptacak-6-150x150.jpg\" class=\"attachment-thumbnail size-thumbnail\" alt=\"\" \/><\/a>\n\t\t\t<\/dt><\/dl><br style=\"clear: both\" \/>\n\t\t<\/div>\n\n<hr \/>\n<h5>10\/6 \u2014 19\/6<br \/>\nNa Niv\u011b a Hozovo n\u00e1b\u0159e\u017e\u00ed (are\u00e1l N\u00e1plavky)<br \/>\nv provozu ka\u017ed\u00fd den od 14:00 do 22:00<\/h5>\n<h4>OPAVSK\u00c1 N\u00c1PLAVKA<\/h4>\n<p>are\u00e1l N\u00e1plavky a Horn\u00ed n\u00e1m\u011bst\u00ed \/\u201ekoule\u201c (tradi\u010dn\u00ed projekt op\u011bt p\u0159esune um\u011bn\u00ed z galeri\u00ed do ve\u0159ejn\u00e9ho m\u011bstsk\u00e9ho prostoru)<\/p>\n<h5>10\/6 \u2014 19\/6<\/h5>\n<p>O\u017eiven\u00ed n\u00e1plavky (Ateli\u00e9r\u00a0H3T architekti)<br \/>\nSocha\u0159sk\u00e9 sympozium Galerie Gottfrei a Landscape festivalu<\/p>\n<h5>10\/6<\/h5>\n<p>17:00 \u00a0 <a href=\"http:\/\/landscape-festival.cz\/2994-2\/\">Krajiny z Druh\u00e9 ruky<\/a> &#8211; vernis\u00e1\u017e v\u00fdstavy (are\u00e1l b\u00fdval\u00e9 tov\u00e1rny KARNOLA)<br \/>\n17:45 \u00a0 <a href=\"http:\/\/landscape-festival.cz\/galerie-na-naplavce-opava-v-proudu-casu\/\">Opava v proudu \u010dasu<\/a> &#8211; vernis\u00e1\u017e v\u00fdstavy<br \/>\n18:00 \u2014 23:30 \u00a0 koncerty: KOFE-IN, POSLEDN\u00cd V\u00ddST\u0158EL, NEKONE\u010cN\u00cdK, ELEMENT, ILLEGALS<\/p>\n<h5>11\/6<\/h5>\n<p>15:00 \u00a0 Bubnova\u010dka + bubenick\u00fd workshop se skupinou Jarabi (Bubny si vezm\u011bte s sebou!)<br \/>\n18:00 \u00a0 <a href=\"http:\/\/landscape-festival.cz\/vnitrni-rytmus\/\">Vernis\u00e1\u017e site specific Jana Kal\u00e1ba \u2013 na zdi bytov\u00e9ho domu v ul. Vodn\u00ed<\/a><br \/>\n19:00 \u00a0 Beseda na t\u00e9ma Streetart ve ve\u0159ejn\u00e9m prostoru &#8211; Jan Kal\u00e1b a Luk\u00e1\u0161 Zero Pavl\u00ed\u010dek<br \/>\n20:00 \u00a0 DJ STRAY SIDE (hip hop)<\/p>\n<h5>12\/6<\/h5>\n<p>\u201eNed\u011bln\u011bn\u00ed\u201c \u2014 hudba, pivo, \u0159eka<\/p>\n<h5>13\/6<\/h5>\n<p>18:00 \u00a0 Showtime socha\u0159\u016f sympozia na n\u00e1plavce &#8211; autorsk\u00e1 prezentace socha\u0159\u016f (ka\u017ed\u00fd um\u011blec v 10 minut\u00e1ch p\u0159edstav\u00ed svou tvorbu a vizi pro opavskou n\u00e1plavku)<\/p>\n<h5>14\/6<\/h5>\n<p>18:00 \u00a0 <a href=\"http:\/\/landscape-festival.cz\/beseda-budoucnost-brehu-reky-opavy\/\">Budoucnost b\u0159eh\u016f \u0159eky Opavy<\/a> &#8211; beseda a diskuze se z\u00e1stupci m\u011bsta Opavy, Povod\u00ed Odry, architekty, urbanisty a ve\u0159ejnost\u00ed<\/p>\n<h5>15\/6<\/h5>\n<p>19:00 \u00a0 Poezie u \u0159eky &#8211; autorsk\u00e1 \u010dten\u00ed (vystoup\u00ed auto\u0159i z okruhu nakladatelstv\u00ed Perplex (Ivana Ka\u0161p\u00e1rkov\u00e1, Jan N\u011bm\u010dek, Miroslav \u010cern\u00fd a Dan Jedli\u010dka)<\/p>\n<h5>16\/6<\/h5>\n<p>21:30 \u00a0 V\u0161echno je jinak! Pravdiv\u00e1 historie Opavy? (konspira\u010dn\u00ed p\u0159edn\u00e1\u0161ka sociologa, pedagoga a kulturn\u00edho \u010dinitele Ji\u0159\u00edho Siostrzonka)<\/p>\n<h5>17\/6<\/h5>\n<p>14:00 \u00a0 <a href=\"http:\/\/landscape-festival.cz\/reka-je-jedinym-svedkem-nasich-zivotu\/\">\u0158eka je jedin\u00fdm sv\u011bdkem na\u0161ich \u017eivot\u016f<\/a> &#8211; v\u00fduka \u017e\u00e1k\u016f ZU\u0160, Opava, Soln\u00e1 8 zam\u011b\u0159en\u00e1 na land art<br \/>\n19:00 \u00a0 P\u00e1ni kluci &#8211; frontmani opavsk\u00fdch kapel pou\u0161t\u00ed sv\u00e9 obl\u00edben\u00e9 hity k poslechu i tanci: Bart (Proti sm\u011bru, Baby Secondhand) a Jan Kunze (Kofe-in, Munroe)<\/p>\n<h5>18\/6<\/h5>\n<p>17:00 \u00a0 <a href=\"http:\/\/landscape-festival.cz\/socharske-sympozium\/\">Vernis\u00e1\u017e d\u011bl socha\u0159sk\u00e9ho sympozia \u2014\u00a0komentovan\u00e1 prohl\u00eddka s autory<\/a><br \/>\n19:00 \u00a0 RIVERSOUND (DJ\u00b4s house \/ bass \/ garage)<br \/>\n22:00 \u00a0 Afterparty v Klubu Art<\/p>\n<p><a href=\"http:\/\/landscape-festival.cz\/naplavka\/\"><span style=\"text-decoration: underline;\"><strong>Fotografie z N\u00e1plavky.<\/strong><\/span><\/a><\/p>\n\n\t\t<style type=\"text\/css\">\n\t\t\t#gallery-2 {\n\t\t\t\tmargin: auto;\n\t\t\t}\n\t\t\t#gallery-2 .gallery-item {\n\t\t\t\tfloat: left;\n\t\t\t\tmargin-top: 10px;\n\t\t\t\ttext-align: center;\n\t\t\t\twidth: 20%;\n\t\t\t}\n\t\t\t#gallery-2 img {\n\t\t\t\tborder: 2px solid #cfcfcf;\n\t\t\t}\n\t\t\t#gallery-2 .gallery-caption {\n\t\t\t\tmargin-left: 0;\n\t\t\t}\n\t\t\t\/* see gallery_shortcode() in wp-includes\/media.php *\/\n\t\t<\/style>\n\t\t<div id='gallery-2' class='gallery galleryid-2768 gallery-columns-5 gallery-size-thumbnail'><dl class='gallery-item'>\n\t\t\t<dt class='gallery-icon landscape'>\n\t\t\t\t<a href='https:\/\/www.landscape-festival.cz\/old\/wp-content\/uploads\/2016\/06\/dest-4.jpg'><img loading=\"lazy\" decoding=\"async\" width=\"150\" height=\"150\" src=\"https:\/\/www.landscape-festival.cz\/old\/wp-content\/uploads\/2016\/06\/dest-4-150x150.jpg\" class=\"attachment-thumbnail size-thumbnail\" alt=\"\" \/><\/a>\n\t\t\t<\/dt><\/dl><dl class='gallery-item'>\n\t\t\t<dt class='gallery-icon landscape'>\n\t\t\t\t<a href='https:\/\/www.landscape-festival.cz\/old\/wp-content\/uploads\/2016\/06\/kava.jpg'><img loading=\"lazy\" decoding=\"async\" width=\"150\" height=\"150\" src=\"https:\/\/www.landscape-festival.cz\/old\/wp-content\/uploads\/2016\/06\/kava-150x150.jpg\" class=\"attachment-thumbnail size-thumbnail\" alt=\"\" \/><\/a>\n\t\t\t<\/dt><\/dl><dl class='gallery-item'>\n\t\t\t<dt class='gallery-icon landscape'>\n\t\t\t\t<a href='https:\/\/www.landscape-festival.cz\/old\/wp-content\/uploads\/2016\/06\/P1430113.jpg'><img loading=\"lazy\" decoding=\"async\" width=\"150\" height=\"150\" src=\"https:\/\/www.landscape-festival.cz\/old\/wp-content\/uploads\/2016\/06\/P1430113-150x150.jpg\" class=\"attachment-thumbnail size-thumbnail\" alt=\"\" \/><\/a>\n\t\t\t<\/dt><\/dl><dl class='gallery-item'>\n\t\t\t<dt class='gallery-icon portrait'>\n\t\t\t\t<a href='https:\/\/www.landscape-festival.cz\/old\/wp-content\/uploads\/2016\/06\/P1430209.jpg'><img loading=\"lazy\" decoding=\"async\" width=\"150\" height=\"150\" src=\"https:\/\/www.landscape-festival.cz\/old\/wp-content\/uploads\/2016\/06\/P1430209-150x150.jpg\" class=\"attachment-thumbnail size-thumbnail\" alt=\"\" \/><\/a>\n\t\t\t<\/dt><\/dl><dl class='gallery-item'>\n\t\t\t<dt class='gallery-icon landscape'>\n\t\t\t\t<a href='https:\/\/www.landscape-festival.cz\/old\/wp-content\/uploads\/2016\/06\/ptacak-6.jpg'><img loading=\"lazy\" decoding=\"async\" width=\"150\" height=\"150\" src=\"https:\/\/www.landscape-festival.cz\/old\/wp-content\/uploads\/2016\/06\/ptacak-6-150x150.jpg\" class=\"attachment-thumbnail size-thumbnail\" alt=\"\" \/><\/a>\n\t\t\t<\/dt><\/dl><br style=\"clear: both\" \/>\n\t\t<\/div>\n\n<hr \/>\n<h5>23\/6<br \/>\nAl\u017eb\u011btina zahrada u Mati\u010dn\u00edho domu<br \/>\n13:00<\/h5>\n<h4>KOMUNITN\u00cd ZAHRADNI\u010cEN\u00cd<\/h4>\n<p>Zahradni\u010den\u00ed pro ve\u0159ejnost, v\u00fdstava, labu\u017enick\u00e9 odpoledne, akroj\u00f3ga a dal\u0161\u00ed, vystoup\u00ed opavsk\u00e1 kapely ICHTHYS.<\/p>\n<p><a href=\"http:\/\/landscape-festival.cz\/wp-content\/uploads\/2014\/04\/uvodka-na-akce_velka5.jpg\"><img loading=\"lazy\" decoding=\"async\" class=\"alignnone wp-image-3473 size-single-thumbnail\" src=\"http:\/\/landscape-festival.cz\/wp-content\/uploads\/2014\/04\/uvodka-na-akce_velka5-640x360.jpg\" alt=\"uvodka na akce_velka5\" width=\"640\" height=\"360\" \/><\/a><\/p>\n<hr \/>\n<h5>24\/6 \u2014 25\/6<br \/>\nz\u00e1mek v Hradci nad Moravic\u00ed<\/h5>\n<h4>HRADECK\u00dd SLUNOVRAT<\/h4>\n<p>Festival bude zah\u00e1jen reinstalac\u00ed sochy Kurta Gebauera Sen o l\u00e9t\u00e1n\u00ed.<\/p>\n<p><a href=\"http:\/\/landscape-festival.cz\/soucasna-umelecka-dila-v-krajine-a-hradecky-slunovrat\/\"><strong><span style=\"text-decoration: underline;\">Fotografie z vernis\u00e1\u017ee a festivalu.<\/span><\/strong><\/a><\/p>\n\n\t\t<style type=\"text\/css\">\n\t\t\t#gallery-3 {\n\t\t\t\tmargin: auto;\n\t\t\t}\n\t\t\t#gallery-3 .gallery-item {\n\t\t\t\tfloat: left;\n\t\t\t\tmargin-top: 10px;\n\t\t\t\ttext-align: center;\n\t\t\t\twidth: 20%;\n\t\t\t}\n\t\t\t#gallery-3 img {\n\t\t\t\tborder: 2px solid #cfcfcf;\n\t\t\t}\n\t\t\t#gallery-3 .gallery-caption {\n\t\t\t\tmargin-left: 0;\n\t\t\t}\n\t\t\t\/* see gallery_shortcode() in wp-includes\/media.php *\/\n\t\t<\/style>\n\t\t<div id='gallery-3' class='gallery galleryid-2768 gallery-columns-5 gallery-size-thumbnail'><dl class='gallery-item'>\n\t\t\t<dt class='gallery-icon landscape'>\n\t\t\t\t<a href='https:\/\/www.landscape-festival.cz\/old\/wp-content\/uploads\/2016\/07\/DSCN0700.jpg'><img loading=\"lazy\" decoding=\"async\" width=\"150\" height=\"150\" src=\"https:\/\/www.landscape-festival.cz\/old\/wp-content\/uploads\/2016\/07\/DSCN0700-150x150.jpg\" class=\"attachment-thumbnail size-thumbnail\" alt=\"\" \/><\/a>\n\t\t\t<\/dt><\/dl><dl class='gallery-item'>\n\t\t\t<dt class='gallery-icon landscape'>\n\t\t\t\t<a href='https:\/\/www.landscape-festival.cz\/old\/wp-content\/uploads\/2016\/07\/DSCN0651.jpg'><img loading=\"lazy\" decoding=\"async\" width=\"150\" height=\"150\" src=\"https:\/\/www.landscape-festival.cz\/old\/wp-content\/uploads\/2016\/07\/DSCN0651-150x150.jpg\" class=\"attachment-thumbnail size-thumbnail\" alt=\"\" \/><\/a>\n\t\t\t<\/dt><\/dl><dl class='gallery-item'>\n\t\t\t<dt class='gallery-icon portrait'>\n\t\t\t\t<a href='https:\/\/www.landscape-festival.cz\/old\/wp-content\/uploads\/2016\/07\/DSCN0659-e1467379114582.jpg'><img loading=\"lazy\" decoding=\"async\" width=\"150\" height=\"150\" src=\"https:\/\/www.landscape-festival.cz\/old\/wp-content\/uploads\/2016\/07\/DSCN0659-e1467379114582-150x150.jpg\" class=\"attachment-thumbnail size-thumbnail\" alt=\"\" aria-describedby=\"gallery-3-3520\" \/><\/a>\n\t\t\t<\/dt>\n\t\t\t\t<dd class='wp-caption-text gallery-caption' id='gallery-3-3520'>\n\t\t\t\tKurt Gebauer \u2014 Sen o l\u00e9t\u00e1n\u00ed\n\t\t\t\t<\/dd><\/dl><dl class='gallery-item'>\n\t\t\t<dt class='gallery-icon landscape'>\n\t\t\t\t<a href='https:\/\/www.landscape-festival.cz\/old\/wp-content\/uploads\/2016\/07\/DSCN0792.jpg'><img loading=\"lazy\" decoding=\"async\" width=\"150\" height=\"150\" src=\"https:\/\/www.landscape-festival.cz\/old\/wp-content\/uploads\/2016\/07\/DSCN0792-150x150.jpg\" class=\"attachment-thumbnail size-thumbnail\" alt=\"\" \/><\/a>\n\t\t\t<\/dt><\/dl><dl class='gallery-item'>\n\t\t\t<dt class='gallery-icon landscape'>\n\t\t\t\t<a href='https:\/\/www.landscape-festival.cz\/old\/wp-content\/uploads\/2016\/07\/DSCN0713.jpg'><img loading=\"lazy\" decoding=\"async\" width=\"150\" height=\"150\" src=\"https:\/\/www.landscape-festival.cz\/old\/wp-content\/uploads\/2016\/07\/DSCN0713-150x150.jpg\" class=\"attachment-thumbnail size-thumbnail\" alt=\"\" \/><\/a>\n\t\t\t<\/dt><\/dl><br style=\"clear: both\" \/>\n\t\t<\/div>\n\n<hr \/>\n<h5>27\/8<br \/>\nM\u011bstsk\u00e9 koupali\u0161t\u011b Opava<br \/>\n9:00 \u2013 2:00<\/h5>\n<h4>KOUP\u00c1K<\/h4>\n<p>Landscape festivalem o\u017eije letos tak\u00e9 Opavsk\u00e9 kulturn\u00ed l\u00e9to 2016. V are\u00e1lu koupali\u0161t\u011b prob\u011bhne hudebn\u00ed festival<br \/>\nSou\u010d\u00e1st\u00ed programu jsou p\u0159edn\u00e1\u0161ky, \u017eongl\u00e9rsk\u00fd workshop pro d\u011bti a mnoho dal\u0161\u00edho.<br \/>\n<strong>Vystoup\u00ed:<\/strong> KL\u00c1RA VYTISKOV\u00c1, SABINA K\u0158OV\u00c1KOV\u00c1, PUDING PANI ELVISOVEJ, KILLIEKRANKIE, DJ\u2019s a dal\u0161\u00ed<\/p>\n<p><a href=\"http:\/\/landscape-festival.cz\/wp-content\/uploads\/2016\/04\/cropped-LFO-promo2.jpg\"><img loading=\"lazy\" decoding=\"async\" class=\"alignnone wp-image-2407 size-full\" src=\"http:\/\/landscape-festival.cz\/wp-content\/uploads\/2016\/04\/cropped-LFO-promo2.jpg\" alt=\"cropped-LFO-promo2.jpg\" width=\"640\" height=\"360\" srcset=\"https:\/\/www.landscape-festival.cz\/old\/wp-content\/uploads\/2016\/04\/cropped-LFO-promo2.jpg 640w, https:\/\/www.landscape-festival.cz\/old\/wp-content\/uploads\/2016\/04\/cropped-LFO-promo2-300x169.jpg 300w\" sizes=\"auto, (max-width: 640px) 100vw, 640px\" \/><\/a><\/p>\n<hr \/>\n<p>&nbsp;<\/p>\n<h4><span style=\"text-decoration: underline;\">P\u0158EDN\u00c1\u0160KY, BESEDY, DISKUZE:<\/span><\/h4>\n<h5>1\/6<\/h5>\n<p>18:00 \u00a0 ARCHANTI: Nuda v Brn\u011b, hokna v Opav\u011b, Slezanka<\/p>\n<h5><strong>8\/6<\/strong><\/h5>\n<p>18:00 \u00a0 Okra\u0161lovac\u00ed spolek Za kr\u00e1snou Ostravu, Slezanka<\/p>\n<h5><strong>14\/6<\/strong><\/h5>\n<p>18:00 \u00a0 <a href=\"http:\/\/landscape-festival.cz\/beseda-budoucnost-brehu-reky-opavy\/\">Budoucnost b\u0159ehu \u0159eky Opavy<\/a>, are\u00e1l N\u00e1plavky (Na Niv\u011b, Hozovo n\u00e1b\u0159e\u017e\u00ed)<\/p>\n<h5><strong>22\/6<\/strong><\/h5>\n<p>18:00 \u00a0 Bludn\u00fd k\u00e1men &amp; Za Opavu: (Sebe)projekce, Slezanka<\/p>\n<hr \/>\n","protected":false},"excerpt":{"rendered":"<p>LANDSCAPE, UM\u011aN\u00cd A INTERVENCE DO VE\u0158EJN\u00c9HO PROSTORU SITE SPECIFIC INSTALACE Na intervenc\u00edch pracuje n\u011bkolik architekt\u016f, krajin\u00e1\u0159sk\u00fdch architekt\u016f a um\u011blc\u016f, kte\u0159\u00ed sv\u00fdmi z\u00e1sahy do ve\u0159ejn\u00e9ho prostoru \u201crozsv\u00edt\u00ed\u201c po dobu trv\u00e1n\u00ed festivalu ulice m\u011bsta. Bude se jednat o objekty r\u016fzn\u00e9ho rozsahu a zpracov\u00e1n\u00ed, mohou b\u00fdt do\u010dasn\u00e9ho i trval\u00e9ho r\u00e1zu. Intervence budou reagovat na konkr\u00e9tn\u00ed m\u00edsta a jejich [&hellip;]<\/p>\n","protected":false},"author":2,"featured_media":0,"parent":4683,"menu_order":7,"comment_status":"closed","ping_status":"closed","template":"","meta":{"footnotes":""},"class_list":["post-2768","page","type-page","status-publish","hentry",""],"_links":{"self":[{"href":"http:\/\/www.landscape-festival.cz\/old\/wp-json\/wp\/v2\/pages\/2768","targetHints":{"allow":["GET"]}}],"collection":[{"href":"http:\/\/www.landscape-festival.cz\/old\/wp-json\/wp\/v2\/pages"}],"about":[{"href":"http:\/\/www.landscape-festival.cz\/old\/wp-json\/wp\/v2\/types\/page"}],"author":[{"embeddable":true,"href":"http:\/\/www.landscape-festival.cz\/old\/wp-json\/wp\/v2\/users\/2"}],"replies":[{"embeddable":true,"href":"http:\/\/www.landscape-festival.cz\/old\/wp-json\/wp\/v2\/comments?post=2768"}],"version-history":[{"count":34,"href":"http:\/\/www.landscape-festival.cz\/old\/wp-json\/wp\/v2\/pages\/2768\/revisions"}],"predecessor-version":[{"id":4745,"href":"http:\/\/www.landscape-festival.cz\/old\/wp-json\/wp\/v2\/pages\/2768\/revisions\/4745"}],"up":[{"embeddable":true,"href":"http:\/\/www.landscape-festival.cz\/old\/wp-json\/wp\/v2\/pages\/4683"}],"wp:attachment":[{"href":"http:\/\/www.landscape-festival.cz\/old\/wp-json\/wp\/v2\/media?parent=2768"}],"curies":[{"name":"wp","href":"https:\/\/api.w.org\/{rel}","templated":true}]}}