{"id":2600,"date":"2016-05-23T12:33:59","date_gmt":"2016-05-23T10:33:59","guid":{"rendered":"http:\/\/landscape-festival.cz\/?page_id=2600"},"modified":"2017-04-10T21:49:49","modified_gmt":"2017-04-10T20:49:49","slug":"za-podpory","status":"publish","type":"page","link":"http:\/\/www.landscape-festival.cz\/old\/minule-rocniky\/lfo-16\/za-podpory\/","title":{"rendered":"Za podpory"},"content":{"rendered":"<p><a href=\"http:\/\/www.mkcr.cz\"><img loading=\"lazy\" decoding=\"async\" class=\"wp-image-89 alignleft\" src=\"http:\/\/landscape-festival.cz\/wp-content\/uploads\/2014\/04\/mmkcr.jpg\" width=\"200\" height=\"62\" srcset=\"https:\/\/www.landscape-festival.cz\/old\/wp-content\/uploads\/2014\/04\/mmkcr.jpg 3498w, https:\/\/www.landscape-festival.cz\/old\/wp-content\/uploads\/2014\/04\/mmkcr-300x92.jpg 300w, https:\/\/www.landscape-festival.cz\/old\/wp-content\/uploads\/2014\/04\/mmkcr-1024x315.jpg 1024w\" sizes=\"auto, (max-width: 200px) 100vw, 200px\" \/><\/a><a href=\"https:\/\/www.mkcr.cz\/statni-fond-kultury-cr-42.html\"><img loading=\"lazy\" decoding=\"async\" class=\"alignnone wp-image-98\" src=\"http:\/\/landscape-festival.cz\/wp-content\/uploads\/2014\/04\/sfkcr.jpg\" width=\"190\" height=\"71\" srcset=\"https:\/\/www.landscape-festival.cz\/old\/wp-content\/uploads\/2014\/04\/sfkcr.jpg 3190w, https:\/\/www.landscape-festival.cz\/old\/wp-content\/uploads\/2014\/04\/sfkcr-300x111.jpg 300w, https:\/\/www.landscape-festival.cz\/old\/wp-content\/uploads\/2014\/04\/sfkcr-1024x381.jpg 1024w\" sizes=\"auto, (max-width: 190px) 100vw, 190px\" \/><\/a><\/p>\n<p><a href=\"http:\/\/www.nca.info\"><img loading=\"lazy\" decoding=\"async\" class=\"wp-image-2604 alignleft\" src=\"http:\/\/landscape-festival.cz\/wp-content\/uploads\/2016\/05\/logo-nca-web.jpg\" alt=\"logo nca web\" width=\"70\" height=\"70\" srcset=\"https:\/\/www.landscape-festival.cz\/old\/wp-content\/uploads\/2016\/05\/logo-nca-web.jpg 617w, https:\/\/www.landscape-festival.cz\/old\/wp-content\/uploads\/2016\/05\/logo-nca-web-150x150.jpg 150w, https:\/\/www.landscape-festival.cz\/old\/wp-content\/uploads\/2016\/05\/logo-nca-web-300x300.jpg 300w\" sizes=\"auto, (max-width: 70px) 100vw, 70px\" \/><\/a><a href=\"http:\/\/www.tqm.cz\"><img loading=\"lazy\" decoding=\"async\" class=\"alignleft wp-image-2647\" src=\"http:\/\/landscape-festival.cz\/wp-content\/uploads\/2016\/05\/Logo-TQM_R_cb.jpg\" width=\"120\" height=\"74\" srcset=\"https:\/\/www.landscape-festival.cz\/old\/wp-content\/uploads\/2016\/05\/Logo-TQM_R_cb.jpg 719w, https:\/\/www.landscape-festival.cz\/old\/wp-content\/uploads\/2016\/05\/Logo-TQM_R_cb-300x186.jpg 300w\" sizes=\"auto, (max-width: 120px) 100vw, 120px\" \/><img loading=\"lazy\" decoding=\"async\" class=\"alignnone wp-image-340\" src=\"http:\/\/landscape-festival.cz\/wp-content\/uploads\/2014\/04\/DZK_logo-_vejce_cb.jpg\" width=\"70\" height=\"92\" srcset=\"https:\/\/www.landscape-festival.cz\/old\/wp-content\/uploads\/2014\/04\/DZK_logo-_vejce_cb.jpg 1275w, https:\/\/www.landscape-festival.cz\/old\/wp-content\/uploads\/2014\/04\/DZK_logo-_vejce_cb-229x300.jpg 229w, https:\/\/www.landscape-festival.cz\/old\/wp-content\/uploads\/2014\/04\/DZK_logo-_vejce_cb-782x1024.jpg 782w\" sizes=\"auto, (max-width: 70px) 100vw, 70px\" \/><\/a><\/p>\n<p>&nbsp;<\/p>\n<hr \/>\n<h3><span style=\"text-decoration: underline;\"><br \/>\nSPOLUPO\u0158ADATEL\u00c9:<\/span><\/h3>\n<p><a href=\"http:\/\/www.oko-opava.cz\/\"><img loading=\"lazy\" decoding=\"async\" class=\"alignnone wp-image-2636\" src=\"http:\/\/landscape-festival.cz\/wp-content\/uploads\/2016\/05\/logoOKO-CMYK_original_cerna-1.png\" alt=\"logoOKO-CMYK_original_cerna\" width=\"250\" height=\"88\" srcset=\"https:\/\/www.landscape-festival.cz\/old\/wp-content\/uploads\/2016\/05\/logoOKO-CMYK_original_cerna-1.png 1098w, https:\/\/www.landscape-festival.cz\/old\/wp-content\/uploads\/2016\/05\/logoOKO-CMYK_original_cerna-1-300x106.png 300w, https:\/\/www.landscape-festival.cz\/old\/wp-content\/uploads\/2016\/05\/logoOKO-CMYK_original_cerna-1-768x271.png 768w, https:\/\/www.landscape-festival.cz\/old\/wp-content\/uploads\/2016\/05\/logoOKO-CMYK_original_cerna-1-1024x362.png 1024w\" sizes=\"auto, (max-width: 250px) 100vw, 250px\" \/><\/a><\/p>\n<p><a href=\"http:\/\/gottfrei.com\/\"><img loading=\"lazy\" decoding=\"async\" class=\"alignleft wp-image-2619\" src=\"http:\/\/landscape-festival.cz\/wp-content\/uploads\/2016\/05\/log_gottfrei.png\" alt=\"log_gottfrei\" width=\"250\" height=\"53\" srcset=\"https:\/\/www.landscape-festival.cz\/old\/wp-content\/uploads\/2016\/05\/log_gottfrei.png 2036w, https:\/\/www.landscape-festival.cz\/old\/wp-content\/uploads\/2016\/05\/log_gottfrei-300x64.png 300w, https:\/\/www.landscape-festival.cz\/old\/wp-content\/uploads\/2016\/05\/log_gottfrei-768x164.png 768w, https:\/\/www.landscape-festival.cz\/old\/wp-content\/uploads\/2016\/05\/log_gottfrei-1024x219.png 1024w\" sizes=\"auto, (max-width: 250px) 100vw, 250px\" \/><\/a><\/p>\n<p>&nbsp;<\/p>\n<p>&nbsp;<\/p>\n<p><a href=\"www.hradeckyslunovrat.cz\"><img loading=\"lazy\" decoding=\"async\" class=\"alignleft wp-image-2624\" src=\"http:\/\/landscape-festival.cz\/wp-content\/uploads\/2016\/05\/logo-hr33.jpg\" alt=\"logo-hr3\" width=\"270\" height=\"85\" srcset=\"https:\/\/www.landscape-festival.cz\/old\/wp-content\/uploads\/2016\/05\/logo-hr33.jpg 3720w, https:\/\/www.landscape-festival.cz\/old\/wp-content\/uploads\/2016\/05\/logo-hr33-300x94.jpg 300w, https:\/\/www.landscape-festival.cz\/old\/wp-content\/uploads\/2016\/05\/logo-hr33-768x242.jpg 768w, https:\/\/www.landscape-festival.cz\/old\/wp-content\/uploads\/2016\/05\/logo-hr33-1024x322.jpg 1024w\" sizes=\"auto, (max-width: 270px) 100vw, 270px\" \/><\/a><\/p>\n<p>&nbsp;<\/p>\n<p>&nbsp;<\/p>\n<p>&nbsp;<\/p>\n<p><a href=\"http:\/\/www.unicont.cz\/c\/zachrana-vodarenske-veze\/zachrana-vodarenske-veze-v-opave-na-vychodnim-nadrazi.htm\"><img loading=\"lazy\" decoding=\"async\" class=\"alignleft wp-image-2620\" src=\"http:\/\/landscape-festival.cz\/wp-content\/uploads\/2016\/05\/logo-vovo00.jpg\" alt=\"logo vovo00\" width=\"220\" height=\"101\" srcset=\"https:\/\/www.landscape-festival.cz\/old\/wp-content\/uploads\/2016\/05\/logo-vovo00.jpg 489w, https:\/\/www.landscape-festival.cz\/old\/wp-content\/uploads\/2016\/05\/logo-vovo00-300x138.jpg 300w\" sizes=\"auto, (max-width: 220px) 100vw, 220px\" \/><\/a><\/p>\n<p>&nbsp;<\/p>\n<p>&nbsp;<\/p>\n<p>&nbsp;<\/p>\n<h3><\/h3>\n<hr \/>\n<h3><span style=\"text-decoration: underline;\">VE SPOLUPR\u00c1CI:<\/span><\/h3>\n<p><a href=\"http:\/\/www.bludnykamen.cz\"><img loading=\"lazy\" decoding=\"async\" class=\"alignleft wp-image-2625\" src=\"http:\/\/landscape-festival.cz\/wp-content\/uploads\/2016\/05\/BLUDNY-KAMEN-bw.jpg\" alt=\"BLUDNY KAMEN bw\" width=\"160\" height=\"45\" srcset=\"https:\/\/www.landscape-festival.cz\/old\/wp-content\/uploads\/2016\/05\/BLUDNY-KAMEN-bw.jpg 1954w, https:\/\/www.landscape-festival.cz\/old\/wp-content\/uploads\/2016\/05\/BLUDNY-KAMEN-bw-300x84.jpg 300w, https:\/\/www.landscape-festival.cz\/old\/wp-content\/uploads\/2016\/05\/BLUDNY-KAMEN-bw-768x214.jpg 768w, https:\/\/www.landscape-festival.cz\/old\/wp-content\/uploads\/2016\/05\/BLUDNY-KAMEN-bw-1024x286.jpg 1024w\" sizes=\"auto, (max-width: 160px) 100vw, 160px\" \/><\/a><\/p>\n<p><a href=\"http:\/\/www.daniel-adametz.cz\/cz\/index.php\"><img loading=\"lazy\" decoding=\"async\" class=\"wp-image-2629 alignleft\" src=\"http:\/\/landscape-festival.cz\/wp-content\/uploads\/2016\/05\/ADAMETZ-LOGO-bw.png\" alt=\"ADAMETZ-LOGO bw\" width=\"150\" height=\"53\" srcset=\"https:\/\/www.landscape-festival.cz\/old\/wp-content\/uploads\/2016\/05\/ADAMETZ-LOGO-bw.png 738w, https:\/\/www.landscape-festival.cz\/old\/wp-content\/uploads\/2016\/05\/ADAMETZ-LOGO-bw-300x107.png 300w\" sizes=\"auto, (max-width: 150px) 100vw, 150px\" \/><\/a><\/p>\n<p>&nbsp;<\/p>\n<p>&nbsp;<\/p>\n<p><a href=\"http:\/\/www.fast.vsb.cz\/cs\/\"><img loading=\"lazy\" decoding=\"async\" class=\"alignleft wp-image-2627\" src=\"http:\/\/landscape-festival.cz\/wp-content\/uploads\/2016\/05\/erb-fast-bw.png\" alt=\"erb-fast bw\" width=\"90\" height=\"105\" srcset=\"https:\/\/www.landscape-festival.cz\/old\/wp-content\/uploads\/2016\/05\/erb-fast-bw.png 1606w, https:\/\/www.landscape-festival.cz\/old\/wp-content\/uploads\/2016\/05\/erb-fast-bw-256x300.png 256w, https:\/\/www.landscape-festival.cz\/old\/wp-content\/uploads\/2016\/05\/erb-fast-bw-768x900.png 768w, https:\/\/www.landscape-festival.cz\/old\/wp-content\/uploads\/2016\/05\/erb-fast-bw-874x1024.png 874w\" sizes=\"auto, (max-width: 90px) 100vw, 90px\" \/><\/a><a href=\"http:\/\/mendelu.cz\/\"><img loading=\"lazy\" decoding=\"async\" class=\"alignleft wp-image-2631\" src=\"http:\/\/landscape-festival.cz\/wp-content\/uploads\/2016\/05\/logo_MENDELU_cerna.png\" alt=\"logo_MENDELU_cerna\" width=\"110\" height=\"86\" srcset=\"https:\/\/www.landscape-festival.cz\/old\/wp-content\/uploads\/2016\/05\/logo_MENDELU_cerna.png 851w, https:\/\/www.landscape-festival.cz\/old\/wp-content\/uploads\/2016\/05\/logo_MENDELU_cerna-300x235.png 300w, https:\/\/www.landscape-festival.cz\/old\/wp-content\/uploads\/2016\/05\/logo_MENDELU_cerna-768x601.png 768w\" sizes=\"auto, (max-width: 110px) 100vw, 110px\" \/><\/a><\/p>\n<p><a href=\"http:\/\/www.slu.cz\"><img loading=\"lazy\" decoding=\"async\" class=\"alignleft wp-image-2618\" src=\"http:\/\/landscape-festival.cz\/wp-content\/uploads\/2016\/05\/SLU-logo-101.png\" alt=\"SLU-logo-101\" width=\"120\" height=\"97\" srcset=\"https:\/\/www.landscape-festival.cz\/old\/wp-content\/uploads\/2016\/05\/SLU-logo-101.png 1220w, https:\/\/www.landscape-festival.cz\/old\/wp-content\/uploads\/2016\/05\/SLU-logo-101-300x242.png 300w, https:\/\/www.landscape-festival.cz\/old\/wp-content\/uploads\/2016\/05\/SLU-logo-101-768x619.png 768w, https:\/\/www.landscape-festival.cz\/old\/wp-content\/uploads\/2016\/05\/SLU-logo-101-1024x826.png 1024w\" sizes=\"auto, (max-width: 120px) 100vw, 120px\" \/><\/a><\/p>\n<p>&nbsp;<\/p>\n<p>&nbsp;<\/p>\n<p>&nbsp;<\/p>\n<p><a href=\"http:\/\/www.rebyd.cz\/\"><br \/>\n<\/a><a href=\"http:\/\/www.rebyd.cz\/\" target=\"_blank\"><img loading=\"lazy\" decoding=\"async\" class=\"alignleft wp-image-2904\" src=\"http:\/\/landscape-festival.cz\/wp-content\/uploads\/2016\/05\/REBYD_Logo_poz_spatny-vektor_bw.jpg\" alt=\"REBYD_Logo_poz_spatny vektor_bw\" width=\"172\" height=\"63\" \/><\/a><br \/>\n<img loading=\"lazy\" decoding=\"async\" class=\"alignleft wp-image-2903\" src=\"http:\/\/landscape-festival.cz\/wp-content\/uploads\/2016\/05\/eA_Logo_bw.jpg\" alt=\"eA_Logo_bw\" width=\"170\" height=\"39\" srcset=\"https:\/\/www.landscape-festival.cz\/old\/wp-content\/uploads\/2016\/05\/eA_Logo_bw.jpg 444w, https:\/\/www.landscape-festival.cz\/old\/wp-content\/uploads\/2016\/05\/eA_Logo_bw-300x69.jpg 300w\" sizes=\"auto, (max-width: 170px) 100vw, 170px\" \/><\/p>\n<p>&nbsp;<\/p>\n<p>&nbsp;<\/p>\n<hr \/>\n<p>&nbsp;<\/p>\n","protected":false},"excerpt":{"rendered":"<p>&nbsp; SPOLUPO\u0158ADATEL\u00c9: &nbsp; &nbsp; &nbsp; &nbsp; &nbsp; &nbsp; &nbsp; &nbsp; VE SPOLUPR\u00c1CI: &nbsp; &nbsp; &nbsp; &nbsp; &nbsp; &nbsp; &nbsp; &nbsp;<\/p>\n","protected":false},"author":2,"featured_media":0,"parent":4683,"menu_order":13,"comment_status":"closed","ping_status":"closed","template":"","meta":{"footnotes":""},"class_list":["post-2600","page","type-page","status-publish","hentry",""],"_links":{"self":[{"href":"http:\/\/www.landscape-festival.cz\/old\/wp-json\/wp\/v2\/pages\/2600","targetHints":{"allow":["GET"]}}],"collection":[{"href":"http:\/\/www.landscape-festival.cz\/old\/wp-json\/wp\/v2\/pages"}],"about":[{"href":"http:\/\/www.landscape-festival.cz\/old\/wp-json\/wp\/v2\/types\/page"}],"author":[{"embeddable":true,"href":"http:\/\/www.landscape-festival.cz\/old\/wp-json\/wp\/v2\/users\/2"}],"replies":[{"embeddable":true,"href":"http:\/\/www.landscape-festival.cz\/old\/wp-json\/wp\/v2\/comments?post=2600"}],"version-history":[{"count":46,"href":"http:\/\/www.landscape-festival.cz\/old\/wp-json\/wp\/v2\/pages\/2600\/revisions"}],"predecessor-version":[{"id":4749,"href":"http:\/\/www.landscape-festival.cz\/old\/wp-json\/wp\/v2\/pages\/2600\/revisions\/4749"}],"up":[{"embeddable":true,"href":"http:\/\/www.landscape-festival.cz\/old\/wp-json\/wp\/v2\/pages\/4683"}],"wp:attachment":[{"href":"http:\/\/www.landscape-festival.cz\/old\/wp-json\/wp\/v2\/media?parent=2600"}],"curies":[{"name":"wp","href":"https:\/\/api.w.org\/{rel}","templated":true}]}}