{"id":13,"date":"2014-04-08T11:24:08","date_gmt":"2014-04-08T10:24:08","guid":{"rendered":"http:\/\/landscape-festival.cz\/?page_id=13"},"modified":"2018-06-08T14:26:28","modified_gmt":"2018-06-08T13:26:28","slug":"vystavy2014","status":"publish","type":"page","link":"http:\/\/www.landscape-festival.cz\/old\/minule-rocniky\/lfp-2014\/vystavy2014\/","title":{"rendered":"V\u00fdstavy"},"content":{"rendered":"<p><strong>A \/ V\u00ddSTAVY<\/strong><\/p>\n<p><strong>1\/ Czech Scape<\/strong><br \/>\nlokalita\/ galerie jaroslava fragnera<br \/>\nanal\u00fdza, historick\u00fd exkurz, sou\u010dasn\u00fd stav<\/p>\n<p>kur\u00e1to\u0159i\/ 4 dim \u2013 Kl\u00e1ra Stachov\u00e1, Andrea Honejskov\u00e1, Jakub Hepp, gjf \u2013 Dan Merta<\/p>\n<p style=\"text-align: justify;\">V\u00fdstava CZECHSCAPE p\u0159edstavuje v\u00fdb\u011br projekt\u016f krajin\u00e1\u0159sk\u00e9 architektury a realizac\u00ed v oblasti ve\u0159ejn\u00e9ho prostoru v \u010cesk\u00e9 republice. Nen\u00e1siln\u011b vyb\u00edz\u00ed k reflexi sou\u010dasn\u00e9 doby, kdy je krajin\u00e1\u0159sk\u00e1 architektura v \u010cesk\u00e9 republice na postupn\u00e9m vzestupu, a kdy je na m\u00edst\u011b srovn\u00e1vat jej\u00ed v\u00fdsledky s oborov\u011b nejvysp\u011blej\u0161\u00edmi zem\u011bmi Evropy.<\/p>\n<div id=\"gallery-17-1\" class=\"gallery gallery-17\">\n<div class=\"gallery-row gallery-col-4 gallery-clear\">\n<figure class=\"gallery-item col-4\">\n<div class=\"gallery-icon \"><a href=\"http:\/\/landscape-festival.cz\/old\/en\/?attachment_id=98\"><img loading=\"lazy\" decoding=\"async\" class=\"attachment-thumbnail\" src=\"http:\/\/landscape-festival.cz\/old\/en\/wp-content\/uploads\/2014\/04\/01_mca-150x150.jpg\" alt=\"ateli\u00e9r mca \u2013 bastion XXXl\" width=\"150\" height=\"150\" \/><\/a><\/div><figcaption class=\"gallery-caption\">ateli\u00e9r mca \u2013 bastion XXXl<\/figcaption><\/figure>\n<figure class=\"gallery-item col-4\">\n<div class=\"gallery-icon \"><a href=\"http:\/\/landscape-festival.cz\/old\/en\/?attachment_id=96\"><img loading=\"lazy\" decoding=\"async\" class=\"attachment-thumbnail\" src=\"http:\/\/landscape-festival.cz\/old\/en\/wp-content\/uploads\/2014\/04\/03_pleskot-150x150.jpg\" alt=\"josef pleskot \u2013 jelen\u00ed p\u0159\u00edkop\" width=\"150\" height=\"150\" \/><\/a><\/div><figcaption class=\"gallery-caption\">josef pleskot \u2013 jelen\u00ed p\u0159\u00edkop<\/figcaption><\/figure>\n<figure class=\"gallery-item col-4\">\n<div class=\"gallery-icon \"><a href=\"http:\/\/landscape-festival.cz\/old\/en\/?attachment_id=97\"><img loading=\"lazy\" decoding=\"async\" class=\"attachment-thumbnail\" src=\"http:\/\/landscape-festival.cz\/old\/en\/wp-content\/uploads\/2014\/04\/04_CM-150x150.jpg\" alt=\"\u0161afr h\u00e1jek architekti \u2013 park malinov\u00e1-chrpov\u00e1\" width=\"150\" height=\"150\" \/><\/a><\/div><figcaption class=\"gallery-caption\">\u0161afr h\u00e1jek architekti \u2013 park malinov\u00e1-chrpov\u00e1<\/figcaption><\/figure>\n<figure class=\"gallery-item col-4\">\n<div class=\"gallery-icon \"><a href=\"http:\/\/landscape-festival.cz\/old\/en\/?attachment_id=95\"><img loading=\"lazy\" decoding=\"async\" class=\"attachment-thumbnail\" src=\"http:\/\/landscape-festival.cz\/old\/en\/wp-content\/uploads\/2014\/04\/05_cm-150x150.jpg\" alt=\"cigler marani \u2013 park chodov\" width=\"150\" height=\"150\" \/><\/a><\/div><figcaption class=\"gallery-caption\">cigler marani \u2013 park chodov<\/figcaption><\/figure>\n<\/div>\n<\/div>\n<p><strong>2\/ EUNIC Landscape architecture<\/strong><\/p>\n<p>lokalita\/ n\u00e1kladov\u00e9 n\u00e1dra\u017e\u00ed \u017ei\u017ekov<br \/>\nkur\u00e1to\u0159i\/ Renata Vrabelov\u00e1, Dan Merta<\/p>\n<p style=\"text-align: justify;\">V\u00fdstava p\u0159edstavuje 36 realizovan\u00fdch projekt\u016f z 18 evropsk\u00fdch zem\u00ed, p\u0159\u00edklady nov\u00fdch p\u0159\u00edstup\u016f k \u0159e\u0161en\u00ed, vn\u00edm\u00e1n\u00ed a u\u017e\u00edv\u00e1n\u00ed \u010dlov\u011bkem transformovan\u00e9ho prost\u0159ed\u00ed: rekultivace, rehabilitace opu\u0161t\u011bn\u00fdch \u010d\u00e1st\u00ed krajiny nebo pr\u016fmyslov\u00fdch \u00fazem\u00ed, urbanizace zanedban\u00fdch m\u011bstsk\u00fdch ve\u0159ejn\u00fdch prostor &#8211; v\u0161e pro nov\u00e9, p\u0159ev\u00e1\u017en\u011b rekrea\u010dn\u00ed funkce a sportovn\u00ed vy\u017eit\u00ed, pro setk\u00e1v\u00e1n\u00ed, kulturu a vzd\u011bl\u00e1v\u00e1n\u00ed.<\/p>\n<div id=\"gallery-17-2\" class=\"gallery gallery-17\">\n<div class=\"gallery-row gallery-col-4 gallery-clear\">\n<figure class=\"gallery-item col-4\">\n<div class=\"gallery-icon \"><a href=\"http:\/\/landscape-festival.cz\/old\/en\/wp-content\/uploads\/2014\/04\/eunic_web_1.jpg\" rel=\"lightbox\"><img loading=\"lazy\" decoding=\"async\" class=\"attachment-thumbnail\" src=\"http:\/\/landscape-festival.cz\/old\/en\/wp-content\/uploads\/2014\/04\/eunic_web_1-150x150.jpg\" alt=\"eunic_web_1\" width=\"150\" height=\"150\" \/><\/a><\/div>\n<\/figure>\n<figure class=\"gallery-item col-4\">\n<div class=\"gallery-icon \"><a href=\"http:\/\/landscape-festival.cz\/old\/en\/wp-content\/uploads\/2014\/04\/eunic_web_2.jpg\" rel=\"lightbox\"><img loading=\"lazy\" decoding=\"async\" class=\"attachment-thumbnail\" src=\"http:\/\/landscape-festival.cz\/old\/en\/wp-content\/uploads\/2014\/04\/eunic_web_2-150x150.jpg\" alt=\"eunic_web_2\" width=\"150\" height=\"150\" \/><\/a><\/div>\n<\/figure>\n<figure class=\"gallery-item col-4\">\n<div class=\"gallery-icon \"><a href=\"http:\/\/landscape-festival.cz\/old\/en\/wp-content\/uploads\/2014\/04\/EUNIC_PROJEKTY.jpg\" rel=\"lightbox\"><img loading=\"lazy\" decoding=\"async\" class=\"attachment-thumbnail\" src=\"http:\/\/landscape-festival.cz\/old\/en\/wp-content\/uploads\/2014\/04\/EUNIC_PROJEKTY-150x150.jpg\" alt=\"EUNIC_PROJEKTY.xlsx\" width=\"150\" height=\"150\" \/><\/a><\/div>\n<\/figure>\n<figure class=\"gallery-item col-4\">\n<div class=\"gallery-icon \"><a href=\"http:\/\/landscape-festival.cz\/old\/en\/wp-content\/uploads\/2014\/04\/zelena.jpg\" rel=\"lightbox\"><img loading=\"lazy\" decoding=\"async\" class=\"attachment-thumbnail\" src=\"http:\/\/landscape-festival.cz\/old\/en\/wp-content\/uploads\/2014\/04\/zelena-150x150.jpg\" alt=\"zelena\" width=\"150\" height=\"150\" \/><\/a><\/div>\n<\/figure>\n<\/div>\n<div class=\"gallery-row gallery-col-4 gallery-clear\">\n<figure class=\"gallery-item col-4\">\n<div class=\"gallery-icon \"><a href=\"http:\/\/landscape-festival.cz\/old\/en\/wp-content\/uploads\/2014\/04\/vlajka_rakousko1.png\" rel=\"lightbox\"><img loading=\"lazy\" decoding=\"async\" class=\"attachment-thumbnail\" src=\"http:\/\/landscape-festival.cz\/old\/en\/wp-content\/uploads\/2014\/04\/vlajka_rakousko1-150x150.png\" alt=\"AUSTRIA\" width=\"150\" height=\"150\" \/><\/a><\/div><figcaption class=\"gallery-caption\">AUSTRIA<\/figcaption><\/figure>\n<figure class=\"gallery-item col-4\">\n<div class=\"gallery-icon \"><a href=\"http:\/\/landscape-festival.cz\/old\/en\/wp-content\/uploads\/2014\/04\/Lackenbach.jpg\" rel=\"lightbox\"><img loading=\"lazy\" decoding=\"async\" class=\"attachment-thumbnail\" src=\"http:\/\/landscape-festival.cz\/old\/en\/wp-content\/uploads\/2014\/04\/Lackenbach-150x150.jpg\" alt=\"ARBORETUM LACKENBACH 3:0 Landscape Architects foto \/ photo \u00a9 Hertha Hurnaus\" width=\"150\" height=\"150\" \/><\/a><\/div><figcaption class=\"gallery-caption\">ARBORETUM LACKENBACH 3:0 Landscape Architects foto \/ photo \u00a9 Hertha Hurnaus<\/figcaption><\/figure>\n<figure class=\"gallery-item col-4\">\n<div class=\"gallery-icon \"><a href=\"http:\/\/landscape-festival.cz\/old\/en\/wp-content\/uploads\/2014\/04\/104_K32.jpg\" rel=\"lightbox\"><img loading=\"lazy\" decoding=\"async\" class=\"attachment-thumbnail\" src=\"http:\/\/landscape-festival.cz\/old\/en\/wp-content\/uploads\/2014\/04\/104_K32-150x150.jpg\" alt=\"ROM, OPEN AIR FESTIVAL ARENA AllesWirdGut Architektur foto \/ photo \u00a9 Hertha Hurnaus\" width=\"150\" height=\"150\" \/><\/a><\/div><figcaption class=\"gallery-caption\">ROM, OPEN AIR FESTIVAL ARENA AllesWirdGut Architektur foto \/ photo \u00a9 Hertha Hurnaus<\/figcaption><\/figure>\n<figure class=\"gallery-item col-4\">\n<div class=\"gallery-icon \"><a href=\"http:\/\/landscape-festival.cz\/old\/en\/wp-content\/uploads\/2014\/04\/E_Wallnofer.jpg\" rel=\"lightbox\"><img loading=\"lazy\" decoding=\"async\" class=\"attachment-thumbnail\" src=\"http:\/\/landscape-festival.cz\/old\/en\/wp-content\/uploads\/2014\/04\/E_Wallnofer-150x150.jpg\" alt=\"Eduard Walln\u00f6fer Square  LAAC Architects foto \/ photo \u00a9 G\u00fcnter Richard Wett\" width=\"150\" height=\"150\" \/><\/a><\/div><figcaption class=\"gallery-caption\">Eduard Walln\u00f6fer Square LAAC Architects foto \/ photo \u00a9 G\u00fcnter Richard Wett<\/figcaption><\/figure>\n<\/div>\n<div class=\"gallery-row gallery-col-4 gallery-clear\">\n<figure class=\"gallery-item col-4\">\n<div class=\"gallery-icon \"><a href=\"http:\/\/landscape-festival.cz\/old\/en\/wp-content\/uploads\/2014\/04\/vlajka_ceska_republika.png\" rel=\"lightbox\"><img loading=\"lazy\" decoding=\"async\" class=\"attachment-thumbnail\" src=\"http:\/\/landscape-festival.cz\/old\/en\/wp-content\/uploads\/2014\/04\/vlajka_ceska_republika-150x150.png\" alt=\"CZECH REPUBLIC\" width=\"150\" height=\"150\" \/><\/a><\/div><figcaption class=\"gallery-caption\">CZECH REPUBLIC<\/figcaption><\/figure>\n<figure class=\"gallery-item col-4\">\n<div class=\"gallery-icon \"><a href=\"http:\/\/landscape-festival.cz\/old\/en\/wp-content\/uploads\/2014\/04\/Bastion.png\" rel=\"lightbox\"><img loading=\"lazy\" decoding=\"async\" class=\"attachment-thumbnail\" src=\"http:\/\/landscape-festival.cz\/old\/en\/wp-content\/uploads\/2014\/04\/Bastion-150x150.png\" alt=\"Bastion XXXI  at the Wayside Cross MCA atelier, Miroslav Cik\u00e1n, Pavla Melkov\u00e1, photo \u00a9 Filip \u0160lapal\" width=\"150\" height=\"150\" \/><\/a><\/div><figcaption class=\"gallery-caption\">Bastion XXXI at the Wayside Cross MCA atelier, Miroslav Cik\u00e1n, Pavla Melkov\u00e1, photo \u00a9 Filip \u0160lapal<\/figcaption><\/figure>\n<figure class=\"gallery-item col-4\">\n<div class=\"gallery-icon \"><a href=\"http:\/\/landscape-festival.cz\/old\/en\/wp-content\/uploads\/2014\/04\/Locna_LR.jpg\" rel=\"lightbox\"><img loading=\"lazy\" decoding=\"async\" class=\"attachment-thumbnail\" src=\"http:\/\/landscape-festival.cz\/old\/en\/wp-content\/uploads\/2014\/04\/Locna_LR-150x150.jpg\" alt=\"Modification of the Lou\u010dn\u00e1 river embankment Josef Pleskot, AP Atelier foto \/ photo \u00a9 Jan Mal\u00fd\" width=\"150\" height=\"150\" \/><\/a><\/div><figcaption class=\"gallery-caption\">Modification of the Lou\u010dn\u00e1 river embankment Josef Pleskot, AP Atelier foto \/ photo \u00a9 Jan Mal\u00fd<\/figcaption><\/figure>\n<figure class=\"gallery-item col-4\">\n<div class=\"gallery-icon \"><a href=\"http:\/\/landscape-festival.cz\/old\/en\/wp-content\/uploads\/2014\/04\/CTP_Spielber_1.jpg\" rel=\"lightbox\"><img loading=\"lazy\" decoding=\"async\" class=\"attachment-thumbnail\" src=\"http:\/\/landscape-festival.cz\/old\/en\/wp-content\/uploads\/2014\/04\/CTP_Spielber_1-150x150.jpg\" alt=\"Spielberk Office Park V\u00e1clav Hlav\u00e1\u010dek, Ben Hoek \/ Studio Acht Architects Studio Acht Architects Lodewijk Baljon Landscape Architects foto \/ photo \u00a9 CTP Invest\" width=\"150\" height=\"150\" \/><\/a><\/div><figcaption class=\"gallery-caption\">Spielberk Office Park V\u00e1clav Hlav\u00e1\u010dek, Ben Hoek \/ Studio Acht Architects Studio Acht Architects Lodewijk Baljon Landscape Architects foto \/ photo \u00a9 CTP Invest<\/figcaption><\/figure>\n<\/div>\n<div class=\"gallery-row gallery-col-4 gallery-clear\">\n<figure class=\"gallery-item col-4\">\n<div class=\"gallery-icon \"><a href=\"http:\/\/landscape-festival.cz\/old\/en\/wp-content\/uploads\/2014\/04\/vlajka_dansko.png\" rel=\"lightbox\"><img loading=\"lazy\" decoding=\"async\" class=\"attachment-thumbnail\" src=\"http:\/\/landscape-festival.cz\/old\/en\/wp-content\/uploads\/2014\/04\/vlajka_dansko-150x150.png\" alt=\"DENMARK\" width=\"150\" height=\"150\" \/><\/a><\/div><figcaption class=\"gallery-caption\">DENMARK<\/figcaption><\/figure>\n<figure class=\"gallery-item col-4\">\n<div class=\"gallery-icon \"><a href=\"http:\/\/landscape-festival.cz\/old\/en\/wp-content\/uploads\/2014\/04\/Lemvig_SkatePark_LR.jpg\" rel=\"lightbox\"><img loading=\"lazy\" decoding=\"async\" class=\"attachment-thumbnail\" src=\"http:\/\/landscape-festival.cz\/old\/en\/wp-content\/uploads\/2014\/04\/Lemvig_SkatePark_LR-150x150.jpg\" alt=\"LEMVIG SKATEPARK EFFEKT  photo \u00a9 Mads Krabbe &amp; EFFEKT\" width=\"150\" height=\"150\" \/><\/a><\/div><figcaption class=\"gallery-caption\">LEMVIG SKATEPARK EFFEKT photo \u00a9 Mads Krabbe &amp; EFFEKT<\/figcaption><\/figure>\n<figure class=\"gallery-item col-4\">\n<div class=\"gallery-icon \"><a href=\"http:\/\/landscape-festival.cz\/old\/en\/wp-content\/uploads\/2014\/04\/RIBE_web_LR.jpg\" rel=\"lightbox\"><img loading=\"lazy\" decoding=\"async\" class=\"attachment-thumbnail\" src=\"http:\/\/landscape-festival.cz\/old\/en\/wp-content\/uploads\/2014\/04\/RIBE_web_LR-150x150.jpg\" alt=\"RIBE CATHEDRAL SQUARE Sch\u00f8nherr, photo \u00a9 Jens Lindhe\" width=\"150\" height=\"150\" \/><\/a><\/div><figcaption class=\"gallery-caption\">RIBE CATHEDRAL SQUARE Sch\u00f8nherr, photo \u00a9 Jens Lindhe<\/figcaption><\/figure>\n<figure class=\"gallery-item col-4\">\n<div class=\"gallery-icon \"><a href=\"http:\/\/landscape-festival.cz\/old\/en\/wp-content\/uploads\/2014\/04\/SUK_Image-by-Iwan-Baan_11small.jpg\" rel=\"lightbox\"><img loading=\"lazy\" decoding=\"async\" class=\"attachment-thumbnail\" src=\"http:\/\/landscape-festival.cz\/old\/en\/wp-content\/uploads\/2014\/04\/SUK_Image-by-Iwan-Baan_11small-150x150.jpg\" alt=\"SUPERKILEN TOPOTEK 1, BIG Architects, Superflex foto \/ photo \u00a9 Iwan Baan\" width=\"150\" height=\"150\" \/><\/a><\/div><figcaption class=\"gallery-caption\">SUPERKILEN TOPOTEK 1, BIG Architects, Superflex foto \/ photo \u00a9 Iwan Baan<\/figcaption><\/figure>\n<\/div>\n<div class=\"gallery-row gallery-col-4 gallery-clear\">\n<figure class=\"gallery-item col-4\">\n<div class=\"gallery-icon \"><a href=\"http:\/\/landscape-festival.cz\/old\/en\/wp-content\/uploads\/2014\/04\/vlajka_nemecko1.png\" rel=\"lightbox\"><img loading=\"lazy\" decoding=\"async\" class=\"attachment-thumbnail\" src=\"http:\/\/landscape-festival.cz\/old\/en\/wp-content\/uploads\/2014\/04\/vlajka_nemecko1-150x150.png\" alt=\"GERMANY\" width=\"150\" height=\"150\" \/><\/a><\/div><figcaption class=\"gallery-caption\">GERMANY<\/figcaption><\/figure>\n<figure class=\"gallery-item col-4\">\n<div class=\"gallery-icon \"><a href=\"http:\/\/landscape-festival.cz\/old\/en\/wp-content\/uploads\/2014\/04\/Playground_01_MAIN.jpg\" rel=\"lightbox\"><img loading=\"lazy\" decoding=\"async\" class=\"attachment-thumbnail\" src=\"http:\/\/landscape-festival.cz\/old\/en\/wp-content\/uploads\/2014\/04\/Playground_01_MAIN-150x150.jpg\" alt=\"BUGA, Zahrada s\u00edly 10-4 \/ Garden to the Power of 10-4 Rainer Schmidt Landscape Architects foto \/ photo \u00a9 Stephan M\u00fcller-Naumann, Andreas Gebert\" width=\"150\" height=\"150\" \/><\/a><\/div><figcaption class=\"gallery-caption\">BUGA, Zahrada s\u00edly 10-4 \/ Garden to the Power of 10-4 Rainer Schmidt Landscape Architects foto \/ photo \u00a9 Stephan M\u00fcller-Naumann, Andreas Gebert<\/figcaption><\/figure>\n<figure class=\"gallery-item col-4\">\n<div class=\"gallery-icon \"><a href=\"http:\/\/landscape-festival.cz\/old\/en\/wp-content\/uploads\/2014\/04\/ZuckerplateaucLichtschwaermer_MG_0128_SMALL.jpg\" rel=\"lightbox\"><img loading=\"lazy\" decoding=\"async\" class=\"attachment-thumbnail\" src=\"http:\/\/landscape-festival.cz\/old\/en\/wp-content\/uploads\/2014\/04\/ZuckerplateaucLichtschwaermer_MG_0128_SMALL-150x150.jpg\" alt=\"Park na \u0159ece Loebauer Wasser \/ Park on Loebauer Wasser River Hutterreimann Landschaftsarchitektur foto \/ photo \u00a9 Christo Libuda\" width=\"150\" height=\"150\" \/><\/a><\/div><figcaption class=\"gallery-caption\">Park na \u0159ece Loebauer Wasser \/ Park on Loebauer Wasser River Hutterreimann Landschaftsarchitektur foto \/ photo \u00a9 Christo Libuda<\/figcaption><\/figure>\n<figure class=\"gallery-item col-4\">\n<div class=\"gallery-icon \"><a href=\"http:\/\/landscape-festival.cz\/old\/en\/wp-content\/uploads\/2014\/04\/A24joosten_DSC6543_small.jpg\" rel=\"lightbox\"><img loading=\"lazy\" decoding=\"async\" class=\"attachment-thumbnail\" src=\"http:\/\/landscape-festival.cz\/old\/en\/wp-content\/uploads\/2014\/04\/A24joosten_DSC6543_small-150x150.jpg\" alt=\"Mangfallpark A24 Landschaft; Steffan Robel, Joachim Swillus foto \/ photo \u00a9 Hanns Joosten\" width=\"150\" height=\"150\" \/><\/a><\/div><figcaption class=\"gallery-caption\">Mangfallpark A24 Landschaft; Steffan Robel, Joachim Swillus foto \/ photo \u00a9 Hanns Joosten<\/figcaption><\/figure>\n<\/div>\n<div class=\"gallery-row gallery-col-4 gallery-clear\">\n<figure class=\"gallery-item col-4\">\n<div class=\"gallery-icon \"><a href=\"http:\/\/landscape-festival.cz\/old\/en\/wp-content\/uploads\/2014\/04\/vlajka_nizozemsko1.png\" rel=\"lightbox\"><img loading=\"lazy\" decoding=\"async\" class=\"attachment-thumbnail\" src=\"http:\/\/landscape-festival.cz\/old\/en\/wp-content\/uploads\/2014\/04\/vlajka_nizozemsko1-150x150.png\" alt=\"NETHERLANDS\" width=\"150\" height=\"150\" \/><\/a><\/div><figcaption class=\"gallery-caption\">NETHERLANDS<\/figcaption><\/figure>\n<figure class=\"gallery-item col-4\">\n<div class=\"gallery-icon \"><a href=\"http:\/\/landscape-festival.cz\/old\/en\/wp-content\/uploads\/2014\/04\/Aerialphoto_small.jpg\" rel=\"lightbox\"><img loading=\"lazy\" decoding=\"async\" class=\"attachment-thumbnail\" src=\"http:\/\/landscape-festival.cz\/old\/en\/wp-content\/uploads\/2014\/04\/Aerialphoto_small-150x150.jpg\" alt=\"Park Luny \/ Park of Luna DRFTWD Office Associates and HOSPER foto \/ photo \u00a9 Aerophoto Schiphol b.v. Jan Tuijp\" width=\"150\" height=\"150\" \/><\/a><\/div><figcaption class=\"gallery-caption\">Park Luny \/ Park of Luna DRFTWD Office Associates and HOSPER foto \/ photo \u00a9 Aerophoto Schiphol b.v. Jan Tuijp<\/figcaption><\/figure>\n<figure class=\"gallery-item col-4\">\n<div class=\"gallery-icon \"><a href=\"http:\/\/landscape-festival.cz\/old\/en\/wp-content\/uploads\/2014\/04\/Mandela-Park-11-Copyright-Fran%C3%A7ois-Hendrickx_small.jpg\" rel=\"lightbox\"><img loading=\"lazy\" decoding=\"async\" class=\"attachment-thumbnail\" src=\"http:\/\/landscape-festival.cz\/old\/en\/wp-content\/uploads\/2014\/04\/Mandela-Park-11-Copyright-Fran%C3%A7ois-Hendrickx_small-150x150.jpg\" alt=\"MANDELA PARK Karres en Brands foto \/ photo \u00a9 Fran\u00e7ois Hendrickx\" width=\"150\" height=\"150\" \/><\/a><\/div><figcaption class=\"gallery-caption\">MANDELA PARK Karres en Brands foto \/ photo \u00a9 Fran\u00e7ois Hendrickx<\/figcaption><\/figure>\n<figure class=\"gallery-item col-4\">\n<div class=\"gallery-icon \"><a href=\"http:\/\/landscape-festival.cz\/old\/en\/wp-content\/uploads\/2014\/04\/Buro-Lubbers_-Mathildeplein_photo-01_small.jpg\" rel=\"lightbox\"><img loading=\"lazy\" decoding=\"async\" class=\"attachment-thumbnail\" src=\"http:\/\/landscape-festival.cz\/old\/en\/wp-content\/uploads\/2014\/04\/Buro-Lubbers_-Mathildeplein_photo-01_small-150x150.jpg\" alt=\"Mathildeplein Buro Lubbers. foto \/ photo \u00a9 Buro Lubbers\" width=\"150\" height=\"150\" \/><\/a><\/div><figcaption class=\"gallery-caption\">Mathildeplein Buro Lubbers. foto \/ photo \u00a9 Buro Lubbers<\/figcaption><\/figure>\n<\/div>\n<div class=\"gallery-row gallery-col-4 gallery-clear\">\n<figure class=\"gallery-item col-4\">\n<div class=\"gallery-icon \"><a href=\"http:\/\/landscape-festival.cz\/old\/en\/wp-content\/uploads\/2014\/04\/vlajka_norsko1.png\" rel=\"lightbox\"><img loading=\"lazy\" decoding=\"async\" class=\"attachment-thumbnail\" src=\"http:\/\/landscape-festival.cz\/old\/en\/wp-content\/uploads\/2014\/04\/vlajka_norsko1-150x150.png\" alt=\"NORWAY\" width=\"150\" height=\"150\" \/><\/a><\/div><figcaption class=\"gallery-caption\">NORWAY<\/figcaption><\/figure>\n<figure class=\"gallery-item col-4\">\n<div class=\"gallery-icon \"><a href=\"http:\/\/landscape-festival.cz\/old\/en\/wp-content\/uploads\/2014\/04\/PasiAalto-20110923-00038-Edit_small.jpg\" rel=\"lightbox\"><img loading=\"lazy\" decoding=\"async\" class=\"attachment-thumbnail\" src=\"http:\/\/landscape-festival.cz\/old\/en\/wp-content\/uploads\/2014\/04\/PasiAalto-20110923-00038-Edit_small-150x150.jpg\" alt=\"ARBORETUM Gj\u00f8vik Rintala Eggertsson Architects foto \/ photo \u00a9 Pasi Aalto\" width=\"150\" height=\"150\" \/><\/a><\/div><figcaption class=\"gallery-caption\">ARBORETUM Gj\u00f8vik Rintala Eggertsson Architects foto \/ photo \u00a9 Pasi Aalto<\/figcaption><\/figure>\n<figure class=\"gallery-item col-4\">\n<div class=\"gallery-icon \"><a href=\"http:\/\/landscape-festival.cz\/old\/en\/wp-content\/uploads\/2014\/04\/Askerdammen.111.jpg\" rel=\"lightbox\"><img loading=\"lazy\" decoding=\"async\" class=\"attachment-thumbnail\" src=\"http:\/\/landscape-festival.cz\/old\/en\/wp-content\/uploads\/2014\/04\/Askerdammen.111-150x150.jpg\" alt=\"Askerdammen Tegn_3 AS foto \/ photo \u00a9 Ji\u0159\u00ed Havran\" width=\"150\" height=\"150\" \/><\/a><\/div><figcaption class=\"gallery-caption\">Askerdammen Tegn_3 AS foto \/ photo \u00a9 Ji\u0159\u00ed Havran<\/figcaption><\/figure>\n<figure class=\"gallery-item col-4\">\n<div class=\"gallery-icon \"><a href=\"http:\/\/landscape-festival.cz\/old\/en\/wp-content\/uploads\/2014\/04\/Trollstigen.2012.65_small.jpg\" rel=\"lightbox\"><img loading=\"lazy\" decoding=\"async\" class=\"attachment-thumbnail\" src=\"http:\/\/landscape-festival.cz\/old\/en\/wp-content\/uploads\/2014\/04\/Trollstigen.2012.65_small-150x150.jpg\" alt=\"Askerdammen Tegn_3 AS foto \/ photo \u00a9 Ji\u0159\u00ed Havran\" width=\"150\" height=\"150\" \/><\/a><\/div><figcaption class=\"gallery-caption\">Askerdammen Tegn_3 AS foto \/ photo \u00a9 Ji\u0159\u00ed Havran<\/figcaption><\/figure>\n<\/div>\n<div class=\"gallery-row gallery-col-4 gallery-clear\">\n<figure class=\"gallery-item col-4\">\n<div class=\"gallery-icon \"><a href=\"http:\/\/landscape-festival.cz\/old\/en\/wp-content\/uploads\/2014\/04\/vlajka_rumunsko1.png\" rel=\"lightbox\"><img loading=\"lazy\" decoding=\"async\" class=\"attachment-thumbnail\" src=\"http:\/\/landscape-festival.cz\/old\/en\/wp-content\/uploads\/2014\/04\/vlajka_rumunsko1-150x150.png\" alt=\"ROMANIA\" width=\"150\" height=\"150\" \/><\/a><\/div><figcaption class=\"gallery-caption\">ROMANIA<\/figcaption><\/figure>\n<figure class=\"gallery-item col-4\">\n<div class=\"gallery-icon \"><a href=\"http:\/\/landscape-festival.cz\/old\/en\/wp-content\/uploads\/2014\/04\/Malaxa-enterprise1.jpg\" rel=\"lightbox\"><img loading=\"lazy\" decoding=\"async\" class=\"attachment-thumbnail\" src=\"http:\/\/landscape-festival.cz\/old\/en\/wp-content\/uploads\/2014\/04\/Malaxa-enterprise1-150x150.jpg\" alt=\"Z\u00c1VOD MALAXA \/ MALAXA ENTERPRISE Ohro\u017een\u00e9 pr\u016fmyslov\u00e9 oblasti \/ Industrial sites in danger \u00a9 Horia Creanga\" width=\"150\" height=\"150\" \/><\/a><\/div><figcaption class=\"gallery-caption\">Z\u00c1VOD MALAXA \/ MALAXA ENTERPRISE Ohro\u017een\u00e9 pr\u016fmyslov\u00e9 oblasti \/ Industrial sites in danger \u00a9 Horia Creanga<\/figcaption><\/figure>\n<figure class=\"gallery-item col-4\">\n<div class=\"gallery-icon \"><a href=\"http:\/\/landscape-festival.cz\/old\/en\/wp-content\/uploads\/2014\/04\/Ioana-Georgescu1.jpg\" rel=\"lightbox\"><img loading=\"lazy\" decoding=\"async\" class=\"attachment-thumbnail\" src=\"http:\/\/landscape-festival.cz\/old\/en\/wp-content\/uploads\/2014\/04\/Ioana-Georgescu1-150x150.jpg\" alt=\"P\u0158EM\u011aNA TOV\u00c1RNY \/ CONVERSION OF THE FACTORY N\u00e1vrhy pro budoucnost \/ Proposals for the future Tomnita Florescu\" width=\"150\" height=\"150\" \/><\/a><\/div><figcaption class=\"gallery-caption\">P\u0158EM\u011aNA TOV\u00c1RNY \/ CONVERSION OF THE FACTORY N\u00e1vrhy pro budoucnost \/ Proposals for the future Tomnita Florescu<\/figcaption><\/figure>\n<figure class=\"gallery-item col-4\">\n<div class=\"gallery-icon \"><a href=\"http:\/\/landscape-festival.cz\/old\/en\/wp-content\/uploads\/2014\/04\/ARK_LR1.jpg\" rel=\"lightbox\"><img loading=\"lazy\" decoding=\"async\" class=\"attachment-thumbnail\" src=\"http:\/\/landscape-festival.cz\/old\/en\/wp-content\/uploads\/2014\/04\/ARK_LR1-150x150.jpg\" alt=\"ARK \u2013 KULTURN\u00cd CENTRUM \/ CULTURAL CENTRE Z\u00e1chr\u00e1n\u011bn\u00e9 pr\u016fmyslov\u00e9 oblasti \/ Saved industrial sites RE-ACT NOW! Studio; Mario Kuibus, Doru Frolu&amp;Comp\" width=\"150\" height=\"150\" \/><\/a><\/div><figcaption class=\"gallery-caption\">ARK \u2013 KULTURN\u00cd CENTRUM \/ CULTURAL CENTRE Z\u00e1chr\u00e1n\u011bn\u00e9 pr\u016fmyslov\u00e9 oblasti \/ Saved industrial sites RE-ACT NOW! Studio; Mario Kuibus, Doru Frolu&amp;Comp<\/figcaption><\/figure>\n<\/div>\n<div class=\"gallery-row gallery-col-4 gallery-clear\">\n<figure class=\"gallery-item col-4\">\n<div class=\"gallery-icon \"><a href=\"http:\/\/landscape-festival.cz\/old\/en\/wp-content\/uploads\/2014\/04\/vlajka_slovensko1.png\" rel=\"lightbox\"><img loading=\"lazy\" decoding=\"async\" class=\"attachment-thumbnail\" src=\"http:\/\/landscape-festival.cz\/old\/en\/wp-content\/uploads\/2014\/04\/vlajka_slovensko1-150x150.png\" alt=\"SLOVAKIA\" width=\"150\" height=\"150\" \/><\/a><\/div><figcaption class=\"gallery-caption\">SLOVAKIA<\/figcaption><\/figure>\n<figure class=\"gallery-item col-4\">\n<div class=\"gallery-icon \"><a href=\"http:\/\/landscape-festival.cz\/old\/en\/wp-content\/uploads\/2014\/04\/DSCN55971.jpg\" rel=\"lightbox\"><img loading=\"lazy\" decoding=\"async\" class=\"attachment-thumbnail\" src=\"http:\/\/landscape-festival.cz\/old\/en\/wp-content\/uploads\/2014\/04\/DSCN55971-150x150.jpg\" alt=\"B\u00fdval\u00fd vojensk\u00fd h\u0159bitov \/ Former Military Cemetery Imrich Pu\u0161k\u00e1r, M\u00e1ria Ban\u00edkov\u00e1, Katar\u00edna Serbinov\u00e1 foto \/ photo \u00a9 Katar\u00edna Serbinov\u00e1\" width=\"150\" height=\"150\" \/><\/a><\/div><figcaption class=\"gallery-caption\">B\u00fdval\u00fd vojensk\u00fd h\u0159bitov \/ Former Military Cemetery Imrich Pu\u0161k\u00e1r, M\u00e1ria Ban\u00edkov\u00e1, Katar\u00edna Serbinov\u00e1 foto \/ photo \u00a9 Katar\u00edna Serbinov\u00e1<\/figcaption><\/figure>\n<figure class=\"gallery-item col-4\">\n<div class=\"gallery-icon \"><a href=\"http:\/\/landscape-festival.cz\/old\/en\/wp-content\/uploads\/2014\/04\/EMBASSY_LR1.png\" rel=\"lightbox\"><img loading=\"lazy\" decoding=\"async\" class=\"attachment-thumbnail\" src=\"http:\/\/landscape-festival.cz\/old\/en\/wp-content\/uploads\/2014\/04\/EMBASSY_LR1-150x150.png\" alt=\"Venkovn\u00ed prostory rezidence ambasadora \/ Open Spaces of the Residence of Ambassador TOPOTEK 1 foto \/ photo \u00a9 Hanns Joosten\" width=\"150\" height=\"150\" \/><\/a><\/div><figcaption class=\"gallery-caption\">Venkovn\u00ed prostory rezidence ambasadora \/ Open Spaces of the Residence of Ambassador TOPOTEK 1 foto \/ photo \u00a9 Hanns Joosten<\/figcaption><\/figure>\n<figure class=\"gallery-item col-4\">\n<div class=\"gallery-icon \"><a href=\"http:\/\/landscape-festival.cz\/old\/en\/wp-content\/uploads\/2014\/04\/Kasarne_LR1.jpg\" rel=\"lightbox\"><img loading=\"lazy\" decoding=\"async\" class=\"attachment-thumbnail\" src=\"http:\/\/landscape-festival.cz\/old\/en\/wp-content\/uploads\/2014\/04\/Kasarne_LR1-150x150.jpg\" alt=\"Kas\u00e1rne \u2013 Kulturpark \/ Culture Park zerozero architekti foto \/ photo \u00a9 Kocan\" width=\"150\" height=\"150\" \/><\/a><\/div><figcaption class=\"gallery-caption\">Kas\u00e1rne \u2013 Kulturpark \/ Culture Park zerozero architekti foto \/ photo \u00a9 Kocan<\/figcaption><\/figure>\n<\/div>\n<div class=\"gallery-row gallery-col-4 gallery-clear\">\n<figure class=\"gallery-item col-4\">\n<div class=\"gallery-icon \"><a href=\"http:\/\/landscape-festival.cz\/old\/en\/wp-content\/uploads\/2014\/04\/vlajka_belgie1.png\" rel=\"lightbox\"><img loading=\"lazy\" decoding=\"async\" class=\"attachment-thumbnail\" src=\"http:\/\/landscape-festival.cz\/old\/en\/wp-content\/uploads\/2014\/04\/vlajka_belgie1-150x150.png\" alt=\"BELGIUM\" width=\"150\" height=\"150\" \/><\/a><\/div><figcaption class=\"gallery-caption\">BELGIUM<\/figcaption><\/figure>\n<figure class=\"gallery-item col-4\">\n<div class=\"gallery-icon \"><a href=\"http:\/\/landscape-festival.cz\/old\/en\/wp-content\/uploads\/2014\/04\/Sandworm_LR1.jpg\" rel=\"lightbox\"><img loading=\"lazy\" decoding=\"async\" class=\"attachment-thumbnail\" src=\"http:\/\/landscape-festival.cz\/old\/en\/wp-content\/uploads\/2014\/04\/Sandworm_LR1-150x150.jpg\" alt=\"SANDWORM Beaufort 04 \u2013 Trien\u00e1le sou\u010dasn\u00e9ho um\u011bn\u00ed \/ Triennial of Contemporary Art Marco Casagrande foto \/ photo \u00a9 Nikita Wu\" width=\"150\" height=\"150\" \/><\/a><\/div><figcaption class=\"gallery-caption\">SANDWORM Beaufort 04 \u2013 Trien\u00e1le sou\u010dasn\u00e9ho um\u011bn\u00ed \/ Triennial of Contemporary Art Marco Casagrande foto \/ photo \u00a9 Nikita Wu<\/figcaption><\/figure>\n<figure class=\"gallery-item col-4\">\n<div class=\"gallery-icon \"><a href=\"http:\/\/landscape-festival.cz\/old\/en\/wp-content\/uploads\/2014\/04\/GENK_LR1.jpg\" rel=\"lightbox\"><img loading=\"lazy\" decoding=\"async\" class=\"attachment-thumbnail\" src=\"http:\/\/landscape-festival.cz\/old\/en\/wp-content\/uploads\/2014\/04\/GENK_LR1-150x150.jpg\" alt=\"Genk C-mine HOSPER foto \/ photo \u00a9 Pieter Kers\" width=\"150\" height=\"150\" \/><\/a><\/div><figcaption class=\"gallery-caption\">Genk C-mine HOSPER foto \/ photo \u00a9 Pieter Kers<\/figcaption><\/figure>\n<figure class=\"gallery-item col-4\">\n<div class=\"gallery-icon \"><a href=\"http:\/\/landscape-festival.cz\/old\/en\/wp-content\/uploads\/2014\/04\/Boekenberg_LR1.jpg\" rel=\"lightbox\"><img loading=\"lazy\" decoding=\"async\" class=\"attachment-thumbnail\" src=\"http:\/\/landscape-festival.cz\/old\/en\/wp-content\/uploads\/2014\/04\/Boekenberg_LR1-150x150.jpg\" alt=\"Boekenberg Park OMGEVING foto \/ photo \u00a9 OMGEVING\" width=\"150\" height=\"150\" \/><\/a><\/div><figcaption class=\"gallery-caption\">Boekenberg Park OMGEVING foto \/ photo \u00a9 OMGEVING<\/figcaption><\/figure>\n<\/div>\n<div class=\"gallery-row gallery-col-4 gallery-clear\">\n<figure class=\"gallery-item col-4\">\n<div class=\"gallery-icon \"><a href=\"http:\/\/landscape-festival.cz\/old\/en\/wp-content\/uploads\/2014\/04\/vlajka_francie1.png\" rel=\"lightbox\"><img loading=\"lazy\" decoding=\"async\" class=\"attachment-thumbnail\" src=\"http:\/\/landscape-festival.cz\/old\/en\/wp-content\/uploads\/2014\/04\/vlajka_francie1-150x150.png\" alt=\"FRANCE\" width=\"150\" height=\"150\" \/><\/a><\/div><figcaption class=\"gallery-caption\">FRANCE<\/figcaption><\/figure>\n<figure class=\"gallery-item col-4\">\n<div class=\"gallery-icon \"><a href=\"http:\/\/landscape-festival.cz\/old\/en\/wp-content\/uploads\/2014\/04\/Gainsbourg1.jpg\" rel=\"lightbox\"><img loading=\"lazy\" decoding=\"async\" class=\"attachment-thumbnail\" src=\"http:\/\/landscape-festival.cz\/old\/en\/wp-content\/uploads\/2014\/04\/Gainsbourg1-150x150.jpg\" alt=\"Serge Gainsbourg Garden Territoires text \/ photo \u00a9 Territoires\" width=\"150\" height=\"150\" \/><\/a><\/div><figcaption class=\"gallery-caption\">Serge Gainsbourg Garden Territoires text \/ photo \u00a9 Territoires<\/figcaption><\/figure>\n<figure class=\"gallery-item col-4\">\n<div class=\"gallery-icon \"><a href=\"http:\/\/landscape-festival.cz\/old\/en\/wp-content\/uploads\/2014\/04\/vlajka_izrael1.png\" rel=\"lightbox\"><img loading=\"lazy\" decoding=\"async\" class=\"attachment-thumbnail\" src=\"http:\/\/landscape-festival.cz\/old\/en\/wp-content\/uploads\/2014\/04\/vlajka_izrael1-150x150.png\" alt=\"ISRAEL\" width=\"150\" height=\"150\" \/><\/a><\/div><figcaption class=\"gallery-caption\">ISRAEL<\/figcaption><\/figure>\n<figure class=\"gallery-item col-4\">\n<div class=\"gallery-icon \"><a href=\"http:\/\/landscape-festival.cz\/old\/en\/wp-content\/uploads\/2014\/04\/Tel_Aviv_LR1.jpg\" rel=\"lightbox\"><img loading=\"lazy\" decoding=\"async\" class=\"attachment-thumbnail\" src=\"http:\/\/landscape-festival.cz\/old\/en\/wp-content\/uploads\/2014\/04\/Tel_Aviv_LR1-150x150.jpg\" alt=\"Tel Aviv Waterfront Mayslits Kassif Architects foto \/ photo \u00a9 Aviad Bar Ness\" width=\"150\" height=\"150\" \/><\/a><\/div><figcaption class=\"gallery-caption\">Tel Aviv Waterfront Mayslits Kassif Architects foto \/ photo \u00a9 Aviad Bar Ness<\/figcaption><\/figure>\n<\/div>\n<div class=\"gallery-row gallery-col-4 gallery-clear\">\n<figure class=\"gallery-item col-4\">\n<div class=\"gallery-icon \"><a href=\"http:\/\/landscape-festival.cz\/old\/en\/wp-content\/uploads\/2014\/04\/vlajka_lucembursko1.png\" rel=\"lightbox\"><img loading=\"lazy\" decoding=\"async\" class=\"attachment-thumbnail\" src=\"http:\/\/landscape-festival.cz\/old\/en\/wp-content\/uploads\/2014\/04\/vlajka_lucembursko1-150x150.png\" alt=\"LUXEMBOURG\" width=\"150\" height=\"150\" \/><\/a><\/div><figcaption class=\"gallery-caption\">LUXEMBOURG<\/figcaption><\/figure>\n<figure class=\"gallery-item col-4\">\n<div class=\"gallery-icon \"><a href=\"http:\/\/landscape-festival.cz\/old\/en\/wp-content\/uploads\/2014\/04\/KIRCHBERG_LR1.jpg\" rel=\"lightbox\"><img loading=\"lazy\" decoding=\"async\" class=\"attachment-thumbnail\" src=\"http:\/\/landscape-festival.cz\/old\/en\/wp-content\/uploads\/2014\/04\/KIRCHBERG_LR1-150x150.jpg\" alt=\"PLATEAU DE KIRCHBERG Latz + Partner foto \u00a9 Michael Latz\" width=\"150\" height=\"150\" \/><\/a><\/div><figcaption class=\"gallery-caption\">PLATEAU DE KIRCHBERG Latz + Partner foto \u00a9 Michael Latz<\/figcaption><\/figure>\n<figure class=\"gallery-item col-4\">\n<div class=\"gallery-icon \"><a href=\"http:\/\/landscape-festival.cz\/old\/en\/wp-content\/uploads\/2014\/04\/vlajka_polsko1.png\" rel=\"lightbox\"><img loading=\"lazy\" decoding=\"async\" class=\"attachment-thumbnail\" src=\"http:\/\/landscape-festival.cz\/old\/en\/wp-content\/uploads\/2014\/04\/vlajka_polsko1-150x150.png\" alt=\"POLAND\" width=\"150\" height=\"150\" \/><\/a><\/div><figcaption class=\"gallery-caption\">POLAND<\/figcaption><\/figure>\n<figure class=\"gallery-item col-4\">\n<div class=\"gallery-icon \"><a href=\"http:\/\/landscape-festival.cz\/old\/en\/wp-content\/uploads\/2014\/04\/FISH_LR1.jpg\" rel=\"lightbox\"><img loading=\"lazy\" decoding=\"async\" class=\"attachment-thumbnail\" src=\"http:\/\/landscape-festival.cz\/old\/en\/wp-content\/uploads\/2014\/04\/FISH_LR1-150x150.jpg\" alt=\"SVOBODN\u00c9 PLYNUT\u00cd \/ FREE FLOW Jaroslav Koziara foto \/ photo \u00a9 W. Pacewicz &amp; I.Burdzanowska\" width=\"150\" height=\"150\" \/><\/a><\/div><figcaption class=\"gallery-caption\">SVOBODN\u00c9 PLYNUT\u00cd \/ FREE FLOW Jaroslav Koziara foto \/ photo \u00a9 W. Pacewicz &amp; I.Burdzanowska<\/figcaption><\/figure>\n<\/div>\n<div class=\"gallery-row gallery-col-4 gallery-clear\">\n<figure class=\"gallery-item col-4\">\n<div class=\"gallery-icon \"><a href=\"http:\/\/landscape-festival.cz\/old\/en\/wp-content\/uploads\/2014\/04\/vlajka_portugalsko1.png\" rel=\"lightbox\"><img loading=\"lazy\" decoding=\"async\" class=\"attachment-thumbnail\" src=\"http:\/\/landscape-festival.cz\/old\/en\/wp-content\/uploads\/2014\/04\/vlajka_portugalsko1-150x150.png\" alt=\"PORTUGAL\" width=\"150\" height=\"150\" \/><\/a><\/div><figcaption class=\"gallery-caption\">PORTUGAL<\/figcaption><\/figure>\n<figure class=\"gallery-item col-4\">\n<div class=\"gallery-icon \"><a href=\"http:\/\/landscape-festival.cz\/old\/en\/wp-content\/uploads\/2014\/04\/Arribas_LR1.jpg\" rel=\"lightbox\"><img loading=\"lazy\" decoding=\"async\" class=\"attachment-thumbnail\" src=\"http:\/\/landscape-festival.cz\/old\/en\/wp-content\/uploads\/2014\/04\/Arribas_LR1-150x150.jpg\" alt=\"ARRIBAS N\u00e1dia Schilling foto \/ photo \u00a9 Jo\u00e3o Pombeiro\" width=\"150\" height=\"150\" \/><\/a><\/div><figcaption class=\"gallery-caption\">ARRIBAS N\u00e1dia Schilling foto \/ photo \u00a9 Jo\u00e3o Pombeiro<\/figcaption><\/figure>\n<figure class=\"gallery-item col-4\">\n<div class=\"gallery-icon \"><a href=\"http:\/\/landscape-festival.cz\/old\/en\/wp-content\/uploads\/2014\/04\/vlajka_spanelsko1.png\" rel=\"lightbox\"><img loading=\"lazy\" decoding=\"async\" class=\"attachment-thumbnail\" src=\"http:\/\/landscape-festival.cz\/old\/en\/wp-content\/uploads\/2014\/04\/vlajka_spanelsko1-150x150.png\" alt=\"SPAIN\" width=\"150\" height=\"150\" \/><\/a><\/div><figcaption class=\"gallery-caption\">SPAIN<\/figcaption><\/figure>\n<figure class=\"gallery-item col-4\">\n<div class=\"gallery-icon \"><a href=\"http:\/\/landscape-festival.cz\/old\/en\/wp-content\/uploads\/2014\/04\/Cami_Corrals_LR1.jpg\" rel=\"lightbox\"><img loading=\"lazy\" decoding=\"async\" class=\"attachment-thumbnail\" src=\"http:\/\/landscape-festival.cz\/old\/en\/wp-content\/uploads\/2014\/04\/Cami_Corrals_LR1-150x150.jpg\" alt=\"Cam\u00ed dels Corrals Santamaria Arquitectes foto \/ photo: \u00a9 Francesc Rub\u00ed\" width=\"150\" height=\"150\" \/><\/a><\/div><figcaption class=\"gallery-caption\">Cam\u00ed dels Corrals Santamaria Arquitectes foto \/ photo: \u00a9 Francesc Rub\u00ed<\/figcaption><\/figure>\n<\/div>\n<div class=\"gallery-row gallery-col-4 gallery-clear\">\n<figure class=\"gallery-item col-4\">\n<div class=\"gallery-icon \"><a href=\"http:\/\/landscape-festival.cz\/old\/en\/wp-content\/uploads\/2014\/04\/vlajka_svedska_pd_610x3811.png\" rel=\"lightbox\"><img loading=\"lazy\" decoding=\"async\" class=\"attachment-thumbnail\" src=\"http:\/\/landscape-festival.cz\/old\/en\/wp-content\/uploads\/2014\/04\/vlajka_svedska_pd_610x3811-150x150.png\" alt=\"SWEDEN\" width=\"150\" height=\"150\" \/><\/a><\/div><figcaption class=\"gallery-caption\">SWEDEN<\/figcaption><\/figure>\n<figure class=\"gallery-item col-4\">\n<div class=\"gallery-icon \"><a href=\"http:\/\/landscape-festival.cz\/old\/en\/wp-content\/uploads\/2014\/04\/sandgrundspark_LR1.jpg\" rel=\"lightbox\"><img loading=\"lazy\" decoding=\"async\" class=\"attachment-thumbnail\" src=\"http:\/\/landscape-festival.cz\/old\/en\/wp-content\/uploads\/2014\/04\/sandgrundspark_LR1-150x150.jpg\" alt=\"SANDGRUND PARK Thorbj\u00f6rn Andersson, Sweco Architects foto \/ photo \u00a9 \u00c5ke E:son Lidman\" width=\"150\" height=\"150\" \/><\/a><\/div><figcaption class=\"gallery-caption\">SANDGRUND PARK Thorbj\u00f6rn Andersson, Sweco Architects foto \/ photo \u00a9 \u00c5ke E:son Lidman<\/figcaption><\/figure>\n<figure class=\"gallery-item col-4\">\n<div class=\"gallery-icon \"><a href=\"http:\/\/landscape-festival.cz\/old\/en\/wp-content\/uploads\/2014\/04\/vlajka_svycarsko1.png\" rel=\"lightbox\"><img loading=\"lazy\" decoding=\"async\" class=\"attachment-thumbnail\" src=\"http:\/\/landscape-festival.cz\/old\/en\/wp-content\/uploads\/2014\/04\/vlajka_svycarsko1-150x150.png\" alt=\"SWITZERLAND\" width=\"150\" height=\"150\" \/><\/a><\/div><figcaption class=\"gallery-caption\">SWITZERLAND<\/figcaption><\/figure>\n<figure class=\"gallery-item col-4\">\n<div class=\"gallery-icon \"><a href=\"http:\/\/landscape-festival.cz\/old\/en\/wp-content\/uploads\/2014\/04\/Wildwood_LR1.jpg\" rel=\"lightbox\"><img loading=\"lazy\" decoding=\"async\" class=\"attachment-thumbnail\" src=\"http:\/\/landscape-festival.cz\/old\/en\/wp-content\/uploads\/2014\/04\/Wildwood_LR1-150x150.jpg\" alt=\"WILDWOOD PLAZA Robin Winogrond Landscape Architects foto \/ photo: \u00a9 Daniela Valentini\" width=\"150\" height=\"150\" \/><\/a><\/div><figcaption class=\"gallery-caption\">WILDWOOD PLAZA Robin Winogrond Landscape Architects foto \/ photo: \u00a9 Daniela Valentini<\/figcaption><\/figure>\n<\/div>\n<div class=\"gallery-row gallery-col-4 gallery-clear\">\n<figure class=\"gallery-item col-4\">\n<div class=\"gallery-icon \"><a href=\"http:\/\/landscape-festival.cz\/old\/en\/wp-content\/uploads\/2014\/04\/vlajka_velka_britanie1.png\" rel=\"lightbox\"><img loading=\"lazy\" decoding=\"async\" class=\"attachment-thumbnail\" src=\"http:\/\/landscape-festival.cz\/old\/en\/wp-content\/uploads\/2014\/04\/vlajka_velka_britanie1-150x150.png\" alt=\"GREAT BRITAIN\" width=\"150\" height=\"150\" \/><\/a><\/div><figcaption class=\"gallery-caption\">GREAT BRITAIN<\/figcaption><\/figure>\n<figure class=\"gallery-item col-4\">\n<div class=\"gallery-icon \"><a href=\"http:\/\/landscape-festival.cz\/old\/en\/wp-content\/uploads\/2014\/04\/NORMAND_LR1.jpg\" rel=\"lightbox\"><img loading=\"lazy\" decoding=\"async\" class=\"attachment-thumbnail\" src=\"http:\/\/landscape-festival.cz\/old\/en\/wp-content\/uploads\/2014\/04\/NORMAND_LR1-150x150.jpg\" alt=\"NORMAND PARK KLA, Lynn Kinnear Foto \/ Photo \u00a9 Mark Thomas\" width=\"150\" height=\"150\" \/><\/a><\/div><figcaption class=\"gallery-caption\">NORMAND PARK KLA, Lynn Kinnear Foto \/ Photo \u00a9 Mark Thomas<\/figcaption><\/figure>\n<figure class=\"gallery-item col-4\">\n<div class=\"gallery-icon \"><a href=\"http:\/\/landscape-festival.cz\/old\/en\/wp-content\/uploads\/2014\/04\/EUNIC_01.jpg\" rel=\"lightbox\"><img loading=\"lazy\" decoding=\"async\" class=\"attachment-thumbnail\" src=\"http:\/\/landscape-festival.cz\/old\/en\/wp-content\/uploads\/2014\/04\/EUNIC_01-150x150.jpg\" alt=\"EUNIC_01\" width=\"150\" height=\"150\" \/><\/a><\/div>\n<\/figure>\n<figure class=\"gallery-item col-4\">\n<div class=\"gallery-icon \"><a href=\"http:\/\/landscape-festival.cz\/old\/en\/wp-content\/uploads\/2014\/04\/EUNIC_02.jpg\" rel=\"lightbox\"><img loading=\"lazy\" decoding=\"async\" class=\"attachment-thumbnail\" src=\"http:\/\/landscape-festival.cz\/old\/en\/wp-content\/uploads\/2014\/04\/EUNIC_02-150x150.jpg\" alt=\"EUNIC_02\" width=\"150\" height=\"150\" \/><\/a><\/div>\n<\/figure>\n<\/div>\n<\/div>\n<div id=\"gallery-17-2\" class=\"gallery gallery-17\">\n<div class=\"gallery-row gallery-col-4 gallery-clear\">\n<figure class=\"gallery-item col-4\">\n<div class=\"gallery-icon \"><a href=\"http:\/\/landscape-festival.cz\/old\/en\/wp-content\/uploads\/2014\/04\/EUNIC_03.jpg\" rel=\"lightbox\"><img loading=\"lazy\" decoding=\"async\" class=\"attachment-thumbnail\" src=\"http:\/\/landscape-festival.cz\/old\/en\/wp-content\/uploads\/2014\/04\/EUNIC_03-150x150.jpg\" alt=\"EUNIC_03\" width=\"150\" height=\"150\" \/><\/a><\/div>\n<\/figure>\n<figure class=\"gallery-item col-4\">\n<div class=\"gallery-icon \"><a href=\"http:\/\/landscape-festival.cz\/old\/en\/wp-content\/uploads\/2014\/04\/EUNIC_04.jpg\" rel=\"lightbox\"><img loading=\"lazy\" decoding=\"async\" class=\"attachment-thumbnail\" src=\"http:\/\/landscape-festival.cz\/old\/en\/wp-content\/uploads\/2014\/04\/EUNIC_04-150x150.jpg\" alt=\"EUNIC_04\" width=\"150\" height=\"150\" \/><\/a><\/div>\n<\/figure>\n<figure class=\"gallery-item col-4\">\n<div class=\"gallery-icon \"><a href=\"http:\/\/landscape-festival.cz\/old\/en\/wp-content\/uploads\/2014\/04\/EUNIC_05.jpg\" rel=\"lightbox\"><img loading=\"lazy\" decoding=\"async\" class=\"attachment-thumbnail\" src=\"http:\/\/landscape-festival.cz\/old\/en\/wp-content\/uploads\/2014\/04\/EUNIC_05-150x150.jpg\" alt=\"EUNIC_05\" width=\"150\" height=\"150\" \/><\/a><\/div>\n<\/figure>\n<figure class=\"gallery-item col-4\">\n<div class=\"gallery-icon \"><a href=\"http:\/\/landscape-festival.cz\/old\/en\/wp-content\/uploads\/2014\/04\/EUNIC_06.jpg\" rel=\"lightbox\"><img loading=\"lazy\" decoding=\"async\" class=\"attachment-thumbnail\" src=\"http:\/\/landscape-festival.cz\/old\/en\/wp-content\/uploads\/2014\/04\/EUNIC_06-150x150.jpg\" alt=\"EUNIC_06\" width=\"150\" height=\"150\" \/><\/a><\/div>\n<\/figure>\n<\/div>\n<div class=\"gallery-row gallery-col-4 gallery-clear\">\n<figure class=\"gallery-item col-4\">\n<div class=\"gallery-icon \"><a href=\"http:\/\/landscape-festival.cz\/old\/en\/wp-content\/uploads\/2014\/04\/EUNIC_07.jpg\" rel=\"lightbox\"><img loading=\"lazy\" decoding=\"async\" class=\"attachment-thumbnail\" src=\"http:\/\/landscape-festival.cz\/old\/en\/wp-content\/uploads\/2014\/04\/EUNIC_07-150x150.jpg\" alt=\"EUNIC_07\" width=\"150\" height=\"150\" \/><\/a><\/div>\n<\/figure>\n<figure class=\"gallery-item col-4\">\n<div class=\"gallery-icon \"><a href=\"http:\/\/landscape-festival.cz\/old\/en\/wp-content\/uploads\/2014\/04\/EUNIC_08.jpg\" rel=\"lightbox\"><img loading=\"lazy\" decoding=\"async\" class=\"attachment-thumbnail\" src=\"http:\/\/landscape-festival.cz\/old\/en\/wp-content\/uploads\/2014\/04\/EUNIC_08-150x150.jpg\" alt=\"EUNIC_08\" width=\"150\" height=\"150\" \/><\/a><\/div>\n<\/figure>\n<figure class=\"gallery-item col-4\">\n<div class=\"gallery-icon \"><a href=\"http:\/\/landscape-festival.cz\/old\/en\/wp-content\/uploads\/2014\/04\/EUNIC_09.jpg\" rel=\"lightbox\"><img loading=\"lazy\" decoding=\"async\" class=\"attachment-thumbnail\" src=\"http:\/\/landscape-festival.cz\/old\/en\/wp-content\/uploads\/2014\/04\/EUNIC_09-150x150.jpg\" alt=\"EUNIC_09\" width=\"150\" height=\"150\" \/><\/a><\/div>\n<\/figure>\n<figure class=\"gallery-item col-4\">\n<div class=\"gallery-icon \"><a href=\"http:\/\/landscape-festival.cz\/old\/en\/wp-content\/uploads\/2014\/04\/EUNIC_10.jpg\" rel=\"lightbox\"><img loading=\"lazy\" decoding=\"async\" class=\"attachment-thumbnail\" src=\"http:\/\/landscape-festival.cz\/old\/en\/wp-content\/uploads\/2014\/04\/EUNIC_10-150x150.jpg\" alt=\"EUNIC_10\" width=\"150\" height=\"150\" \/><\/a><\/div>\n<\/figure>\n<\/div>\n<div class=\"gallery-row gallery-col-4 gallery-clear\">\n<figure class=\"gallery-item col-4\">\n<div class=\"gallery-icon \"><a href=\"http:\/\/landscape-festival.cz\/old\/en\/wp-content\/uploads\/2014\/04\/EUNIC_11.jpg\" rel=\"lightbox\"><img loading=\"lazy\" decoding=\"async\" class=\"attachment-thumbnail\" src=\"http:\/\/landscape-festival.cz\/old\/en\/wp-content\/uploads\/2014\/04\/EUNIC_11-150x150.jpg\" alt=\"EUNIC_11\" width=\"150\" height=\"150\" \/><\/a><\/div>\n<\/figure>\n<figure class=\"gallery-item col-4\">\n<div class=\"gallery-icon \"><a href=\"http:\/\/landscape-festival.cz\/old\/en\/wp-content\/uploads\/2014\/04\/EUNIC_12.jpg\" rel=\"lightbox\"><img loading=\"lazy\" decoding=\"async\" class=\"attachment-thumbnail\" src=\"http:\/\/landscape-festival.cz\/old\/en\/wp-content\/uploads\/2014\/04\/EUNIC_12-150x150.jpg\" alt=\"EUNIC_12\" width=\"150\" height=\"150\" \/><\/a><\/div>\n<\/figure>\n<figure class=\"gallery-item col-4\">\n<div class=\"gallery-icon \"><a href=\"http:\/\/landscape-festival.cz\/old\/en\/wp-content\/uploads\/2014\/04\/EUNIC_13.jpg\" rel=\"lightbox\"><img loading=\"lazy\" decoding=\"async\" class=\"attachment-thumbnail\" src=\"http:\/\/landscape-festival.cz\/old\/en\/wp-content\/uploads\/2014\/04\/EUNIC_13-150x150.jpg\" alt=\"EUNIC_13\" width=\"150\" height=\"150\" \/><\/a><\/div>\n<\/figure>\n<figure class=\"gallery-item col-4\">\n<div class=\"gallery-icon \"><a href=\"http:\/\/landscape-festival.cz\/old\/en\/wp-content\/uploads\/2014\/04\/EUNIC_14.jpg\" rel=\"lightbox\"><img loading=\"lazy\" decoding=\"async\" class=\"attachment-thumbnail\" src=\"http:\/\/landscape-festival.cz\/old\/en\/wp-content\/uploads\/2014\/04\/EUNIC_14-150x150.jpg\" alt=\"EUNIC_14\" width=\"150\" height=\"150\" \/><\/a><\/div>\n<\/figure>\n<\/div>\n<div class=\"gallery-row gallery-col-4 gallery-clear\">\n<figure class=\"gallery-item col-4\">\n<div class=\"gallery-icon \"><a href=\"http:\/\/landscape-festival.cz\/old\/en\/wp-content\/uploads\/2014\/04\/EUNIC_15.jpg\" rel=\"lightbox\"><img loading=\"lazy\" decoding=\"async\" class=\"attachment-thumbnail\" src=\"http:\/\/landscape-festival.cz\/old\/en\/wp-content\/uploads\/2014\/04\/EUNIC_15-150x150.jpg\" alt=\"EUNIC_15\" width=\"150\" height=\"150\" \/><\/a><\/div>\n<\/figure>\n<figure class=\"gallery-item col-4\">\n<div class=\"gallery-icon \"><a href=\"http:\/\/landscape-festival.cz\/old\/en\/wp-content\/uploads\/2014\/04\/EUNIC_16.jpg\" rel=\"lightbox\"><img loading=\"lazy\" decoding=\"async\" class=\"attachment-thumbnail\" src=\"http:\/\/landscape-festival.cz\/old\/en\/wp-content\/uploads\/2014\/04\/EUNIC_16-150x150.jpg\" alt=\"EUNIC_16\" width=\"150\" height=\"150\" \/><\/a><\/div>\n<\/figure>\n<figure class=\"gallery-item col-4\">\n<div class=\"gallery-icon \"><a href=\"http:\/\/landscape-festival.cz\/old\/en\/wp-content\/uploads\/2014\/04\/EUNIC_17.jpg\" rel=\"lightbox\"><img loading=\"lazy\" decoding=\"async\" class=\"attachment-thumbnail\" src=\"http:\/\/landscape-festival.cz\/old\/en\/wp-content\/uploads\/2014\/04\/EUNIC_17-150x150.jpg\" alt=\"EUNIC_17\" width=\"150\" height=\"150\" \/><\/a><\/div>\n<\/figure>\n<figure class=\"gallery-item col-4\">\n<div class=\"gallery-icon \"><a href=\"http:\/\/landscape-festival.cz\/old\/en\/wp-content\/uploads\/2014\/04\/EUNIC_18.jpg\" rel=\"lightbox\"><img loading=\"lazy\" decoding=\"async\" class=\"attachment-thumbnail\" src=\"http:\/\/landscape-festival.cz\/old\/en\/wp-content\/uploads\/2014\/04\/EUNIC_18-150x150.jpg\" alt=\"EUNIC_18\" width=\"150\" height=\"150\" \/><\/a><\/div>\n<\/figure>\n<\/div>\n<\/div>\n<p><strong>3\/ Krajiny z druh\u00e9 ruky<\/strong><\/p>\n<p>lokalita\/ n\u00e1kladov\u00e9 n\u00e1dra\u017e\u00ed \u017ei\u017ekov<\/p>\n<p style=\"text-align: justify;\">V\u00fdstava se zam\u011b\u0159uje na prezentaci projekt\u016f z pl\u00e1novan\u00e9 kni\u017en\u00ed monografie \u201eKrajiny z druh\u00e9 ruky &#8211; nov\u00e1 identita pr\u016fmyslov\u00e9 krajiny a specifika tvorby zelen\u011b v postindustri\u00e1ln\u00edch are\u00e1lech.\u201c<\/p>\n<p style=\"text-align: justify;\">kur\u00e1to\u0159i\/ Daniel Mat\u011bjka, Luk\u00e1\u0161 Lattenberg, Jana \u017d\u00e1kov\u00e1<\/p>\n<p style=\"text-align: justify;\">V\u00fdstava a katalog p\u0159edstavuj\u00edc\u00ed inspira\u010dn\u00ed p\u0159\u00edklady z N\u011bmecka \u0159e\u0161\u00ed mo\u017enosti implementace tam\u011bj\u0161\u00edch odzkou\u0161en\u00fdch a funk\u010dn\u00edch p\u0159\u00edstup\u016f do \u010desk\u00e9ho prost\u0159ed\u00ed. V\u00fdstava je koncipov\u00e1na tak, aby p\u0159\u00edklady v n\u00ed uveden\u00e9 byly inspirativn\u00ed a pou\u017eiteln\u00e9 pro region \u010cesk\u00e9 republiky. Vystavovan\u00e9 projekty maj\u00ed slou\u017eit jako p\u0159edobraz k sou\u010dasn\u00fdm mo\u017enostem revitalizace are\u00e1l\u016f s b\u00fdval\u00fdm pr\u016fmyslov\u00fdm vyu\u017eit\u00edm.<\/p>\n<div id=\"gallery-17-3\" class=\"gallery gallery-17\">\n<div class=\"gallery-row gallery-col-4 gallery-clear\">\n<figure class=\"gallery-item col-4\">\n<div class=\"gallery-icon \"><a href=\"http:\/\/landscape-festival.cz\/old\/en\/wp-content\/uploads\/2014\/04\/kraj-z-druhe-ruky_web.jpg\" rel=\"lightbox\"><img loading=\"lazy\" decoding=\"async\" class=\"attachment-thumbnail\" src=\"http:\/\/landscape-festival.cz\/old\/en\/wp-content\/uploads\/2014\/04\/kraj-z-druhe-ruky_web-150x150.jpg\" alt=\"kraj z druhe ruky_web\" width=\"150\" height=\"150\" \/><\/a><\/div>\n<\/figure>\n<figure class=\"gallery-item col-4\">\n<div class=\"gallery-icon \"><a href=\"http:\/\/landscape-festival.cz\/old\/en\/wp-content\/uploads\/2014\/04\/DSC_0694.jpg\" rel=\"lightbox\"><img loading=\"lazy\" decoding=\"async\" class=\"attachment-thumbnail\" src=\"http:\/\/landscape-festival.cz\/old\/en\/wp-content\/uploads\/2014\/04\/DSC_0694-150x150.jpg\" alt=\"DSC_0694\" width=\"150\" height=\"150\" \/><\/a><\/div>\n<\/figure>\n<figure class=\"gallery-item col-4\">\n<div class=\"gallery-icon \"><a href=\"http:\/\/landscape-festival.cz\/old\/en\/wp-content\/uploads\/2014\/04\/DSC_0700.jpg\" rel=\"lightbox\"><img loading=\"lazy\" decoding=\"async\" class=\"attachment-thumbnail\" src=\"http:\/\/landscape-festival.cz\/old\/en\/wp-content\/uploads\/2014\/04\/DSC_0700-150x150.jpg\" alt=\"DSC_0700\" width=\"150\" height=\"150\" \/><\/a><\/div>\n<\/figure>\n<figure class=\"gallery-item col-4\">\n<div class=\"gallery-icon \"><a href=\"http:\/\/landscape-festival.cz\/old\/en\/wp-content\/uploads\/2014\/04\/DSC_0702.jpg\" rel=\"lightbox\"><img loading=\"lazy\" decoding=\"async\" class=\"attachment-thumbnail\" src=\"http:\/\/landscape-festival.cz\/old\/en\/wp-content\/uploads\/2014\/04\/DSC_0702-150x150.jpg\" alt=\"DSC_0702\" width=\"150\" height=\"150\" \/><\/a><\/div>\n<\/figure>\n<\/div>\n<div class=\"gallery-row gallery-col-4 gallery-clear\">\n<figure class=\"gallery-item col-4\">\n<div class=\"gallery-icon \"><a href=\"http:\/\/landscape-festival.cz\/old\/en\/wp-content\/uploads\/2014\/04\/DSC_0716.jpg\" rel=\"lightbox\"><img loading=\"lazy\" decoding=\"async\" class=\"attachment-thumbnail\" src=\"http:\/\/landscape-festival.cz\/old\/en\/wp-content\/uploads\/2014\/04\/DSC_0716-150x150.jpg\" alt=\"DSC_0716\" width=\"150\" height=\"150\" \/><\/a><\/div>\n<\/figure>\n<figure class=\"gallery-item col-4\">\n<div class=\"gallery-icon \"><a href=\"http:\/\/landscape-festival.cz\/old\/en\/wp-content\/uploads\/2014\/04\/DSC_0728.jpg\" rel=\"lightbox\"><img loading=\"lazy\" decoding=\"async\" class=\"attachment-thumbnail\" src=\"http:\/\/landscape-festival.cz\/old\/en\/wp-content\/uploads\/2014\/04\/DSC_0728-150x150.jpg\" alt=\"DSC_0728\" width=\"150\" height=\"150\" \/><\/a><\/div>\n<\/figure>\n<figure class=\"gallery-item col-4\">\n<div class=\"gallery-icon \"><a href=\"http:\/\/landscape-festival.cz\/old\/en\/wp-content\/uploads\/2014\/04\/DSC_0733.jpg\" rel=\"lightbox\"><img loading=\"lazy\" decoding=\"async\" class=\"attachment-thumbnail\" src=\"http:\/\/landscape-festival.cz\/old\/en\/wp-content\/uploads\/2014\/04\/DSC_0733-150x150.jpg\" alt=\"DSC_0733\" width=\"150\" height=\"150\" \/><\/a><\/div>\n<\/figure>\n<figure class=\"gallery-item col-4\">\n<div class=\"gallery-icon \"><a href=\"http:\/\/landscape-festival.cz\/old\/en\/wp-content\/uploads\/2014\/04\/DSC_0738.jpg\" rel=\"lightbox\"><img loading=\"lazy\" decoding=\"async\" class=\"attachment-thumbnail\" src=\"http:\/\/landscape-festival.cz\/old\/en\/wp-content\/uploads\/2014\/04\/DSC_0738-150x150.jpg\" alt=\"DSC_0738\" width=\"150\" height=\"150\" \/><\/a><\/div>\n<\/figure>\n<\/div>\n<\/div>\n<p>&nbsp;<\/p>\n<p><strong>4\/ Landscape architects NOW!<br \/>\n<\/strong>lokalita\/ n\u00e1kladov\u00e9 n\u00e1dra\u017e\u00ed \u017ei\u017ekov<\/p>\n<p>kur\u00e1torka \/ Ivana P\u00e1se\u010dn\u00e1 (SK)<\/p>\n<p style=\"text-align: justify;\">V\u00fdstava Landscape architects NOW! p\u0159edstavuje projekty dom\u00e1c\u00edch i zahrani\u010dn\u00edch krajinn\u00fdch architekt\u016f poch\u00e1zej\u00edc\u00edch ze Severn\u00ed Ameriky, Evropy, Asie a Austr\u00e1lie. Auto\u0159i v\u00fdstavy cht\u011bj\u00ed prost\u0159ednictv\u00edm v\u00fdstavy p\u0159edev\u0161\u00edm upozornit na t\u00e9ma krajinn\u00e9 architektury a jej\u00ed tv\u016frce.<\/p>\n<div id=\"gallery-17-4\" class=\"gallery gallery-17\">\n<div class=\"gallery-row gallery-col-4 gallery-clear\">\n<figure class=\"gallery-item col-4\">\n<div class=\"gallery-icon \"><a href=\"http:\/\/landscape-festival.cz\/old\/en\/wp-content\/uploads\/2014\/04\/landscape-architects-now_web.jpg\" rel=\"lightbox\"><img loading=\"lazy\" decoding=\"async\" class=\"attachment-thumbnail\" src=\"http:\/\/landscape-festival.cz\/old\/en\/wp-content\/uploads\/2014\/04\/landscape-architects-now_web-150x150.jpg\" alt=\"landscape architects now_web\" width=\"150\" height=\"150\" \/><\/a><\/div>\n<\/figure>\n<\/div>\n<\/div>\n<p><strong>B \/ PREZENTACE A PROJEKTY\/<br \/>\n<\/strong>lokalita\/ n\u00e1kladov\u00e9 n\u00e1dra\u017e\u00ed \u017ei\u017ekov<\/p>\n<ul>\n<li><strong>M\u011bstsk\u00e1 \u010d\u00e1st Praha 3<\/strong><\/li>\n<\/ul>\n<p style=\"text-align: justify;\">Praha 3 je sv\u00e9bytnou m\u011bstskou \u010d\u00e1st\u00ed s bohatou histori\u00ed, kter\u00e1 udr\u017euje sv\u00e9 vlastn\u00ed kulturn\u00ed a historick\u00e9 tradice. Na jej\u00edm \u00fazem\u00ed se propisuj\u00ed a m\u00eds\u00ed architektonick\u00e9 sm\u011bry a obdob\u00ed, stejn\u011b jako jednotliv\u00e9 lidsk\u00e9 osudy a p\u0159\u00edb\u011bhy. Komunistick\u00e1 asanace vnesla do t\u00e9to centr\u00e1ln\u00ed m\u011bstsk\u00e9 \u010d\u00e1sti prvky periferie, dala v\u00edce prostoru aut\u016fm a vytvo\u0159ila pro lidi \u010dasto nevyu\u017eiteln\u00e1 a dnes devastovan\u00e1 ve\u0159ejn\u00e1 prostranstv\u00ed. Polistopadov\u00fd ekonomick\u00fd r\u016fst a prosperita tento negativn\u00ed trend na n\u011bkter\u00fdch m\u00edstech d\u00e1le podpo\u0159ili.<\/p>\n<p style=\"text-align: justify;\">Objevily se v\u0161ak i nov\u00e9 p\u0159\u00edle\u017eitosti, zru\u0161en\u00e1 \u017eelezni\u010dn\u00ed tra\u0165 na ji\u017en\u00edm svahu V\u00edtkova a jej\u00ed nahrazen\u00ed stezkou pro bezmotorovou dopravu uk\u00e1zalo obrovsk\u00fd nevyu\u017eit\u00fd potenci\u00e1l. M\u011bstsk\u00e1 \u010d\u00e1st Praha 3 tento potenci\u00e1l c\u00edt\u00ed a zah\u00e1jila p\u0159\u00edpravu a realizaci oprav vybran\u00fdch ve\u0159ejn\u00fdch prostranstv\u00ed. C\u00edlem intervenc\u00ed je potla\u010dit dopravn\u00ed funkci zejm\u00e9na na ulic\u00edch, zlep\u0161it prostupnost \u00fazem\u00edm, zlep\u0161it prost\u0159ed\u00ed pro pobyt v ulic\u00edch, parc\u00edch a n\u00e1m\u011bst\u00edch.<\/p>\n<p style=\"text-align: justify;\">V r\u00e1mci v\u00fdstavy, kterou m\u00e1te p\u0159ed sebou, bychom r\u00e1di uk\u00e1zali ji\u017e realizovan\u00e9 projekty i ty, kter\u00e9 se zat\u00edm zrodily jen v hlav\u00e1ch architekt\u016f jako mo\u017enost a potenci\u00e1l, o jeho\u017e napln\u011bn\u00ed a sm\u011bru nebylo dosud rozhodnuto. Ve\u0159ejn\u00e1 prezentace t\u011bchto z\u00e1m\u011br\u016f je jedn\u00edm z prvk\u016f zapojen\u00ed ve\u0159ejnosti do rozhodov\u00e1n\u00ed o podob\u011b ve\u0159ejn\u00fdch prostranstv\u00ed. Pod\u00edvejte se, inspirujte se a zapojte se.<\/p>\n<div id=\"gallery-17-5\" class=\"gallery gallery-17\">\n<div class=\"gallery-row gallery-col-4 gallery-clear\">\n<figure class=\"gallery-item col-4\">\n<div class=\"gallery-icon \"><a href=\"http:\/\/landscape-festival.cz\/old\/en\/wp-content\/uploads\/2014\/04\/mc-praha-3_web.jpg\" rel=\"lightbox\"><img loading=\"lazy\" decoding=\"async\" class=\"attachment-thumbnail\" src=\"http:\/\/landscape-festival.cz\/old\/en\/wp-content\/uploads\/2014\/04\/mc-praha-3_web-150x150.jpg\" alt=\"mc praha 3_web\" width=\"150\" height=\"150\" \/><\/a><\/div>\n<\/figure>\n<\/div>\n<\/div>\n<ul>\n<li><strong>Kancel\u00e1\u0159 ve\u0159ejn\u00e9ho prostoru IPR Praha<br \/>\n<\/strong><\/li>\n<\/ul>\n<p>Prezentace s n\u00e1zvem <em>Detaily?<\/em> je zam\u011b\u0159ena na n\u011bkolik konkr\u00e9tn\u00edch m\u00edst Prahy a nasti\u0148uje zp\u016fsob, jak\u00fdm jej \u010dtou \u010dlenov\u00e9 Kancel\u00e1\u0159e ve\u0159ejn\u00e9ho prostoru. Z\u00e1v\u011bry z jejich pr\u016fzkumu reprezentuj\u00ed vystaven\u00e9 dokumenty, kter\u00e9 Kancel\u00e1\u0159 ve\u0159ejn\u00e9ho prostoru za posledn\u00ed dobu zpracovala.<\/p>\n<div id=\"gallery-17-6\" class=\"gallery gallery-17\">\n<div class=\"gallery-row gallery-col-4 gallery-clear\">\n<figure class=\"gallery-item col-4\">\n<div class=\"gallery-icon \"><a href=\"http:\/\/landscape-festival.cz\/old\/en\/wp-content\/uploads\/2014\/04\/ipr_web.jpg\" rel=\"lightbox\"><img loading=\"lazy\" decoding=\"async\" class=\"attachment-thumbnail\" src=\"http:\/\/landscape-festival.cz\/old\/en\/wp-content\/uploads\/2014\/04\/ipr_web-150x150.jpg\" alt=\"ipr_web\" width=\"150\" height=\"150\" \/><\/a><\/div>\n<\/figure>\n<\/div>\n<\/div>\n<ul>\n<li><strong>Nadace Prom\u011bny<\/strong><\/li>\n<\/ul>\n<p style=\"text-align: justify;\">Instalace Nadace Prom\u011bny a socha\u0159e V\u00e1clava Fialy p\u0159edstavuje projekt obnovy lesoparku na \u0159\u00ed\u010dn\u00edm ostrov\u011b v Su\u0161ici realizovan\u00e9ho podle n\u00e1vrhu atelieru Florart v roce 2013. Mottem projektu bylo: \u201eP\u0159ebrodit \u0159eku. Poslouchat ticho. Sledovat oblohu. Sednout si do tr\u00e1vy. P\u0159iv\u00edtat vod\u00e1ky.\u201c<\/p>\n<div id=\"gallery-17-7\" class=\"gallery gallery-17\">\n<div class=\"gallery-row gallery-col-4 gallery-clear\">\n<figure class=\"gallery-item col-4\">\n<div class=\"gallery-icon \"><a href=\"http:\/\/landscape-festival.cz\/old\/en\/wp-content\/uploads\/2014\/04\/Nadace-Promeny_web.jpg\" rel=\"lightbox\"><img loading=\"lazy\" decoding=\"async\" class=\"attachment-thumbnail\" src=\"http:\/\/landscape-festival.cz\/old\/en\/wp-content\/uploads\/2014\/04\/Nadace-Promeny_web-150x150.jpg\" alt=\"Nadace Promeny_web\" width=\"150\" height=\"150\" \/><\/a><\/div>\n<\/figure>\n<figure class=\"gallery-item col-4\">\n<div class=\"gallery-icon \"><a href=\"http:\/\/landscape-festival.cz\/old\/en\/wp-content\/uploads\/2014\/04\/DSC_0590.jpg\" rel=\"lightbox\"><img loading=\"lazy\" decoding=\"async\" class=\"attachment-thumbnail\" src=\"http:\/\/landscape-festival.cz\/old\/en\/wp-content\/uploads\/2014\/04\/DSC_0590-150x150.jpg\" alt=\"DSC_0590\" width=\"150\" height=\"150\" \/><\/a><\/div>\n<\/figure>\n<figure class=\"gallery-item col-4\">\n<div class=\"gallery-icon \"><a href=\"http:\/\/landscape-festival.cz\/old\/en\/wp-content\/uploads\/2014\/04\/DSC_0593.jpg\" rel=\"lightbox\"><img loading=\"lazy\" decoding=\"async\" class=\"attachment-thumbnail\" src=\"http:\/\/landscape-festival.cz\/old\/en\/wp-content\/uploads\/2014\/04\/DSC_0593-150x150.jpg\" alt=\"DSC_0593\" width=\"150\" height=\"150\" \/><\/a><\/div>\n<\/figure>\n<figure class=\"gallery-item col-4\">\n<div class=\"gallery-icon \"><a href=\"http:\/\/landscape-festival.cz\/old\/en\/wp-content\/uploads\/2014\/04\/DSC_0595.jpg\" rel=\"lightbox\"><img loading=\"lazy\" decoding=\"async\" class=\"attachment-thumbnail\" src=\"http:\/\/landscape-festival.cz\/old\/en\/wp-content\/uploads\/2014\/04\/DSC_0595-150x150.jpg\" alt=\"DSC_0595\" width=\"150\" height=\"150\" \/><\/a><\/div>\n<\/figure>\n<\/div>\n<div class=\"gallery-row gallery-col-4 gallery-clear\">\n<figure class=\"gallery-item col-4\">\n<div class=\"gallery-icon \"><a href=\"http:\/\/landscape-festival.cz\/old\/en\/wp-content\/uploads\/2014\/04\/DSC_0596.jpg\" rel=\"lightbox\"><img loading=\"lazy\" decoding=\"async\" class=\"attachment-thumbnail\" src=\"http:\/\/landscape-festival.cz\/old\/en\/wp-content\/uploads\/2014\/04\/DSC_0596-150x150.jpg\" alt=\"DSC_0596\" width=\"150\" height=\"150\" \/><\/a><\/div>\n<\/figure>\n<figure class=\"gallery-item col-4\">\n<div class=\"gallery-icon \"><a href=\"http:\/\/landscape-festival.cz\/old\/en\/wp-content\/uploads\/2014\/04\/DSC_0597.jpg\" rel=\"lightbox\"><img loading=\"lazy\" decoding=\"async\" class=\"attachment-thumbnail\" src=\"http:\/\/landscape-festival.cz\/old\/en\/wp-content\/uploads\/2014\/04\/DSC_0597-150x150.jpg\" alt=\"DSC_0597\" width=\"150\" height=\"150\" \/><\/a><\/div>\n<\/figure>\n<figure class=\"gallery-item col-4\">\n<div class=\"gallery-icon \"><a href=\"http:\/\/landscape-festival.cz\/old\/en\/wp-content\/uploads\/2014\/04\/DSC_0601.jpg\" rel=\"lightbox\"><img loading=\"lazy\" decoding=\"async\" class=\"attachment-thumbnail\" src=\"http:\/\/landscape-festival.cz\/old\/en\/wp-content\/uploads\/2014\/04\/DSC_0601-150x150.jpg\" alt=\"DSC_0601\" width=\"150\" height=\"150\" \/><\/a><\/div>\n<\/figure>\n<figure class=\"gallery-item col-4\">\n<div class=\"gallery-icon \"><a href=\"http:\/\/landscape-festival.cz\/old\/en\/wp-content\/uploads\/2014\/04\/DSC_0609.jpg\" rel=\"lightbox\"><img loading=\"lazy\" decoding=\"async\" class=\"attachment-thumbnail\" src=\"http:\/\/landscape-festival.cz\/old\/en\/wp-content\/uploads\/2014\/04\/DSC_0609-150x150.jpg\" alt=\"DSC_0609\" width=\"150\" height=\"150\" \/><\/a><\/div>\n<\/figure>\n<\/div>\n<\/div>\n<ul>\n<li><strong>Automat<\/strong><\/li>\n<\/ul>\n<p>Vize Praha 2025 je nov\u00fd dokument iniciativy Auto*Mat p\u0159edstavuj\u00edc\u00ed Prahu v roce 2025 jako funguj\u00edc\u00ed m\u011bsto, ve kter\u00e9m jsou slad\u011bny po\u017eadavky na udr\u017eitelnou dopravu, ekonomick\u00fd rozvoj, kvalitn\u00ed ve\u0159ejn\u00fd prostor a zdrav\u00e9 \u017eivotn\u00ed prost\u0159ed\u00ed.<\/p>\n<div id=\"gallery-17-8\" class=\"gallery gallery-17\">\n<div class=\"gallery-row gallery-col-4 gallery-clear\">\n<figure class=\"gallery-item col-4\">\n<div class=\"gallery-icon \"><a href=\"http:\/\/landscape-festival.cz\/old\/en\/wp-content\/uploads\/2014\/04\/automat_web.jpg\" rel=\"lightbox\"><img loading=\"lazy\" decoding=\"async\" class=\"attachment-thumbnail\" src=\"http:\/\/landscape-festival.cz\/old\/en\/wp-content\/uploads\/2014\/04\/automat_web-150x150.jpg\" alt=\"automat_web\" width=\"150\" height=\"150\" \/><\/a><\/div>\n<\/figure>\n<\/div>\n<\/div>\n<ul>\n<li><strong>Prezentace studentsk\u00fdch projekt\u016f<\/strong><\/li>\n<\/ul>\n<p><strong>\u00dastav zahradn\u00ed a krajinn\u00e9 architektury, Fakulta architektury, \u010cesk\u00e9 vysok\u00e9 u\u010den\u00ed technick\u00e9 v Praze<\/strong><\/p>\n<p>Prezentace studentsk\u00fdch projekt\u016f z \u00dastavu zahradn\u00ed a krajinn\u00e9 architektury Fakulty architektury na \u010cVUT v Praze.<\/p>\n<p><strong>Katedra zahradn\u00ed a krajinn\u00e9 architektury FAPPZ, \u010cesk\u00e1 zem\u011bd\u011blsk\u00e1 univerzita v Praze<\/strong><\/p>\n<p>Jak\u00fd je n\u00e1\u0161 vztah k \u010desk\u00e9 krajin\u011b? Je pro n\u00e1s jen dekorem na okenn\u00ed tabuli, nebo p\u0159\u00edb\u011bhem, do kter\u00e9ho vstupujeme? Prezentace katedry p\u0159ibl\u00ed\u017e\u00ed pomysln\u00e9 Kole\u010dko po \u010desk\u00e9 krajin\u011b, kter\u00e9 v n\u00e1s m\u00e1 vyvolat nov\u00e9 pocity a ot\u00e1zky.<\/p>\n<p><strong>Zahradnick\u00e1 fakulta, Mendelova univerzita v Brn\u011b<\/strong><\/p>\n<p>Vystaven\u00e9 pr\u00e1ce jsou v\u00fdb\u011brem z portfolia programu Zahradn\u00ed a krajin\u00e1\u0159sk\u00e1 architektura Zahradnick\u00e9 fakulty Mendelovy univerzity v Brn\u011b. P\u0159edstavujeme pr\u00e1ce z tematick\u00fdch workshop\u016f, v\u00fdstupy ze spolupr\u00e1ce s kulturn\u00edmi institucemi a p\u0159edev\u0161\u00edm \u0161irok\u00e9 spektrum diplomov\u00fdch a ateli\u00e9rov\u00fdch prac\u00ed.<\/p>\n<div id=\"gallery-17-9\" class=\"gallery gallery-17\">\n<div class=\"gallery-row gallery-col-4 gallery-clear\">\n<figure class=\"gallery-item col-4\">\n<div class=\"gallery-icon \"><a href=\"http:\/\/landscape-festival.cz\/old\/en\/wp-content\/uploads\/2014\/04\/mendelova-univerzita-v-brne_web.jpg\" rel=\"lightbox\"><img loading=\"lazy\" decoding=\"async\" class=\"attachment-thumbnail\" src=\"http:\/\/landscape-festival.cz\/old\/en\/wp-content\/uploads\/2014\/04\/mendelova-univerzita-v-brne_web-150x150.jpg\" alt=\"OLYMPUS DIGITAL CAMERA\" width=\"150\" height=\"150\" \/><\/a><\/div>\n<\/figure>\n<\/div>\n<\/div>\n<ul>\n<li><strong>EnviroCity<\/strong><\/li>\n<\/ul>\n<p>EnviroCity ve spolupr\u00e1ci s Landscape Festivalem Praha o\u017eiv\u00ed industri\u00e1ln\u00ed prostory N\u00e1kladov\u00e9ho n\u00e1dra\u017e\u00ed \u017di\u017ekov s\u00e9ri\u00ed debat, prezentac\u00ed a um\u011bleck\u00fdch performanc\u00ed. Festival p\u0159ipravilo ob\u010dansk\u00e9 sdru\u017een\u00ed Collaborative Collective a jeho centrem se stane environment\u00e1ln\u00ed pavilon Loop.<\/p>\n<div id=\"gallery-17-10\" class=\"gallery gallery-17\">\n<div class=\"gallery-row gallery-col-4 gallery-clear\">\n<figure class=\"gallery-item col-4\">\n<div class=\"gallery-icon \"><a href=\"http:\/\/landscape-festival.cz\/old\/en\/wp-content\/uploads\/2014\/04\/EnviroCity_web.jpg\" rel=\"lightbox\"><img loading=\"lazy\" decoding=\"async\" class=\"attachment-thumbnail\" src=\"http:\/\/landscape-festival.cz\/old\/en\/wp-content\/uploads\/2014\/04\/EnviroCity_web-150x150.jpg\" alt=\"EnviroCity_web\" width=\"150\" height=\"150\" \/><\/a><\/div>\n<\/figure>\n<figure class=\"gallery-item col-4\">\n<div class=\"gallery-icon \"><a href=\"http:\/\/landscape-festival.cz\/old\/en\/wp-content\/uploads\/2014\/04\/z1.jpg\" rel=\"lightbox\"><img loading=\"lazy\" decoding=\"async\" class=\"attachment-thumbnail\" src=\"http:\/\/landscape-festival.cz\/old\/en\/wp-content\/uploads\/2014\/04\/z1-150x150.jpg\" alt=\"z1\" width=\"150\" height=\"150\" \/><\/a><\/div>\n<\/figure>\n<figure class=\"gallery-item col-4\">\n<div class=\"gallery-icon \"><a href=\"http:\/\/landscape-festival.cz\/old\/en\/wp-content\/uploads\/2014\/04\/z2.jpg\" rel=\"lightbox\"><img loading=\"lazy\" decoding=\"async\" class=\"attachment-thumbnail\" src=\"http:\/\/landscape-festival.cz\/old\/en\/wp-content\/uploads\/2014\/04\/z2-150x150.jpg\" alt=\"z2\" width=\"150\" height=\"150\" \/><\/a><\/div>\n<\/figure>\n<figure class=\"gallery-item col-4\">\n<div class=\"gallery-icon \"><a href=\"http:\/\/landscape-festival.cz\/old\/en\/wp-content\/uploads\/2014\/04\/z3.jpg\" rel=\"lightbox\"><img loading=\"lazy\" decoding=\"async\" class=\"attachment-thumbnail\" src=\"http:\/\/landscape-festival.cz\/old\/en\/wp-content\/uploads\/2014\/04\/z3-150x150.jpg\" alt=\"z3\" width=\"150\" height=\"150\" \/><\/a><\/div>\n<\/figure>\n<\/div>\n<div class=\"gallery-row gallery-col-4 gallery-clear\">\n<figure class=\"gallery-item col-4\">\n<div class=\"gallery-icon \"><a href=\"http:\/\/landscape-festival.cz\/old\/en\/wp-content\/uploads\/2014\/04\/z4.jpg\" rel=\"lightbox\"><img loading=\"lazy\" decoding=\"async\" class=\"attachment-thumbnail\" src=\"http:\/\/landscape-festival.cz\/old\/en\/wp-content\/uploads\/2014\/04\/z4-150x150.jpg\" alt=\"z4\" width=\"150\" height=\"150\" \/><\/a><\/div>\n<\/figure>\n<figure class=\"gallery-item col-4\">\n<div class=\"gallery-icon \"><a href=\"http:\/\/landscape-festival.cz\/old\/en\/wp-content\/uploads\/2014\/04\/z5.jpg\" rel=\"lightbox\"><img loading=\"lazy\" decoding=\"async\" class=\"attachment-thumbnail\" src=\"http:\/\/landscape-festival.cz\/old\/en\/wp-content\/uploads\/2014\/04\/z5-150x150.jpg\" alt=\"z5\" width=\"150\" height=\"150\" \/><\/a><\/div>\n<\/figure>\n<figure class=\"gallery-item col-4\">\n<div class=\"gallery-icon \"><a href=\"http:\/\/landscape-festival.cz\/old\/en\/wp-content\/uploads\/2014\/04\/z6.jpg\" rel=\"lightbox\"><img loading=\"lazy\" decoding=\"async\" class=\"attachment-thumbnail\" src=\"http:\/\/landscape-festival.cz\/old\/en\/wp-content\/uploads\/2014\/04\/z6-150x150.jpg\" alt=\"z6\" width=\"150\" height=\"150\" \/><\/a><\/div>\n<\/figure>\n<figure class=\"gallery-item col-4\">\n<div class=\"gallery-icon \"><a href=\"http:\/\/landscape-festival.cz\/old\/en\/wp-content\/uploads\/2014\/04\/z8.jpg\" rel=\"lightbox\"><img loading=\"lazy\" decoding=\"async\" class=\"attachment-thumbnail\" src=\"http:\/\/landscape-festival.cz\/old\/en\/wp-content\/uploads\/2014\/04\/z8-150x150.jpg\" alt=\"z8\" width=\"150\" height=\"150\" \/><\/a><\/div>\n<\/figure>\n<\/div>\n<div class=\"gallery-row gallery-col-4 gallery-clear\">\n<figure class=\"gallery-item col-4\">\n<div class=\"gallery-icon \"><a href=\"http:\/\/landscape-festival.cz\/old\/en\/wp-content\/uploads\/2014\/04\/z9.jpg\" rel=\"lightbox\"><img loading=\"lazy\" decoding=\"async\" class=\"attachment-thumbnail\" src=\"http:\/\/landscape-festival.cz\/old\/en\/wp-content\/uploads\/2014\/04\/z9-150x150.jpg\" alt=\"z9\" width=\"150\" height=\"150\" \/><\/a><\/div>\n<\/figure>\n<figure class=\"gallery-item col-4\">\n<div class=\"gallery-icon \"><a href=\"http:\/\/landscape-festival.cz\/old\/en\/wp-content\/uploads\/2014\/04\/z10.jpg\" rel=\"lightbox\"><img loading=\"lazy\" decoding=\"async\" class=\"attachment-thumbnail\" src=\"http:\/\/landscape-festival.cz\/old\/en\/wp-content\/uploads\/2014\/04\/z10-150x150.jpg\" alt=\"z10\" width=\"150\" height=\"150\" \/><\/a><\/div>\n<\/figure>\n<figure class=\"gallery-item col-4\">\n<div class=\"gallery-icon \"><a href=\"http:\/\/landscape-festival.cz\/old\/en\/wp-content\/uploads\/2014\/04\/z11.jpg\" rel=\"lightbox\"><img loading=\"lazy\" decoding=\"async\" class=\"attachment-thumbnail\" src=\"http:\/\/landscape-festival.cz\/old\/en\/wp-content\/uploads\/2014\/04\/z11-150x150.jpg\" alt=\"z11\" width=\"150\" height=\"150\" \/><\/a><\/div>\n<\/figure>\n<figure class=\"gallery-item col-4\">\n<div class=\"gallery-icon \"><a href=\"http:\/\/landscape-festival.cz\/old\/en\/wp-content\/uploads\/2014\/04\/z12.jpg\" rel=\"lightbox\"><img loading=\"lazy\" decoding=\"async\" class=\"attachment-thumbnail\" src=\"http:\/\/landscape-festival.cz\/old\/en\/wp-content\/uploads\/2014\/04\/z12-150x150.jpg\" alt=\"z12\" width=\"150\" height=\"150\" \/><\/a><\/div>\n<\/figure>\n<\/div>\n<div class=\"gallery-row gallery-col-4 gallery-clear\">\n<figure class=\"gallery-item col-4\">\n<div class=\"gallery-icon \"><a href=\"http:\/\/landscape-festival.cz\/old\/en\/wp-content\/uploads\/2014\/04\/z13.jpg\" rel=\"lightbox\"><img loading=\"lazy\" decoding=\"async\" class=\"attachment-thumbnail\" src=\"http:\/\/landscape-festival.cz\/old\/en\/wp-content\/uploads\/2014\/04\/z13-150x150.jpg\" alt=\"z13\" width=\"150\" height=\"150\" \/><\/a><\/div>\n<\/figure>\n<figure class=\"gallery-item col-4\">\n<div class=\"gallery-icon \"><a href=\"http:\/\/landscape-festival.cz\/old\/en\/wp-content\/uploads\/2014\/04\/z14.jpg\" rel=\"lightbox\"><img loading=\"lazy\" decoding=\"async\" class=\"attachment-thumbnail\" src=\"http:\/\/landscape-festival.cz\/old\/en\/wp-content\/uploads\/2014\/04\/z14-150x150.jpg\" alt=\"z14\" width=\"150\" height=\"150\" \/><\/a><\/div>\n<\/figure>\n<figure class=\"gallery-item col-4\">\n<div class=\"gallery-icon \"><a href=\"http:\/\/landscape-festival.cz\/old\/en\/wp-content\/uploads\/2014\/04\/z15.jpg\" rel=\"lightbox\"><img loading=\"lazy\" decoding=\"async\" class=\"attachment-thumbnail\" src=\"http:\/\/landscape-festival.cz\/old\/en\/wp-content\/uploads\/2014\/04\/z15-150x150.jpg\" alt=\"z15\" width=\"150\" height=\"150\" \/><\/a><\/div>\n<\/figure>\n<figure class=\"gallery-item col-4\">\n<div class=\"gallery-icon \"><a href=\"http:\/\/landscape-festival.cz\/old\/en\/wp-content\/uploads\/2014\/04\/z16.jpg\" rel=\"lightbox\"><img loading=\"lazy\" decoding=\"async\" class=\"attachment-thumbnail\" src=\"http:\/\/landscape-festival.cz\/old\/en\/wp-content\/uploads\/2014\/04\/z16-150x150.jpg\" alt=\"z16\" width=\"150\" height=\"150\" \/><\/a><\/div>\n<\/figure>\n<\/div>\n<div class=\"gallery-row gallery-col-4 gallery-clear\">\n<figure class=\"gallery-item col-4\">\n<div class=\"gallery-icon \"><a href=\"http:\/\/landscape-festival.cz\/old\/en\/wp-content\/uploads\/2014\/04\/z17.jpg\" rel=\"lightbox\"><img loading=\"lazy\" decoding=\"async\" class=\"attachment-thumbnail\" src=\"http:\/\/landscape-festival.cz\/old\/en\/wp-content\/uploads\/2014\/04\/z17-150x150.jpg\" alt=\"z17\" width=\"150\" height=\"150\" \/><\/a><\/div>\n<\/figure>\n<figure class=\"gallery-item col-4\">\n<div class=\"gallery-icon \"><a href=\"http:\/\/landscape-festival.cz\/old\/en\/wp-content\/uploads\/2014\/04\/z18.jpg\" rel=\"lightbox\"><img loading=\"lazy\" decoding=\"async\" class=\"attachment-thumbnail\" src=\"http:\/\/landscape-festival.cz\/old\/en\/wp-content\/uploads\/2014\/04\/z18-150x150.jpg\" alt=\"z18\" width=\"150\" height=\"150\" \/><\/a><\/div>\n<\/figure>\n<figure class=\"gallery-item col-4\">\n<div class=\"gallery-icon \"><a href=\"http:\/\/landscape-festival.cz\/old\/en\/wp-content\/uploads\/2014\/04\/P1.jpg\" rel=\"lightbox\"><img loading=\"lazy\" decoding=\"async\" class=\"attachment-thumbnail\" src=\"http:\/\/landscape-festival.cz\/old\/en\/wp-content\/uploads\/2014\/04\/P1-150x150.jpg\" alt=\"P1\" width=\"150\" height=\"150\" \/><\/a><\/div>\n<\/figure>\n<figure class=\"gallery-item col-4\">\n<div class=\"gallery-icon \"><a href=\"http:\/\/landscape-festival.cz\/old\/en\/wp-content\/uploads\/2014\/04\/P2.jpg\" rel=\"lightbox\"><img loading=\"lazy\" decoding=\"async\" class=\"attachment-thumbnail\" src=\"http:\/\/landscape-festival.cz\/old\/en\/wp-content\/uploads\/2014\/04\/P2-150x150.jpg\" alt=\"P2\" width=\"150\" height=\"150\" \/><\/a><\/div>\n<\/figure>\n<\/div>\n<\/div>\n<ul>\n<li><strong>Sekyra Group<\/strong><\/li>\n<\/ul>\n<p>V r\u00e1mci Landscape Festival Praha 2014 jsou p\u0159edstaveny projekty developersk\u00e9 spole\u010dnosti Sekyra Group, kter\u00e1 se zab\u00fdv\u00e1 v\u00fdstavbou komer\u010dn\u00edch a reziden\u010dn\u00edch budov. Prezentace je zam\u011b\u0159ena na t\u0159i projekty nov\u00e9 v\u00fdstavby na rozs\u00e1hl\u00fdch dr\u00e1\u017en\u00edch pozemc\u00edch s n\u00e1zvySm\u00edchov City, \u017di\u017ekov City a Rohan City.<\/p>\n<div id=\"gallery-17-11\" class=\"gallery gallery-17\">\n<div class=\"gallery-row gallery-col-4 gallery-clear\">\n<figure class=\"gallery-item col-4\">\n<div class=\"gallery-icon \"><a href=\"http:\/\/landscape-festival.cz\/old\/en\/wp-content\/uploads\/2014\/04\/SEKYRA-GROUP_web.jpg\" rel=\"lightbox\"><img loading=\"lazy\" decoding=\"async\" class=\"attachment-thumbnail\" src=\"http:\/\/landscape-festival.cz\/old\/en\/wp-content\/uploads\/2014\/04\/SEKYRA-GROUP_web-150x150.jpg\" alt=\"SEKYRA GROUP_web\" width=\"150\" height=\"150\" \/><\/a><\/div>\n<\/figure>\n<figure class=\"gallery-item col-4\">\n<div class=\"gallery-icon \"><a href=\"http:\/\/landscape-festival.cz\/old\/en\/wp-content\/uploads\/2014\/04\/IMG_5060.jpg\" rel=\"lightbox\"><img loading=\"lazy\" decoding=\"async\" class=\"attachment-thumbnail\" src=\"http:\/\/landscape-festival.cz\/old\/en\/wp-content\/uploads\/2014\/04\/IMG_5060-150x150.jpg\" alt=\"IMG_5060\" width=\"150\" height=\"150\" \/><\/a><\/div>\n<\/figure>\n<figure class=\"gallery-item col-4\">\n<div class=\"gallery-icon \"><a href=\"http:\/\/landscape-festival.cz\/old\/en\/wp-content\/uploads\/2014\/04\/IMG_5061.jpg\" rel=\"lightbox\"><img loading=\"lazy\" decoding=\"async\" class=\"attachment-thumbnail\" src=\"http:\/\/landscape-festival.cz\/old\/en\/wp-content\/uploads\/2014\/04\/IMG_5061-150x150.jpg\" alt=\"IMG_5061\" width=\"150\" height=\"150\" \/><\/a><\/div>\n<\/figure>\n<figure class=\"gallery-item col-4\">\n<div class=\"gallery-icon \"><a href=\"http:\/\/landscape-festival.cz\/old\/en\/wp-content\/uploads\/2014\/04\/IMG_5063.jpg\" rel=\"lightbox\"><img loading=\"lazy\" decoding=\"async\" class=\"attachment-thumbnail\" src=\"http:\/\/landscape-festival.cz\/old\/en\/wp-content\/uploads\/2014\/04\/IMG_5063-150x150.jpg\" alt=\"IMG_5063\" width=\"150\" height=\"150\" \/><\/a><\/div>\n<\/figure>\n<\/div>\n<div class=\"gallery-row gallery-col-4 gallery-clear\">\n<figure class=\"gallery-item col-4\">\n<div class=\"gallery-icon \"><a href=\"http:\/\/landscape-festival.cz\/old\/en\/wp-content\/uploads\/2014\/04\/IMG_5066.jpg\" rel=\"lightbox\"><img loading=\"lazy\" decoding=\"async\" class=\"attachment-thumbnail\" src=\"http:\/\/landscape-festival.cz\/old\/en\/wp-content\/uploads\/2014\/04\/IMG_5066-150x150.jpg\" alt=\"IMG_5066\" width=\"150\" height=\"150\" \/><\/a><\/div>\n<\/figure>\n<figure class=\"gallery-item col-4\">\n<div class=\"gallery-icon \"><a href=\"http:\/\/landscape-festival.cz\/old\/en\/wp-content\/uploads\/2014\/04\/IMG_5067.jpg\" rel=\"lightbox\"><img loading=\"lazy\" decoding=\"async\" class=\"attachment-thumbnail\" src=\"http:\/\/landscape-festival.cz\/old\/en\/wp-content\/uploads\/2014\/04\/IMG_5067-150x150.jpg\" alt=\"IMG_5067\" width=\"150\" height=\"150\" \/><\/a><\/div>\n<\/figure>\n<figure class=\"gallery-item col-4\">\n<div class=\"gallery-icon \"><a href=\"http:\/\/landscape-festival.cz\/old\/en\/wp-content\/uploads\/2014\/04\/IMG_5068.jpg\" rel=\"lightbox\"><img loading=\"lazy\" decoding=\"async\" class=\"attachment-thumbnail\" src=\"http:\/\/landscape-festival.cz\/old\/en\/wp-content\/uploads\/2014\/04\/IMG_5068-150x150.jpg\" alt=\"IMG_5068\" width=\"150\" height=\"150\" \/><\/a><\/div>\n<\/figure>\n<\/div>\n<\/div>\n<p><strong>C \/KRAJINN\u00c9 A UM\u011aLECK\u00c9 INSTALACE\/<\/strong><\/p>\n<p>lokalita\/ n\u00e1kladov\u00e9 n\u00e1dra\u017e\u00ed \u017ei\u017ekov<\/p>\n<p>garanti\/ Kurt Gebauer, Vladim\u00edr Sitta<\/p>\n<p>Vyzvan\u00ed um\u011blci a krajinn\u00ed architekti vytvo\u0159ili speci\u00e1ln\u00ed instalace pro lokalitu n\u00e1kladov\u00e9ho n\u00e1dra\u017e\u00ed \u017di\u017ekov.<\/p>\n<ul>\n<li><strong>Archwerk\/ Martin Kloda, Tom\u00e1\u0161 Feistner, Hana Proch\u00e1zkov\u00e1 &#8211; Tupl\u00e1k (2014)<\/strong><\/li>\n<\/ul>\n<p>Instalace je reakc\u00ed na zev\u0161edn\u011bn\u00ed krajiny, a\u0165 u\u017e m\u011bstsk\u00e9 \u010di venkovsk\u00e9, kter\u00e1 se pro n\u00e1s stala se samoz\u0159ejmou a p\u0159ehl\u00ed\u017eenou. Na\u0161t\u011bst\u00ed m\u00e1me st\u00e1le moc krajinu o\u017eivit, probudit ji v nov\u00e9m p\u0159\u00edb\u011bhu. N\u011bkdy sta\u010d\u00ed oby\u010dejn\u00e9 slovo nebo znak: \u201eJedno pivo!\u201c<\/p>\n<p>Krajina, a\u0165 m\u011bstsk\u00e1 \u010di venkovsk\u00e1, byla v\u017edy prostorem ob\u00fdvan\u00fdm a kultivovan\u00fdm lidmi. Na rozd\u00edl od divo\u010diny, prostoru neob\u00fdvan\u00e9ho a neobyvateln\u00e9ho. Se ztr\u00e1tou divo\u010diny n\u00e1m krajina zev\u0161edn\u011bla, stala se samoz\u0159ejmou a p\u0159ehl\u00ed\u017eenou. Na\u0161t\u011bst\u00ed m\u00e1me st\u00e1le moc krajinu o\u017eivit, probudit ji v nov\u00e9m p\u0159\u00edb\u011bhu. N\u011bkdy sta\u010d\u00ed oby\u010dejn\u00e9 slovo nebo znak.<br \/>\nJedno pivo !<\/p>\n<p><a href=\"http:\/\/landscape-festival.cz\/old\/wp-content\/uploads\/2014\/04\/IMG_77451.jpg\"><img loading=\"lazy\" decoding=\"async\" class=\"alignnone wp-image-869\" src=\"http:\/\/landscape-festival.cz\/old\/wp-content\/uploads\/2014\/04\/IMG_77451.jpg\" alt=\"IMG_7745\" width=\"300\" height=\"200\" srcset=\"https:\/\/www.landscape-festival.cz\/old\/wp-content\/uploads\/2014\/04\/IMG_77451.jpg 900w, https:\/\/www.landscape-festival.cz\/old\/wp-content\/uploads\/2014\/04\/IMG_77451-300x200.jpg 300w\" sizes=\"auto, (max-width: 300px) 100vw, 300px\" \/><\/a><\/p>\n<ul>\n<li><strong>V\u00e1clav Fiala<\/strong><\/li>\n<\/ul>\n<div id=\"attachment_551\" style=\"width: 310px\" class=\"wp-caption alignnone\"><a href=\"http:\/\/landscape-festival.cz\/old\/wp-content\/uploads\/2014\/04\/111.jpg\"><img loading=\"lazy\" decoding=\"async\" aria-describedby=\"caption-attachment-551\" class=\"size-medium wp-image-551\" src=\"http:\/\/landscape-festival.cz\/old\/wp-content\/uploads\/2014\/04\/111-300x199.jpg\" alt=\"(c) AI (photography)\" width=\"300\" height=\"199\" srcset=\"https:\/\/www.landscape-festival.cz\/old\/wp-content\/uploads\/2014\/04\/111-300x199.jpg 300w, https:\/\/www.landscape-festival.cz\/old\/wp-content\/uploads\/2014\/04\/111-1024x680.jpg 1024w, https:\/\/www.landscape-festival.cz\/old\/wp-content\/uploads\/2014\/04\/111.jpg 1200w\" sizes=\"auto, (max-width: 300px) 100vw, 300px\" \/><\/a><p id=\"caption-attachment-551\" class=\"wp-caption-text\">(c) AI (photography)<\/p><\/div>\n<ul>\n<li><strong>Kurt Gebauer &#8211; Hlavi\u010dky (2011)<\/strong><\/li>\n<\/ul>\n<p>Betonov\u00e9 Hlavi\u010dky, autorovo obl\u00edben\u00e9 t\u00e9ma, z roku 2011 se staly putovn\u00ed. Nejprve byly um\u00edst\u011bny na v\u011btr\u00e1ku na n\u00e1m\u011bst\u00ed Jana Palacha, v roce 2013  se se\u0159adily p\u0159ed N\u00e1rodn\u00ed technickou knihovnou v Dejvic\u00edch. Na N\u00e1kladov\u00e9m n\u00e1dra\u017e\u00ed  \u017di\u017ekov na vag\u00f3nu budou  megaputovn\u00ed. V\u017edy jin\u00fd p\u0159\u00edb\u011bh? Jak\u00fd, to si najde ka\u017ed\u00fd s\u00e1m.<\/p>\n<div id=\"attachment_548\" style=\"width: 210px\" class=\"wp-caption alignnone\"><a href=\"http:\/\/landscape-festival.cz\/old\/wp-content\/uploads\/2014\/04\/8.jpg\"><img loading=\"lazy\" decoding=\"async\" aria-describedby=\"caption-attachment-548\" class=\"wp-image-548\" src=\"http:\/\/landscape-festival.cz\/old\/wp-content\/uploads\/2014\/04\/8.jpg\" alt=\"(c) AI (photography)\" width=\"200\" height=\"300\" srcset=\"https:\/\/www.landscape-festival.cz\/old\/wp-content\/uploads\/2014\/04\/8.jpg 798w, https:\/\/www.landscape-festival.cz\/old\/wp-content\/uploads\/2014\/04\/8-199x300.jpg 199w, https:\/\/www.landscape-festival.cz\/old\/wp-content\/uploads\/2014\/04\/8-680x1024.jpg 680w\" sizes=\"auto, (max-width: 200px) 100vw, 200px\" \/><\/a><p id=\"caption-attachment-548\" class=\"wp-caption-text\">(c) AI (photography)<\/p><\/div>\n<ul>\n<li><strong>a05\/ Martina Forejtov\u00e1+Jana Py\u0161kov\u00e1 &#8211; \u0158\u00ed\u010dn\u00ed pl\u00e1\u017e (2014)<\/strong><\/li>\n<\/ul>\n<p>\u0158eka je v\u017edy m\u00edstem, kter\u00e9 se chce pozorovat\u2026sc\u00e9na je t\u00e9m\u011b\u0159 hotov\u00e1, z\u00e1livy a \u0159\u00ed\u010dn\u00ed valouny, \u0161um\u011bn\u00ed list\u016f vrb a vlnky na hladin\u011b\u2026ob\u010das mezi vrbami n\u011bco prokvete\u2026lehnout si, pozorovat \u2026<br \/>\npov\u00eddat si nebo neb\u00fdt ru\u0161en\u2026l\u00e9to v Praze\u2026t\u0159eba v Troji, na Sm\u00edchov\u011b nebo v Libni?<\/p>\n<p><a href=\"http:\/\/landscape-festival.cz\/old\/wp-content\/uploads\/2014\/04\/DSC_0644-e1408027672890.jpg\"><img loading=\"lazy\" decoding=\"async\" class=\"alignnone wp-image-878 size-medium\" src=\"http:\/\/landscape-festival.cz\/old\/wp-content\/uploads\/2014\/04\/DSC_0644-300x200.jpg\" alt=\"\" width=\"300\" height=\"200\" \/><\/a><\/p>\n<ul>\n<li><strong>Lenka Klodov\u00e1 &#8211; Tvarov\u00e1n\u00ed \u2013 krajina po bitv\u011b (2014)<\/strong><\/li>\n<\/ul>\n<p>D\u00edlo Tvarov\u00e1n\u00ed \u2013 krajina po bitv\u011b p\u0159edstavuje um\u011ble vytvo\u0159enou krajinu, je\u017e vznikla soubojem dvou \u017een v s\u00e1d\u0159e &#8211; proti sob\u011b a proti \u010dasu a tuhnouc\u00edmu materi\u00e1lu. Vytvo\u0159ily tak skute\u010dnou krajinu po bitv\u011b, v materi\u00e1lu, kter\u00fd je vyu\u017e\u00edv\u00e1n ke tvorb\u011b architektonick\u00fdch model\u016f.<\/p>\n<p><a href=\"http:\/\/landscape-festival.cz\/old\/wp-content\/uploads\/2014\/04\/IMG_7762.jpg\"><img loading=\"lazy\" decoding=\"async\" class=\"alignnone wp-image-848 size-medium\" src=\"http:\/\/landscape-festival.cz\/old\/wp-content\/uploads\/2014\/04\/IMG_7762-300x200.jpg\" alt=\"IMG_7762\" width=\"300\" height=\"200\" srcset=\"https:\/\/www.landscape-festival.cz\/old\/wp-content\/uploads\/2014\/04\/IMG_7762-300x200.jpg 300w, https:\/\/www.landscape-festival.cz\/old\/wp-content\/uploads\/2014\/04\/IMG_7762.jpg 900w\" sizes=\"auto, (max-width: 300px) 100vw, 300px\" \/><\/a><\/p>\n<ul>\n<li><strong>Kokoza &#8211; Vagon k nakousnut\u00ed (2014)<\/strong><\/li>\n<\/ul>\n<p>Alegorick\u00fd v\u016fz (vagon) o.p.s. KOKOZA slou\u017e\u00ed jako prezentace m\u011bstsk\u00e9ho a komunitn\u00edho zahradni\u010den\u00ed, p\u011bstov\u00e1n\u00ed zeleniny, bylin i okrasn\u00fdch kv\u011btin a kompostov\u00e1n\u00ed. Na realizaci se pod\u00edleli zahradn\u00edci z m\u011bstsk\u00fdch a komunitn\u00edch zahrad z cel\u00e9 Prahy spole\u010dn\u011b s lidmi se zdravotn\u00edm posti\u017een\u00edm.<\/p>\n<p><a href=\"http:\/\/landscape-festival.cz\/old\/wp-content\/uploads\/2014\/04\/DSC_0703.jpg\"><img loading=\"lazy\" decoding=\"async\" class=\"alignnone size-medium wp-image-862\" src=\"http:\/\/landscape-festival.cz\/old\/wp-content\/uploads\/2014\/04\/DSC_0703-300x200.jpg\" alt=\"DSC_0703\" width=\"300\" height=\"200\" srcset=\"https:\/\/www.landscape-festival.cz\/old\/wp-content\/uploads\/2014\/04\/DSC_0703-300x200.jpg 300w, https:\/\/www.landscape-festival.cz\/old\/wp-content\/uploads\/2014\/04\/DSC_0703.jpg 900w\" sizes=\"auto, (max-width: 300px) 100vw, 300px\" \/><\/a><\/p>\n<ul>\n<li><strong>Na hranici- Grenznah<\/strong><\/li>\n<\/ul>\n<p><strong>Milo\u0161 \u0160ejn: Stromem pad\u00e1m, 2014<\/strong><\/p>\n<p><strong>Ad\u00e9la Sou\u010dkov\u00e1: Nemo\u017enosti, 2014<\/strong><\/p>\n<p><strong>Robert Vanis: bez n\u00e1zvu (stromy), 2014<\/strong><\/p>\n<p><strong>Ale\u0161 Loziak: Black box, 2014<\/strong><\/p>\n<p><a href=\"http:\/\/landscape-festival.cz\/old\/wp-content\/uploads\/2014\/04\/DSC_0735_small.jpg\"><img loading=\"lazy\" decoding=\"async\" class=\"alignnone wp-image-874 size-medium\" src=\"http:\/\/landscape-festival.cz\/old\/wp-content\/uploads\/2014\/04\/DSC_0735_small-300x200.jpg\" alt=\"DSC_0735_small\" width=\"300\" height=\"200\" srcset=\"https:\/\/www.landscape-festival.cz\/old\/wp-content\/uploads\/2014\/04\/DSC_0735_small-300x200.jpg 300w, https:\/\/www.landscape-festival.cz\/old\/wp-content\/uploads\/2014\/04\/DSC_0735_small.jpg 900w\" sizes=\"auto, (max-width: 300px) 100vw, 300px\" \/><\/a><\/p>\n<p><strong>Michala Da\u0161kov\u00e1: Plevel je v\u0161e, co roste tam, kde to nechceme<\/strong><strong>, 2014<\/strong><\/p>\n<p><strong>Karel Kunc: Mrtv\u00fd les, 2014<\/strong><\/p>\n<p><a href=\"http:\/\/landscape-festival.cz\/old\/wp-content\/uploads\/2014\/04\/DSC_0647-e1408033056815.jpg\"><img loading=\"lazy\" decoding=\"async\" class=\"alignnone size-medium wp-image-886\" src=\"http:\/\/landscape-festival.cz\/old\/wp-content\/uploads\/2014\/04\/DSC_0647-300x200.jpg\" alt=\"DSC_0647\" width=\"300\" height=\"200\" \/><\/a><\/p>\n<p><strong>Martin Marek: Na hranici \u2013 Grenznah: dokument o sympoziu<\/strong><strong>, 2014<\/strong><\/p>\n<p>Projekt p\u0159edstavuje dokumentaci instalac\u00ed ze sympozia konan\u00e9m na lesovn\u011b Tummelplatz, jeho\u017e \u00fa\u010dastn\u00edci byli op\u011bt vyzv\u00e1ni k p\u0159edstaven\u00ed podstaty akce, toti\u017e vyrovn\u00e1n\u00ed se s nezn\u00e1m\u00fdm prost\u0159ed\u00edm vlastn\u00ed prac\u00ed. Stromy nahrazuj\u00ed sloupy a pra\u017ece. Odst\u00edny zelen\u00e9 st\u0159\u00eddaj\u00ed t\u00f3ny rzi a \u0161edi betonu. Siln\u00e1 atmosf\u00e9ra z\u016fst\u00e1v\u00e1.<\/p>\n<ul>\n<li><strong>Partero &#8211; <strong>J\u00eddeln\u00ed v\u016fz z Moravy (2014)<\/strong><\/strong><\/li>\n<\/ul>\n<p>Vagon v pojet\u00ed ateli\u00e9ru Partero p\u0159ij\u00ed\u017ed\u00ed z Moravy. Stal se j\u00eddeln\u00edm vozem, kde se zcela v souladu s principy raw food pod\u00e1v\u00e1 \u010derstv\u00e1 strava p\u011bstov\u00e1na p\u0159\u00edmo v kup\u00e9 na z\u00e1honech z bal\u00edk\u016f sl\u00e1my (straw bale gardening). \u010cerstv\u011b mlet\u00e1 k\u00e1va z de\u0161t\u011b je pod\u00e1v\u00e1na v tradi\u010dn\u00edch servisech moravsk\u00fdch dom\u00e1cnost\u00ed.<\/p>\n<p><a href=\"http:\/\/landscape-festival.cz\/old\/wp-content\/uploads\/2014\/04\/71-e1408027016573.jpg\"><img loading=\"lazy\" decoding=\"async\" class=\"alignnone size-medium wp-image-876\" src=\"http:\/\/landscape-festival.cz\/old\/wp-content\/uploads\/2014\/04\/71-300x200.jpg\" alt=\"7\" width=\"300\" height=\"200\" \/><\/a><\/p>\n<ul>\n<li><strong><strong>naOKRAJI\/ <\/strong>Daniel Mat\u011bjka &amp; Hana Syrov\u00e1 &#8211; <strong>Rozhoupejme \u010deskou krajinu!<\/strong><\/strong><\/li>\n<\/ul>\n<p>Projektem Rozhoupejme \u010deskou krajinu! cht\u011bj\u00ed auto\u0159i vyzdvihnout potenci\u00e1l zaj\u00edmav\u00fdch m\u00edst a upozornit na kr\u00e1sn\u00e9, le\u010d skryt\u00e9 m\u00edsto v na\u0161em okol\u00ed radostn\u00fdm zp\u016fsobem. Houpa\u010dka je symbolem spole\u010dn\u00e9 radosti, hravosti a rozhledu. Instalace je sou\u010d\u00e1st\u00ed projektu \u201e100 Houpa\u010dek pro krajinu\u201c.<\/p>\n<p><a href=\"http:\/\/landscape-festival.cz\/old\/wp-content\/uploads\/2014\/04\/DSC_0662_small.jpg\"><img loading=\"lazy\" decoding=\"async\" class=\"alignnone size-medium wp-image-875\" src=\"http:\/\/landscape-festival.cz\/old\/wp-content\/uploads\/2014\/04\/DSC_0662_small-300x200.jpg\" alt=\"DSC_0662_small\" width=\"300\" height=\"200\" srcset=\"https:\/\/www.landscape-festival.cz\/old\/wp-content\/uploads\/2014\/04\/DSC_0662_small-300x200.jpg 300w, https:\/\/www.landscape-festival.cz\/old\/wp-content\/uploads\/2014\/04\/DSC_0662_small.jpg 900w\" sizes=\"auto, (max-width: 300px) 100vw, 300px\" \/><\/a><\/p>\n<ul>\n<li><strong>Prazelenina <strong>pro N\u00e1kladov\u00e9 n\u00e1dra\u017e\u00ed \u017di\u017ekov (2014)<\/strong><\/strong><\/li>\n<\/ul>\n<p>Prazeleninu zalo\u017eil v roce 2012 architekt Mat\u011bj Petr\u00e1nek spole\u010dn\u011b Ji\u0159\u00edm Nov\u00e1kem. Jednou z inspirac\u00ed byla komunitn\u00ed zahrada v Helsink\u00e1ch.<\/p>\n<p>Zahrada i program jsou p\u0159\u00edstupn\u00e9 nejen p\u011bstitel\u016fm ale i \u0161irok\u00e9 ve\u0159ejnosti. Prazelenina zaji\u0161\u0165uje pro p\u011bstitele m\u00edsto, palety, pytle, zeminu, n\u00e1\u0159ad\u00ed a vodu.<\/p>\n<p>Na NN\u017d osadila Prazelenina vag\u00f3n r\u016fzn\u00fdmi druhy d\u00fdn\u00ed, kter\u00e9 v z\u00e1\u0159\u00ed spole\u010dn\u011b s p\u011bstiteli sklid\u00ed a p\u0159iprav\u00ed na zahrad\u011b d\u00fd\u0148ov\u00e9 hody.<\/p>\n<p>T\u00fdm dobrovoln\u00edk\u016f Prazeleniny 2014: Zuzana And\u011blov\u00e1, Regina a Standa Kuncovi, D\u00e1\u0161a Kub\u00e1tov\u00e1 a Robert Buchner, Martin Havel, Marie Havl\u00ednov\u00e1, Viola Jakschov\u00e1 a Pavel Janta\u010d, V\u00e1clav J\u00edlek a B\u00e1ra Jurkovi\u010dov\u00e1, Kl\u00e1ra Koubov\u00e1, Zden\u011bk Kov\u00e1\u0159, Milan Ma\u0161t\u00e1lka, Jirka Nov\u00e1k, Mat\u011bj Petr\u00e1nek, Lenka Stejskalov\u00e1 a Karel Wheeler, Marcela Strakov\u00e1, Petr \u0160t\u011bp\u00e1nek a Lenka Svobodov\u00e1, Ji\u0159\u00ed \u0160t\u011bp\u00e1n, Filip a Jana Volavkovi, Pavel Vyhn\u00e1nek, Veronika a Cedric Louvelovi, Milo\u0161 Krav\u010div a Marcela Jane\u010dkov\u00e1.<\/p>\n<p><a href=\"http:\/\/landscape-festival.cz\/old\/wp-content\/uploads\/2014\/04\/IMG_77391-e1408028365139.jpg\"><img loading=\"lazy\" decoding=\"async\" class=\"alignnone size-medium wp-image-881\" src=\"http:\/\/landscape-festival.cz\/old\/wp-content\/uploads\/2014\/04\/IMG_77391-300x200.jpg\" alt=\"IMG_7739\" width=\"300\" height=\"200\" \/><\/a><\/p>\n<ul>\n<li><strong>Vladim\u00edr Sitta &#8211; <strong>Strom, kter\u00fd u\u017e nena\u0159\u00edk\u00e1\u2026 (2014)<\/strong><\/strong><\/li>\n<\/ul>\n<p>Ka\u017ed\u00fd den miz\u00ed pod buldozery v \u010cesk\u00e9 republice 15 hektar\u016f p\u016fdy. Tato p\u016fda kdysi \u017eivila \u010dlov\u011bka. Dnes je povrch sterilizov\u00e1n korzetem z asfaltu a jin\u00fdch materi\u00e1l\u016f. N\u00e1\u0161 \u017eivotn\u00ed styl je umo\u017en\u011bn jen d\u00edky historicky bezp\u0159\u00edkladn\u00e9 denaturalizaci na\u0161eho prost\u0159ed\u00ed. P\u0159\u00edroda p\u0159itom z\u016fst\u00e1v\u00e1 zdrojem inspirace, jak o tom sv\u011bd\u010d\u00ed inspirace p\u0159\u00edrodn\u00edmi formami v designu a v architektu\u0159e. Biomimikry p\u0159itom z\u016fst\u00e1v\u00e1 ve valn\u00e9 m\u00ed\u0159e pouh\u00fdm form\u00e1ln\u00edm cvi\u010den\u00edm. Vyt\u011bsn\u011bn\u00e1 p\u0159\u00edroda je nahrazov\u00e1na um\u011blou podp\u0159\u00edrodou.<\/p>\n<div id=\"attachment_543\" style=\"width: 310px\" class=\"wp-caption alignnone\"><a href=\"http:\/\/landscape-festival.cz\/old\/wp-content\/uploads\/2014\/04\/3.jpg\"><img loading=\"lazy\" decoding=\"async\" aria-describedby=\"caption-attachment-543\" class=\"size-medium wp-image-543\" src=\"http:\/\/landscape-festival.cz\/old\/wp-content\/uploads\/2014\/04\/3-300x199.jpg\" alt=\"(c) AI (photography)\" width=\"300\" height=\"199\" srcset=\"https:\/\/www.landscape-festival.cz\/old\/wp-content\/uploads\/2014\/04\/3-300x199.jpg 300w, https:\/\/www.landscape-festival.cz\/old\/wp-content\/uploads\/2014\/04\/3-1024x680.jpg 1024w, https:\/\/www.landscape-festival.cz\/old\/wp-content\/uploads\/2014\/04\/3.jpg 1200w\" sizes=\"auto, (max-width: 300px) 100vw, 300px\" \/><\/a><p id=\"caption-attachment-543\" class=\"wp-caption-text\">(c) AI (photography)<\/p><\/div>\n<ul>\n<li><strong>Vladim\u00edr Sitta &#8211; <strong>50 t\u016fj\u00ed pro \u010deskou krajinu aneb kde domov m\u016fj <\/strong><\/strong><\/li>\n<\/ul>\n<p>Spektrum prom\u011bn v \u010desk\u00e9 krajin\u011b se neomezuje pouze na \u0159epkov\u00e9 orgie agrobyznisu. Tam kde kdysi rostla na n\u00e1vsi l\u00edpa, p\u0159ich\u00e1z\u00ed nov\u00fd univers\u00e1ln\u00ed vet\u0159elec. M\u00e1 spoustu kolaborant\u016f.<\/p>\n<p>\u0160\u00ed\u0159\u00ed se jak virus. Konformita p\u0159ich\u00e1z\u00ed se slevou. Vesnice na Vyso\u010din\u011b nebo velk\u00e9\/mal\u00e9 m\u011bsto? Nov\u00fd symbol vylou\u010den\u00ed a odd\u011blen\u00ed. Kdysi jen na h\u0159bitov\u011b. Dnes v\u0161ude. Strom nen\u00ed<\/p>\n<p>ten, koho u\u010dili ps\u00e1t\u2026<\/p>\n<div id=\"attachment_542\" style=\"width: 310px\" class=\"wp-caption alignnone\"><a href=\"http:\/\/landscape-festival.cz\/old\/wp-content\/uploads\/2014\/04\/2.jpg\"><img loading=\"lazy\" decoding=\"async\" aria-describedby=\"caption-attachment-542\" class=\"size-medium wp-image-542\" src=\"http:\/\/landscape-festival.cz\/old\/wp-content\/uploads\/2014\/04\/2-300x199.jpg\" alt=\"(c) AI (photography)\" width=\"300\" height=\"199\" srcset=\"https:\/\/www.landscape-festival.cz\/old\/wp-content\/uploads\/2014\/04\/2-300x199.jpg 300w, https:\/\/www.landscape-festival.cz\/old\/wp-content\/uploads\/2014\/04\/2-1024x680.jpg 1024w, https:\/\/www.landscape-festival.cz\/old\/wp-content\/uploads\/2014\/04\/2.jpg 1200w\" sizes=\"auto, (max-width: 300px) 100vw, 300px\" \/><\/a><p id=\"caption-attachment-542\" class=\"wp-caption-text\">(c) AI (photography)<\/p><\/div>\n<ul>\n<li><strong>Dagmar \u0160ubrtov\u00e1 &#8211; Uheln\u00e1<\/strong><\/li>\n<\/ul>\n<p>Objekty D. \u0160ubrtov\u00e9 tematicky reaguj\u00ed na rozd\u00edly v pr\u016fmyslov\u00e9 krajin\u011b utv\u00e1\u0159en\u00e9 geomorfologick\u00fdmi procesy, p\u0159edev\u0161\u00edm v hornick\u00fdch regionech. Reflexe sm\u011b\u0159uje k socha\u0159sk\u00e9 interpretaci nov\u011b vznikaj\u00edc\u00edch m\u00edst, kter\u00e1 jsou fyzick\u00fdm p\u0159\u00edkladem p\u0159\u00edrodn\u00ed obnovy.<\/p>\n<div id=\"attachment_550\" style=\"width: 310px\" class=\"wp-caption alignnone\"><a href=\"http:\/\/landscape-festival.cz\/old\/wp-content\/uploads\/2014\/04\/102.jpg\"><img loading=\"lazy\" decoding=\"async\" aria-describedby=\"caption-attachment-550\" class=\"size-medium wp-image-550\" src=\"http:\/\/landscape-festival.cz\/old\/wp-content\/uploads\/2014\/04\/102-300x199.jpg\" alt=\"(c) AI (photography)\" width=\"300\" height=\"199\" srcset=\"https:\/\/www.landscape-festival.cz\/old\/wp-content\/uploads\/2014\/04\/102-300x199.jpg 300w, https:\/\/www.landscape-festival.cz\/old\/wp-content\/uploads\/2014\/04\/102-1024x680.jpg 1024w, https:\/\/www.landscape-festival.cz\/old\/wp-content\/uploads\/2014\/04\/102.jpg 1200w\" sizes=\"auto, (max-width: 300px) 100vw, 300px\" \/><\/a><p id=\"caption-attachment-550\" class=\"wp-caption-text\">(c) AI (photography)<\/p><\/div>\n<ul>\n<li><strong>Eva Wagnerov\u00e1 &#8211; <strong>Na\u0161e cesta krajinou<\/strong><\/strong><\/li>\n<\/ul>\n<p>V d\u00edle s n\u00e1zvem Na\u0161e cesta krajinou reflektuje autorka t\u00e9mata t\u00fdkaj\u00edc\u00ed se krajiny &#8211; cesta lid\u00ed krajinou versus cesta krajiny, jej\u00ed prom\u011bna pod lidskou stopou, na\u0161e vn\u00edm\u00e1n\u00ed krajiny a jej\u00ed p\u0159izp\u016fsobov\u00e1n\u00ed na\u0161emu obrazu. Krajina je takov\u00e1, jac\u00ed lid\u00e9 v n\u00ed \u017eij\u00ed.<\/p>\n<p><a href=\"http:\/\/landscape-festival.cz\/old\/wp-content\/uploads\/2014\/04\/DSC_0681-e1408027572224.jpg\"><img loading=\"lazy\" decoding=\"async\" class=\"alignnone size-medium wp-image-877\" src=\"http:\/\/landscape-festival.cz\/old\/wp-content\/uploads\/2014\/04\/DSC_0681-300x200.jpg\" alt=\"DSC_0681\" width=\"300\" height=\"200\" \/><\/a><\/p>\n<ul>\n<li><strong>4 dim &#8211; <strong>\u010cesk\u00e1 pole a louky (2014)<\/strong><\/strong><\/li>\n<\/ul>\n<p><a href=\"http:\/\/landscape-festival.cz\/old\/wp-content\/uploads\/2014\/04\/IMG_7743.jpg\"><img loading=\"lazy\" decoding=\"async\" class=\"alignnone size-medium wp-image-841\" src=\"http:\/\/landscape-festival.cz\/old\/wp-content\/uploads\/2014\/04\/IMG_7743-300x200.jpg\" alt=\"IMG_7743\" width=\"300\" height=\"200\" srcset=\"https:\/\/www.landscape-festival.cz\/old\/wp-content\/uploads\/2014\/04\/IMG_7743-300x200.jpg 300w, https:\/\/www.landscape-festival.cz\/old\/wp-content\/uploads\/2014\/04\/IMG_7743.jpg 900w\" sizes=\"auto, (max-width: 300px) 100vw, 300px\" \/><\/a><\/p>\n<ul>\n<li><strong>Dan Merta + Tom\u00e1\u0161 Valu\u0161ek &#8211; <strong>Ztracen\u00fd sen o vrchu V\u00edtkov <\/strong><\/strong><\/li>\n<\/ul>\n<p><a href=\"http:\/\/landscape-festival.cz\/old\/wp-content\/uploads\/2014\/04\/DSC_0646_cr-e1408033373995.jpg\"><img loading=\"lazy\" decoding=\"async\" class=\"alignnone size-medium wp-image-887\" src=\"http:\/\/landscape-festival.cz\/old\/wp-content\/uploads\/2014\/04\/DSC_0646_cr-300x202.jpg\" alt=\"DSC_0646_cr\" width=\"300\" height=\"202\" \/><\/a><\/p>\n<ul>\n<li><strong>Rastavagon<\/strong><\/li>\n<\/ul>\n<p><a href=\"http:\/\/landscape-festival.cz\/old\/wp-content\/uploads\/2014\/04\/IMG_77441-e1408028413489.jpg\"><img loading=\"lazy\" decoding=\"async\" class=\"alignnone size-medium wp-image-882\" src=\"http:\/\/landscape-festival.cz\/old\/wp-content\/uploads\/2014\/04\/IMG_77441-300x200.jpg\" alt=\"IMG_7744\" width=\"300\" height=\"200\" \/><\/a><\/p>\n<ul>\n<li><strong>Monika Bun\u017eov\u00e1 a Ji\u0159\u00ed Rej\u017ee Posp\u00ed\u0161il &#8211; <strong>\u017di\u017ekovsk\u00e9 pol\u00ed\u010dko (2014)<\/strong><\/strong><\/li>\n<\/ul>\n<p><a href=\"http:\/\/landscape-festival.cz\/old\/wp-content\/uploads\/2014\/04\/DSC_0657-e1408027830841.jpg\"><img loading=\"lazy\" decoding=\"async\" class=\"alignnone size-medium wp-image-879\" src=\"http:\/\/landscape-festival.cz\/old\/wp-content\/uploads\/2014\/04\/DSC_0657-300x200.jpg\" alt=\"DSC_0657\" width=\"300\" height=\"200\" \/><\/a><\/p>\n<ul>\n<li><strong>Zelen\u00fd domov &#8211; \u017di\u017ekovsk\u00fd sad (2014)<\/strong><\/li>\n<\/ul>\n<p><a href=\"http:\/\/landscape-festival.cz\/old\/wp-content\/uploads\/2014\/04\/DSC_07241-e1408036399896.jpg\"><img loading=\"lazy\" decoding=\"async\" class=\"alignnone size-medium wp-image-890\" src=\"http:\/\/landscape-festival.cz\/old\/wp-content\/uploads\/2014\/04\/DSC_07241-300x200.jpg\" alt=\"DSC_0724\" width=\"300\" height=\"200\" \/><\/a><\/p>\n<p><strong>D\/ GUERILLA \u2013 INDUSTRI\u00c1L \u2013 FESTIVAL &#8211; URBAN GARDENING<\/strong><br \/>\nlokalita\/n\u00e1kladov\u00e9 n\u00e1dra\u017e\u00ed \u017ei\u017ekov<br \/>\ns\u00e9rie p\u0159edn\u00e1\u0161ek\/workshopy\/intervence<\/p>\n<ul>\n<li>vytvo\u0159en\u00ed prostoru pro setk\u00e1v\u00e1n\u00ed lid\u00ed s podobn\u00fdmi z\u00e1jmy a aktivitami<\/li>\n<li>vzd\u011bl\u00e1v\u00e1n\u00ed laick\u00e9 i odborn\u00e9 ve\u0159ejnosti<\/li>\n<li>podpora p\u0159irozen\u00e9 kooperace instituc\u00ed a spolk\u016f zab\u00fdvaj\u00edc\u00ed se podobn\u00fdmi aktivitami<\/li>\n<li>odborn\u00e9 p\u0159edn\u00e1\u0161ky a prezentace projekt\u016f<\/li>\n<li>tematick\u00e9 workshopy<\/li>\n<li>o\u017eiven\u00ed dan\u00e9ho prostoru sez\u00f3nn\u00edmi v\u00fdsadbami rostlin<\/li>\n<\/ul>\n<div class=\"gallery-icon \"><a href=\"http:\/\/landscape-festival.cz\/old\/en\/wp-content\/uploads\/2014\/04\/021.jpg\" rel=\"lightbox\"><img loading=\"lazy\" decoding=\"async\" class=\"attachment-thumbnail\" src=\"http:\/\/landscape-festival.cz\/old\/en\/wp-content\/uploads\/2014\/04\/021-150x150.jpg\" alt=\"kurt gebauer\" width=\"150\" height=\"150\" \/><\/a><\/div>\n<p>kurt gebauer<\/p>\n<p>&nbsp;<\/p>\n","protected":false},"excerpt":{"rendered":"<p>A \/ V\u00ddSTAVY 1\/ Czech Scape lokalita\/ galerie jaroslava fragnera anal\u00fdza, historick\u00fd exkurz, sou\u010dasn\u00fd stav kur\u00e1to\u0159i\/ 4 dim \u2013 Kl\u00e1ra Stachov\u00e1, Andrea Honejskov\u00e1, Jakub Hepp, gjf \u2013 Dan Merta V\u00fdstava CZECHSCAPE p\u0159edstavuje v\u00fdb\u011br projekt\u016f krajin\u00e1\u0159sk\u00e9 architektury a realizac\u00ed v oblasti ve\u0159ejn\u00e9ho prostoru v \u010cesk\u00e9 republice. Nen\u00e1siln\u011b vyb\u00edz\u00ed k reflexi sou\u010dasn\u00e9 doby, kdy je krajin\u00e1\u0159sk\u00e1 architektura [&hellip;]<\/p>\n","protected":false},"author":1,"featured_media":910,"parent":1032,"menu_order":1,"comment_status":"open","ping_status":"closed","template":"","meta":{"footnotes":""},"class_list":["post-13","page","type-page","status-publish","has-post-thumbnail","hentry",""],"_links":{"self":[{"href":"http:\/\/www.landscape-festival.cz\/old\/wp-json\/wp\/v2\/pages\/13","targetHints":{"allow":["GET"]}}],"collection":[{"href":"http:\/\/www.landscape-festival.cz\/old\/wp-json\/wp\/v2\/pages"}],"about":[{"href":"http:\/\/www.landscape-festival.cz\/old\/wp-json\/wp\/v2\/types\/page"}],"author":[{"embeddable":true,"href":"http:\/\/www.landscape-festival.cz\/old\/wp-json\/wp\/v2\/users\/1"}],"replies":[{"embeddable":true,"href":"http:\/\/www.landscape-festival.cz\/old\/wp-json\/wp\/v2\/comments?post=13"}],"version-history":[{"count":90,"href":"http:\/\/www.landscape-festival.cz\/old\/wp-json\/wp\/v2\/pages\/13\/revisions"}],"predecessor-version":[{"id":4777,"href":"http:\/\/www.landscape-festival.cz\/old\/wp-json\/wp\/v2\/pages\/13\/revisions\/4777"}],"up":[{"embeddable":true,"href":"http:\/\/www.landscape-festival.cz\/old\/wp-json\/wp\/v2\/pages\/1032"}],"wp:featuredmedia":[{"embeddable":true,"href":"http:\/\/www.landscape-festival.cz\/old\/wp-json\/wp\/v2\/media\/910"}],"wp:attachment":[{"href":"http:\/\/www.landscape-festival.cz\/old\/wp-json\/wp\/v2\/media?parent=13"}],"curies":[{"name":"wp","href":"https:\/\/api.w.org\/{rel}","templated":true}]}}