{"id":1067,"date":"2015-06-04T12:59:37","date_gmt":"2015-06-04T11:59:37","guid":{"rendered":"http:\/\/landscape-festival.cz\/?page_id=1067"},"modified":"2018-06-08T14:50:00","modified_gmt":"2018-06-08T13:50:00","slug":"vystavy","status":"publish","type":"page","link":"http:\/\/www.landscape-festival.cz\/old\/minule-rocniky\/lfp-2015\/vystavy\/","title":{"rendered":"V\u00fdstavy"},"content":{"rendered":"<h2><strong>V\u00ddSTAVY GALERIE V PAT\u0158E<\/strong><\/h2>\n<p><strong>1\/ \u2014 27\/9\/2015<\/strong><\/p>\n<p><strong>SHARED CITIES<\/strong><br \/>\nEvropsk\u00e1 cena za ve\u0159ejn\u00fd m\u011bstsk\u00fd prostor<\/p>\n<p><strong>INDUSTRIALN\u00cd TOPOGRAFIE: ARCHITEKTURA KONVERZ\u00cd<\/strong><\/p>\n<p><strong>P\u0158\u00cdB\u011aH SOUT\u011a\u017dE O CENU PETRA PARL\u00c9\u0158E<\/strong><\/p>\n<p><strong>NA POMEZ\u00cd SAMOTY<br \/>\n<\/strong>Projekt Na pomez\u00ed samoty zkoum\u00e1 aktu\u00e1ln\u00ed ot\u00e1zky prom\u011bn krajiny a problematiku prov\u00e1zanosti postindustri\u00e1ln\u00ed spole\u010dnosti a p\u0159\u00edrody. Tato t\u00e9mata jsou reflektov\u00e1na a rozpracov\u00e1v\u00e1na prost\u0159ednictv\u00edm um\u011bleck\u00e9ho pr\u016fzkumu kulturn\u00ed geografie a morfologie t\u0159\u00ed specifick\u00fdch oblast\u00ed st\u0159edn\u00ed a severn\u00ed Evropy. Sou\u010d\u00e1st\u00ed projektu jsou mimo jin\u00e9 d\u00edlny, odehr\u00e1vaj\u00edc\u00ed se v \u010cesk\u00e9 republice, v Norsku i na Islandu, v\u00fdstava a mezioborov\u00e9 symposium v Praze v \u00fanoru 2016.<strong><br \/>\n<\/strong><\/p>\n<p><a href=\"http:\/\/landscape-festival.cz\/wp-content\/uploads\/2014\/04\/FOS.jpg\"><img loading=\"lazy\" decoding=\"async\" class=\"alignnone wp-image-1732 \" src=\"http:\/\/landscape-festival.cz\/wp-content\/uploads\/2014\/04\/FOS-1024x513.jpg\" alt=\"FOS\" width=\"894\" height=\"448\" srcset=\"https:\/\/www.landscape-festival.cz\/old\/wp-content\/uploads\/2014\/04\/FOS-1024x513.jpg 1024w, https:\/\/www.landscape-festival.cz\/old\/wp-content\/uploads\/2014\/04\/FOS-300x150.jpg 300w, https:\/\/www.landscape-festival.cz\/old\/wp-content\/uploads\/2014\/04\/FOS.jpg 1990w\" sizes=\"auto, (max-width: 894px) 100vw, 894px\" \/><\/a><\/p>\n<p><strong>5\/ \u2014 27\/9\/2015<\/strong><\/p>\n<p><strong>DEVELOPING SMART CITIES<\/strong><br \/>\nSou\u010dasn\u00e9 m\u011bstsk\u00e9 strategie<\/p>\n<p>&nbsp;<\/p>\n<p><a href=\"http:\/\/landscape-festival.cz\/wp-content\/uploads\/2014\/04\/13.jpg\"><img loading=\"lazy\" decoding=\"async\" class=\" wp-image-1719 size-thumbnail alignleft\" src=\"http:\/\/landscape-festival.cz\/wp-content\/uploads\/2014\/04\/13-150x150.jpg\" alt=\"1\" width=\"150\" height=\"150\" \/><\/a>\u00a0 \u00a0 \u00a0<a href=\"http:\/\/landscape-festival.cz\/wp-content\/uploads\/2014\/04\/21.jpg\"><img loading=\"lazy\" decoding=\"async\" class=\" wp-image-1720 size-thumbnail alignleft\" src=\"http:\/\/landscape-festival.cz\/wp-content\/uploads\/2014\/04\/21-150x150.jpg\" alt=\"2\" width=\"150\" height=\"150\" \/><\/a>\u00a0 \u00a0 \u00a0<a href=\"http:\/\/landscape-festival.cz\/wp-content\/uploads\/2014\/04\/31.jpg\"><img loading=\"lazy\" decoding=\"async\" class=\" wp-image-1721 size-thumbnail alignleft\" src=\"http:\/\/landscape-festival.cz\/wp-content\/uploads\/2014\/04\/31-150x150.jpg\" alt=\"3\" width=\"150\" height=\"150\" \/><\/a><\/p>\n<p>&nbsp;<\/p>\n<p>&nbsp;<\/p>\n<h2><\/h2>\n<h2><\/h2>\n<p>&nbsp;<\/p>\n<p>&nbsp;<\/p>\n<h2>PROGRAM DEBAT od 14\/9 \u2014 23\/9\/2015<\/h2>\n<p>krajinn\u00e1 architektura + ve\u0159ejn\u00fd prostor + um\u011bn\u00ed ve ve\u0159ejn\u00e9m prostoru<\/p>\n<p>p\u0159ipraveno ve spolupr\u00e1ci se Sekc\u00ed krajin\u00e1\u0159sk\u00e9 architektury SZKT<\/p>\n<h3>debata na t\u00e9ma Hled\u00e1n\u00ed identity \u010desk\u00e9 krajin\u00e1\u0159sk\u00e9 architektury<br \/>\n<strong>14\/9\/2015 od 18:00<\/strong><\/h3>\n<h4><strong>krajina\/ ve\u0159ejn\u00fd prostor\/ kontext\/ evropsk\u00fd kontext\/ vzd\u011bl\u00e1n\u00ed a v\u00fdchova<\/strong><\/h4>\n<p>Debatuj\u00edc\u00ed:<\/p>\n<p>Kl\u00e1ra Salzmann \u2014 krajin\u00e1\u0159sk\u00e1 architektka \/ \u010cKA<br \/>\nVladim\u00edr Sitta \u2014 krajin\u00e1\u0159sk\u00fd architekt<br \/>\nZden\u011bk Sendler \u2014 zahradn\u00ed architekt<br \/>\nRadmila Fingerov\u00e1 \u2014 krajin\u00e1\u0159sk\u00e1 architektka<br \/>\n\u0160t\u011bp\u00e1n \u0160poula \u2014 krajin\u00e1\u0159sk\u00fd architekt \/ IPR<br \/>\nPetr Veli\u010dka \u2014 krajin\u00e1\u0159sk\u00fd architekt \/ M&amp;P architekti<br \/>\nPetr Ku\u010dera \u2014 vedouc\u00ed \u00dastavu pl\u00e1nov\u00e1n\u00ed krajiny \/ MENDELU<br \/>\nIrena Fialov\u00e1 \u2014 prod\u011bkanka pro v\u011bdu, v\u00fdzkum a um\u011bleckou \u010dinnost \/ FA \u010cVUT<br \/>\nJaroslav Zima \u2014 architekt a urbanista \/ D3A spol. s\u00a0r.o.<\/p>\n<h3><strong><br \/>\n<\/strong>Sympozium Bien\u00e1le Experiment\u00e1ln\u00ed Architektury #2<br \/>\n<strong>15\/9\/2015 od 9:30<\/strong><\/h3>\n<p>\u00da\u010dastn\u00edci sympozia:<\/p>\n<p>Anastasios Tellios \/GR\/<br \/>\nKristina Schinegger \/AT\/<br \/>\nJose Sanchez \/USA\/<br \/>\nGilles Retsin \/UK\/<br \/>\nRoland Snooks \/UK\/<br \/>\nEric Goldemberg \/USA\/<br \/>\nJind\u0159ich R\u00e1ftl \/CZ\/<br \/>\nAdam Vukmanov \/CZ\/<\/p>\n<h3><strong><br \/>\n<\/strong>Historick\u00e9 d\u011bdictv\u00ed Vrchu V\u00edtkov<br \/>\n<strong>16\/9\/ 2015\u00a0od 18:00<\/strong><\/h3>\n<h4><strong>debata s politiky a odborn\u00edky o budouc\u00edm vyu\u017eit\u00ed v\u00fdznamn\u00e9 krajin\u00e1\u0159sk\u00e9 lokality v centru Prahy \u010dekaj\u00edc\u00ed na rehabilitaci sv\u00e9ho potenci\u00e1lu ve\u0159ejn\u00e9ho prostoru pro \u0161irokou ve\u0159ejnost<\/strong><\/h4>\n<p>Debatuj\u00edc\u00ed:<\/p>\n<p>Ivan Vav\u0159\u00edk \u2014 architekt, zastupitel M\u010c Praha 6-Suchdol \/ ateli\u00e9r Vav\u0159\u00edk<br \/>\nMat\u011bj Stropnick\u00fd \u2014 n\u00e1m\u011bstek prim\u00e1torky MHMP<br \/>\nJana Caldrov\u00e1 \u2014 odbor technick\u00e9 spr\u00e1vy majetku a investic M\u010c Praha 3<br \/>\nJan Materna \u2014 z\u00e1stupce starosty M\u010c Praha 3<br \/>\nVladislava Hujov\u00e1 \u2014 starostka M\u010c Praha 3<br \/>\nPetr Kratochv\u00edl \u2014 \u00daDU AV \u010cR<br \/>\n\u0160t\u011bp\u00e1n \u0160oula\u00a0\u2014 IPR Praha<br \/>\nJan Ludv\u00edk \u2014 architekt \/ Karl\u00edn Group \/ 3L Studio<br \/>\nMikol\u00e1\u0161 Vav\u0159\u00edn \u2014 architekt \u2013 autor v\u00edt\u011bzn\u00e9ho n\u00e1vrhu revitalizace vrchu V\u00edtkov z roku 2000<br \/>\nJana Plam\u00ednkov\u00e1 \u2014 radn\u00ed MHMP<br \/>\nKl\u00e1ra Salzmann \u2014 krajin\u00e1\u0159sk\u00e1 architektka \/ \u010cKA<\/p>\n<h3><strong><br \/>\n<\/strong>Kvalita designu ve ve\u0159ejn\u00e9m prostoru<br \/>\n<strong>17\/9\/2015 od 18:00<\/strong><\/h3>\n<h4><strong>debata p\u0159ipravovan\u00e1 s\u00a0partnery Landscape festivalu Praha mmCit\u00e9 a UMPRUM<\/strong><\/h4>\n<p>Debatuj\u00edc\u00ed:<\/p>\n<p>David Kar\u00e1sek \u2014 mmCit\u00e9<br \/>\nMichal Fron\u011bk \u2014 UMPRUM \/ Olgoj Chorchoj<br \/>\nAdam Gebrian &#8211; architekt<br \/>\nJan \u0160\u00e9pka &#8211; architekt \/ \u0160\u00e9pka architekti<br \/>\nPavla Melkov\u00e1 \u2014 architektka \/ \u0159editelka Kancel\u00e1\u0159e ve\u0159ejn\u00e9ho prostoru IPR Praha \/ MCA ateli\u00e9r<\/p>\n<p>&nbsp;<\/p>\n<h3>Ev<strong>ropsk\u00fd prostor &#8211;\u00a0pozice evropsk\u00e9 krajin\u00e1\u0159sk\u00e9 architektury<br \/>\n<\/strong><strong><strong>22\/9\/2015 od 18:00<\/strong><\/strong><strong>\u00a0 \u00a0 \u00a0 \u00a0 \u00a0 \u00a0 \u00a0 \u00a0\u00a0<\/strong><strong><br \/>\n<\/strong><\/h3>\n<p>Debatuj\u00edc\u00ed:<\/p>\n<p>David Bravo \/ES\/ \u2014 architekt, tajemn\u00edk komise Evropsk\u00e9 ceny za ve\u0159ejn\u00fd m\u011bstsk\u00fd prostor<br \/>\nDominika Tihanyi \/HU\/ \u2014 krajin\u00e1\u0159sk\u00e1 architektka<br \/>\nEva Wernerova \/SK\/ \u2014 krajin\u00e1\u0159sk\u00e1 architektka<\/p>\n<h3>Industri\u00e1ln\u00ed topografie na Praze 3<br \/>\n<strong>23\/9\/2015 od 13:30<\/strong><\/h3>\n<h4><strong>debata s\u00a0odborn\u00edky o sou\u010dasnosti a budoucnosti industri\u00e1ln\u00edho d\u011bdictv\u00ed na Praze 3 v\u00a0r\u00e1mci v\u00fdstavy Industri\u00e1ln\u00ed topografie \u2013 architektura konverz\u00ed p\u0159ipravenou VCPD FA \u010cVUT<\/strong><\/h4>\n<p>Debatuj\u00edc\u00ed:<\/p>\n<p>Alexander Bellu \u2014 z\u00e1stupce starostky M\u010c Praha 3<br \/>\nBenjamin Fragner \u2014 VCPD<br \/>\nLuk\u00e1\u0161 Beran \u2014 VCPD<br \/>\nZden\u011bk Luke\u0161 \u2014 historik architektury<br \/>\nIvan Vav\u0159\u00edk \u2014 architekt, zastupitel M\u010c Praha 6 \/ ateli\u00e9r Vav\u0159\u00edk<br \/>\nOnd\u0159ej \u0160efc\u016f \u2014 N\u00e1rodn\u00ed pam\u00e1tkov\u00fd \u00fa\u0159ad<\/p>\n<p>&nbsp;<\/p>\n<h3><strong>od 19:00<\/strong><\/h3>\n<h4><strong>koncert Justin Lavash \/UK\/ a Jamie Marshall &amp; Amplified Acoustic \/UK\/CZ\/<\/strong><\/h4>\n<h2>V\u00fdstavy na NN\u017d<\/h2>\n<p><strong>Swiss Touch <\/strong>\u2013 Putovn\u00ed v\u00fdstava p\u0159edstavuj\u00edc\u00ed pr\u00e1ci \u0161v\u00fdcarsk\u00fdch krajin\u00e1\u0159sk\u00fdch architekt\u016f od po\u010d\u00e1tku dvac\u00e1t\u00e9ho stolet\u00ed a\u017e po sou\u010dasnost.<\/p>\n\n\t\t<style type=\"text\/css\">\n\t\t\t#gallery-1 {\n\t\t\t\tmargin: auto;\n\t\t\t}\n\t\t\t#gallery-1 .gallery-item {\n\t\t\t\tfloat: left;\n\t\t\t\tmargin-top: 10px;\n\t\t\t\ttext-align: center;\n\t\t\t\twidth: 25%;\n\t\t\t}\n\t\t\t#gallery-1 img {\n\t\t\t\tborder: 2px solid #cfcfcf;\n\t\t\t}\n\t\t\t#gallery-1 .gallery-caption {\n\t\t\t\tmargin-left: 0;\n\t\t\t}\n\t\t\t\/* see gallery_shortcode() in wp-includes\/media.php *\/\n\t\t<\/style>\n\t\t<div id='gallery-1' class='gallery galleryid-1067 gallery-columns-4 gallery-size-thumbnail'><dl class='gallery-item'>\n\t\t\t<dt class='gallery-icon landscape'>\n\t\t\t\t<a href='https:\/\/www.landscape-festival.cz\/old\/wp-content\/uploads\/2015\/06\/01_mostra_landscape_architecture_popup.jpg'><img loading=\"lazy\" decoding=\"async\" width=\"150\" height=\"150\" src=\"https:\/\/www.landscape-festival.cz\/old\/wp-content\/uploads\/2015\/06\/01_mostra_landscape_architecture_popup-150x150.jpg\" class=\"attachment-thumbnail size-thumbnail\" alt=\"\" \/><\/a>\n\t\t\t<\/dt><\/dl><dl class='gallery-item'>\n\t\t\t<dt class='gallery-icon landscape'>\n\t\t\t\t<a href='https:\/\/www.landscape-festival.cz\/old\/wp-content\/uploads\/2015\/06\/05_mostra_landscape_architecture_popup.jpg'><img loading=\"lazy\" decoding=\"async\" width=\"150\" height=\"150\" src=\"https:\/\/www.landscape-festival.cz\/old\/wp-content\/uploads\/2015\/06\/05_mostra_landscape_architecture_popup-150x150.jpg\" class=\"attachment-thumbnail size-thumbnail\" alt=\"\" \/><\/a>\n\t\t\t<\/dt><\/dl><dl class='gallery-item'>\n\t\t\t<dt class='gallery-icon landscape'>\n\t\t\t\t<a href='https:\/\/www.landscape-festival.cz\/old\/wp-content\/uploads\/2015\/06\/06_mostra_landscape_architecture_popup.jpg'><img loading=\"lazy\" decoding=\"async\" width=\"150\" height=\"150\" src=\"https:\/\/www.landscape-festival.cz\/old\/wp-content\/uploads\/2015\/06\/06_mostra_landscape_architecture_popup-150x150.jpg\" class=\"attachment-thumbnail size-thumbnail\" alt=\"\" \/><\/a>\n\t\t\t<\/dt><\/dl><dl class='gallery-item'>\n\t\t\t<dt class='gallery-icon landscape'>\n\t\t\t\t<a href='https:\/\/www.landscape-festival.cz\/old\/wp-content\/uploads\/2015\/06\/04_mostra_landscape_architecture_popup.jpg'><img loading=\"lazy\" decoding=\"async\" width=\"150\" height=\"150\" src=\"https:\/\/www.landscape-festival.cz\/old\/wp-content\/uploads\/2015\/06\/04_mostra_landscape_architecture_popup-150x150.jpg\" class=\"attachment-thumbnail size-thumbnail\" alt=\"\" \/><\/a>\n\t\t\t<\/dt><\/dl><br style=\"clear: both\" \/>\n\t\t<\/div>\n\n<p><strong>Sou\u010dasn\u00e1 um\u011bleck\u00e1 d\u00edla ve vztahu ke krajin\u011b <\/strong>\u2013 V\u00fdstava o sou\u010dasn\u00fdch um\u011bleck\u00fdch d\u00edlech v\u00a0krajin\u011b, p\u0159ipraven\u00e1 socha\u0159kou, geologem a histori\u010dkou um\u011bn\u00ed.<\/p>\n<p><strong>Prezentace mezin\u00e1rodn\u00edch krajin\u00e1\u0159sk\u00fdch a zahradn\u00edch festival\u016f <\/strong><strong>\u2013 <\/strong>Velk\u00e9 mezin\u00e1rodn\u00ed krajin\u00e1\u0159sk\u00e9 p\u0159ehl\u00eddky se ji\u017e od sv\u00fdch po\u010d\u00e1tk\u016f staly d\u016fle\u017eitou laborato\u0159\u00ed odborn\u00edk\u016f v\u00a0r\u00e1mci v\u00fdvoje postindustri\u00e1ln\u00ed krajiny Evropy (nap\u0159. Festival Jardins Lausanne, BUGA\/ Bundesgartenschau \u00a0nebo Biennial of Landscape Architecture).<\/p>\n<p><strong>Industri\u00e1ln\u00ed topografie a um\u011bn\u00ed ve ve\u0159ejn\u00e9m prostoru v\u00a0M\u011bstsk\u00e9 \u010d\u00e1sti Praha 3 <\/strong>\u2013 V\u00fdstava, workshop a debaty na t\u00e9ma revitalizace industri\u00e1ln\u00edch lokalit a mo\u017enosti vyu\u017eit\u00ed sou\u010dasn\u00e9ho v\u00fdtvarn\u00e9ho um\u011bn\u00ed v\u00a0r\u00e1mci revitalizace ve\u0159ejn\u00e9ho prostoru na Praze 3.<\/p>\n<p><strong>A3 Digital Landscape \u2013 <\/strong>V\u00fdstava p\u0159edstavuj\u00edc\u00ed tektonick\u00e9 projekty student\u016f pra\u017esk\u00e9 Umprum \/ Ateli\u00e9ru A3, testuj\u00edc\u00ed krajiny povrch\u016f a struktur urb\u00e1nn\u00edch typologi\u00ed, rastr\u016f a s\u00edt\u00ed.<\/p>\n<p><strong>Nahraj!<\/strong>\u00a0\u2013 V\u00fdstava p\u0159edstavuj\u00edc\u00ed drobn\u00e9 experiment\u00e1ln\u00ed realizace vybran\u00fdch \u010desk\u00fdch ateli\u00e9r\u016f, kterou p\u0159ipravilo studio Archwerk.<\/p>\n<p><strong>Krajin\u00e1\u0159sk\u00e9 a v\u00fdtvarn\u00e9 intervence \u2013 <\/strong>Site specific instalace. V\u00fdznamn\u00fdm prvkem festivalu v\u00a0roce 2014 se staly land-artov\u00e9 instalace na \u017eelezni\u010dn\u00edch vozech, kter\u00e9 v\u00fdrazn\u011b o\u017eivili postindustri\u00e1ln\u00ed stav t\u00e9to lokality. I v leto\u0161n\u00edm ro\u010dn\u00edku budou vyzv\u00e1n\u00ed p\u0159edn\u00ed \u010de\u0161t\u00ed um\u011blci a studenti, aby reagovali na genia loci NN\u017d.<\/p>\n<ul>\n<li>Hrajin\u00e1\u0159i &#8211; Eatscape, Restscape, Playscape<\/li>\n<li>Archistroj &#8211; MOVE by NATURE<\/li>\n<li>Naokraji &#8211; Ekofitnesscentrum<\/li>\n<li>Zahradnick\u00e1 fakulta MENDELU v Brn\u011b<br \/>\n&#8211; Rekrajinostrukce<\/li>\n<li>Zelen\u00fd domov &#8211; Kv\u011btinov\u00e1 ve\u017e pro legion\u00e1\u0159e<\/li>\n<li>H3T architekti\u00a0&#8211; workshop<\/li>\n<\/ul>\n<h6><\/h6>\n<h2><strong>V\u00ddSTAVY V\u00a0GJF<\/strong><\/h2>\n<p><strong>Sd\u00edlen\u00e1 m\u011bsta\/Shared Cities<br \/>\n<\/strong><strong>10.7. \u2013 26.8.2015<\/strong><em><br \/>\n<\/em><\/p>\n<p>Evropsk\u00e1 cena za m\u011bstsk\u00fd ve\u0159ejn\u00fd prostor je iniciativou Centra sou\u010dasn\u00e9 kultury v Barcelon\u011b (CCCB), kter\u00e1 se kon\u00e1 jednou za dva roky a sna\u017e\u00ed se upozornit na d\u016fle\u017eitost ve\u0159ejn\u00e9ho prostoru v demokratick\u00e9m \u017eivot\u011b m\u011bst.<\/p>\n<p><em>Podoba m\u011bsta \u00fazce souvis\u00ed s\u00a0demokraci\u00ed<\/em> \u2013 to je teze Evropsk\u00e9 ceny pro ve\u0159ejn\u00fd prostor za rok 2014, kter\u00e1 od roku 2000 mapuje a prezentuje procesy transformace a zlep\u0161en\u00ed ve\u0159ejn\u00fdch prostranstv\u00ed v Evrop\u011b.<\/p>\n<p>M\u011bsta maj\u00ed k idylick\u00e9mu r\u00e1ji daleko. Nyn\u00ed, kdy v\u00edce ne\u017e polovina sv\u011btov\u00e9 populace \u017eije v m\u011bstsk\u00e9m prost\u0159ed\u00ed, se m\u011bsta pot\u00fdkaj\u00ed s hrozbami, kter\u00e9 p\u0159in\u00e1\u0161\u00ed v\u00e1\u017en\u00e9 obavy o jejich budoucnost. V Evrop\u011b vznikla v pr\u016fb\u011bhu d\u011bjin m\u011bsta, je\u017e mohou b\u00fdt p\u0159\u00edkladem z hlediska hustoty os\u00eddlen\u00ed, lidsk\u00e9ho m\u011b\u0159\u00edtka \u010di prov\u00e1zanosti, av\u0161ak v\u017edy je zde riziko ztr\u00e1ty tohoto stavu. Horentn\u00ed r\u016fst, soci\u00e1ln\u00ed a prostorov\u00e1 segregace, zanedb\u00e1v\u00e1n\u00ed perifern\u00edch oblast\u00ed a p\u0159evaha osobn\u00edch vozidel jsou jen n\u011bkter\u00e9 z probl\u00e9m\u016f, kter\u00e9 v sou\u010dasn\u00e9 dob\u011b ohro\u017euj\u00ed ide\u00e1ly rovnosti a svobody, spojen\u00e9 s evropsk\u00fdm m\u011bstem od jeho po\u010d\u00e1tk\u016f.<br \/>\nEvropa v\u0161ak na\u0161t\u011bst\u00ed ve sv\u00fdch ve\u0159ejn\u00fdch prostranstv\u00edch nab\u00edz\u00ed mnoho obdivuhodn\u00fdch p\u0159\u00edklad\u016f zlep\u0161en\u00ed. Tato d\u00edla odkazuj\u00ed, s citlivost\u00ed ke sv\u00e9mu okol\u00ed, na politick\u00e9 a spole\u010densk\u00e9 rozm\u011bry m\u011bstsk\u00fdch prostor\u016f. Ohl\u00ed\u017e\u00ed se s respektem do minulosti a z\u00e1rove\u0148 nab\u00edz\u00ed udr\u017eiteln\u00e1 \u0159e\u0161en\u00ed pro budouc\u00ed generace. Zt\u011bles\u0148uj\u00ed osv\u011bd\u010den\u00e9 postupy zohled\u0148uj\u00edc\u00ed dan\u00e1 omezen\u00ed, pova\u017euj\u00ed okrajov\u00e9 z\u00f3ny m\u011bsta za sou\u010d\u00e1st jeho identity a uv\u011bdomuj\u00ed si, \u017ee kontakt s p\u0159\u00edrodou a s vodou mus\u00ed b\u00fdt v z\u00e1jmu v\u0161ech zachov\u00e1n a integrov\u00e1n. Tyto n\u00e1vrhy ch\u00e1pou ve\u0159ejn\u00fd prostor jako m\u00edsto pro rovnost, p\u0159erozd\u011blov\u00e1n\u00ed zdroj\u016f a uzn\u00e1n\u00ed men\u0161in. Jedn\u00e1 se o intervence up\u0159ednost\u0148uj\u00edc\u00ed dostupnost p\u0159ed bari\u00e9rami v\u0161eho druhu, kter\u00e9 podporuj\u00ed p\u0159ivlastn\u011bn\u00ed m\u011bsta jeho ob\u010dany. Od Glasgow po Istanbul a od Lisabonu po Bukure\u0161\u0165 se Evropsk\u00e1 cena za m\u011bstsk\u00fd ve\u0159ejn\u00fd prostor stala privilegovanou observato\u0159\u00ed probl\u00e9m\u016f a \u0159e\u0161en\u00ed, je\u017e za\u010d\u00ednaj\u00ed b\u00fdt pro evropsk\u00e1 m\u011bsta typick\u00e1.<br \/>\n\u201eSd\u00edlen\u00e1 m\u011bsta\u201c je v\u00fdstava 25 nejlep\u0161\u00edch prac\u00ed p\u0159ihl\u00e1\u0161en\u00fdch na osm\u00e9 ud\u011blen\u00ed Ceny, kter\u00e9 CCCB organizuje spolu s Nadac\u00ed architektury v Lond\u00fdn\u011b, Centrem architektury ve V\u00eddni, Muzeem architektury a n\u00e1rodn\u00edho d\u011bdictv\u00ed v Pa\u0159\u00ed\u017ei, Muzeem finsk\u00e9 architektury v Helsink\u00e1ch, Muzeem architektury a designu v Lublani a N\u011bmeck\u00fdm muzeem architektury ve Frankfurtu nad Mohanem.<\/p>\n<p>V\u00edce na: <a href=\"http:\/\/www.publicspace.org\/en\/prize\">http:\/\/www.publicspace.org\/en\/prize<\/a><\/p>\n\n\t\t<style type=\"text\/css\">\n\t\t\t#gallery-2 {\n\t\t\t\tmargin: auto;\n\t\t\t}\n\t\t\t#gallery-2 .gallery-item {\n\t\t\t\tfloat: left;\n\t\t\t\tmargin-top: 10px;\n\t\t\t\ttext-align: center;\n\t\t\t\twidth: 25%;\n\t\t\t}\n\t\t\t#gallery-2 img {\n\t\t\t\tborder: 2px solid #cfcfcf;\n\t\t\t}\n\t\t\t#gallery-2 .gallery-caption {\n\t\t\t\tmargin-left: 0;\n\t\t\t}\n\t\t\t\/* see gallery_shortcode() in wp-includes\/media.php *\/\n\t\t<\/style>\n\t\t<div id='gallery-2' class='gallery galleryid-1067 gallery-columns-4 gallery-size-thumbnail'><dl class='gallery-item'>\n\t\t\t<dt class='gallery-icon landscape'>\n\t\t\t\t<a href='https:\/\/www.landscape-festival.cz\/old\/wp-content\/uploads\/2015\/06\/01.jpg'><img loading=\"lazy\" decoding=\"async\" width=\"150\" height=\"150\" src=\"https:\/\/www.landscape-festival.cz\/old\/wp-content\/uploads\/2015\/06\/01-150x150.jpg\" class=\"attachment-thumbnail size-thumbnail\" alt=\"\" \/><\/a>\n\t\t\t<\/dt><\/dl><dl class='gallery-item'>\n\t\t\t<dt class='gallery-icon landscape'>\n\t\t\t\t<a href='https:\/\/www.landscape-festival.cz\/old\/wp-content\/uploads\/2015\/06\/02.jpg'><img loading=\"lazy\" decoding=\"async\" width=\"150\" height=\"150\" src=\"https:\/\/www.landscape-festival.cz\/old\/wp-content\/uploads\/2015\/06\/02-150x150.jpg\" class=\"attachment-thumbnail size-thumbnail\" alt=\"\" \/><\/a>\n\t\t\t<\/dt><\/dl><dl class='gallery-item'>\n\t\t\t<dt class='gallery-icon landscape'>\n\t\t\t\t<a href='https:\/\/www.landscape-festival.cz\/old\/wp-content\/uploads\/2015\/06\/03.jpg'><img loading=\"lazy\" decoding=\"async\" width=\"150\" height=\"150\" src=\"https:\/\/www.landscape-festival.cz\/old\/wp-content\/uploads\/2015\/06\/03-150x150.jpg\" class=\"attachment-thumbnail size-thumbnail\" alt=\"\" \/><\/a>\n\t\t\t<\/dt><\/dl><dl class='gallery-item'>\n\t\t\t<dt class='gallery-icon landscape'>\n\t\t\t\t<a href='https:\/\/www.landscape-festival.cz\/old\/wp-content\/uploads\/2015\/06\/07.jpg'><img loading=\"lazy\" decoding=\"async\" width=\"150\" height=\"150\" src=\"https:\/\/www.landscape-festival.cz\/old\/wp-content\/uploads\/2015\/06\/07-150x150.jpg\" class=\"attachment-thumbnail size-thumbnail\" alt=\"\" \/><\/a>\n\t\t\t<\/dt><\/dl><br style=\"clear: both\" \/>\n\t\t<\/div>\n\n<p><strong>Cena Petra Parl\u00e9\u0159e<br \/>\n10.7.\u201326.8.2015<\/strong><\/p>\n<p>P\u0159ehl\u00eddka ceny v\u011bnuj\u00edc\u00ed se ve\u0159ejn\u00e9mu prostoru a podporuj\u00edc\u00ed spolupr\u00e1ci obyvatel a architekt\u016f ji\u017e od roku 2003.<\/p>\n<p>&nbsp;<\/p>\n<p><strong>JOIN \u2013 SOFA EXPERIENCE<br \/>\n8\/6\u201326\/6\/2015<br \/>\nV\u00edt\u011bzn\u00e9 n\u00e1m\u011bst\u00ed, Praha 6<br \/>\n<\/strong><br \/>\nPrvn\u00ed projekt bude p\u0159edstaven nedaleko V\u00edt\u011bzn\u00e9ho n\u00e1m\u011bst\u00ed na Praze 6. Ve spolupr\u00e1ci s\u00a0<strong>M\u011bstskou \u010d\u00e1st\u00ed Praha 6 a aarhusk\u00fdm kulturn\u00edm festivalem<\/strong> se Pra\u017ean\u016fm v\u00a0term\u00ednu 8.\u201326. \u010dervna p\u0159edstav\u00ed putovn\u00ed instalace <strong>Join\/The Sofa Experience<\/strong>, vytvo\u0159en\u00e1 pro d\u00e1nsk\u00fd <strong>Aarhus Festival.<\/strong><\/p>\n<p>Sofa Experience, 62,1 metr\u016f dlouh\u00e9 m\u011bstsk\u00e9 sofa, byl \u00fast\u0159edn\u00edm bodem festivalov\u00e9ho projektu v roce 2014 d\u00e1nsk\u00e9ho m\u011bsta Aarhus. V pr\u016fb\u011bhu roku 2015 cestuje sofa po cel\u00e9m sv\u011bt\u011b a sb\u00edr\u00e1 p\u0159\u00edb\u011bhy lid\u00ed, s nimi\u017e se setk\u00e1v\u00e1, aby se na konci srpna vr\u00e1tilo na festival do Aarhusu.<br \/>\nV pr\u016fb\u011bhu roku 2015 cestuje sofa po cel\u00e9m sv\u011bt\u011b a sb\u00edr\u00e1 p\u0159\u00edb\u011bhy lid\u00ed, s nimi\u017e se setk\u00e1v\u00e1, aby se na konci srpna vr\u00e1tilo na festival do Aarhusu.<br \/>\nSofa vyrobila podle n\u00e1vrhu krajin\u00e1\u0159sk\u00fdch architekt\u016f ze studia Sch\u00f6nherr m\u011bstsk\u00e1 firma Flexys jako interpretaci m\u011bstsk\u00e9ho mobili\u00e1\u0159e skl\u00e1daj\u00edc\u00ed se z kl\u00edn\u016f \u2013 d\u00edlc\u016f, kter\u00e9 mohou b\u00fdt kombinov\u00e1ny nes\u010detn\u00fdmi zp\u016fsoby. Vytv\u00e1\u0159\u00ed n\u00e1bytkov\u00fd solit\u00e9r, plastiku nebo krajinn\u00fd prvek \u2013 anebo v\u0161e najednou.<br \/>\n<em>\u201eSofa Experience je v souladu se z\u00e1m\u011brem festivalu \u2013 touhou uk\u00e1zat sv\u011btu, v \u010dem je Aarhus dobr\u00fd. Je to velmi \u00fa\u010dinn\u00fd zp\u016fsob, jak zv\u00fdraznit skv\u011blou festivalovou my\u0161lenku: \u017ee je d\u016fle\u017eit\u00e9, aby se lid\u00e9 setk\u00e1vali a nov\u00e9 t\u00f3ny zazn\u011bly.\u201c<\/em><br \/>\nJens Folmer Jepsen, \u0159editel aarhussk\u00e9ho festivalu<\/p>\n<p><em>\u201eDesign d\u00e1v\u00e1 stejnou svobodu jako kostky Lego, a tak m\u016f\u017eeme vytvo\u0159it nejr\u016fzn\u011bj\u0161\u00ed \u00fa\u017easn\u00e9 v\u011bci. Existuje mnoho mo\u017enost\u00ed sestav a sofa m\u016f\u017ee b\u00fdt neust\u00e1le p\u0159etv\u00e1\u0159eno v n\u011bco jin\u00e9ho.\u201c<\/em> Torben Sch\u00f6nherr, senior partner studia Sch\u00f6nherr<\/p>\n<p>Sv\u011btlo zabudovan\u00e9 do op\u011bradla pohovky \u010din\u00ed tento m\u011bstsk\u00fd mobili\u00e1\u0159 vst\u0159\u00edcn\u00fdm, zve k posezen\u00ed i ve ve\u010dern\u00edch a no\u010dn\u00edch hodin\u00e1ch. D\u00edlce jsou vyrobeny z odoln\u00e9ho materi\u00e1lu a jsou p\u0159ipraveny k transportu v jednom kontejneru, aby dopad na \u017eivotn\u00ed prost\u0159ed\u00ed byl minim\u00e1ln\u00ed.<br \/>\nPo\u0159adatel\u00e9 Aarhus festivalu budou r\u00e1di, kdy\u017e v\u0161ichni, kdo po\u0159\u00edd\u00ed fotografie sofa, je budou sd\u00edlet na Instagramu. Pro tento \u00fa\u010del pros\u00edm pou\u017e\u00edvejte hashtag \u201esofaexp\u201c. T\u00edmto zp\u016fsobem m\u016f\u017ee z nejlep\u0161\u00edch sd\u00edlen\u00fdch fotek a vide\u00ed vzniknout film o sv\u011btov\u00e9m turn\u00e9 Sofa Experience, kter\u00fd by mohl b\u00fdt uveden na dal\u0161\u00edm ro\u010dn\u00edku festivalov\u00e9ho t\u00fddne v Aarhusu.<br \/>\nSofa je darem nadace Tuborg Foundation a jeho sv\u011btov\u00e9 turn\u00e9 finan\u010dn\u011b podpo\u0159eila spole\u010dnost\u00ed Corps Consulaire, Aarhus.<\/p>\n<p><strong>Po\u0159adateli projektu jsou Galerie Jaroslava Fragnera, M\u011bstsk\u00e1 \u010d\u00e1st Praha 6\u00a0a Aarhus Festival.<\/strong><\/p>\n","protected":false},"excerpt":{"rendered":"<p>V\u00ddSTAVY GALERIE V PAT\u0158E 1\/ \u2014 27\/9\/2015 SHARED CITIES Evropsk\u00e1 cena za ve\u0159ejn\u00fd m\u011bstsk\u00fd prostor INDUSTRIALN\u00cd TOPOGRAFIE: ARCHITEKTURA KONVERZ\u00cd P\u0158\u00cdB\u011aH SOUT\u011a\u017dE O CENU PETRA PARL\u00c9\u0158E NA POMEZ\u00cd SAMOTY Projekt Na pomez\u00ed samoty zkoum\u00e1 aktu\u00e1ln\u00ed ot\u00e1zky prom\u011bn krajiny a problematiku prov\u00e1zanosti postindustri\u00e1ln\u00ed spole\u010dnosti a p\u0159\u00edrody. Tato t\u00e9mata jsou reflektov\u00e1na a rozpracov\u00e1v\u00e1na prost\u0159ednictv\u00edm um\u011bleck\u00e9ho pr\u016fzkumu kulturn\u00ed geografie [&hellip;]<\/p>\n","protected":false},"author":2,"featured_media":0,"parent":2328,"menu_order":0,"comment_status":"closed","ping_status":"closed","template":"","meta":{"footnotes":""},"class_list":["post-1067","page","type-page","status-publish","hentry",""],"_links":{"self":[{"href":"http:\/\/www.landscape-festival.cz\/old\/wp-json\/wp\/v2\/pages\/1067","targetHints":{"allow":["GET"]}}],"collection":[{"href":"http:\/\/www.landscape-festival.cz\/old\/wp-json\/wp\/v2\/pages"}],"about":[{"href":"http:\/\/www.landscape-festival.cz\/old\/wp-json\/wp\/v2\/types\/page"}],"author":[{"embeddable":true,"href":"http:\/\/www.landscape-festival.cz\/old\/wp-json\/wp\/v2\/users\/2"}],"replies":[{"embeddable":true,"href":"http:\/\/www.landscape-festival.cz\/old\/wp-json\/wp\/v2\/comments?post=1067"}],"version-history":[{"count":33,"href":"http:\/\/www.landscape-festival.cz\/old\/wp-json\/wp\/v2\/pages\/1067\/revisions"}],"predecessor-version":[{"id":4759,"href":"http:\/\/www.landscape-festival.cz\/old\/wp-json\/wp\/v2\/pages\/1067\/revisions\/4759"}],"up":[{"embeddable":true,"href":"http:\/\/www.landscape-festival.cz\/old\/wp-json\/wp\/v2\/pages\/2328"}],"wp:attachment":[{"href":"http:\/\/www.landscape-festival.cz\/old\/wp-json\/wp\/v2\/media?parent=1067"}],"curies":[{"name":"wp","href":"https:\/\/api.w.org\/{rel}","templated":true}]}}